{"id":430246,"date":"2026-01-29T11:58:44","date_gmt":"2026-01-29T11:58:44","guid":{"rendered":"https:\/\/www.alanyaproperties.com\/property\/luxury-apartments-for-sale-in-central-istanbul\/"},"modified":"2026-01-29T12:16:57","modified_gmt":"2026-01-29T12:16:57","slug":"istanbulun-merkezinde-satilik-luks-daireler","status":"publish","type":"property","link":"https:\/\/www.alanyaproperties.com\/tr\/property\/istanbulun-merkezinde-satilik-luks-daireler\/","title":{"rendered":"istanbul&#8217;un merkezinde sat\u0131l\u0131k l\u00fcks daireler"},"content":{"rendered":"<p>istanbul&#8217;un merkezinde sat\u0131l\u0131k l\u00fcks daireler, \u0130stanbul\u2019un en de\u011ferli lokasyonlar\u0131ndan Bomonti\u2019de konumlanan bu proje, \u015fehir ya\u015fam\u0131n\u0131 konfor, prestij ve yat\u0131r\u0131m avantaj\u0131yla bir araya getiriyor. Trafi\u011fe meydan okuyan merkezi konumu sayesinde i\u015f, sosyal ya\u015fam ve ula\u015f\u0131m a\u011flar\u0131na h\u0131zl\u0131 eri\u015fim sunan proje; modern mimarisi ve zengin sosyal donat\u0131lar\u0131yla fark yarat\u0131yor.<\/p>\n<p>10.000 m\u00b2 b\u00fcy\u00fckl\u00fc\u011f\u00fcndeki \u015fehir park\u0131, 48. kattaki \u00f6zel lounge alan\u0131 ve otel konforunda tasarlanm\u0131\u015f lobi alan\u0131 ile daha ilk anda ayr\u0131cal\u0131kl\u0131 bir ya\u015fam\u0131n kap\u0131lar\u0131n\u0131 aral\u0131yor. 1+0\u2019dan 3.5+1\u2019e kadar farkl\u0131 daire se\u00e7enekleri, hem oturum hem de yat\u0131r\u0131m ama\u00e7l\u0131 d\u00fc\u015f\u00fcnenler i\u00e7in ideal \u00e7\u00f6z\u00fcmler sunuyor.<\/p>\n<p><span style=\"color: #009db4;\"><strong>Sosyal Donat\u0131lar ve Ayr\u0131cal\u0131klar<\/strong><\/span><\/p>\n<ul>\n<li>Ula\u015f\u0131m kolayl\u0131\u011f\u0131 ve servis hizmetleri<\/li>\n<li>\u00d6zel ara\u00e7 ve vale hizmetleri<\/li>\n<li>Concierge (dan\u0131\u015fmanl\u0131k) hizmetleri<\/li>\n<li>Fitness, spa ve wellness alanlar\u0131<\/li>\n<li>A\u00e7\u0131k &amp; kapal\u0131 y\u00fczme havuzlar\u0131<\/li>\n<li>Tenis kortu<\/li>\n<li>Crown Lounge ve \u00f6zel davet alanlar\u0131<\/li>\n<li>Geni\u015f peyzajl\u0131 merkezi park alan\u0131<\/li>\n<li>Y\u00fcksek kira getirisi ve g\u00fc\u00e7l\u00fc yat\u0131r\u0131m potansiyeli<\/li>\n<\/ul>\n<p>, \u015fehir merkezinde l\u00fcks\u00fc, konforu ve yat\u0131r\u0131m de\u011ferini bir arada arayanlar i\u00e7in benzersiz bir ya\u015fam deneyimi sunuyor.<\/p>\n<table>\n<thead>\n<tr>\n<td><strong>\u00d6nemli Nokta<\/strong><\/td>\n<td><strong>Uzakl\u0131k \/ S\u00fcre<\/strong><\/td>\n<\/tr>\n<\/thead>\n<\/table>\n<table>\n<tbody>\n<tr>\n<td>Taksim Meydan\u0131<\/td>\n<td>~10\u201315 dk<\/td>\n<\/tr>\n<\/tbody>\n<\/table>\n<table>\n<tbody>\n<tr>\n<td>Ni\u015fanta\u015f\u0131<\/td>\n<td>~10 dk<\/td>\n<\/tr>\n<\/tbody>\n<\/table>\n<table>\n<tbody>\n<tr>\n<td>Be\u015fikta\u015f<\/td>\n<td>~10 dk<\/td>\n<\/tr>\n<\/tbody>\n<\/table>\n<table>\n<tbody>\n<tr>\n<td>Levent<\/td>\n<td>~15 dk<\/td>\n<\/tr>\n<\/tbody>\n<\/table>\n<table>\n<tbody>\n<tr>\n<td>E-5 Karayolu<\/td>\n<td>~5 dk<\/td>\n<\/tr>\n<\/tbody>\n<\/table>\n<table>\n<tbody>\n<tr>\n<td>Osmanbey Metro \u0130stasyonu<\/td>\n<td>~10\u201315 dk (y\u00fcr\u00fcy\u00fc\u015f)<\/td>\n<\/tr>\n<\/tbody>\n<\/table>\n<table>\n<tbody>\n<tr>\n<td>Al\u0131\u015fveri\u015f Merkezleri<\/td>\n<td>~5 dk<\/td>\n<\/tr>\n<\/tbody>\n<\/table>\n<table>\n<tbody>\n<tr>\n<td>Hastaneler<\/td>\n<td>~5 dk<\/td>\n<\/tr>\n<\/tbody>\n<\/table>\n<table>\n<tbody>\n<tr>\n<td>Okullar<\/td>\n<td>~3 dk<\/td>\n<\/tr>\n<\/tbody>\n<\/table>\n<table>\n<tbody>\n<tr>\n<td>\u00dcniversiteler<\/td>\n<td>~15 dk<\/td>\n<\/tr>\n<\/tbody>\n<\/table>\n<table>\n<tbody>\n<tr>\n<td>\u0130stanbul Havaliman\u0131<\/td>\n<td>~35\u201345 dk<\/td>\n<\/tr>\n<\/tbody>\n<\/table>\n<p data-start=\"109\" data-end=\"432\">\u0130stanbul\u2019un merkezinde sat\u0131l\u0131k l\u00fcks dairelere yat\u0131r\u0131m yapmak, hem ya\u015fam kalitesi hem de finansal kazan\u00e7 a\u00e7\u0131s\u0131ndan \u00f6nemli avantajlar sunar. Merkezi \u0130stanbul, y\u00fcksek kira getirisi, s\u0131n\u0131rl\u0131 arsa arz\u0131 ve s\u00fcrekli uluslararas\u0131 talep sayesinde gayrimenkul piyasas\u0131nda en \u00e7ok tercih edilen b\u00f6lgelerden biri olmaya devam etmektedir.<\/p>\n<p data-start=\"434\" data-end=\"745\">Uzun vadeli de\u011fer art\u0131\u015f\u0131, kaliteli in\u015faat anlay\u0131\u015f\u0131 ve merkezi konum avantaj\u0131 arayan yat\u0131r\u0131mc\u0131lar i\u00e7in \u00f6ne \u00e7\u0131kan prestijli bir konut projesidir. Proje, \u00f6zellikle istikrarl\u0131 getiri sunan \u0130stanbul gayrimenkul yat\u0131r\u0131m f\u0131rsatlar\u0131n\u0131 de\u011ferlendirmek isteyen yabanc\u0131 yat\u0131r\u0131mc\u0131lar i\u00e7in son derece caziptir.<\/p>\n<p data-start=\"747\" data-end=\"1086\">\u0130\u015f merkezlerine, al\u0131\u015fveri\u015f alanlar\u0131na, k\u00fclt\u00fcrel noktalara ve ula\u015f\u0131m hatlar\u0131na kolay eri\u015fim imk\u00e2n\u0131 sunan bu l\u00fcks rezidanslar, konforlu bir ya\u015fam ile \u015fehir hayat\u0131 aras\u0131nda m\u00fckemmel bir denge kurar. \u0130ster oturum ister kiralama amac\u0131yla tercih edilsin, bu proje T\u00fcrkiye gayrimenkul piyasas\u0131nda g\u00fcvenli ve k\u00e2rl\u0131 bir yat\u0131r\u0131m f\u0131rsat\u0131 sunmaktad\u0131r.<\/p>\n<h3 style=\"text-align: center;\"><span style=\"color: #009db4;\">For more information, feel free to contact us,\u00a0<span style=\"color: #ef7f1a;\"><a style=\"color: #ef7f1a;\" href=\"https:\/\/www.alanyaproperties.com\/tr\/iletisim-2\/\" target=\"_blank\" rel=\"noopener\">Alanya Properties<\/a><\/span><\/span><\/h3>\n<h3 style=\"text-align: center;\"><\/h3>\n","protected":false},"excerpt":{"rendered":"<p>istanbul&#8217;un merkezinde sat\u0131l\u0131k l\u00fcks daireler, \u0130stanbul\u2019un en de\u011ferli lokasyonlar\u0131ndan Bomonti\u2019de konumlanan bu proje, \u015fehir ya\u015fam\u0131n\u0131 konfor, prestij ve yat\u0131r\u0131m avantaj\u0131yla bir araya getiriyor. Trafi\u011fe meydan okuyan merkezi konumu sayesinde i\u015f, sosyal ya\u015fam ve ula\u015f\u0131m a\u011flar\u0131na h\u0131zl\u0131 eri\u015fim sunan proje; modern mimarisi ve zengin sosyal donat\u0131lar\u0131yla fark yarat\u0131yor. 10.000 m\u00b2 b\u00fcy\u00fckl\u00fc\u011f\u00fcndeki \u015fehir park\u0131, 48. kattaki \u00f6zel [&hellip;]<\/p>\n","protected":false},"author":114,"featured_media":430124,"parent":0,"menu_order":0,"template":"","property_type":[2967],"property_status":[2959],"property_feature":[],"property_label":[3060],"property_city":[3973,4918],"property_area":[4919,4920],"property_state":[3974],"yoast_head":"<!-- This site is optimized with the Yoast SEO plugin v22.6 - https:\/\/yoast.com\/wordpress\/plugins\/seo\/ -->\n<title>istanbul&#039;un merkezinde sat\u0131l\u0131k l\u00fcks daireler<\/title>\n<meta name=\"description\" content=\"istanbul&#039;un merkezinde sat\u0131l\u0131k l\u00fcks daireler. Se\u00e7kin konum, modern tasar\u0131m, y\u00fcksek kira geliri ve g\u00fc\u00e7l\u00fc yat\u0131r\u0131m potansiyeli.\" \/>\n<meta name=\"robots\" content=\"index, follow, max-snippet:-1, max-image-preview:large, max-video-preview:-1\" \/>\n<link rel=\"canonical\" href=\"https:\/\/www.alanyaproperties.com\/tr\/property\/istanbulun-merkezinde-satilik-luks-daireler\/\" \/>\n<meta property=\"og:locale\" content=\"tr_TR\" \/>\n<meta property=\"og:type\" content=\"article\" \/>\n<meta property=\"og:title\" content=\"istanbul&#039;un merkezinde sat\u0131l\u0131k l\u00fcks daireler\" \/>\n<meta property=\"og:description\" content=\"istanbul&#039;un merkezinde sat\u0131l\u0131k l\u00fcks daireler. Se\u00e7kin konum, modern tasar\u0131m, y\u00fcksek kira geliri ve g\u00fc\u00e7l\u00fc yat\u0131r\u0131m potansiyeli.\" \/>\n<meta property=\"og:url\" content=\"https:\/\/www.alanyaproperties.com\/tr\/property\/istanbulun-merkezinde-satilik-luks-daireler\/\" \/>\n<meta property=\"og:site_name\" content=\"Properties in Alanya.\" \/>\n<meta property=\"article:publisher\" content=\"https:\/\/www.facebook.com\/alanyaproperties\/\" \/>\n<meta property=\"article:modified_time\" content=\"2026-01-29T12:16:57+00:00\" \/>\n<meta property=\"og:image\" content=\"https:\/\/www.alanyaproperties.com\/wp-content\/uploads\/2026\/01\/3.jpg\" \/>\n\t<meta property=\"og:image:width\" content=\"1300\" \/>\n\t<meta property=\"og:image:height\" content=\"780\" \/>\n\t<meta property=\"og:image:type\" content=\"image\/jpeg\" \/>\n<meta name=\"twitter:card\" content=\"summary_large_image\" \/>\n<meta name=\"twitter:site\" content=\"@alanyapro\" \/>\n<meta name=\"twitter:label1\" content=\"Tahmini okuma s\u00fcresi\" \/>\n\t<meta name=\"twitter:data1\" content=\"2 dakika\" \/>\n<script type=\"application\/ld+json\" class=\"yoast-schema-graph\">{\"@context\":\"https:\/\/schema.org\",\"@graph\":[{\"@type\":\"WebPage\",\"@id\":\"https:\/\/www.alanyaproperties.com\/tr\/property\/istanbulun-merkezinde-satilik-luks-daireler\/\",\"url\":\"https:\/\/www.alanyaproperties.com\/tr\/property\/istanbulun-merkezinde-satilik-luks-daireler\/\",\"name\":\"istanbul'un merkezinde sat\u0131l\u0131k l\u00fcks daireler\",\"isPartOf\":{\"@id\":\"https:\/\/www.alanyaproperties.com\/tr\/#website\"},\"primaryImageOfPage\":{\"@id\":\"https:\/\/www.alanyaproperties.com\/tr\/property\/istanbulun-merkezinde-satilik-luks-daireler\/#primaryimage\"},\"image\":{\"@id\":\"https:\/\/www.alanyaproperties.com\/tr\/property\/istanbulun-merkezinde-satilik-luks-daireler\/#primaryimage\"},\"thumbnailUrl\":\"https:\/\/i0.wp.com\/www.alanyaproperties.com\/wp-content\/uploads\/2026\/01\/3.jpg?fit=1300%2C780&ssl=1\",\"datePublished\":\"2026-01-29T11:58:44+00:00\",\"dateModified\":\"2026-01-29T12:16:57+00:00\",\"description\":\"istanbul'un merkezinde sat\u0131l\u0131k l\u00fcks daireler. Se\u00e7kin konum, modern tasar\u0131m, y\u00fcksek kira geliri ve g\u00fc\u00e7l\u00fc yat\u0131r\u0131m potansiyeli.\",\"breadcrumb\":{\"@id\":\"https:\/\/www.alanyaproperties.com\/tr\/property\/istanbulun-merkezinde-satilik-luks-daireler\/#breadcrumb\"},\"inLanguage\":\"tr\",\"potentialAction\":[{\"@type\":\"ReadAction\",\"target\":[\"https:\/\/www.alanyaproperties.com\/tr\/property\/istanbulun-merkezinde-satilik-luks-daireler\/\"]}]},{\"@type\":\"ImageObject\",\"inLanguage\":\"tr\",\"@id\":\"https:\/\/www.alanyaproperties.com\/tr\/property\/istanbulun-merkezinde-satilik-luks-daireler\/#primaryimage\",\"url\":\"https:\/\/i0.wp.com\/www.alanyaproperties.com\/wp-content\/uploads\/2026\/01\/3.jpg?fit=1300%2C780&ssl=1\",\"contentUrl\":\"https:\/\/i0.wp.com\/www.alanyaproperties.com\/wp-content\/uploads\/2026\/01\/3.jpg?fit=1300%2C780&ssl=1\",\"width\":1300,\"height\":780},{\"@type\":\"BreadcrumbList\",\"@id\":\"https:\/\/www.alanyaproperties.com\/tr\/property\/istanbulun-merkezinde-satilik-luks-daireler\/#breadcrumb\",\"itemListElement\":[{\"@type\":\"ListItem\",\"position\":1,\"name\":\"Home\",\"item\":\"https:\/\/www.alanyaproperties.com\/tr\/\"},{\"@type\":\"ListItem\",\"position\":2,\"name\":\"\u00d6zellikleri\",\"item\":\"https:\/\/www.alanyaproperties.com\/tr\/property\/\"},{\"@type\":\"ListItem\",\"position\":3,\"name\":\"istanbul&#8217;un merkezinde sat\u0131l\u0131k l\u00fcks daireler\"}]},{\"@type\":\"WebSite\",\"@id\":\"https:\/\/www.alanyaproperties.com\/tr\/#website\",\"url\":\"https:\/\/www.alanyaproperties.com\/tr\/\",\"name\":\"Properties in Alanya.\",\"description\":\"Alanya Emlak Daire, Villa, Arsa  |  Alanya Properties\",\"publisher\":{\"@id\":\"https:\/\/www.alanyaproperties.com\/tr\/#organization\"},\"potentialAction\":[{\"@type\":\"SearchAction\",\"target\":{\"@type\":\"EntryPoint\",\"urlTemplate\":\"https:\/\/www.alanyaproperties.com\/tr\/?s={search_term_string}\"},\"query-input\":\"required name=search_term_string\"}],\"inLanguage\":\"tr\"},{\"@type\":\"Organization\",\"@id\":\"https:\/\/www.alanyaproperties.com\/tr\/#organization\",\"name\":\"Alanya Properties\",\"url\":\"https:\/\/www.alanyaproperties.com\/tr\/\",\"logo\":{\"@type\":\"ImageObject\",\"inLanguage\":\"tr\",\"@id\":\"https:\/\/www.alanyaproperties.com\/tr\/#\/schema\/logo\/image\/\",\"url\":\"https:\/\/i0.wp.com\/www.alanyaproperties.com\/wp-content\/uploads\/2017\/06\/alanya-properties-logo-180to.png?fit=180%2C81&ssl=1\",\"contentUrl\":\"https:\/\/i0.wp.com\/www.alanyaproperties.com\/wp-content\/uploads\/2017\/06\/alanya-properties-logo-180to.png?fit=180%2C81&ssl=1\",\"width\":180,\"height\":81,\"caption\":\"Alanya Properties\"},\"image\":{\"@id\":\"https:\/\/www.alanyaproperties.com\/tr\/#\/schema\/logo\/image\/\"},\"sameAs\":[\"https:\/\/www.facebook.com\/alanyaproperties\/\",\"https:\/\/x.com\/alanyapro\",\"https:\/\/www.instagram.com\/alanyaproperties\/\",\"https:\/\/www.youtube.com\/c\/AlanyaProperties\"]}]}<\/script>\n<!-- \/ Yoast SEO plugin. -->","yoast_head_json":{"title":"istanbul'un merkezinde sat\u0131l\u0131k l\u00fcks daireler","description":"istanbul'un merkezinde sat\u0131l\u0131k l\u00fcks daireler. Se\u00e7kin konum, modern tasar\u0131m, y\u00fcksek kira geliri ve g\u00fc\u00e7l\u00fc yat\u0131r\u0131m potansiyeli.","robots":{"index":"index","follow":"follow","max-snippet":"max-snippet:-1","max-image-preview":"max-image-preview:large","max-video-preview":"max-video-preview:-1"},"canonical":"https:\/\/www.alanyaproperties.com\/tr\/property\/istanbulun-merkezinde-satilik-luks-daireler\/","og_locale":"tr_TR","og_type":"article","og_title":"istanbul'un merkezinde sat\u0131l\u0131k l\u00fcks daireler","og_description":"istanbul'un merkezinde sat\u0131l\u0131k l\u00fcks daireler. Se\u00e7kin konum, modern tasar\u0131m, y\u00fcksek kira geliri ve g\u00fc\u00e7l\u00fc yat\u0131r\u0131m potansiyeli.","og_url":"https:\/\/www.alanyaproperties.com\/tr\/property\/istanbulun-merkezinde-satilik-luks-daireler\/","og_site_name":"Properties in Alanya.","article_publisher":"https:\/\/www.facebook.com\/alanyaproperties\/","article_modified_time":"2026-01-29T12:16:57+00:00","og_image":[{"width":1300,"height":780,"url":"https:\/\/www.alanyaproperties.com\/wp-content\/uploads\/2026\/01\/3.jpg","type":"image\/jpeg"}],"twitter_card":"summary_large_image","twitter_site":"@alanyapro","twitter_misc":{"Tahmini okuma s\u00fcresi":"2 dakika"},"schema":{"@context":"https:\/\/schema.org","@graph":[{"@type":"WebPage","@id":"https:\/\/www.alanyaproperties.com\/tr\/property\/istanbulun-merkezinde-satilik-luks-daireler\/","url":"https:\/\/www.alanyaproperties.com\/tr\/property\/istanbulun-merkezinde-satilik-luks-daireler\/","name":"istanbul'un merkezinde sat\u0131l\u0131k l\u00fcks daireler","isPartOf":{"@id":"https:\/\/www.alanyaproperties.com\/tr\/#website"},"primaryImageOfPage":{"@id":"https:\/\/www.alanyaproperties.com\/tr\/property\/istanbulun-merkezinde-satilik-luks-daireler\/#primaryimage"},"image":{"@id":"https:\/\/www.alanyaproperties.com\/tr\/property\/istanbulun-merkezinde-satilik-luks-daireler\/#primaryimage"},"thumbnailUrl":"https:\/\/i0.wp.com\/www.alanyaproperties.com\/wp-content\/uploads\/2026\/01\/3.jpg?fit=1300%2C780&ssl=1","datePublished":"2026-01-29T11:58:44+00:00","dateModified":"2026-01-29T12:16:57+00:00","description":"istanbul'un merkezinde sat\u0131l\u0131k l\u00fcks daireler. Se\u00e7kin konum, modern tasar\u0131m, y\u00fcksek kira geliri ve g\u00fc\u00e7l\u00fc yat\u0131r\u0131m potansiyeli.","breadcrumb":{"@id":"https:\/\/www.alanyaproperties.com\/tr\/property\/istanbulun-merkezinde-satilik-luks-daireler\/#breadcrumb"},"inLanguage":"tr","potentialAction":[{"@type":"ReadAction","target":["https:\/\/www.alanyaproperties.com\/tr\/property\/istanbulun-merkezinde-satilik-luks-daireler\/"]}]},{"@type":"ImageObject","inLanguage":"tr","@id":"https:\/\/www.alanyaproperties.com\/tr\/property\/istanbulun-merkezinde-satilik-luks-daireler\/#primaryimage","url":"https:\/\/i0.wp.com\/www.alanyaproperties.com\/wp-content\/uploads\/2026\/01\/3.jpg?fit=1300%2C780&ssl=1","contentUrl":"https:\/\/i0.wp.com\/www.alanyaproperties.com\/wp-content\/uploads\/2026\/01\/3.jpg?fit=1300%2C780&ssl=1","width":1300,"height":780},{"@type":"BreadcrumbList","@id":"https:\/\/www.alanyaproperties.com\/tr\/property\/istanbulun-merkezinde-satilik-luks-daireler\/#breadcrumb","itemListElement":[{"@type":"ListItem","position":1,"name":"Home","item":"https:\/\/www.alanyaproperties.com\/tr\/"},{"@type":"ListItem","position":2,"name":"\u00d6zellikleri","item":"https:\/\/www.alanyaproperties.com\/tr\/property\/"},{"@type":"ListItem","position":3,"name":"istanbul&#8217;un merkezinde sat\u0131l\u0131k l\u00fcks daireler"}]},{"@type":"WebSite","@id":"https:\/\/www.alanyaproperties.com\/tr\/#website","url":"https:\/\/www.alanyaproperties.com\/tr\/","name":"Properties in Alanya.","description":"Alanya Emlak Daire, Villa, Arsa  |  Alanya Properties","publisher":{"@id":"https:\/\/www.alanyaproperties.com\/tr\/#organization"},"potentialAction":[{"@type":"SearchAction","target":{"@type":"EntryPoint","urlTemplate":"https:\/\/www.alanyaproperties.com\/tr\/?s={search_term_string}"},"query-input":"required name=search_term_string"}],"inLanguage":"tr"},{"@type":"Organization","@id":"https:\/\/www.alanyaproperties.com\/tr\/#organization","name":"Alanya Properties","url":"https:\/\/www.alanyaproperties.com\/tr\/","logo":{"@type":"ImageObject","inLanguage":"tr","@id":"https:\/\/www.alanyaproperties.com\/tr\/#\/schema\/logo\/image\/","url":"https:\/\/i0.wp.com\/www.alanyaproperties.com\/wp-content\/uploads\/2017\/06\/alanya-properties-logo-180to.png?fit=180%2C81&ssl=1","contentUrl":"https:\/\/i0.wp.com\/www.alanyaproperties.com\/wp-content\/uploads\/2017\/06\/alanya-properties-logo-180to.png?fit=180%2C81&ssl=1","width":180,"height":81,"caption":"Alanya Properties"},"image":{"@id":"https:\/\/www.alanyaproperties.com\/tr\/#\/schema\/logo\/image\/"},"sameAs":["https:\/\/www.facebook.com\/alanyaproperties\/","https:\/\/x.com\/alanyapro","https:\/\/www.instagram.com\/alanyaproperties\/","https:\/\/www.youtube.com\/c\/AlanyaProperties"]}]}},"jetpack_sharing_enabled":true,"_links":{"self":[{"href":"https:\/\/www.alanyaproperties.com\/tr\/wp-json\/wp\/v2\/properties\/430246"}],"collection":[{"href":"https:\/\/www.alanyaproperties.com\/tr\/wp-json\/wp\/v2\/properties"}],"about":[{"href":"https:\/\/www.alanyaproperties.com\/tr\/wp-json\/wp\/v2\/types\/property"}],"author":[{"embeddable":true,"href":"https:\/\/www.alanyaproperties.com\/tr\/wp-json\/wp\/v2\/users\/114"}],"version-history":[{"count":3,"href":"https:\/\/www.alanyaproperties.com\/tr\/wp-json\/wp\/v2\/properties\/430246\/revisions"}],"predecessor-version":[{"id":430249,"href":"https:\/\/www.alanyaproperties.com\/tr\/wp-json\/wp\/v2\/properties\/430246\/revisions\/430249"}],"wp:featuredmedia":[{"embeddable":true,"href":"https:\/\/www.alanyaproperties.com\/tr\/wp-json\/wp\/v2\/media\/430124"}],"wp:attachment":[{"href":"https:\/\/www.alanyaproperties.com\/tr\/wp-json\/wp\/v2\/media?parent=430246"}],"wp:term":[{"taxonomy":"property_type","embeddable":true,"href":"https:\/\/www.alanyaproperties.com\/tr\/wp-json\/wp\/v2\/property_type?post=430246"},{"taxonomy":"property_status","embeddable":true,"href":"https:\/\/www.alanyaproperties.com\/tr\/wp-json\/wp\/v2\/property_status?post=430246"},{"taxonomy":"property_feature","embeddable":true,"href":"https:\/\/www.alanyaproperties.com\/tr\/wp-json\/wp\/v2\/property_feature?post=430246"},{"taxonomy":"property_label","embeddable":true,"href":"https:\/\/www.alanyaproperties.com\/tr\/wp-json\/wp\/v2\/property_label?post=430246"},{"taxonomy":"property_city","embeddable":true,"href":"https:\/\/www.alanyaproperties.com\/tr\/wp-json\/wp\/v2\/property_city?post=430246"},{"taxonomy":"property_area","embeddable":true,"href":"https:\/\/www.alanyaproperties.com\/tr\/wp-json\/wp\/v2\/property_area?post=430246"},{"taxonomy":"property_state","embeddable":true,"href":"https:\/\/www.alanyaproperties.com\/tr\/wp-json\/wp\/v2\/property_state?post=430246"}],"curies":[{"name":"wp","href":"https:\/\/api.w.org\/{rel}","templated":true}]}}