{"id":421127,"date":"2025-08-03T17:18:43","date_gmt":"2025-08-03T17:18:43","guid":{"rendered":"https:\/\/www.alanyaproperties.com\/property\/furnished-1-bedroom-apartment-in-the-lively-center-of-oba\/"},"modified":"2026-02-18T10:13:33","modified_gmt":"2026-02-18T10:13:33","slug":"obanin-merkezinde-esyali-11-daire","status":"publish","type":"property","link":"https:\/\/www.alanyaproperties.com\/tr\/property\/obanin-merkezinde-esyali-11-daire\/","title":{"rendered":"Oba\u2019n\u0131n Merkezinde E\u015fyal\u0131 1+1 Sat\u0131l\u0131k Daire"},"content":{"rendered":"<h3><span style=\"color: #009db4;\"><strong data-start=\"108\" data-end=\"153\">Oba\u2019n\u0131n Merkezinde E\u015fyal\u0131 1+1 Daire<\/strong><\/span><\/h3>\n<p data-start=\"155\" data-end=\"424\">Oba\u2019n\u0131n Merkezinde E\u015fyal\u0131 1+1 Daire ; <a href=\"https:\/\/www.alanyaproperties.com\/tr\/category\/turkiye-yatirim\/alanya\/\">Alanya&#8217;n\u0131n<\/a> Oba b\u00f6lgesinin canl\u0131 merkezinde, plaja ve sahil boyunca Alanya Liman\u0131&#8217;na kadar uzanan y\u00fcr\u00fcy\u00fc\u015f yoluna sadece birka\u00e7 ad\u0131m mesafededir. Daire, yaln\u0131zca 4 katl\u0131 tek bir bloktan olu\u015fan butik bir sitede yer almaktad\u0131r.<\/p>\n<p data-start=\"426\" data-end=\"607\"><span style=\"color: #009db4;\"><strong data-start=\"426\" data-end=\"446\">Avantajl\u0131 Konum:<\/strong><\/span><br data-start=\"446\" data-end=\"449\" \/>Kum plaja sadece 450 metre mesafededir ve restoranlar, bankalar, butik ma\u011fazalar, hastaneler ve okullar gibi g\u00fcnl\u00fck ihtiya\u00e7lar\u0131n t\u00fcm\u00fcne y\u00fcr\u00fcme mesafesindedir.<\/p>\n<hr data-start=\"609\" data-end=\"612\" \/>\n<h4 data-start=\"614\" data-end=\"639\"><span style=\"color: #009db4;\"><strong data-start=\"618\" data-end=\"639\">Daire \u00d6zellikleri<\/strong><\/span><\/h4>\n<ul data-start=\"641\" data-end=\"985\">\n<li data-start=\"641\" data-end=\"665\">\n<p data-start=\"643\" data-end=\"665\"><strong data-start=\"643\" data-end=\"657\">Br\u00fct Alan:<\/strong> 57 m\u00b2<\/p>\n<\/li>\n<li data-start=\"666\" data-end=\"685\">\n<p data-start=\"668\" data-end=\"685\"><strong data-start=\"668\" data-end=\"676\">Kat:<\/strong> 1. Kat<\/p>\n<\/li>\n<li data-start=\"686\" data-end=\"778\">\n<p data-start=\"688\" data-end=\"778\"><strong data-start=\"688\" data-end=\"697\">Plan:<\/strong> A\u00e7\u0131k plan salon ve mutfak, geni\u015f bir yatak odas\u0131, modern du\u015flu banyo ve balkon<\/p>\n<\/li>\n<li data-start=\"779\" data-end=\"911\">\n<p data-start=\"781\" data-end=\"911\"><strong data-start=\"781\" data-end=\"800\">Ekstra \u00d6zellik:<\/strong> Balkonda bulunan katlanabilir cam sistemi sayesinde bu alan\u0131 serin havalarda dahi keyifle kullanabilirsiniz.<\/p>\n<\/li>\n<li data-start=\"912\" data-end=\"985\">\n<p data-start=\"914\" data-end=\"985\"><strong data-start=\"914\" data-end=\"924\">Durum:<\/strong> \u015e\u0131k ve konforlu bir \u015fekilde d\u00f6\u015fenmi\u015f, hemen ta\u015f\u0131nmaya uygun.<\/p>\n<\/li>\n<\/ul>\n<p data-start=\"987\" data-end=\"1096\">Site i\u00e7erisinde <strong data-start=\"1003\" data-end=\"1019\">y\u00fczme havuzu<\/strong> ve <strong data-start=\"1023\" data-end=\"1051\">7\/24 g\u00fcvenlik kameralar\u0131<\/strong> ile izlenen g\u00fcvenli bir ortam sunulmaktad\u0131r.<\/p>\n<hr data-start=\"1098\" data-end=\"1101\" \/>\n<h4 data-start=\"1103\" data-end=\"1136\"><span style=\"color: #009db4;\"><strong data-start=\"1107\" data-end=\"1136\">Al\u0131\u015fveri\u015f ve Sosyal Ya\u015fam<\/strong><\/span><\/h4>\n<p data-start=\"1138\" data-end=\"1472\">Oba, Alanya \u015fehir merkezine sadece 5 km uzakl\u0131ktad\u0131r ve Avrupal\u0131 yerle\u015fimciler aras\u0131nda olduk\u00e7a pop\u00fcler bir b\u00f6lgedir. Di\u011fer Alanya mahallelerine k\u0131yasla buradaki yap\u0131lar en fazla 5 katl\u0131d\u0131r, bu da ferah bir ya\u015fam alan\u0131 sa\u011flar. B\u00f6lge, temiz kum plaj\u0131, g\u00fczel sahil y\u00fcr\u00fcy\u00fc\u015f yolu ve zengin al\u0131\u015fveri\u015f ile yeme-i\u00e7me olanaklar\u0131yla \u00f6ne \u00e7\u0131kar.<\/p>\n<p data-start=\"1474\" data-end=\"1518\">Ayr\u0131ca b\u00f6lgede \u015fu imkanlar da bulunmaktad\u0131r:<\/p>\n<ul data-start=\"1519\" data-end=\"1674\">\n<li data-start=\"1519\" data-end=\"1542\">\n<p data-start=\"1521\" data-end=\"1542\">\u00c7ocuk oyun alanlar\u0131<\/p>\n<\/li>\n<li data-start=\"1543\" data-end=\"1601\">\n<p data-start=\"1545\" data-end=\"1601\">Futbol, basketbol ve tenis sahalar\u0131 gibi spor alanlar\u0131<\/p>\n<\/li>\n<li data-start=\"1602\" data-end=\"1622\">\n<p data-start=\"1604\" data-end=\"1622\">\u015eelaleli parklar<\/p>\n<\/li>\n<li data-start=\"1623\" data-end=\"1654\">\n<p data-start=\"1625\" data-end=\"1654\">Bisiklet ve y\u00fcr\u00fcy\u00fc\u015f yollar\u0131<\/p>\n<\/li>\n<li data-start=\"1655\" data-end=\"1674\">\n<p data-start=\"1657\" data-end=\"1674\">Ve daha fazlas\u0131<\/p>\n<\/li>\n<\/ul>\n<p data-start=\"1676\" data-end=\"1833\">Her <strong data-start=\"1680\" data-end=\"1698\">Pazartesi g\u00fcn\u00fc<\/strong>, bu dairenin hemen k\u00f6\u015fesinde kurulan <strong data-start=\"1736\" data-end=\"1760\">haftal\u0131k semt pazar\u0131<\/strong> sayesinde taze meyve, sebze ve y\u00f6resel \u00fcr\u00fcnlere kolayca ula\u015fabilirsiniz.<\/p>\n<p data-start=\"1835\" data-end=\"1969\">Tarihi <strong data-start=\"1842\" data-end=\"1855\">K\u0131z\u0131lkule<\/strong> ve d\u00fcnyaca \u00fcnl\u00fc <strong data-start=\"1872\" data-end=\"1889\"><a href=\"https:\/\/www.alanyaproperties.com\/tr\/category\/turkiye-yatirim\/alanya\/\">Alanya<\/a> Kalesi<\/strong>, k\u0131sa bir mesafede yer almakta olup \u015fehir i\u00e7i otob\u00fcslerle kolayca ula\u015f\u0131labilir.<\/p>\n<p data-start=\"1971\" data-end=\"2111\">Otob\u00fcsler sabah erken saatlerden gece ge\u00e7 saatlere kadar s\u0131k aral\u0131klarla \u00e7al\u0131\u015fmaktad\u0131r. Neredeyse her k\u00f6\u015fe ba\u015f\u0131nda bir durak bulabilirsiniz.<\/p>\n<p data-start=\"1971\" data-end=\"2111\">Ayr\u0131ca <a href=\"https:\/\/www.alanyaproperties.com\/tr\/turkiye-yatirim\/gazipasa-havaalani\/\">Alanya-Gazipa\u015fa Havaliman\u0131<\/a> ve <a href=\"https:\/\/www.alanyaproperties.com\/tr\/turkiye-yatirim\/antalya-havaalani\/\">Antalya Havaliman\u0131<\/a> k\u0131sa bir\u00a0 s\u00fcr\u00fc\u015f mesafesindedir.<\/p>\n<hr data-start=\"2113\" data-end=\"2116\" \/>\n<h3 data-start=\"2118\" data-end=\"2232\"><span style=\"color: #009db4;\"><strong data-start=\"2118\" data-end=\"2232\">Daha fazla bilgi almak veya yerinde g\u00f6rmek i\u00e7in bizimle, <span style=\"color: #ef7f1a;\"><a style=\"color: #ef7f1a;\" href=\"https:\/\/www.alanyaproperties.com\/tr\/iletisim-2\/\">Alanya Properties<\/a><\/span> ile ileti\u015fime ge\u00e7mekten \u00e7ekinmeyin.<\/strong><\/span><\/h3>\n","protected":false},"excerpt":{"rendered":"<p>Oba\u2019n\u0131n Merkezinde E\u015fyal\u0131 1+1 Daire Oba\u2019n\u0131n Merkezinde E\u015fyal\u0131 1+1 Daire ; Alanya&#8217;n\u0131n Oba b\u00f6lgesinin canl\u0131 merkezinde, plaja ve sahil boyunca Alanya Liman\u0131&#8217;na kadar uzanan y\u00fcr\u00fcy\u00fc\u015f yoluna sadece birka\u00e7 ad\u0131m mesafededir. Daire, yaln\u0131zca 4 katl\u0131 tek bir bloktan olu\u015fan butik bir sitede yer almaktad\u0131r. Avantajl\u0131 Konum:Kum plaja sadece 450 metre mesafededir ve restoranlar, bankalar, butik ma\u011fazalar, [&hellip;]<\/p>\n","protected":false},"author":31,"featured_media":420661,"parent":0,"menu_order":0,"template":"","property_type":[2967],"property_status":[2959],"property_feature":[4772,2955,3391,3399,2949],"property_label":[],"property_city":[2960,3421],"property_area":[2963,2964],"property_state":[2966],"yoast_head":"<!-- This site is optimized with the Yoast SEO plugin v22.6 - https:\/\/yoast.com\/wordpress\/plugins\/seo\/ -->\n<title>Oba\u2019n\u0131n Merkezinde E\u015fyal\u0131 1+1 Sat\u0131l\u0131k Daire - Properties in Alanya.<\/title>\n<meta name=\"description\" content=\"Oba\u2019n\u0131n Merkezinde E\u015fyal\u0131 1+1Daire | Cam Balkonlu... Deize y\u00fcr\u00fcme mesafesinde, t\u00fcm ihtiya\u00e7lar etraf\u0131nda....\" \/>\n<meta name=\"robots\" content=\"index, follow, max-snippet:-1, max-image-preview:large, max-video-preview:-1\" \/>\n<link rel=\"canonical\" href=\"https:\/\/www.alanyaproperties.com\/tr\/property\/obanin-merkezinde-esyali-11-daire\/\" \/>\n<meta property=\"og:locale\" content=\"tr_TR\" \/>\n<meta property=\"og:type\" content=\"article\" \/>\n<meta property=\"og:title\" content=\"Oba\u2019n\u0131n Merkezinde E\u015fyal\u0131 1+1 Sat\u0131l\u0131k Daire - Properties in Alanya.\" \/>\n<meta property=\"og:description\" content=\"Oba\u2019n\u0131n Merkezinde E\u015fyal\u0131 1+1Daire | Cam Balkonlu... Deize y\u00fcr\u00fcme mesafesinde, t\u00fcm ihtiya\u00e7lar etraf\u0131nda....\" \/>\n<meta property=\"og:url\" content=\"https:\/\/www.alanyaproperties.com\/tr\/property\/obanin-merkezinde-esyali-11-daire\/\" \/>\n<meta property=\"og:site_name\" content=\"Properties in Alanya.\" \/>\n<meta property=\"article:publisher\" content=\"https:\/\/www.facebook.com\/alanyaproperties\/\" \/>\n<meta property=\"article:modified_time\" content=\"2026-02-18T10:13:33+00:00\" \/>\n<meta property=\"og:image\" content=\"https:\/\/www.alanyaproperties.com\/wp-content\/uploads\/2025\/08\/oie_n5R0S0H4zFIg.jpg\" \/>\n\t<meta property=\"og:image:width\" content=\"1300\" \/>\n\t<meta property=\"og:image:height\" content=\"975\" \/>\n\t<meta property=\"og:image:type\" content=\"image\/jpeg\" \/>\n<meta name=\"twitter:card\" content=\"summary_large_image\" \/>\n<meta name=\"twitter:site\" content=\"@alanyapro\" \/>\n<meta name=\"twitter:label1\" content=\"Tahmini okuma s\u00fcresi\" \/>\n\t<meta name=\"twitter:data1\" content=\"2 dakika\" \/>\n<script type=\"application\/ld+json\" class=\"yoast-schema-graph\">{\"@context\":\"https:\/\/schema.org\",\"@graph\":[{\"@type\":\"WebPage\",\"@id\":\"https:\/\/www.alanyaproperties.com\/tr\/property\/obanin-merkezinde-esyali-11-daire\/\",\"url\":\"https:\/\/www.alanyaproperties.com\/tr\/property\/obanin-merkezinde-esyali-11-daire\/\",\"name\":\"Oba\u2019n\u0131n Merkezinde E\u015fyal\u0131 1+1 Sat\u0131l\u0131k Daire - Properties in Alanya.\",\"isPartOf\":{\"@id\":\"https:\/\/www.alanyaproperties.com\/tr\/#website\"},\"primaryImageOfPage\":{\"@id\":\"https:\/\/www.alanyaproperties.com\/tr\/property\/obanin-merkezinde-esyali-11-daire\/#primaryimage\"},\"image\":{\"@id\":\"https:\/\/www.alanyaproperties.com\/tr\/property\/obanin-merkezinde-esyali-11-daire\/#primaryimage\"},\"thumbnailUrl\":\"https:\/\/i0.wp.com\/www.alanyaproperties.com\/wp-content\/uploads\/2025\/08\/oie_n5R0S0H4zFIg.jpg?fit=1300%2C975&ssl=1\",\"datePublished\":\"2025-08-03T17:18:43+00:00\",\"dateModified\":\"2026-02-18T10:13:33+00:00\",\"description\":\"Oba\u2019n\u0131n Merkezinde E\u015fyal\u0131 1+1Daire | Cam Balkonlu... Deize y\u00fcr\u00fcme mesafesinde, t\u00fcm ihtiya\u00e7lar etraf\u0131nda....\",\"breadcrumb\":{\"@id\":\"https:\/\/www.alanyaproperties.com\/tr\/property\/obanin-merkezinde-esyali-11-daire\/#breadcrumb\"},\"inLanguage\":\"tr\",\"potentialAction\":[{\"@type\":\"ReadAction\",\"target\":[\"https:\/\/www.alanyaproperties.com\/tr\/property\/obanin-merkezinde-esyali-11-daire\/\"]}]},{\"@type\":\"ImageObject\",\"inLanguage\":\"tr\",\"@id\":\"https:\/\/www.alanyaproperties.com\/tr\/property\/obanin-merkezinde-esyali-11-daire\/#primaryimage\",\"url\":\"https:\/\/i0.wp.com\/www.alanyaproperties.com\/wp-content\/uploads\/2025\/08\/oie_n5R0S0H4zFIg.jpg?fit=1300%2C975&ssl=1\",\"contentUrl\":\"https:\/\/i0.wp.com\/www.alanyaproperties.com\/wp-content\/uploads\/2025\/08\/oie_n5R0S0H4zFIg.jpg?fit=1300%2C975&ssl=1\",\"width\":1300,\"height\":975},{\"@type\":\"BreadcrumbList\",\"@id\":\"https:\/\/www.alanyaproperties.com\/tr\/property\/obanin-merkezinde-esyali-11-daire\/#breadcrumb\",\"itemListElement\":[{\"@type\":\"ListItem\",\"position\":1,\"name\":\"Home\",\"item\":\"https:\/\/www.alanyaproperties.com\/tr\/\"},{\"@type\":\"ListItem\",\"position\":2,\"name\":\"\u00d6zellikleri\",\"item\":\"https:\/\/www.alanyaproperties.com\/tr\/property\/\"},{\"@type\":\"ListItem\",\"position\":3,\"name\":\"Oba\u2019n\u0131n Merkezinde E\u015fyal\u0131 1+1 Sat\u0131l\u0131k Daire\"}]},{\"@type\":\"WebSite\",\"@id\":\"https:\/\/www.alanyaproperties.com\/tr\/#website\",\"url\":\"https:\/\/www.alanyaproperties.com\/tr\/\",\"name\":\"Properties in Alanya.\",\"description\":\"Alanya Emlak Daire, Villa, Arsa  |  Alanya Properties\",\"publisher\":{\"@id\":\"https:\/\/www.alanyaproperties.com\/tr\/#organization\"},\"potentialAction\":[{\"@type\":\"SearchAction\",\"target\":{\"@type\":\"EntryPoint\",\"urlTemplate\":\"https:\/\/www.alanyaproperties.com\/tr\/?s={search_term_string}\"},\"query-input\":\"required name=search_term_string\"}],\"inLanguage\":\"tr\"},{\"@type\":\"Organization\",\"@id\":\"https:\/\/www.alanyaproperties.com\/tr\/#organization\",\"name\":\"Alanya Properties\",\"url\":\"https:\/\/www.alanyaproperties.com\/tr\/\",\"logo\":{\"@type\":\"ImageObject\",\"inLanguage\":\"tr\",\"@id\":\"https:\/\/www.alanyaproperties.com\/tr\/#\/schema\/logo\/image\/\",\"url\":\"https:\/\/i0.wp.com\/www.alanyaproperties.com\/wp-content\/uploads\/2017\/06\/alanya-properties-logo-180to.png?fit=180%2C81&ssl=1\",\"contentUrl\":\"https:\/\/i0.wp.com\/www.alanyaproperties.com\/wp-content\/uploads\/2017\/06\/alanya-properties-logo-180to.png?fit=180%2C81&ssl=1\",\"width\":180,\"height\":81,\"caption\":\"Alanya Properties\"},\"image\":{\"@id\":\"https:\/\/www.alanyaproperties.com\/tr\/#\/schema\/logo\/image\/\"},\"sameAs\":[\"https:\/\/www.facebook.com\/alanyaproperties\/\",\"https:\/\/x.com\/alanyapro\",\"https:\/\/www.instagram.com\/alanyaproperties\/\",\"https:\/\/www.youtube.com\/c\/AlanyaProperties\"]}]}<\/script>\n<!-- \/ Yoast SEO plugin. -->","yoast_head_json":{"title":"Oba\u2019n\u0131n Merkezinde E\u015fyal\u0131 1+1 Sat\u0131l\u0131k Daire - Properties in Alanya.","description":"Oba\u2019n\u0131n Merkezinde E\u015fyal\u0131 1+1Daire | Cam Balkonlu... Deize y\u00fcr\u00fcme mesafesinde, t\u00fcm ihtiya\u00e7lar etraf\u0131nda....","robots":{"index":"index","follow":"follow","max-snippet":"max-snippet:-1","max-image-preview":"max-image-preview:large","max-video-preview":"max-video-preview:-1"},"canonical":"https:\/\/www.alanyaproperties.com\/tr\/property\/obanin-merkezinde-esyali-11-daire\/","og_locale":"tr_TR","og_type":"article","og_title":"Oba\u2019n\u0131n Merkezinde E\u015fyal\u0131 1+1 Sat\u0131l\u0131k Daire - Properties in Alanya.","og_description":"Oba\u2019n\u0131n Merkezinde E\u015fyal\u0131 1+1Daire | Cam Balkonlu... Deize y\u00fcr\u00fcme mesafesinde, t\u00fcm ihtiya\u00e7lar etraf\u0131nda....","og_url":"https:\/\/www.alanyaproperties.com\/tr\/property\/obanin-merkezinde-esyali-11-daire\/","og_site_name":"Properties in Alanya.","article_publisher":"https:\/\/www.facebook.com\/alanyaproperties\/","article_modified_time":"2026-02-18T10:13:33+00:00","og_image":[{"width":1300,"height":975,"url":"https:\/\/www.alanyaproperties.com\/wp-content\/uploads\/2025\/08\/oie_n5R0S0H4zFIg.jpg","type":"image\/jpeg"}],"twitter_card":"summary_large_image","twitter_site":"@alanyapro","twitter_misc":{"Tahmini okuma s\u00fcresi":"2 dakika"},"schema":{"@context":"https:\/\/schema.org","@graph":[{"@type":"WebPage","@id":"https:\/\/www.alanyaproperties.com\/tr\/property\/obanin-merkezinde-esyali-11-daire\/","url":"https:\/\/www.alanyaproperties.com\/tr\/property\/obanin-merkezinde-esyali-11-daire\/","name":"Oba\u2019n\u0131n Merkezinde E\u015fyal\u0131 1+1 Sat\u0131l\u0131k Daire - Properties in Alanya.","isPartOf":{"@id":"https:\/\/www.alanyaproperties.com\/tr\/#website"},"primaryImageOfPage":{"@id":"https:\/\/www.alanyaproperties.com\/tr\/property\/obanin-merkezinde-esyali-11-daire\/#primaryimage"},"image":{"@id":"https:\/\/www.alanyaproperties.com\/tr\/property\/obanin-merkezinde-esyali-11-daire\/#primaryimage"},"thumbnailUrl":"https:\/\/i0.wp.com\/www.alanyaproperties.com\/wp-content\/uploads\/2025\/08\/oie_n5R0S0H4zFIg.jpg?fit=1300%2C975&ssl=1","datePublished":"2025-08-03T17:18:43+00:00","dateModified":"2026-02-18T10:13:33+00:00","description":"Oba\u2019n\u0131n Merkezinde E\u015fyal\u0131 1+1Daire | Cam Balkonlu... Deize y\u00fcr\u00fcme mesafesinde, t\u00fcm ihtiya\u00e7lar etraf\u0131nda....","breadcrumb":{"@id":"https:\/\/www.alanyaproperties.com\/tr\/property\/obanin-merkezinde-esyali-11-daire\/#breadcrumb"},"inLanguage":"tr","potentialAction":[{"@type":"ReadAction","target":["https:\/\/www.alanyaproperties.com\/tr\/property\/obanin-merkezinde-esyali-11-daire\/"]}]},{"@type":"ImageObject","inLanguage":"tr","@id":"https:\/\/www.alanyaproperties.com\/tr\/property\/obanin-merkezinde-esyali-11-daire\/#primaryimage","url":"https:\/\/i0.wp.com\/www.alanyaproperties.com\/wp-content\/uploads\/2025\/08\/oie_n5R0S0H4zFIg.jpg?fit=1300%2C975&ssl=1","contentUrl":"https:\/\/i0.wp.com\/www.alanyaproperties.com\/wp-content\/uploads\/2025\/08\/oie_n5R0S0H4zFIg.jpg?fit=1300%2C975&ssl=1","width":1300,"height":975},{"@type":"BreadcrumbList","@id":"https:\/\/www.alanyaproperties.com\/tr\/property\/obanin-merkezinde-esyali-11-daire\/#breadcrumb","itemListElement":[{"@type":"ListItem","position":1,"name":"Home","item":"https:\/\/www.alanyaproperties.com\/tr\/"},{"@type":"ListItem","position":2,"name":"\u00d6zellikleri","item":"https:\/\/www.alanyaproperties.com\/tr\/property\/"},{"@type":"ListItem","position":3,"name":"Oba\u2019n\u0131n Merkezinde E\u015fyal\u0131 1+1 Sat\u0131l\u0131k Daire"}]},{"@type":"WebSite","@id":"https:\/\/www.alanyaproperties.com\/tr\/#website","url":"https:\/\/www.alanyaproperties.com\/tr\/","name":"Properties in Alanya.","description":"Alanya Emlak Daire, Villa, Arsa  |  Alanya Properties","publisher":{"@id":"https:\/\/www.alanyaproperties.com\/tr\/#organization"},"potentialAction":[{"@type":"SearchAction","target":{"@type":"EntryPoint","urlTemplate":"https:\/\/www.alanyaproperties.com\/tr\/?s={search_term_string}"},"query-input":"required name=search_term_string"}],"inLanguage":"tr"},{"@type":"Organization","@id":"https:\/\/www.alanyaproperties.com\/tr\/#organization","name":"Alanya Properties","url":"https:\/\/www.alanyaproperties.com\/tr\/","logo":{"@type":"ImageObject","inLanguage":"tr","@id":"https:\/\/www.alanyaproperties.com\/tr\/#\/schema\/logo\/image\/","url":"https:\/\/i0.wp.com\/www.alanyaproperties.com\/wp-content\/uploads\/2017\/06\/alanya-properties-logo-180to.png?fit=180%2C81&ssl=1","contentUrl":"https:\/\/i0.wp.com\/www.alanyaproperties.com\/wp-content\/uploads\/2017\/06\/alanya-properties-logo-180to.png?fit=180%2C81&ssl=1","width":180,"height":81,"caption":"Alanya Properties"},"image":{"@id":"https:\/\/www.alanyaproperties.com\/tr\/#\/schema\/logo\/image\/"},"sameAs":["https:\/\/www.facebook.com\/alanyaproperties\/","https:\/\/x.com\/alanyapro","https:\/\/www.instagram.com\/alanyaproperties\/","https:\/\/www.youtube.com\/c\/AlanyaProperties"]}]}},"jetpack_sharing_enabled":true,"_links":{"self":[{"href":"https:\/\/www.alanyaproperties.com\/tr\/wp-json\/wp\/v2\/properties\/421127"}],"collection":[{"href":"https:\/\/www.alanyaproperties.com\/tr\/wp-json\/wp\/v2\/properties"}],"about":[{"href":"https:\/\/www.alanyaproperties.com\/tr\/wp-json\/wp\/v2\/types\/property"}],"author":[{"embeddable":true,"href":"https:\/\/www.alanyaproperties.com\/tr\/wp-json\/wp\/v2\/users\/31"}],"version-history":[{"count":3,"href":"https:\/\/www.alanyaproperties.com\/tr\/wp-json\/wp\/v2\/properties\/421127\/revisions"}],"predecessor-version":[{"id":433532,"href":"https:\/\/www.alanyaproperties.com\/tr\/wp-json\/wp\/v2\/properties\/421127\/revisions\/433532"}],"wp:featuredmedia":[{"embeddable":true,"href":"https:\/\/www.alanyaproperties.com\/tr\/wp-json\/wp\/v2\/media\/420661"}],"wp:attachment":[{"href":"https:\/\/www.alanyaproperties.com\/tr\/wp-json\/wp\/v2\/media?parent=421127"}],"wp:term":[{"taxonomy":"property_type","embeddable":true,"href":"https:\/\/www.alanyaproperties.com\/tr\/wp-json\/wp\/v2\/property_type?post=421127"},{"taxonomy":"property_status","embeddable":true,"href":"https:\/\/www.alanyaproperties.com\/tr\/wp-json\/wp\/v2\/property_status?post=421127"},{"taxonomy":"property_feature","embeddable":true,"href":"https:\/\/www.alanyaproperties.com\/tr\/wp-json\/wp\/v2\/property_feature?post=421127"},{"taxonomy":"property_label","embeddable":true,"href":"https:\/\/www.alanyaproperties.com\/tr\/wp-json\/wp\/v2\/property_label?post=421127"},{"taxonomy":"property_city","embeddable":true,"href":"https:\/\/www.alanyaproperties.com\/tr\/wp-json\/wp\/v2\/property_city?post=421127"},{"taxonomy":"property_area","embeddable":true,"href":"https:\/\/www.alanyaproperties.com\/tr\/wp-json\/wp\/v2\/property_area?post=421127"},{"taxonomy":"property_state","embeddable":true,"href":"https:\/\/www.alanyaproperties.com\/tr\/wp-json\/wp\/v2\/property_state?post=421127"}],"curies":[{"name":"wp","href":"https:\/\/api.w.org\/{rel}","templated":true}]}}