{"id":416951,"date":"2024-08-14T13:00:02","date_gmt":"2024-08-14T13:00:02","guid":{"rendered":"https:\/\/www.alanyaproperties.com\/property\/elegant-5-bedroom-villa-with-panoramic-sea-views-in-kargicak-alanya\/"},"modified":"2025-04-17T12:29:37","modified_gmt":"2025-04-17T12:29:37","slug":"kargicak-alanyada-panoramik-deniz-manzarali-51-villa","status":"publish","type":"property","link":"https:\/\/www.alanyaproperties.com\/tr\/property\/kargicak-alanyada-panoramik-deniz-manzarali-51-villa\/","title":{"rendered":"Karg\u0131cak Alanya&#8217;da Panoramik Deniz Manzaral\u0131\u00a0 5+1 Villa"},"content":{"rendered":"<h3 data-start=\"77\" data-end=\"149\"><span style=\"color: #009db4;\"><strong data-start=\"77\" data-end=\"149\">Karg\u0131cak Alanya&#8217;da Panoramik Deniz Manzaral\u0131\u00a0 5+1 Villa<\/strong><\/span><\/h3>\n<p class=\"\" data-start=\"151\" data-end=\"467\">Karg\u0131cak Alanya&#8217;da Panoramik Deniz Manzaral\u0131\u00a0 5+1 Villa ,panoramik deniz manzaras\u0131 ve sundu\u011fu geni\u015f olanaklarla, be\u015f y\u0131ld\u0131zl\u0131 otel konforunu kendi evinizde ya\u015fama f\u0131rsat\u0131 sunuyor. \u00c7a\u011fda\u015f mimariye sahip villa, d\u00f6rt kata yay\u0131lan toplam 610 m\u00b2 alan\u0131 ile hem geni\u015f ya\u015fam alanlar\u0131 hem de zarif tasar\u0131m\u0131 bir araya getiriyor.<\/p>\n<p class=\"\" data-start=\"469\" data-end=\"641\">Villan\u0131n bodrum kat\u0131nda T\u00fcrk hamam\u0131, sauna ve \u00f6zel spor salonu bulunuyor. Ayr\u0131ca kapal\u0131 y\u00fczme havuzu, \u00e7ama\u015f\u0131r odas\u0131 ve iki ara\u00e7l\u0131k \u00f6zel kapal\u0131 garaj da bu katta yer al\u0131yor.<\/p>\n<p class=\"\" data-start=\"643\" data-end=\"959\">Zemin katta geni\u015f ve a\u00e7\u0131k planl\u0131 bir oturma odas\u0131, mutfak ve yemek alan\u0131 bulunuyor; bu ferah alanlar misafir a\u011f\u0131rlamak i\u00e7in m\u00fckemmel bir ortam sunuyor. Bu katta ayr\u0131ca ebeveyn banyolu bir yatak odas\u0131 ve misafirler i\u00e7in ayr\u0131 bir banyo yer al\u0131yor. Oturma odas\u0131, geni\u015f bir terasa ve \u00f6zenle d\u00fczenlenmi\u015f bah\u00e7eye a\u00e7\u0131l\u0131yor.<\/p>\n<p class=\"\" data-start=\"961\" data-end=\"1109\">Ye\u015fillikler i\u00e7indeki bah\u00e7ede \u00f6zel y\u00fczme havuzu, \u015firin bir kamelya ile donat\u0131lm\u0131\u015f barbek\u00fc alan\u0131 ve rahatlamak i\u00e7in \u00e7e\u015fitli oturma alanlar\u0131 bulunuyor.<\/p>\n<p class=\"\" data-start=\"1111\" data-end=\"1349\">Birinci katta, y\u00fcr\u00fcy\u00fc\u015f dolab\u0131, ebeveyn banyosu, \u00f6zel jakuzisi ve sakin bah\u00e7eye ve y\u00fczme havuzuna bakan \u00f6zel teras\u0131 bulunan geni\u015f bir ana yatak odas\u0131 yer al\u0131yor. Ayn\u0131 katta, her biri \u00f6zel banyolu ve balkonlu iki yatak odas\u0131 daha bulunuyor.<\/p>\n<p class=\"\" data-start=\"1351\" data-end=\"1778\">\u00c7a\u011fda\u015f villan\u0131n en \u00fcst kat\u0131nda, yine \u00f6zel banyolu ve terasl\u0131 bir yatak odas\u0131 bulunuyor. Bu katta ayr\u0131ca k\u00fc\u00e7\u00fck bir mutfak alan\u0131na sahip ikinci bir oturma odas\u0131 yer al\u0131yor. Oturma alan\u0131 geni\u015f bir terasa a\u00e7\u0131l\u0131yor; burada bir jakuzi ve bolca oturma alan\u0131 bulunuyor ve e\u015fsiz panoramik deniz manzaras\u0131n\u0131n tad\u0131n\u0131 \u00e7\u0131karabilirsiniz. Ayr\u0131ca bu katta \u00f6zel bir sinema odas\u0131 da bulunuyor ve villaya ayr\u0131cal\u0131kl\u0131 bir e\u011flence deneyimi kat\u0131yor.<\/p>\n<p class=\"\" data-start=\"1780\" data-end=\"1910\">Villan\u0131n di\u011fer \u00f6zellikleri aras\u0131nda d\u00f6rt kata eri\u015fim sa\u011flayan asans\u00f6r, cadde d\u0131\u015f\u0131nda otopark alan\u0131 ve \u00f6zel jenerat\u00f6r de bulunuyor.<\/p>\n<h4 data-start=\"1912\" data-end=\"1938\"><span style=\"color: #009db4;\"><strong data-start=\"1912\" data-end=\"1938\">Restoranlar ve Kafeler<\/strong><\/span><\/h4>\n<p class=\"\" data-start=\"1940\" data-end=\"2342\">Alanya, her damak tad\u0131na hitap eden \u00e7ok \u00e7e\u015fitli restoran ve kafelere ev sahipli\u011fi yapmaktad\u0131r. Geleneksel T\u00fcrk mutfa\u011f\u0131ndan uluslararas\u0131 lezzetlere kadar pek \u00e7ok se\u00e7enek bulabilirsiniz. Sadece 5 km uzakl\u0131ktaki Mahmutlar il\u00e7e merkezinde Rus, Fars, \u00c7in ve Avrupa mutfa\u011f\u0131na \u00f6zg\u00fc restoranlar yer al\u0131yor. Ayr\u0131ca, 4,3 km mesafedeki sahil \u015feridinde deniz manzaras\u0131 e\u015fli\u011finde bir\u00e7ok restoran se\u00e7ene\u011fi mevcuttur.<\/p>\n<h4 data-start=\"2344\" data-end=\"2365\"><span style=\"color: #009db4;\"><strong data-start=\"2344\" data-end=\"2365\">Sa\u011fl\u0131k Hizmetleri<\/strong><\/span><\/h4>\n<p class=\"\" data-start=\"2367\" data-end=\"2835\">Alanya, d\u00f6rt b\u00fcy\u00fck hastane ve birka\u00e7 k\u00fc\u00e7\u00fck poliklinikle sa\u011fl\u0131k hizmetlerinde olduk\u00e7a donan\u0131ml\u0131d\u0131r. Bunlardan \u00fc\u00e7\u00fc \u00f6zel hastanedir: Ba\u015fkent Hastanesi, Ya\u015fam Hastanesi ve Anadolu Hastanesi. T\u00fcm bu hastaneler \u015fehir merkezinde yer almaktad\u0131r. Ayr\u0131ca, Oba b\u00f6lgesinde bulunan, 2017 y\u0131l\u0131nda hizmete a\u00e7\u0131lan Alaaddin Keykubat \u00dcniversitesi Alanya E\u011fitim ve Ara\u015ft\u0131rma Hastanesi de modern imkanlarla hizmet vermektedir. Hastanenin yan\u0131nda modern bir di\u015f hastanesi de bulunmaktad\u0131r.<\/p>\n<h4 data-start=\"2837\" data-end=\"2861\"><span style=\"color: #009db4;\"><strong data-start=\"2837\" data-end=\"2861\">Al\u0131\u015fveri\u015f Olanaklar\u0131<\/strong><\/span><\/h4>\n<p class=\"\" data-start=\"2863\" data-end=\"3366\">Canl\u0131 Mahmutlar il\u00e7e merkezi, sadece birka\u00e7 dakikal\u0131k s\u00fcr\u00fc\u015f mesafesindedir ve t\u00fcm ihtiya\u00e7lar\u0131n\u0131za y\u00f6nelik bir\u00e7ok olanak sunmaktad\u0131r. \u0130l\u00e7e merkezinde b\u00fcy\u00fck s\u00fcpermarketler, eczaneler, giyim ma\u011fazalar\u0131 ve daha fazlas\u0131 bulunmaktad\u0131r. 18 km uzakl\u0131ktaki Alanya \u015fehir merkezi ise d\u00fcnya markalar\u0131ndan yerel T\u00fcrk markalar\u0131na kadar geni\u015f bir al\u0131\u015fveri\u015f yelpazesi sunar. Ayr\u0131ca 16 km mesafede bulunan b\u00fcy\u00fck Alanyum Al\u0131\u015fveri\u015f Merkezi ve Alanya&#8217;n\u0131n en b\u00fcy\u00fck toptan marketi Metro da al\u0131\u015fveri\u015f i\u00e7in ideal se\u00e7eneklerdir.<\/p>\n<h4 data-start=\"3368\" data-end=\"3389\"><span style=\"color: #009db4;\"><strong data-start=\"3368\" data-end=\"3389\">Ula\u015f\u0131m Olanaklar\u0131<\/strong><\/span><\/h4>\n<p class=\"\" data-start=\"3391\" data-end=\"3875\">Bu \u00f6zel villan\u0131n yak\u0131n \u00e7evresinde iki uluslararas\u0131 havaalan\u0131 bulunmaktad\u0131r. En yak\u0131n\u0131, 30 km mesafedeki <a href=\"https:\/\/www.alanyaproperties.com\/tr\/turkiye-yatirim\/gazipasa-havaalani\/\">Alanya Gazipa\u015fa Uluslararas\u0131 Havaliman\u0131\u2019<\/a>d\u0131r. Bu havaliman\u0131 haftal\u0131k baz\u0131 uluslararas\u0131 u\u00e7u\u015flar ile \u0130stanbul Yeni Havaliman\u0131, Sabiha G\u00f6k\u00e7en Havaliman\u0131 ve Ankara Esenbo\u011fa Havaliman\u0131 gibi b\u00fcy\u00fck T\u00fcrk \u015fehirlerine g\u00fcnl\u00fck i\u00e7 hat u\u00e7u\u015flar\u0131 sunmaktad\u0131r. Daha b\u00fcy\u00fck olan <a href=\"https:\/\/www.alanyaproperties.com\/tr\/turkiye-yatirim\/antalya-havaalani\/\">Antalya Uluslararas\u0131 Havaliman\u0131<\/a> ise 144 km uzakl\u0131ktad\u0131r ve her g\u00fcn \u00e7ok say\u0131da uluslararas\u0131 ve i\u00e7 hat u\u00e7u\u015fu sa\u011flamaktad\u0131r.<\/p>\n<hr class=\"\" data-start=\"3877\" data-end=\"3880\" \/>\n<h3 data-start=\"3882\" data-end=\"3996\"><span style=\"color: #009db4;\"><strong data-start=\"3882\" data-end=\"3996\">Alanya&#8217;daki yeni eviniz hakk\u0131nda daha fazla bilgi almak i\u00e7in l\u00fctfen bizimle ileti\u015fime ge\u00e7in: <a href=\"https:\/\/www.alanyaproperties.com\/tr\/iletisim-2\/\"><span style=\"color: #ef7f1a;\">Alanya Properties<\/span><\/a><\/strong><\/span><\/h3>\n","protected":false},"excerpt":{"rendered":"<p>Karg\u0131cak Alanya&#8217;da Panoramik Deniz Manzaral\u0131\u00a0 5+1 Villa Karg\u0131cak Alanya&#8217;da Panoramik Deniz Manzaral\u0131\u00a0 5+1 Villa ,panoramik deniz manzaras\u0131 ve sundu\u011fu geni\u015f olanaklarla, be\u015f y\u0131ld\u0131zl\u0131 otel konforunu kendi evinizde ya\u015fama f\u0131rsat\u0131 sunuyor. \u00c7a\u011fda\u015f mimariye sahip villa, d\u00f6rt kata yay\u0131lan toplam 610 m\u00b2 alan\u0131 ile hem geni\u015f ya\u015fam alanlar\u0131 hem de zarif tasar\u0131m\u0131 bir araya getiriyor. Villan\u0131n bodrum [&hellip;]<\/p>\n","protected":false},"author":102,"featured_media":402742,"parent":0,"menu_order":0,"template":"","property_type":[2948],"property_status":[2959],"property_feature":[4772,2955,2991,2977,2951,2970,3412,3003,2973,3409,2987,3396,3780,2957,3392,3403,2952,2949,3410,3407,3411,2953,2954,2974,3054,2958],"property_label":[3058],"property_city":[2960,2961],"property_area":[2962,3415,2965,2963,2964],"property_state":[2966],"yoast_head":"<!-- This site is optimized with the Yoast SEO plugin v22.6 - https:\/\/yoast.com\/wordpress\/plugins\/seo\/ -->\n<title>Karg\u0131cak Alanya&#039;da Panoramik Deniz Manzaral\u0131\u00a0 5+1 Villa - Properties in Alanya.<\/title>\n<meta name=\"description\" content=\"Karg\u0131cak-Alanya&#039;da-Panoramik-Deniz-Manzaral\u0131-5+1-Villa 5 y\u0131ld\u0131zl\u0131 otel konforu sunan geni\u015f olanaklara sahip...\" \/>\n<meta name=\"robots\" content=\"index, follow, max-snippet:-1, max-image-preview:large, max-video-preview:-1\" \/>\n<link rel=\"canonical\" href=\"https:\/\/www.alanyaproperties.com\/tr\/property\/kargicak-alanyada-panoramik-deniz-manzarali-51-villa\/\" \/>\n<meta property=\"og:locale\" content=\"tr_TR\" \/>\n<meta property=\"og:type\" content=\"article\" \/>\n<meta property=\"og:title\" content=\"Karg\u0131cak Alanya&#039;da Panoramik Deniz Manzaral\u0131\u00a0 5+1 Villa - Properties in Alanya.\" \/>\n<meta property=\"og:description\" content=\"Karg\u0131cak-Alanya&#039;da-Panoramik-Deniz-Manzaral\u0131-5+1-Villa 5 y\u0131ld\u0131zl\u0131 otel konforu sunan geni\u015f olanaklara sahip...\" \/>\n<meta property=\"og:url\" content=\"https:\/\/www.alanyaproperties.com\/tr\/property\/kargicak-alanyada-panoramik-deniz-manzarali-51-villa\/\" \/>\n<meta property=\"og:site_name\" content=\"Properties in Alanya.\" \/>\n<meta property=\"article:publisher\" content=\"https:\/\/www.facebook.com\/alanyaproperties\/\" \/>\n<meta property=\"article:modified_time\" content=\"2025-04-17T12:29:37+00:00\" \/>\n<meta property=\"og:image\" content=\"https:\/\/www.alanyaproperties.com\/wp-content\/uploads\/2024\/08\/PANORAMA-3.jpg\" \/>\n\t<meta property=\"og:image:width\" content=\"1300\" \/>\n\t<meta property=\"og:image:height\" content=\"825\" \/>\n\t<meta property=\"og:image:type\" content=\"image\/jpeg\" \/>\n<meta name=\"twitter:card\" content=\"summary_large_image\" \/>\n<meta name=\"twitter:site\" content=\"@alanyapro\" \/>\n<meta name=\"twitter:label1\" content=\"Tahmini okuma s\u00fcresi\" \/>\n\t<meta name=\"twitter:data1\" content=\"3 dakika\" \/>\n<script type=\"application\/ld+json\" class=\"yoast-schema-graph\">{\"@context\":\"https:\/\/schema.org\",\"@graph\":[{\"@type\":\"WebPage\",\"@id\":\"https:\/\/www.alanyaproperties.com\/tr\/property\/kargicak-alanyada-panoramik-deniz-manzarali-51-villa\/\",\"url\":\"https:\/\/www.alanyaproperties.com\/tr\/property\/kargicak-alanyada-panoramik-deniz-manzarali-51-villa\/\",\"name\":\"Karg\u0131cak Alanya'da Panoramik Deniz Manzaral\u0131\u00a0 5+1 Villa - Properties in Alanya.\",\"isPartOf\":{\"@id\":\"https:\/\/www.alanyaproperties.com\/tr\/#website\"},\"primaryImageOfPage\":{\"@id\":\"https:\/\/www.alanyaproperties.com\/tr\/property\/kargicak-alanyada-panoramik-deniz-manzarali-51-villa\/#primaryimage\"},\"image\":{\"@id\":\"https:\/\/www.alanyaproperties.com\/tr\/property\/kargicak-alanyada-panoramik-deniz-manzarali-51-villa\/#primaryimage\"},\"thumbnailUrl\":\"https:\/\/i0.wp.com\/www.alanyaproperties.com\/wp-content\/uploads\/2024\/08\/PANORAMA-3.jpg?fit=1300%2C825&ssl=1\",\"datePublished\":\"2024-08-14T13:00:02+00:00\",\"dateModified\":\"2025-04-17T12:29:37+00:00\",\"description\":\"Karg\u0131cak-Alanya'da-Panoramik-Deniz-Manzaral\u0131-5+1-Villa 5 y\u0131ld\u0131zl\u0131 otel konforu sunan geni\u015f olanaklara sahip...\",\"breadcrumb\":{\"@id\":\"https:\/\/www.alanyaproperties.com\/tr\/property\/kargicak-alanyada-panoramik-deniz-manzarali-51-villa\/#breadcrumb\"},\"inLanguage\":\"tr\",\"potentialAction\":[{\"@type\":\"ReadAction\",\"target\":[\"https:\/\/www.alanyaproperties.com\/tr\/property\/kargicak-alanyada-panoramik-deniz-manzarali-51-villa\/\"]}]},{\"@type\":\"ImageObject\",\"inLanguage\":\"tr\",\"@id\":\"https:\/\/www.alanyaproperties.com\/tr\/property\/kargicak-alanyada-panoramik-deniz-manzarali-51-villa\/#primaryimage\",\"url\":\"https:\/\/i0.wp.com\/www.alanyaproperties.com\/wp-content\/uploads\/2024\/08\/PANORAMA-3.jpg?fit=1300%2C825&ssl=1\",\"contentUrl\":\"https:\/\/i0.wp.com\/www.alanyaproperties.com\/wp-content\/uploads\/2024\/08\/PANORAMA-3.jpg?fit=1300%2C825&ssl=1\",\"width\":1300,\"height\":825},{\"@type\":\"BreadcrumbList\",\"@id\":\"https:\/\/www.alanyaproperties.com\/tr\/property\/kargicak-alanyada-panoramik-deniz-manzarali-51-villa\/#breadcrumb\",\"itemListElement\":[{\"@type\":\"ListItem\",\"position\":1,\"name\":\"Home\",\"item\":\"https:\/\/www.alanyaproperties.com\/tr\/\"},{\"@type\":\"ListItem\",\"position\":2,\"name\":\"\u00d6zellikleri\",\"item\":\"https:\/\/www.alanyaproperties.com\/tr\/property\/\"},{\"@type\":\"ListItem\",\"position\":3,\"name\":\"Karg\u0131cak Alanya&#8217;da Panoramik Deniz Manzaral\u0131\u00a0 5+1 Villa\"}]},{\"@type\":\"WebSite\",\"@id\":\"https:\/\/www.alanyaproperties.com\/tr\/#website\",\"url\":\"https:\/\/www.alanyaproperties.com\/tr\/\",\"name\":\"Properties in Alanya.\",\"description\":\"Alanya Emlak Daire, Villa, Arsa  |  Alanya Properties\",\"publisher\":{\"@id\":\"https:\/\/www.alanyaproperties.com\/tr\/#organization\"},\"potentialAction\":[{\"@type\":\"SearchAction\",\"target\":{\"@type\":\"EntryPoint\",\"urlTemplate\":\"https:\/\/www.alanyaproperties.com\/tr\/?s={search_term_string}\"},\"query-input\":\"required name=search_term_string\"}],\"inLanguage\":\"tr\"},{\"@type\":\"Organization\",\"@id\":\"https:\/\/www.alanyaproperties.com\/tr\/#organization\",\"name\":\"Alanya Properties\",\"url\":\"https:\/\/www.alanyaproperties.com\/tr\/\",\"logo\":{\"@type\":\"ImageObject\",\"inLanguage\":\"tr\",\"@id\":\"https:\/\/www.alanyaproperties.com\/tr\/#\/schema\/logo\/image\/\",\"url\":\"https:\/\/i0.wp.com\/www.alanyaproperties.com\/wp-content\/uploads\/2017\/06\/alanya-properties-logo-180to.png?fit=180%2C81&ssl=1\",\"contentUrl\":\"https:\/\/i0.wp.com\/www.alanyaproperties.com\/wp-content\/uploads\/2017\/06\/alanya-properties-logo-180to.png?fit=180%2C81&ssl=1\",\"width\":180,\"height\":81,\"caption\":\"Alanya Properties\"},\"image\":{\"@id\":\"https:\/\/www.alanyaproperties.com\/tr\/#\/schema\/logo\/image\/\"},\"sameAs\":[\"https:\/\/www.facebook.com\/alanyaproperties\/\",\"https:\/\/x.com\/alanyapro\",\"https:\/\/www.instagram.com\/alanyaproperties\/\",\"https:\/\/www.youtube.com\/c\/AlanyaProperties\"]}]}<\/script>\n<!-- \/ Yoast SEO plugin. -->","yoast_head_json":{"title":"Karg\u0131cak Alanya'da Panoramik Deniz Manzaral\u0131\u00a0 5+1 Villa - Properties in Alanya.","description":"Karg\u0131cak-Alanya'da-Panoramik-Deniz-Manzaral\u0131-5+1-Villa 5 y\u0131ld\u0131zl\u0131 otel konforu sunan geni\u015f olanaklara sahip...","robots":{"index":"index","follow":"follow","max-snippet":"max-snippet:-1","max-image-preview":"max-image-preview:large","max-video-preview":"max-video-preview:-1"},"canonical":"https:\/\/www.alanyaproperties.com\/tr\/property\/kargicak-alanyada-panoramik-deniz-manzarali-51-villa\/","og_locale":"tr_TR","og_type":"article","og_title":"Karg\u0131cak Alanya'da Panoramik Deniz Manzaral\u0131\u00a0 5+1 Villa - Properties in Alanya.","og_description":"Karg\u0131cak-Alanya'da-Panoramik-Deniz-Manzaral\u0131-5+1-Villa 5 y\u0131ld\u0131zl\u0131 otel konforu sunan geni\u015f olanaklara sahip...","og_url":"https:\/\/www.alanyaproperties.com\/tr\/property\/kargicak-alanyada-panoramik-deniz-manzarali-51-villa\/","og_site_name":"Properties in Alanya.","article_publisher":"https:\/\/www.facebook.com\/alanyaproperties\/","article_modified_time":"2025-04-17T12:29:37+00:00","og_image":[{"width":1300,"height":825,"url":"https:\/\/www.alanyaproperties.com\/wp-content\/uploads\/2024\/08\/PANORAMA-3.jpg","type":"image\/jpeg"}],"twitter_card":"summary_large_image","twitter_site":"@alanyapro","twitter_misc":{"Tahmini okuma s\u00fcresi":"3 dakika"},"schema":{"@context":"https:\/\/schema.org","@graph":[{"@type":"WebPage","@id":"https:\/\/www.alanyaproperties.com\/tr\/property\/kargicak-alanyada-panoramik-deniz-manzarali-51-villa\/","url":"https:\/\/www.alanyaproperties.com\/tr\/property\/kargicak-alanyada-panoramik-deniz-manzarali-51-villa\/","name":"Karg\u0131cak Alanya'da Panoramik Deniz Manzaral\u0131\u00a0 5+1 Villa - Properties in Alanya.","isPartOf":{"@id":"https:\/\/www.alanyaproperties.com\/tr\/#website"},"primaryImageOfPage":{"@id":"https:\/\/www.alanyaproperties.com\/tr\/property\/kargicak-alanyada-panoramik-deniz-manzarali-51-villa\/#primaryimage"},"image":{"@id":"https:\/\/www.alanyaproperties.com\/tr\/property\/kargicak-alanyada-panoramik-deniz-manzarali-51-villa\/#primaryimage"},"thumbnailUrl":"https:\/\/i0.wp.com\/www.alanyaproperties.com\/wp-content\/uploads\/2024\/08\/PANORAMA-3.jpg?fit=1300%2C825&ssl=1","datePublished":"2024-08-14T13:00:02+00:00","dateModified":"2025-04-17T12:29:37+00:00","description":"Karg\u0131cak-Alanya'da-Panoramik-Deniz-Manzaral\u0131-5+1-Villa 5 y\u0131ld\u0131zl\u0131 otel konforu sunan geni\u015f olanaklara sahip...","breadcrumb":{"@id":"https:\/\/www.alanyaproperties.com\/tr\/property\/kargicak-alanyada-panoramik-deniz-manzarali-51-villa\/#breadcrumb"},"inLanguage":"tr","potentialAction":[{"@type":"ReadAction","target":["https:\/\/www.alanyaproperties.com\/tr\/property\/kargicak-alanyada-panoramik-deniz-manzarali-51-villa\/"]}]},{"@type":"ImageObject","inLanguage":"tr","@id":"https:\/\/www.alanyaproperties.com\/tr\/property\/kargicak-alanyada-panoramik-deniz-manzarali-51-villa\/#primaryimage","url":"https:\/\/i0.wp.com\/www.alanyaproperties.com\/wp-content\/uploads\/2024\/08\/PANORAMA-3.jpg?fit=1300%2C825&ssl=1","contentUrl":"https:\/\/i0.wp.com\/www.alanyaproperties.com\/wp-content\/uploads\/2024\/08\/PANORAMA-3.jpg?fit=1300%2C825&ssl=1","width":1300,"height":825},{"@type":"BreadcrumbList","@id":"https:\/\/www.alanyaproperties.com\/tr\/property\/kargicak-alanyada-panoramik-deniz-manzarali-51-villa\/#breadcrumb","itemListElement":[{"@type":"ListItem","position":1,"name":"Home","item":"https:\/\/www.alanyaproperties.com\/tr\/"},{"@type":"ListItem","position":2,"name":"\u00d6zellikleri","item":"https:\/\/www.alanyaproperties.com\/tr\/property\/"},{"@type":"ListItem","position":3,"name":"Karg\u0131cak Alanya&#8217;da Panoramik Deniz Manzaral\u0131\u00a0 5+1 Villa"}]},{"@type":"WebSite","@id":"https:\/\/www.alanyaproperties.com\/tr\/#website","url":"https:\/\/www.alanyaproperties.com\/tr\/","name":"Properties in Alanya.","description":"Alanya Emlak Daire, Villa, Arsa  |  Alanya Properties","publisher":{"@id":"https:\/\/www.alanyaproperties.com\/tr\/#organization"},"potentialAction":[{"@type":"SearchAction","target":{"@type":"EntryPoint","urlTemplate":"https:\/\/www.alanyaproperties.com\/tr\/?s={search_term_string}"},"query-input":"required name=search_term_string"}],"inLanguage":"tr"},{"@type":"Organization","@id":"https:\/\/www.alanyaproperties.com\/tr\/#organization","name":"Alanya Properties","url":"https:\/\/www.alanyaproperties.com\/tr\/","logo":{"@type":"ImageObject","inLanguage":"tr","@id":"https:\/\/www.alanyaproperties.com\/tr\/#\/schema\/logo\/image\/","url":"https:\/\/i0.wp.com\/www.alanyaproperties.com\/wp-content\/uploads\/2017\/06\/alanya-properties-logo-180to.png?fit=180%2C81&ssl=1","contentUrl":"https:\/\/i0.wp.com\/www.alanyaproperties.com\/wp-content\/uploads\/2017\/06\/alanya-properties-logo-180to.png?fit=180%2C81&ssl=1","width":180,"height":81,"caption":"Alanya Properties"},"image":{"@id":"https:\/\/www.alanyaproperties.com\/tr\/#\/schema\/logo\/image\/"},"sameAs":["https:\/\/www.facebook.com\/alanyaproperties\/","https:\/\/x.com\/alanyapro","https:\/\/www.instagram.com\/alanyaproperties\/","https:\/\/www.youtube.com\/c\/AlanyaProperties"]}]}},"jetpack_sharing_enabled":true,"_links":{"self":[{"href":"https:\/\/www.alanyaproperties.com\/tr\/wp-json\/wp\/v2\/properties\/416951"}],"collection":[{"href":"https:\/\/www.alanyaproperties.com\/tr\/wp-json\/wp\/v2\/properties"}],"about":[{"href":"https:\/\/www.alanyaproperties.com\/tr\/wp-json\/wp\/v2\/types\/property"}],"author":[{"embeddable":true,"href":"https:\/\/www.alanyaproperties.com\/tr\/wp-json\/wp\/v2\/users\/102"}],"version-history":[{"count":2,"href":"https:\/\/www.alanyaproperties.com\/tr\/wp-json\/wp\/v2\/properties\/416951\/revisions"}],"predecessor-version":[{"id":416953,"href":"https:\/\/www.alanyaproperties.com\/tr\/wp-json\/wp\/v2\/properties\/416951\/revisions\/416953"}],"wp:featuredmedia":[{"embeddable":true,"href":"https:\/\/www.alanyaproperties.com\/tr\/wp-json\/wp\/v2\/media\/402742"}],"wp:attachment":[{"href":"https:\/\/www.alanyaproperties.com\/tr\/wp-json\/wp\/v2\/media?parent=416951"}],"wp:term":[{"taxonomy":"property_type","embeddable":true,"href":"https:\/\/www.alanyaproperties.com\/tr\/wp-json\/wp\/v2\/property_type?post=416951"},{"taxonomy":"property_status","embeddable":true,"href":"https:\/\/www.alanyaproperties.com\/tr\/wp-json\/wp\/v2\/property_status?post=416951"},{"taxonomy":"property_feature","embeddable":true,"href":"https:\/\/www.alanyaproperties.com\/tr\/wp-json\/wp\/v2\/property_feature?post=416951"},{"taxonomy":"property_label","embeddable":true,"href":"https:\/\/www.alanyaproperties.com\/tr\/wp-json\/wp\/v2\/property_label?post=416951"},{"taxonomy":"property_city","embeddable":true,"href":"https:\/\/www.alanyaproperties.com\/tr\/wp-json\/wp\/v2\/property_city?post=416951"},{"taxonomy":"property_area","embeddable":true,"href":"https:\/\/www.alanyaproperties.com\/tr\/wp-json\/wp\/v2\/property_area?post=416951"},{"taxonomy":"property_state","embeddable":true,"href":"https:\/\/www.alanyaproperties.com\/tr\/wp-json\/wp\/v2\/property_state?post=416951"}],"curies":[{"name":"wp","href":"https:\/\/api.w.org\/{rel}","templated":true}]}}