{"id":416695,"date":"2024-04-17T12:33:09","date_gmt":"2024-04-17T12:33:09","guid":{"rendered":"https:\/\/www.alanyaproperties.com\/property\/fully-furnished-luxury-villa-in-kargicak-alanya\/"},"modified":"2025-04-03T08:58:39","modified_gmt":"2025-04-03T08:58:39","slug":"kargicik-alanyada-esyali-luks-villa","status":"publish","type":"property","link":"https:\/\/www.alanyaproperties.com\/tr\/property\/kargicik-alanyada-esyali-luks-villa\/","title":{"rendered":"Karg\u0131c\u0131k Alanya&#8217;da E\u015fyal\u0131 L\u00fcks Villa"},"content":{"rendered":"<h3 data-start=\"62\" data-end=\"108\"><span style=\"color: #009db4;\"><strong data-start=\"62\" data-end=\"108\">Karg\u0131c\u0131k Alanya&#8217;da E\u015fyal\u0131 L\u00fcks Villa<\/strong><\/span><\/h3>\n<p class=\"\" data-start=\"110\" data-end=\"531\">Karg\u0131c\u0131k Alanya&#8217;da E\u015fyal\u0131 L\u00fcks Villa ,Toros Da\u011flar\u0131 eteklerinde yer alan, \u00d6zel Havuzlu Tam D\u00f6\u015fenmi\u015f L\u00fcks Villa\u2019da ya\u015famaya ba\u015flay\u0131n. Bu modern villa, toplam 220 m\u00b2 alana sahip, 2 katl\u0131 bir m\u00fclk. Villada geni\u015f bir a\u00e7\u0131k plan oturma odas\u0131, mutfak ve yemek alan\u0131 bulunmakta, bu alan geni\u015f teras ve \u00f6zel y\u00fczme havuzuna a\u00e7\u0131lmaktad\u0131r. Ayr\u0131ca 3 b\u00fcy\u00fck \u00e7ift ki\u015filik yatak odas\u0131 ve 2 banyo da mevcuttur. Villan\u0131n ayr\u0131ca \u00f6zel bir garaj\u0131 bulunmaktad\u0131r.<\/p>\n<p class=\"\" data-start=\"533\" data-end=\"619\">Bu g\u00fczel villa, \u00e7ok say\u0131da ortak alana sahip b\u00fcy\u00fck bir kompleks i\u00e7inde yer almaktad\u0131r.<\/p>\n<h4 data-start=\"621\" data-end=\"646\"><span style=\"color: #009db4;\"><strong data-start=\"621\" data-end=\"646\">D\u0131\u015f Mekan Olanaklar\u0131:<\/strong><\/span><\/h4>\n<ul data-start=\"647\" data-end=\"816\">\n<li class=\"\" data-start=\"647\" data-end=\"666\">\n<p class=\"\" data-start=\"649\" data-end=\"666\">A\u00e7\u0131k y\u00fczme havuzu<\/p>\n<\/li>\n<li class=\"\" data-start=\"667\" data-end=\"687\">\n<p class=\"\" data-start=\"669\" data-end=\"687\">\u00c7ocuk y\u00fczme havuzu<\/p>\n<\/li>\n<li class=\"\" data-start=\"688\" data-end=\"700\">\n<p class=\"\" data-start=\"690\" data-end=\"700\">Oyun park\u0131<\/p>\n<\/li>\n<li class=\"\" data-start=\"701\" data-end=\"721\">\n<p class=\"\" data-start=\"703\" data-end=\"721\">D\u0131\u015f mekan satranc\u0131<\/p>\n<\/li>\n<li class=\"\" data-start=\"722\" data-end=\"737\">\n<p class=\"\" data-start=\"724\" data-end=\"737\">Barbek\u00fc alan\u0131<\/p>\n<\/li>\n<li class=\"\" data-start=\"738\" data-end=\"747\">\n<p class=\"\" data-start=\"740\" data-end=\"747\">Otopark<\/p>\n<\/li>\n<li class=\"\" data-start=\"748\" data-end=\"766\">\n<p class=\"\" data-start=\"750\" data-end=\"766\">\u00d6zel plaj kul\u00fcb\u00fc<\/p>\n<\/li>\n<li class=\"\" data-start=\"767\" data-end=\"800\">\n<p class=\"\" data-start=\"769\" data-end=\"800\">Plaja ve \u015fehir merkezine servis<\/p>\n<\/li>\n<li class=\"\" data-start=\"801\" data-end=\"816\">\n<p class=\"\" data-start=\"803\" data-end=\"816\">7\/24 g\u00fcvenlik<\/p>\n<\/li>\n<\/ul>\n<h4 data-start=\"818\" data-end=\"842\"><span style=\"color: #009db4;\"><strong data-start=\"818\" data-end=\"842\">\u0130\u00e7 Mekan Olanaklar\u0131:<\/strong><\/span><\/h4>\n<ul data-start=\"843\" data-end=\"1035\">\n<li class=\"\" data-start=\"843\" data-end=\"873\">\n<p class=\"\" data-start=\"845\" data-end=\"873\">Is\u0131tmal\u0131 kapal\u0131 y\u00fczme havuzu<\/p>\n<\/li>\n<li class=\"\" data-start=\"874\" data-end=\"887\">\n<p class=\"\" data-start=\"876\" data-end=\"887\">T\u00fcrk hamam\u0131<\/p>\n<\/li>\n<li class=\"\" data-start=\"888\" data-end=\"895\">\n<p class=\"\" data-start=\"890\" data-end=\"895\">Sauna<\/p>\n<\/li>\n<li class=\"\" data-start=\"896\" data-end=\"909\">\n<p class=\"\" data-start=\"898\" data-end=\"909\">Buhar odas\u0131<\/p>\n<\/li>\n<li class=\"\" data-start=\"910\" data-end=\"925\">\n<p class=\"\" data-start=\"912\" data-end=\"925\">Masaj odalar\u0131<\/p>\n<\/li>\n<li class=\"\" data-start=\"926\" data-end=\"953\">\n<p class=\"\" data-start=\"928\" data-end=\"953\">Tam donan\u0131ml\u0131 spor salonu<\/p>\n<\/li>\n<li class=\"\" data-start=\"954\" data-end=\"1014\">\n<p class=\"\" data-start=\"956\" data-end=\"1014\">Oyun odas\u0131 (bilardo, masa tenisi, lang\u0131rt ve daha fazlas\u0131)<\/p>\n<\/li>\n<li class=\"\" data-start=\"1015\" data-end=\"1028\">\n<p class=\"\" data-start=\"1017\" data-end=\"1028\">S\u00fcpermarket<\/p>\n<\/li>\n<li class=\"\" data-start=\"1029\" data-end=\"1035\">\n<p class=\"\" data-start=\"1031\" data-end=\"1035\">Kafe<\/p>\n<\/li>\n<\/ul>\n<h4 data-start=\"1037\" data-end=\"1332\"><span style=\"color: #009db4;\"><strong data-start=\"1037\" data-end=\"1060\">Al\u0131\u015fveri\u015f \u0130mkanlar\u0131<\/strong><\/span><\/h4>\n<p class=\"\" data-start=\"1037\" data-end=\"1332\">Mahmutlar \u015fehir merkezinde, sadece 5 dakikal\u0131k s\u00fcr\u00fc\u015f mesafesinde al\u0131\u015fveri\u015f olanaklar\u0131 mevcuttur. \u015eehir merkezinde ihtiyac\u0131n\u0131z olabilecek her t\u00fcrl\u00fc imk\u00e2n\u0131 bulabilirsiniz. Bunlar aras\u0131nda birka\u00e7 b\u00fcy\u00fck s\u00fcpermarket, eczaneler, giyim ma\u011fazalar\u0131 ve daha fazlas\u0131 yer almaktad\u0131r.<\/p>\n<p class=\"\" data-start=\"1334\" data-end=\"1618\">Yo\u011fun Alanya \u015fehir merkezi ise 16 km uzakl\u0131kta olup, \u015fehir merkezine gidi\u015f geli\u015f yapan d\u00fczenli otob\u00fcsler ve \u00fccretsiz servis ile kolayca ula\u015f\u0131labilir. Alanya&#8217;n\u0131n en b\u00fcy\u00fck al\u0131\u015fveri\u015f merkezi Alanyum ise 14,7 km mesafededir, ayr\u0131ca Alanya\u2019daki en b\u00fcy\u00fck toptanc\u0131 Metro da ayn\u0131 mesafededir.<\/p>\n<h4 data-start=\"1620\" data-end=\"2042\"><span style=\"color: #009db4;\"><strong data-start=\"1620\" data-end=\"1646\">Restoranlar ve Kafeler<\/strong><\/span><\/h4>\n<p class=\"\" data-start=\"1620\" data-end=\"2042\">Alanya, her damak zevkine hitap eden \u00e7ok say\u0131da restoran ve kafeye ev sahipli\u011fi yapmaktad\u0131r. \u0130ster geleneksel T\u00fcrk mutfa\u011f\u0131 ar\u0131yor olun, ister farkl\u0131 bir \u015feyler, ihtiyac\u0131n\u0131za uygun m\u00fckemmel bir yer mutlaka bulabilirsiniz. Mahmutlar \u015fehir merkezinde, Rus, Pers, \u00c7in ve Avrupa mutfa\u011f\u0131na odaklanan restoranlar bulunmaktad\u0131r, ayr\u0131ca sahil kenar\u0131nda sadece 3 km mesafede ba\u015fka se\u00e7enekler de mevcuttur.<\/p>\n<h4 data-start=\"2044\" data-end=\"2644\"><span style=\"color: #009db4;\"><strong data-start=\"2044\" data-end=\"2064\">Sa\u011fl\u0131k \u0130mkanlar\u0131<\/strong> <\/span><\/h4>\n<p class=\"\" data-start=\"2044\" data-end=\"2644\">Alanya, 4 b\u00fcy\u00fck hastane ve birka\u00e7 k\u00fc\u00e7\u00fck poliklini\u011fe sahiptir. Bu hastanelerin 3&#8217;\u00fc \u00f6zel hastaneler, 1 tanesi ise son teknolojiye sahip devlet hastanesidir. \u00d6zel hastaneler; Ba\u015fkent Hastanesi, Ya\u015fam Hastanesi ve Anadolu Hastanesi&#8217;dir. Bu 3 \u00f6zel hastane de Alanya \u015fehir merkezinde yer almaktad\u0131r. Devlet hastanesi ise Alaaddin Keykubat \u00dcniversitesi Alanya E\u011fitim ve Ara\u015ft\u0131rma Hastanesi olup, Oba&#8217;da, 13,8 km uzakl\u0131ktad\u0131r. 2017 y\u0131l\u0131nda a\u00e7\u0131lan hastane, hem yerel sakinlere hem de yabanc\u0131lara hizmet vermektedir ve devlet hastanesinin yan\u0131nda modern bir di\u015f hastanesi de bulunmaktad\u0131r.<\/p>\n<h4 data-start=\"2646\" data-end=\"3249\"><span style=\"color: #009db4;\"><strong data-start=\"2646\" data-end=\"2666\">Ula\u015f\u0131m \u0130mkanlar\u0131<\/strong> <\/span><\/h4>\n<p class=\"\" data-start=\"2646\" data-end=\"3249\">Bu projeye yak\u0131n mesafede 2 uluslararas\u0131 havaalan\u0131 bulunmaktad\u0131r. En yak\u0131n havaalan\u0131 <a href=\"https:\/\/www.alanyaproperties.com\/tr\/turkiye-yatirim\/gazipasa-havaalani\/\">Alanya Gazipa\u015fa Uluslararas\u0131 Havaalan\u0131<\/a> olup, 28,5 km mesafededir. Alanya Gazipa\u015fa Uluslararas\u0131 Havaalan\u0131&#8217;na her hafta birka\u00e7 uluslararas\u0131 u\u00e7u\u015f yap\u0131lmaktad\u0131r ve ayr\u0131ca bir\u00e7ok g\u00fcnl\u00fck i\u00e7 hat u\u00e7u\u015fu da mevcuttur. Bunlar aras\u0131nda \u0130stanbul Havaalan\u0131, Sabiha G\u00f6k\u00e7en Havaalan\u0131 ve Ankara Esenbo\u011fa Havaalan\u0131&#8217;na yap\u0131lan g\u00fcnl\u00fck u\u00e7u\u015flar yer almaktad\u0131r. \u0130ki havaalan\u0131ndan en b\u00fcy\u00fc\u011f\u00fc olan <a href=\"https:\/\/www.alanyaproperties.com\/tr\/turkiye-yatirim\/antalya-havaalani\/\">Antalya Uluslararas\u0131 Havaalan\u0131<\/a> ise 142 km uzakl\u0131ktad\u0131r. Antalya&#8217;ya her g\u00fcn bir\u00e7ok uluslararas\u0131 ve i\u00e7 hat u\u00e7u\u015fu yap\u0131lmaktad\u0131r.<\/p>\n<hr class=\"\" data-start=\"3251\" data-end=\"3254\" \/>\n<h3 style=\"text-align: center;\" data-start=\"3256\" data-end=\"3368\"><span style=\"color: #009db4;\"><strong data-start=\"3256\" data-end=\"3368\">Alanya&#8217;daki evinizle ilgili daha fazla bilgi almak i\u00e7in bizimle ileti\u015fime ge\u00e7ebilirsiniz: <a href=\"https:\/\/www.alanyaproperties.com\/tr\/iletisim-2\/\"><span style=\"color: #ef7f1a;\">Alanya Properties.<\/span><\/a><\/strong><\/span><\/h3>\n<h3 style=\"text-align: center;\"><\/h3>\n","protected":false},"excerpt":{"rendered":"<p>Karg\u0131c\u0131k Alanya&#8217;da E\u015fyal\u0131 L\u00fcks Villa Karg\u0131c\u0131k Alanya&#8217;da E\u015fyal\u0131 L\u00fcks Villa ,Toros Da\u011flar\u0131 eteklerinde yer alan, \u00d6zel Havuzlu Tam D\u00f6\u015fenmi\u015f L\u00fcks Villa\u2019da ya\u015famaya ba\u015flay\u0131n. Bu modern villa, toplam 220 m\u00b2 alana sahip, 2 katl\u0131 bir m\u00fclk. Villada geni\u015f bir a\u00e7\u0131k plan oturma odas\u0131, mutfak ve yemek alan\u0131 bulunmakta, bu alan geni\u015f teras ve \u00f6zel y\u00fczme havuzuna [&hellip;]<\/p>\n","protected":false},"author":102,"featured_media":394276,"parent":0,"menu_order":0,"template":"","property_type":[2948],"property_status":[2959],"property_feature":[4772,2955,2991,2951,2978,2970,3391,2971,2988,3412,3003,2973,3409,2987,3399,3780,2979,3405,2957,3004,3392,2985,2952,3002,2949,3410,3407,2981,2982,3411,2983,3393,2953,2986,2954,2975,2958],"property_label":[],"property_city":[2960,2961],"property_area":[2962,2965,2963,2964],"property_state":[2966],"yoast_head":"<!-- This site is optimized with the Yoast SEO plugin v22.6 - https:\/\/yoast.com\/wordpress\/plugins\/seo\/ -->\n<title>Karg\u0131c\u0131k Alanya&#039;da E\u015fyal\u0131 L\u00fcks Villa - Properties in Alanya.<\/title>\n<meta name=\"description\" content=\"Toros Da\u011flar\u0131 eteklerinde, \u00d6zel Havuzlu E\u015fyaland\u0131r\u0131lm\u0131\u015f L\u00fcks Villa | Karg\u0131c\u0131k Alanya | \u00d6zel Garaj ve daha bir \u00e7ok olanak.\" \/>\n<meta name=\"robots\" content=\"index, follow, max-snippet:-1, max-image-preview:large, max-video-preview:-1\" \/>\n<link rel=\"canonical\" href=\"https:\/\/www.alanyaproperties.com\/tr\/property\/kargicik-alanyada-esyali-luks-villa\/\" \/>\n<meta property=\"og:locale\" content=\"tr_TR\" \/>\n<meta property=\"og:type\" content=\"article\" \/>\n<meta property=\"og:title\" content=\"Karg\u0131c\u0131k Alanya&#039;da E\u015fyal\u0131 L\u00fcks Villa - Properties in Alanya.\" \/>\n<meta property=\"og:description\" content=\"Toros Da\u011flar\u0131 eteklerinde, \u00d6zel Havuzlu E\u015fyaland\u0131r\u0131lm\u0131\u015f L\u00fcks Villa | Karg\u0131c\u0131k Alanya | \u00d6zel Garaj ve daha bir \u00e7ok olanak.\" \/>\n<meta property=\"og:url\" content=\"https:\/\/www.alanyaproperties.com\/tr\/property\/kargicik-alanyada-esyali-luks-villa\/\" \/>\n<meta property=\"og:site_name\" content=\"Properties in Alanya.\" \/>\n<meta property=\"article:publisher\" content=\"https:\/\/www.facebook.com\/alanyaproperties\/\" \/>\n<meta property=\"article:modified_time\" content=\"2025-04-03T08:58:39+00:00\" \/>\n<meta property=\"og:image\" content=\"https:\/\/www.alanyaproperties.com\/wp-content\/uploads\/2024\/04\/Fully-Furnished-Luxury-villa-in-Kargicak-Alanya-32.jpg\" \/>\n\t<meta property=\"og:image:width\" content=\"1300\" \/>\n\t<meta property=\"og:image:height\" content=\"866\" \/>\n\t<meta property=\"og:image:type\" content=\"image\/jpeg\" \/>\n<meta name=\"twitter:card\" content=\"summary_large_image\" \/>\n<meta name=\"twitter:site\" content=\"@alanyapro\" \/>\n<meta name=\"twitter:label1\" content=\"Tahmini okuma s\u00fcresi\" \/>\n\t<meta name=\"twitter:data1\" content=\"3 dakika\" \/>\n<script type=\"application\/ld+json\" class=\"yoast-schema-graph\">{\"@context\":\"https:\/\/schema.org\",\"@graph\":[{\"@type\":\"WebPage\",\"@id\":\"https:\/\/www.alanyaproperties.com\/tr\/property\/kargicik-alanyada-esyali-luks-villa\/\",\"url\":\"https:\/\/www.alanyaproperties.com\/tr\/property\/kargicik-alanyada-esyali-luks-villa\/\",\"name\":\"Karg\u0131c\u0131k Alanya'da E\u015fyal\u0131 L\u00fcks Villa - Properties in Alanya.\",\"isPartOf\":{\"@id\":\"https:\/\/www.alanyaproperties.com\/tr\/#website\"},\"primaryImageOfPage\":{\"@id\":\"https:\/\/www.alanyaproperties.com\/tr\/property\/kargicik-alanyada-esyali-luks-villa\/#primaryimage\"},\"image\":{\"@id\":\"https:\/\/www.alanyaproperties.com\/tr\/property\/kargicik-alanyada-esyali-luks-villa\/#primaryimage\"},\"thumbnailUrl\":\"https:\/\/i0.wp.com\/www.alanyaproperties.com\/wp-content\/uploads\/2024\/04\/Fully-Furnished-Luxury-villa-in-Kargicak-Alanya-32.jpg?fit=1300%2C866&ssl=1\",\"datePublished\":\"2024-04-17T12:33:09+00:00\",\"dateModified\":\"2025-04-03T08:58:39+00:00\",\"description\":\"Toros Da\u011flar\u0131 eteklerinde, \u00d6zel Havuzlu E\u015fyaland\u0131r\u0131lm\u0131\u015f L\u00fcks Villa | Karg\u0131c\u0131k Alanya | \u00d6zel Garaj ve daha bir \u00e7ok olanak.\",\"breadcrumb\":{\"@id\":\"https:\/\/www.alanyaproperties.com\/tr\/property\/kargicik-alanyada-esyali-luks-villa\/#breadcrumb\"},\"inLanguage\":\"tr\",\"potentialAction\":[{\"@type\":\"ReadAction\",\"target\":[\"https:\/\/www.alanyaproperties.com\/tr\/property\/kargicik-alanyada-esyali-luks-villa\/\"]}]},{\"@type\":\"ImageObject\",\"inLanguage\":\"tr\",\"@id\":\"https:\/\/www.alanyaproperties.com\/tr\/property\/kargicik-alanyada-esyali-luks-villa\/#primaryimage\",\"url\":\"https:\/\/i0.wp.com\/www.alanyaproperties.com\/wp-content\/uploads\/2024\/04\/Fully-Furnished-Luxury-villa-in-Kargicak-Alanya-32.jpg?fit=1300%2C866&ssl=1\",\"contentUrl\":\"https:\/\/i0.wp.com\/www.alanyaproperties.com\/wp-content\/uploads\/2024\/04\/Fully-Furnished-Luxury-villa-in-Kargicak-Alanya-32.jpg?fit=1300%2C866&ssl=1\",\"width\":1300,\"height\":866},{\"@type\":\"BreadcrumbList\",\"@id\":\"https:\/\/www.alanyaproperties.com\/tr\/property\/kargicik-alanyada-esyali-luks-villa\/#breadcrumb\",\"itemListElement\":[{\"@type\":\"ListItem\",\"position\":1,\"name\":\"Home\",\"item\":\"https:\/\/www.alanyaproperties.com\/tr\/\"},{\"@type\":\"ListItem\",\"position\":2,\"name\":\"\u00d6zellikleri\",\"item\":\"https:\/\/www.alanyaproperties.com\/tr\/property\/\"},{\"@type\":\"ListItem\",\"position\":3,\"name\":\"Karg\u0131c\u0131k Alanya&#8217;da E\u015fyal\u0131 L\u00fcks Villa\"}]},{\"@type\":\"WebSite\",\"@id\":\"https:\/\/www.alanyaproperties.com\/tr\/#website\",\"url\":\"https:\/\/www.alanyaproperties.com\/tr\/\",\"name\":\"Properties in Alanya.\",\"description\":\"Alanya Emlak Daire, Villa, Arsa  |  Alanya Properties\",\"publisher\":{\"@id\":\"https:\/\/www.alanyaproperties.com\/tr\/#organization\"},\"potentialAction\":[{\"@type\":\"SearchAction\",\"target\":{\"@type\":\"EntryPoint\",\"urlTemplate\":\"https:\/\/www.alanyaproperties.com\/tr\/?s={search_term_string}\"},\"query-input\":\"required name=search_term_string\"}],\"inLanguage\":\"tr\"},{\"@type\":\"Organization\",\"@id\":\"https:\/\/www.alanyaproperties.com\/tr\/#organization\",\"name\":\"Alanya Properties\",\"url\":\"https:\/\/www.alanyaproperties.com\/tr\/\",\"logo\":{\"@type\":\"ImageObject\",\"inLanguage\":\"tr\",\"@id\":\"https:\/\/www.alanyaproperties.com\/tr\/#\/schema\/logo\/image\/\",\"url\":\"https:\/\/i0.wp.com\/www.alanyaproperties.com\/wp-content\/uploads\/2017\/06\/alanya-properties-logo-180to.png?fit=180%2C81&ssl=1\",\"contentUrl\":\"https:\/\/i0.wp.com\/www.alanyaproperties.com\/wp-content\/uploads\/2017\/06\/alanya-properties-logo-180to.png?fit=180%2C81&ssl=1\",\"width\":180,\"height\":81,\"caption\":\"Alanya Properties\"},\"image\":{\"@id\":\"https:\/\/www.alanyaproperties.com\/tr\/#\/schema\/logo\/image\/\"},\"sameAs\":[\"https:\/\/www.facebook.com\/alanyaproperties\/\",\"https:\/\/x.com\/alanyapro\",\"https:\/\/www.instagram.com\/alanyaproperties\/\",\"https:\/\/www.youtube.com\/c\/AlanyaProperties\"]}]}<\/script>\n<!-- \/ Yoast SEO plugin. -->","yoast_head_json":{"title":"Karg\u0131c\u0131k Alanya'da E\u015fyal\u0131 L\u00fcks Villa - Properties in Alanya.","description":"Toros Da\u011flar\u0131 eteklerinde, \u00d6zel Havuzlu E\u015fyaland\u0131r\u0131lm\u0131\u015f L\u00fcks Villa | Karg\u0131c\u0131k Alanya | \u00d6zel Garaj ve daha bir \u00e7ok olanak.","robots":{"index":"index","follow":"follow","max-snippet":"max-snippet:-1","max-image-preview":"max-image-preview:large","max-video-preview":"max-video-preview:-1"},"canonical":"https:\/\/www.alanyaproperties.com\/tr\/property\/kargicik-alanyada-esyali-luks-villa\/","og_locale":"tr_TR","og_type":"article","og_title":"Karg\u0131c\u0131k Alanya'da E\u015fyal\u0131 L\u00fcks Villa - Properties in Alanya.","og_description":"Toros Da\u011flar\u0131 eteklerinde, \u00d6zel Havuzlu E\u015fyaland\u0131r\u0131lm\u0131\u015f L\u00fcks Villa | Karg\u0131c\u0131k Alanya | \u00d6zel Garaj ve daha bir \u00e7ok olanak.","og_url":"https:\/\/www.alanyaproperties.com\/tr\/property\/kargicik-alanyada-esyali-luks-villa\/","og_site_name":"Properties in Alanya.","article_publisher":"https:\/\/www.facebook.com\/alanyaproperties\/","article_modified_time":"2025-04-03T08:58:39+00:00","og_image":[{"width":1300,"height":866,"url":"https:\/\/www.alanyaproperties.com\/wp-content\/uploads\/2024\/04\/Fully-Furnished-Luxury-villa-in-Kargicak-Alanya-32.jpg","type":"image\/jpeg"}],"twitter_card":"summary_large_image","twitter_site":"@alanyapro","twitter_misc":{"Tahmini okuma s\u00fcresi":"3 dakika"},"schema":{"@context":"https:\/\/schema.org","@graph":[{"@type":"WebPage","@id":"https:\/\/www.alanyaproperties.com\/tr\/property\/kargicik-alanyada-esyali-luks-villa\/","url":"https:\/\/www.alanyaproperties.com\/tr\/property\/kargicik-alanyada-esyali-luks-villa\/","name":"Karg\u0131c\u0131k Alanya'da E\u015fyal\u0131 L\u00fcks Villa - Properties in Alanya.","isPartOf":{"@id":"https:\/\/www.alanyaproperties.com\/tr\/#website"},"primaryImageOfPage":{"@id":"https:\/\/www.alanyaproperties.com\/tr\/property\/kargicik-alanyada-esyali-luks-villa\/#primaryimage"},"image":{"@id":"https:\/\/www.alanyaproperties.com\/tr\/property\/kargicik-alanyada-esyali-luks-villa\/#primaryimage"},"thumbnailUrl":"https:\/\/i0.wp.com\/www.alanyaproperties.com\/wp-content\/uploads\/2024\/04\/Fully-Furnished-Luxury-villa-in-Kargicak-Alanya-32.jpg?fit=1300%2C866&ssl=1","datePublished":"2024-04-17T12:33:09+00:00","dateModified":"2025-04-03T08:58:39+00:00","description":"Toros Da\u011flar\u0131 eteklerinde, \u00d6zel Havuzlu E\u015fyaland\u0131r\u0131lm\u0131\u015f L\u00fcks Villa | Karg\u0131c\u0131k Alanya | \u00d6zel Garaj ve daha bir \u00e7ok olanak.","breadcrumb":{"@id":"https:\/\/www.alanyaproperties.com\/tr\/property\/kargicik-alanyada-esyali-luks-villa\/#breadcrumb"},"inLanguage":"tr","potentialAction":[{"@type":"ReadAction","target":["https:\/\/www.alanyaproperties.com\/tr\/property\/kargicik-alanyada-esyali-luks-villa\/"]}]},{"@type":"ImageObject","inLanguage":"tr","@id":"https:\/\/www.alanyaproperties.com\/tr\/property\/kargicik-alanyada-esyali-luks-villa\/#primaryimage","url":"https:\/\/i0.wp.com\/www.alanyaproperties.com\/wp-content\/uploads\/2024\/04\/Fully-Furnished-Luxury-villa-in-Kargicak-Alanya-32.jpg?fit=1300%2C866&ssl=1","contentUrl":"https:\/\/i0.wp.com\/www.alanyaproperties.com\/wp-content\/uploads\/2024\/04\/Fully-Furnished-Luxury-villa-in-Kargicak-Alanya-32.jpg?fit=1300%2C866&ssl=1","width":1300,"height":866},{"@type":"BreadcrumbList","@id":"https:\/\/www.alanyaproperties.com\/tr\/property\/kargicik-alanyada-esyali-luks-villa\/#breadcrumb","itemListElement":[{"@type":"ListItem","position":1,"name":"Home","item":"https:\/\/www.alanyaproperties.com\/tr\/"},{"@type":"ListItem","position":2,"name":"\u00d6zellikleri","item":"https:\/\/www.alanyaproperties.com\/tr\/property\/"},{"@type":"ListItem","position":3,"name":"Karg\u0131c\u0131k Alanya&#8217;da E\u015fyal\u0131 L\u00fcks Villa"}]},{"@type":"WebSite","@id":"https:\/\/www.alanyaproperties.com\/tr\/#website","url":"https:\/\/www.alanyaproperties.com\/tr\/","name":"Properties in Alanya.","description":"Alanya Emlak Daire, Villa, Arsa  |  Alanya Properties","publisher":{"@id":"https:\/\/www.alanyaproperties.com\/tr\/#organization"},"potentialAction":[{"@type":"SearchAction","target":{"@type":"EntryPoint","urlTemplate":"https:\/\/www.alanyaproperties.com\/tr\/?s={search_term_string}"},"query-input":"required name=search_term_string"}],"inLanguage":"tr"},{"@type":"Organization","@id":"https:\/\/www.alanyaproperties.com\/tr\/#organization","name":"Alanya Properties","url":"https:\/\/www.alanyaproperties.com\/tr\/","logo":{"@type":"ImageObject","inLanguage":"tr","@id":"https:\/\/www.alanyaproperties.com\/tr\/#\/schema\/logo\/image\/","url":"https:\/\/i0.wp.com\/www.alanyaproperties.com\/wp-content\/uploads\/2017\/06\/alanya-properties-logo-180to.png?fit=180%2C81&ssl=1","contentUrl":"https:\/\/i0.wp.com\/www.alanyaproperties.com\/wp-content\/uploads\/2017\/06\/alanya-properties-logo-180to.png?fit=180%2C81&ssl=1","width":180,"height":81,"caption":"Alanya Properties"},"image":{"@id":"https:\/\/www.alanyaproperties.com\/tr\/#\/schema\/logo\/image\/"},"sameAs":["https:\/\/www.facebook.com\/alanyaproperties\/","https:\/\/x.com\/alanyapro","https:\/\/www.instagram.com\/alanyaproperties\/","https:\/\/www.youtube.com\/c\/AlanyaProperties"]}]}},"jetpack_sharing_enabled":true,"_links":{"self":[{"href":"https:\/\/www.alanyaproperties.com\/tr\/wp-json\/wp\/v2\/properties\/416695"}],"collection":[{"href":"https:\/\/www.alanyaproperties.com\/tr\/wp-json\/wp\/v2\/properties"}],"about":[{"href":"https:\/\/www.alanyaproperties.com\/tr\/wp-json\/wp\/v2\/types\/property"}],"author":[{"embeddable":true,"href":"https:\/\/www.alanyaproperties.com\/tr\/wp-json\/wp\/v2\/users\/102"}],"version-history":[{"count":2,"href":"https:\/\/www.alanyaproperties.com\/tr\/wp-json\/wp\/v2\/properties\/416695\/revisions"}],"predecessor-version":[{"id":416697,"href":"https:\/\/www.alanyaproperties.com\/tr\/wp-json\/wp\/v2\/properties\/416695\/revisions\/416697"}],"wp:featuredmedia":[{"embeddable":true,"href":"https:\/\/www.alanyaproperties.com\/tr\/wp-json\/wp\/v2\/media\/394276"}],"wp:attachment":[{"href":"https:\/\/www.alanyaproperties.com\/tr\/wp-json\/wp\/v2\/media?parent=416695"}],"wp:term":[{"taxonomy":"property_type","embeddable":true,"href":"https:\/\/www.alanyaproperties.com\/tr\/wp-json\/wp\/v2\/property_type?post=416695"},{"taxonomy":"property_status","embeddable":true,"href":"https:\/\/www.alanyaproperties.com\/tr\/wp-json\/wp\/v2\/property_status?post=416695"},{"taxonomy":"property_feature","embeddable":true,"href":"https:\/\/www.alanyaproperties.com\/tr\/wp-json\/wp\/v2\/property_feature?post=416695"},{"taxonomy":"property_label","embeddable":true,"href":"https:\/\/www.alanyaproperties.com\/tr\/wp-json\/wp\/v2\/property_label?post=416695"},{"taxonomy":"property_city","embeddable":true,"href":"https:\/\/www.alanyaproperties.com\/tr\/wp-json\/wp\/v2\/property_city?post=416695"},{"taxonomy":"property_area","embeddable":true,"href":"https:\/\/www.alanyaproperties.com\/tr\/wp-json\/wp\/v2\/property_area?post=416695"},{"taxonomy":"property_state","embeddable":true,"href":"https:\/\/www.alanyaproperties.com\/tr\/wp-json\/wp\/v2\/property_state?post=416695"}],"curies":[{"name":"wp","href":"https:\/\/api.w.org\/{rel}","templated":true}]}}