{"id":415720,"date":"2025-03-06T06:55:41","date_gmt":"2025-03-06T06:55:41","guid":{"rendered":"https:\/\/www.alanyaproperties.com\/property\/penthouse-with-amazing-seaview-in-avsallar-alanya\/"},"modified":"2026-04-08T12:45:47","modified_gmt":"2026-04-08T12:45:47","slug":"avsallar-alanyada-harika-deniz-manzarali-cati-dubleksi","status":"publish","type":"property","link":"https:\/\/www.alanyaproperties.com\/tr\/property\/avsallar-alanyada-harika-deniz-manzarali-cati-dubleksi\/","title":{"rendered":"Avsallar \/ Alanya\u2019da Harika Deniz Manzaral\u0131 \u00c7at\u0131 Dubleksi"},"content":{"rendered":"<h3 data-start=\"65\" data-end=\"126\"><span style=\"color: #009db4;\">Avsallar \/ Alanya\u2019da Harika Deniz Manzaral\u0131 \u00c7at\u0131 Dubleksi<\/span><\/h3>\n<p data-start=\"128\" data-end=\"272\">Avsallar \/ Alanya\u2019da Harika Deniz Manzaral\u0131 \u00c7at\u0131 Dubleksi denize sadece 600 metre mesafedeki kumlu plajdan, muazzam deniz manzaral\u0131 \u015f\u0131k bir 5 Yatak Odal\u0131 \u00c7at\u0131 Dubleksi sahibi olma f\u0131rsat\u0131!<\/p>\n<p data-start=\"274\" data-end=\"373\">Bu b\u00fcy\u00fck \u00e7at\u0131 dubleksi, benzersiz tasar\u0131m\u0131yla l\u00fcks kompleks \u201cEmerald Towers\u201d i\u00e7inde yer almaktad\u0131r.<\/p>\n<p data-start=\"375\" data-end=\"472\">Emerald Towers, iki 8 katl\u0131 bloktan olu\u015fan ve toplamda 104 daireden olu\u015fan g\u00fczel bir komplekstir.<\/p>\n<ol start=\"8\" data-start=\"474\" data-end=\"606\">\n<li data-start=\"474\" data-end=\"606\">katta bulunan bu 206,5 m\u00b2&#8217;lik dubleks \u00e7at\u0131 dubleksi, teraslar\u0131 ve balkonlar\u0131ndan Taurus Da\u011flar\u0131 ve Akdeniz manzaras\u0131 sunmaktad\u0131r.<\/li>\n<\/ol>\n<p data-start=\"608\" data-end=\"727\">\u0130ki kat \u00fczerine yay\u0131lm\u0131\u015f olan bu daire, aileniz ve arkada\u015flar\u0131n\u0131zla tatil yapma ve misafir a\u011f\u0131rlama imk\u00e2n\u0131 sunmaktad\u0131r.<\/p>\n<h4 data-start=\"729\" data-end=\"750\"><span style=\"color: #009db4;\">Daire \u00d6zellikleri<\/span><\/h4>\n<p data-start=\"752\" data-end=\"872\">\u00c7at\u0131 dubleksi, 137,50 m\u00b2&#8217;lik ya\u015fam alan\u0131 ve 69 m\u00b2&#8217;lik 2 balkon ile 3 \u00e7at\u0131 teras\u0131yla toplamda geni\u015f bir alan sunmaktad\u0131r.<\/p>\n<p data-start=\"874\" data-end=\"1047\">Alt katta 5 m\u00b2\u2019lik bir giri\u015f hol\u00fc, 38,50 m\u00b2&#8217;lik bir oturma odas\u0131, a\u00e7\u0131k mutfak ve yemek alan\u0131, 10,50 m\u00b2\u2019lik bir yatak odas\u0131 (\u00f6zel balkonlu, 11 m\u00b2) ve bir banyo bulunmaktad\u0131r.<\/p>\n<p data-start=\"1049\" data-end=\"1298\">Oturma odas\u0131, 13 m\u00b2\u2019lik g\u00fcney cepheli balkona a\u00e7\u0131lmaktad\u0131r. Burada, g\u00fcne\u015fin s\u0131cak \u0131\u015f\u0131nlar\u0131n\u0131n keyfini \u00e7\u0131karabilir ve deniz manzaras\u0131 e\u015fli\u011finde kahve i\u00e7ebilirsiniz. Katlanabilir cam sistemi sayesinde, so\u011fuk g\u00fcnlerde bile bu balkonu kullanabilirsiniz.<\/p>\n<p data-start=\"1300\" data-end=\"1383\">Mutfak, Siemens marka beyaz parlak dolaplar ve elektrikli cihazlarla donat\u0131lm\u0131\u015ft\u0131r.<\/p>\n<p data-start=\"1385\" data-end=\"1612\">\u00dcst katta, 19,5 m\u00b2\u2019lik bir ana yatak odas\u0131 ve yerden \u0131s\u0131tmal\u0131 banyosu bulunmaktad\u0131r. B\u00fcy\u00fck bir s\u00fcrg\u00fcl\u00fc kap\u0131, 30 m\u00b2&#8217;lik geni\u015f \u00e7at\u0131 teras\u0131na a\u00e7\u0131lmaktad\u0131r. Bu katta ayr\u0131ca balkonlu 3 yatak odas\u0131 ve 2 misafir banyosu bulunmaktad\u0131r.<\/p>\n<p data-start=\"1614\" data-end=\"1687\">Bu m\u00fclk, mobilyal\u0131 olarak sunulmakta ve hemen ta\u015f\u0131nmaya haz\u0131r durumdad\u0131r.<\/p>\n<p data-start=\"1689\" data-end=\"1767\">Kompleksin t\u00fcm ortak kullan\u0131m alanlar\u0131 i\u00e7in bak\u0131m \u00fccreti: TL 1860 (\u00b1 \u20ac 48 \/ay)<\/p>\n<h4 data-start=\"1769\" data-end=\"1800\"><span style=\"color: #009db4;\">Komplekste Sunulan \u0130mkanlar<\/span><\/h4>\n<p data-start=\"1802\" data-end=\"2446\">Bu konut, sakinlerinin konforu ve keyfi i\u00e7in tasarlanm\u0131\u015f geni\u015f bir i\u00e7 ve d\u0131\u015f mekan olanaklar\u0131 sunmaktad\u0131r. D\u0131\u015f mekan olanaklar\u0131 aras\u0131nda geni\u015f bir g\u00fcne\u015flenme alan\u0131na sahip b\u00fcy\u00fck bir y\u00fczme havuzu, su kayd\u0131raklar\u0131 ve \u00e7ocuk havuzu bulunmaktad\u0131r. G\u00fczel bah\u00e7ede bir barbek\u00fc alan\u0131 ve \u00e7ocuklar i\u00e7in bir oyun park\u0131 yer almaktad\u0131r. \u0130\u00e7 mekan olanaklar\u0131 aras\u0131nda T\u00fcrk hamam\u0131, sauna, buhar banyosu, masaj odalar\u0131 ve \u0131s\u0131tmal\u0131 kapal\u0131 y\u00fczme havuzu bulunan bir spa merkezi bulunmaktad\u0131r. Ayr\u0131ca profesyonel donan\u0131ml\u0131 bir spor salonu, bilardo, masa tenisi ve oyun konsolu bulunan e\u011flence odas\u0131 da mevcuttur. K\u00fc\u00e7\u00fckler i\u00e7in sevimli bir \u00e7ocuk kul\u00fcb\u00fc bulunmaktad\u0131r.<\/p>\n<ul data-start=\"2448\" data-end=\"3262\">\n<li data-start=\"2448\" data-end=\"2471\">Plaja \u00fccretsiz servis<\/li>\n<li data-start=\"2472\" data-end=\"2490\">24 saat g\u00fcvenlik<\/li>\n<li data-start=\"2491\" data-end=\"2507\">Kapal\u0131 otopark<\/li>\n<li data-start=\"2508\" data-end=\"3262\">Al\u0131\u015fveri\u015f ve E\u011flence Kompleksin hemen yak\u0131n\u0131nda bir s\u00fcpermarket, yerel hizmetler, al\u0131\u015fveri\u015f ma\u011fazalar\u0131, dinlendirici restoranlar ve barlar bulabilirsiniz. Avsallar merkezine y\u00fcr\u00fcyerek gitti\u011finizde, hediyelik e\u015fyalardan tak\u0131lara, s\u00fcpermarketlerden ATM&#8217;lere kadar bir\u00e7ok ma\u011faza da yer almaktad\u0131r. Plaj b\u00f6lgesinde ayr\u0131ca plaj barlar\u0131, restoranlar ve \u00e7e\u015fitli su sporlar\u0131 bulunmaktad\u0131r. \u00c7ar\u015famba g\u00fcnleri, taze meyve ve sebzeler, baharatlar ve tekstil \u00fcr\u00fcnlerinin bulundu\u011fu geni\u015f bir pazar alan\u0131nda dola\u015fabilirsiniz. Yo\u011fun Alanya \u015fehir merkezi 22 km uzakl\u0131ktad\u0131r ve burada d\u00fcnyaca \u00fcnl\u00fc markalar\u0131n ma\u011fazalar\u0131, harika haftal\u0131k pazarlar, l\u00fcks mobilya ma\u011fazalar\u0131 ve daha pek \u00e7ok al\u0131\u015fveri\u015f imk\u00e2n\u0131 bulunmaktad\u0131r. \u015eehir merkezine d\u00fczenli otob\u00fcs seferleri mevcuttur.<\/li>\n<\/ul>\n<h4 data-start=\"3264\" data-end=\"3284\"><span style=\"color: #009db4;\">Ula\u015f\u0131m \u0130mkanlar\u0131<\/span><\/h4>\n<p data-start=\"3286\" data-end=\"3532\">Emerald Towers\u2019a iki uluslararas\u0131 havaalan\u0131 ara\u00e7la mesafededir. Bunlardan ilki, 60 km mesafedeki en yak\u0131n havaliman\u0131 olan<a href=\"https:\/\/www.alanyaproperties.com\/tr\/turkiye-yatirim\/gazipasa-havaalani\/\"> Alanya Gazipa\u015fa Havaalan\u0131<\/a>\u2019d\u0131r. \u0130kinci ve daha b\u00fcy\u00fck olan havaalan\u0131 ise 90 km mesafedeki <a href=\"https:\/\/www.alanyaproperties.com\/tr\/turkiye-yatirim\/antalya-havaalani\/\">Antalya Uluslararas\u0131 Havaalan\u0131<\/a>\u2019d\u0131r.<\/p>\n<p data-start=\"3534\" data-end=\"3702\">T\u00fcrkiye i\u00e7i seyahat olduk\u00e7a kolayd\u0131r, \u00e7\u00fcnk\u00fc T\u00fcrkiye&#8217;nin d\u00f6rt bir yan\u0131na giden d\u00fczenli otob\u00fcs seferleri bulunmaktad\u0131r. Alanya \u015fehir merkezinde ana otogar yer almaktad\u0131r.<\/p>\n<h3 style=\"text-align: center;\" data-start=\"3704\" data-end=\"3771\"><span style=\"color: #009db4;\">Daha fazla bilgi ve g\u00f6sterim i\u00e7in bizimle ileti\u015fime ge\u00e7ebilirsiniz.<a href=\"https:\/\/www.alanyaproperties.com\/tr\/iletisim-2\/\"><span style=\"color: #ef7f1a;\">ALANYA PROPERT\u0130ES\u00a0<\/span><\/a><\/span><\/h3>\n","protected":false},"excerpt":{"rendered":"<p>Avsallar \/ Alanya\u2019da Harika Deniz Manzaral\u0131 \u00c7at\u0131 Dubleksi Avsallar \/ Alanya\u2019da Harika Deniz Manzaral\u0131 \u00c7at\u0131 Dubleksi denize sadece 600 metre mesafedeki kumlu plajdan, muazzam deniz manzaral\u0131 \u015f\u0131k bir 5 Yatak Odal\u0131 \u00c7at\u0131 Dubleksi sahibi olma f\u0131rsat\u0131! Bu b\u00fcy\u00fck \u00e7at\u0131 dubleksi, benzersiz tasar\u0131m\u0131yla l\u00fcks kompleks \u201cEmerald Towers\u201d i\u00e7inde yer almaktad\u0131r. Emerald Towers, iki 8 katl\u0131 bloktan [&hellip;]<\/p>\n","protected":false},"author":31,"featured_media":409083,"parent":0,"menu_order":0,"template":"","property_type":[2968,2967,3049],"property_status":[2959],"property_feature":[4772,2955,2991,2970,2971,2988,4327,2950,2957,2952,3002,2990,2949,2998,2953,2984,2954],"property_label":[],"property_city":[2960,2995],"property_area":[2965],"property_state":[2966],"yoast_head":"<!-- This site is optimized with the Yoast SEO plugin v22.6 - https:\/\/yoast.com\/wordpress\/plugins\/seo\/ -->\n<title>Avsallar \/ Alanya\u2019da Harika Deniz Manzaral\u0131 \u00c7at\u0131 Dubleksi - Properties in Alanya.<\/title>\n<meta name=\"description\" content=\"Avsallar \/ Alanya\u2019da Harika Deniz Manzaral\u0131 \u00c7at\u0131 Dubleksi, Muhte\u015fem deniz manzaras\u0131n\u0131n ve g\u00fcne\u015fin tad\u0131n\u0131 \u00e7\u0131kartabilirsiniz....\" \/>\n<meta name=\"robots\" content=\"index, follow, max-snippet:-1, max-image-preview:large, max-video-preview:-1\" \/>\n<link rel=\"canonical\" href=\"https:\/\/www.alanyaproperties.com\/tr\/property\/avsallar-alanyada-harika-deniz-manzarali-cati-dubleksi\/\" \/>\n<meta property=\"og:locale\" content=\"tr_TR\" \/>\n<meta property=\"og:type\" content=\"article\" \/>\n<meta property=\"og:title\" content=\"Avsallar \/ Alanya\u2019da Harika Deniz Manzaral\u0131 \u00c7at\u0131 Dubleksi - Properties in Alanya.\" \/>\n<meta property=\"og:description\" content=\"Avsallar \/ Alanya\u2019da Harika Deniz Manzaral\u0131 \u00c7at\u0131 Dubleksi, Muhte\u015fem deniz manzaras\u0131n\u0131n ve g\u00fcne\u015fin tad\u0131n\u0131 \u00e7\u0131kartabilirsiniz....\" \/>\n<meta property=\"og:url\" content=\"https:\/\/www.alanyaproperties.com\/tr\/property\/avsallar-alanyada-harika-deniz-manzarali-cati-dubleksi\/\" \/>\n<meta property=\"og:site_name\" content=\"Properties in Alanya.\" \/>\n<meta property=\"article:publisher\" content=\"https:\/\/www.facebook.com\/alanyaproperties\/\" \/>\n<meta property=\"article:modified_time\" content=\"2026-04-08T12:45:47+00:00\" \/>\n<meta property=\"og:image\" content=\"https:\/\/www.alanyaproperties.com\/wp-content\/uploads\/2024\/09\/Emerald-Towers-Avsallar-Alanya-31.jpg\" \/>\n\t<meta property=\"og:image:width\" content=\"1600\" \/>\n\t<meta property=\"og:image:height\" content=\"1067\" \/>\n\t<meta property=\"og:image:type\" content=\"image\/jpeg\" \/>\n<meta name=\"twitter:card\" content=\"summary_large_image\" \/>\n<meta name=\"twitter:site\" content=\"@alanyapro\" \/>\n<meta name=\"twitter:label1\" content=\"Tahmini okuma s\u00fcresi\" \/>\n\t<meta name=\"twitter:data1\" content=\"3 dakika\" \/>\n<script type=\"application\/ld+json\" class=\"yoast-schema-graph\">{\"@context\":\"https:\/\/schema.org\",\"@graph\":[{\"@type\":\"WebPage\",\"@id\":\"https:\/\/www.alanyaproperties.com\/tr\/property\/avsallar-alanyada-harika-deniz-manzarali-cati-dubleksi\/\",\"url\":\"https:\/\/www.alanyaproperties.com\/tr\/property\/avsallar-alanyada-harika-deniz-manzarali-cati-dubleksi\/\",\"name\":\"Avsallar \/ Alanya\u2019da Harika Deniz Manzaral\u0131 \u00c7at\u0131 Dubleksi - Properties in Alanya.\",\"isPartOf\":{\"@id\":\"https:\/\/www.alanyaproperties.com\/tr\/#website\"},\"primaryImageOfPage\":{\"@id\":\"https:\/\/www.alanyaproperties.com\/tr\/property\/avsallar-alanyada-harika-deniz-manzarali-cati-dubleksi\/#primaryimage\"},\"image\":{\"@id\":\"https:\/\/www.alanyaproperties.com\/tr\/property\/avsallar-alanyada-harika-deniz-manzarali-cati-dubleksi\/#primaryimage\"},\"thumbnailUrl\":\"https:\/\/i0.wp.com\/www.alanyaproperties.com\/wp-content\/uploads\/2024\/09\/Emerald-Towers-Avsallar-Alanya-31.jpg?fit=1600%2C1067&ssl=1\",\"datePublished\":\"2025-03-06T06:55:41+00:00\",\"dateModified\":\"2026-04-08T12:45:47+00:00\",\"description\":\"Avsallar \/ Alanya\u2019da Harika Deniz Manzaral\u0131 \u00c7at\u0131 Dubleksi, Muhte\u015fem deniz manzaras\u0131n\u0131n ve g\u00fcne\u015fin tad\u0131n\u0131 \u00e7\u0131kartabilirsiniz....\",\"breadcrumb\":{\"@id\":\"https:\/\/www.alanyaproperties.com\/tr\/property\/avsallar-alanyada-harika-deniz-manzarali-cati-dubleksi\/#breadcrumb\"},\"inLanguage\":\"tr\",\"potentialAction\":[{\"@type\":\"ReadAction\",\"target\":[\"https:\/\/www.alanyaproperties.com\/tr\/property\/avsallar-alanyada-harika-deniz-manzarali-cati-dubleksi\/\"]}]},{\"@type\":\"ImageObject\",\"inLanguage\":\"tr\",\"@id\":\"https:\/\/www.alanyaproperties.com\/tr\/property\/avsallar-alanyada-harika-deniz-manzarali-cati-dubleksi\/#primaryimage\",\"url\":\"https:\/\/i0.wp.com\/www.alanyaproperties.com\/wp-content\/uploads\/2024\/09\/Emerald-Towers-Avsallar-Alanya-31.jpg?fit=1600%2C1067&ssl=1\",\"contentUrl\":\"https:\/\/i0.wp.com\/www.alanyaproperties.com\/wp-content\/uploads\/2024\/09\/Emerald-Towers-Avsallar-Alanya-31.jpg?fit=1600%2C1067&ssl=1\",\"width\":1600,\"height\":1067},{\"@type\":\"BreadcrumbList\",\"@id\":\"https:\/\/www.alanyaproperties.com\/tr\/property\/avsallar-alanyada-harika-deniz-manzarali-cati-dubleksi\/#breadcrumb\",\"itemListElement\":[{\"@type\":\"ListItem\",\"position\":1,\"name\":\"Home\",\"item\":\"https:\/\/www.alanyaproperties.com\/tr\/\"},{\"@type\":\"ListItem\",\"position\":2,\"name\":\"\u00d6zellikleri\",\"item\":\"https:\/\/www.alanyaproperties.com\/tr\/property\/\"},{\"@type\":\"ListItem\",\"position\":3,\"name\":\"Avsallar \/ Alanya\u2019da Harika Deniz Manzaral\u0131 \u00c7at\u0131 Dubleksi\"}]},{\"@type\":\"WebSite\",\"@id\":\"https:\/\/www.alanyaproperties.com\/tr\/#website\",\"url\":\"https:\/\/www.alanyaproperties.com\/tr\/\",\"name\":\"Properties in Alanya.\",\"description\":\"Alanya Emlak Daire, Villa, Arsa  |  Alanya Properties\",\"publisher\":{\"@id\":\"https:\/\/www.alanyaproperties.com\/tr\/#organization\"},\"potentialAction\":[{\"@type\":\"SearchAction\",\"target\":{\"@type\":\"EntryPoint\",\"urlTemplate\":\"https:\/\/www.alanyaproperties.com\/tr\/?s={search_term_string}\"},\"query-input\":\"required name=search_term_string\"}],\"inLanguage\":\"tr\"},{\"@type\":\"Organization\",\"@id\":\"https:\/\/www.alanyaproperties.com\/tr\/#organization\",\"name\":\"Alanya Properties\",\"url\":\"https:\/\/www.alanyaproperties.com\/tr\/\",\"logo\":{\"@type\":\"ImageObject\",\"inLanguage\":\"tr\",\"@id\":\"https:\/\/www.alanyaproperties.com\/tr\/#\/schema\/logo\/image\/\",\"url\":\"https:\/\/i0.wp.com\/www.alanyaproperties.com\/wp-content\/uploads\/2017\/06\/alanya-properties-logo-180to.png?fit=180%2C81&ssl=1\",\"contentUrl\":\"https:\/\/i0.wp.com\/www.alanyaproperties.com\/wp-content\/uploads\/2017\/06\/alanya-properties-logo-180to.png?fit=180%2C81&ssl=1\",\"width\":180,\"height\":81,\"caption\":\"Alanya Properties\"},\"image\":{\"@id\":\"https:\/\/www.alanyaproperties.com\/tr\/#\/schema\/logo\/image\/\"},\"sameAs\":[\"https:\/\/www.facebook.com\/alanyaproperties\/\",\"https:\/\/x.com\/alanyapro\",\"https:\/\/www.instagram.com\/alanyaproperties\/\",\"https:\/\/www.youtube.com\/c\/AlanyaProperties\"]}]}<\/script>\n<!-- \/ Yoast SEO plugin. -->","yoast_head_json":{"title":"Avsallar \/ Alanya\u2019da Harika Deniz Manzaral\u0131 \u00c7at\u0131 Dubleksi - Properties in Alanya.","description":"Avsallar \/ Alanya\u2019da Harika Deniz Manzaral\u0131 \u00c7at\u0131 Dubleksi, Muhte\u015fem deniz manzaras\u0131n\u0131n ve g\u00fcne\u015fin tad\u0131n\u0131 \u00e7\u0131kartabilirsiniz....","robots":{"index":"index","follow":"follow","max-snippet":"max-snippet:-1","max-image-preview":"max-image-preview:large","max-video-preview":"max-video-preview:-1"},"canonical":"https:\/\/www.alanyaproperties.com\/tr\/property\/avsallar-alanyada-harika-deniz-manzarali-cati-dubleksi\/","og_locale":"tr_TR","og_type":"article","og_title":"Avsallar \/ Alanya\u2019da Harika Deniz Manzaral\u0131 \u00c7at\u0131 Dubleksi - Properties in Alanya.","og_description":"Avsallar \/ Alanya\u2019da Harika Deniz Manzaral\u0131 \u00c7at\u0131 Dubleksi, Muhte\u015fem deniz manzaras\u0131n\u0131n ve g\u00fcne\u015fin tad\u0131n\u0131 \u00e7\u0131kartabilirsiniz....","og_url":"https:\/\/www.alanyaproperties.com\/tr\/property\/avsallar-alanyada-harika-deniz-manzarali-cati-dubleksi\/","og_site_name":"Properties in Alanya.","article_publisher":"https:\/\/www.facebook.com\/alanyaproperties\/","article_modified_time":"2026-04-08T12:45:47+00:00","og_image":[{"width":1600,"height":1067,"url":"https:\/\/www.alanyaproperties.com\/wp-content\/uploads\/2024\/09\/Emerald-Towers-Avsallar-Alanya-31.jpg","type":"image\/jpeg"}],"twitter_card":"summary_large_image","twitter_site":"@alanyapro","twitter_misc":{"Tahmini okuma s\u00fcresi":"3 dakika"},"schema":{"@context":"https:\/\/schema.org","@graph":[{"@type":"WebPage","@id":"https:\/\/www.alanyaproperties.com\/tr\/property\/avsallar-alanyada-harika-deniz-manzarali-cati-dubleksi\/","url":"https:\/\/www.alanyaproperties.com\/tr\/property\/avsallar-alanyada-harika-deniz-manzarali-cati-dubleksi\/","name":"Avsallar \/ Alanya\u2019da Harika Deniz Manzaral\u0131 \u00c7at\u0131 Dubleksi - Properties in Alanya.","isPartOf":{"@id":"https:\/\/www.alanyaproperties.com\/tr\/#website"},"primaryImageOfPage":{"@id":"https:\/\/www.alanyaproperties.com\/tr\/property\/avsallar-alanyada-harika-deniz-manzarali-cati-dubleksi\/#primaryimage"},"image":{"@id":"https:\/\/www.alanyaproperties.com\/tr\/property\/avsallar-alanyada-harika-deniz-manzarali-cati-dubleksi\/#primaryimage"},"thumbnailUrl":"https:\/\/i0.wp.com\/www.alanyaproperties.com\/wp-content\/uploads\/2024\/09\/Emerald-Towers-Avsallar-Alanya-31.jpg?fit=1600%2C1067&ssl=1","datePublished":"2025-03-06T06:55:41+00:00","dateModified":"2026-04-08T12:45:47+00:00","description":"Avsallar \/ Alanya\u2019da Harika Deniz Manzaral\u0131 \u00c7at\u0131 Dubleksi, Muhte\u015fem deniz manzaras\u0131n\u0131n ve g\u00fcne\u015fin tad\u0131n\u0131 \u00e7\u0131kartabilirsiniz....","breadcrumb":{"@id":"https:\/\/www.alanyaproperties.com\/tr\/property\/avsallar-alanyada-harika-deniz-manzarali-cati-dubleksi\/#breadcrumb"},"inLanguage":"tr","potentialAction":[{"@type":"ReadAction","target":["https:\/\/www.alanyaproperties.com\/tr\/property\/avsallar-alanyada-harika-deniz-manzarali-cati-dubleksi\/"]}]},{"@type":"ImageObject","inLanguage":"tr","@id":"https:\/\/www.alanyaproperties.com\/tr\/property\/avsallar-alanyada-harika-deniz-manzarali-cati-dubleksi\/#primaryimage","url":"https:\/\/i0.wp.com\/www.alanyaproperties.com\/wp-content\/uploads\/2024\/09\/Emerald-Towers-Avsallar-Alanya-31.jpg?fit=1600%2C1067&ssl=1","contentUrl":"https:\/\/i0.wp.com\/www.alanyaproperties.com\/wp-content\/uploads\/2024\/09\/Emerald-Towers-Avsallar-Alanya-31.jpg?fit=1600%2C1067&ssl=1","width":1600,"height":1067},{"@type":"BreadcrumbList","@id":"https:\/\/www.alanyaproperties.com\/tr\/property\/avsallar-alanyada-harika-deniz-manzarali-cati-dubleksi\/#breadcrumb","itemListElement":[{"@type":"ListItem","position":1,"name":"Home","item":"https:\/\/www.alanyaproperties.com\/tr\/"},{"@type":"ListItem","position":2,"name":"\u00d6zellikleri","item":"https:\/\/www.alanyaproperties.com\/tr\/property\/"},{"@type":"ListItem","position":3,"name":"Avsallar \/ Alanya\u2019da Harika Deniz Manzaral\u0131 \u00c7at\u0131 Dubleksi"}]},{"@type":"WebSite","@id":"https:\/\/www.alanyaproperties.com\/tr\/#website","url":"https:\/\/www.alanyaproperties.com\/tr\/","name":"Properties in Alanya.","description":"Alanya Emlak Daire, Villa, Arsa  |  Alanya Properties","publisher":{"@id":"https:\/\/www.alanyaproperties.com\/tr\/#organization"},"potentialAction":[{"@type":"SearchAction","target":{"@type":"EntryPoint","urlTemplate":"https:\/\/www.alanyaproperties.com\/tr\/?s={search_term_string}"},"query-input":"required name=search_term_string"}],"inLanguage":"tr"},{"@type":"Organization","@id":"https:\/\/www.alanyaproperties.com\/tr\/#organization","name":"Alanya Properties","url":"https:\/\/www.alanyaproperties.com\/tr\/","logo":{"@type":"ImageObject","inLanguage":"tr","@id":"https:\/\/www.alanyaproperties.com\/tr\/#\/schema\/logo\/image\/","url":"https:\/\/i0.wp.com\/www.alanyaproperties.com\/wp-content\/uploads\/2017\/06\/alanya-properties-logo-180to.png?fit=180%2C81&ssl=1","contentUrl":"https:\/\/i0.wp.com\/www.alanyaproperties.com\/wp-content\/uploads\/2017\/06\/alanya-properties-logo-180to.png?fit=180%2C81&ssl=1","width":180,"height":81,"caption":"Alanya Properties"},"image":{"@id":"https:\/\/www.alanyaproperties.com\/tr\/#\/schema\/logo\/image\/"},"sameAs":["https:\/\/www.facebook.com\/alanyaproperties\/","https:\/\/x.com\/alanyapro","https:\/\/www.instagram.com\/alanyaproperties\/","https:\/\/www.youtube.com\/c\/AlanyaProperties"]}]}},"jetpack_sharing_enabled":true,"_links":{"self":[{"href":"https:\/\/www.alanyaproperties.com\/tr\/wp-json\/wp\/v2\/properties\/415720"}],"collection":[{"href":"https:\/\/www.alanyaproperties.com\/tr\/wp-json\/wp\/v2\/properties"}],"about":[{"href":"https:\/\/www.alanyaproperties.com\/tr\/wp-json\/wp\/v2\/types\/property"}],"author":[{"embeddable":true,"href":"https:\/\/www.alanyaproperties.com\/tr\/wp-json\/wp\/v2\/users\/31"}],"version-history":[{"count":2,"href":"https:\/\/www.alanyaproperties.com\/tr\/wp-json\/wp\/v2\/properties\/415720\/revisions"}],"predecessor-version":[{"id":415722,"href":"https:\/\/www.alanyaproperties.com\/tr\/wp-json\/wp\/v2\/properties\/415720\/revisions\/415722"}],"wp:featuredmedia":[{"embeddable":true,"href":"https:\/\/www.alanyaproperties.com\/tr\/wp-json\/wp\/v2\/media\/409083"}],"wp:attachment":[{"href":"https:\/\/www.alanyaproperties.com\/tr\/wp-json\/wp\/v2\/media?parent=415720"}],"wp:term":[{"taxonomy":"property_type","embeddable":true,"href":"https:\/\/www.alanyaproperties.com\/tr\/wp-json\/wp\/v2\/property_type?post=415720"},{"taxonomy":"property_status","embeddable":true,"href":"https:\/\/www.alanyaproperties.com\/tr\/wp-json\/wp\/v2\/property_status?post=415720"},{"taxonomy":"property_feature","embeddable":true,"href":"https:\/\/www.alanyaproperties.com\/tr\/wp-json\/wp\/v2\/property_feature?post=415720"},{"taxonomy":"property_label","embeddable":true,"href":"https:\/\/www.alanyaproperties.com\/tr\/wp-json\/wp\/v2\/property_label?post=415720"},{"taxonomy":"property_city","embeddable":true,"href":"https:\/\/www.alanyaproperties.com\/tr\/wp-json\/wp\/v2\/property_city?post=415720"},{"taxonomy":"property_area","embeddable":true,"href":"https:\/\/www.alanyaproperties.com\/tr\/wp-json\/wp\/v2\/property_area?post=415720"},{"taxonomy":"property_state","embeddable":true,"href":"https:\/\/www.alanyaproperties.com\/tr\/wp-json\/wp\/v2\/property_state?post=415720"}],"curies":[{"name":"wp","href":"https:\/\/api.w.org\/{rel}","templated":true}]}}