{"id":390226,"date":"2022-12-19T10:50:05","date_gmt":"2022-12-19T10:50:05","guid":{"rendered":"https:\/\/www.alanyaproperties.com\/property\/luxury-project-in-kargicak-alanya\/"},"modified":"2024-02-07T09:08:51","modified_gmt":"2024-02-07T09:08:51","slug":"alanya-kargicakta-luks-proje","status":"publish","type":"property","link":"https:\/\/www.alanyaproperties.com\/tr\/property\/alanya-kargicakta-luks-proje\/","title":{"rendered":"Alanya Karg\u0131cak&#8217;ta L\u00fcks Proje"},"content":{"rendered":"<p><strong><span style=\"color: #009db4;\">Alanya Karg\u0131cak&#8217;ta L\u00fcks Proje<\/span><\/strong><\/p>\n<p>Alanya Karg\u0131cak&#8217;ta L\u00fcks Proje . Projede 79 \u00fcniteli toplam 17 blok bulunuyor. 8 adet 1 yatak odal\u0131 daire (56 m2 ila 61 m2), ayr\u0131ca 38 adet 2 yatak odal\u0131 bah\u00e7e dubleks daire ve \u00e7at\u0131 kat\u0131 dairesi (103 m2 ila 112 m2) bulunmaktad\u0131r. Ayr\u0131ca 24 adet 85 m2 2 yatak odal\u0131 g\u00f6l teras evi ve 9 adet 126 m2 3 yatak odal\u0131 villa bulunmaktad\u0131r.<\/p>\n<p>Projede geni\u015f sosyal olanaklar yer al\u0131yor. A ve B bloklar\u0131n \u00f6n\u00fcnde, C, D ve E bloklar\u0131n \u00f6n\u00fcnde birer, F, G bloklardaki g\u00f6l teras evlerinin \u00f6n\u00fcnde \u00fc\u00e7\u00fcnc\u00fcs\u00fc bulunan 3 b\u00fcy\u00fck ortak y\u00fczme havuzu bulunmaktad\u0131r. , H ve \u0130. Villalar\u0131n her birinin ayr\u0131ca \u00f6zel bah\u00e7esi ve y\u00fczme havuzu bulunmaktad\u0131r. G\u00fczel peyzajl\u0131 bah\u00e7elerin i\u00e7inde \u00e7ocuklar i\u00e7in oyun park\u0131 ve barbek\u00fc alan\u0131 bulunmaktad\u0131r. \u0130\u00e7 mekan olanaklar\u0131 aras\u0131nda \u0131s\u0131tmal\u0131 kapal\u0131 y\u00fczme havuzu, T\u00fcrk hamam\u0131, sauna, buhar odas\u0131, masaj odalar\u0131 ve jakuzi i\u00e7eren bir spa merkezi bulunmaktad\u0131r. Ayr\u0131ca tam donan\u0131ml\u0131 bir spor salonunun yan\u0131 s\u0131ra bilardo, masa tenisi, satran\u00e7, oyun konsollar\u0131 ve daha fazlas\u0131n\u0131 i\u00e7eren bir oyun ve e\u011flence odas\u0131 da mevcuttur. Konferans salonu, k\u00fct\u00fcphane, \u00e7ocuk kul\u00fcb\u00fc ve rahat bir kafenin yan\u0131 s\u0131ra. Bu modern projede ayr\u0131ca cadde d\u0131\u015f\u0131 otopark, kapal\u0131 otopark, CCTV ile 7\/24 g\u00fcvenlik ve plaja servis hizmeti bulunmaktad\u0131r.<\/p>\n<p><strong><span style=\"color: #009db4;\">Restoranlar ve Kafeler<\/span><\/strong><br \/>\nMahmutlar il\u00e7e merkezi \u00e7ok \u00e7e\u015fitli restoran ve kafelere ev sahipli\u011fi yapmaktad\u0131r. Bunlarda sadece geleneksel T\u00fcrk mutfa\u011f\u0131 de\u011fil, Rus, \u0130ran, \u00c7in ve Avrupa mutfaklar\u0131ndan da lezzetler sunuluyor. 2,8 km uzakl\u0131ktaki sahil boyunca, Alanya&#8217;n\u0131n sundu\u011fu muhte\u015fem manzaray\u0131 izlerken oturup rahatlat\u0131c\u0131 bir i\u00e7ki i\u00e7ebilece\u011finiz \u00e7ok \u00e7e\u015fitli kafeler bulunmaktad\u0131r.<\/p>\n<p><strong><span style=\"color: #009db4;\">Al\u0131\u015fveri\u015f tesisleri<\/span><\/strong><br \/>\nBu \u00e7a\u011fda\u015f geli\u015fme, ihtiya\u00e7 duyabilece\u011finiz t\u00fcm olanaklar\u0131 bulabilece\u011finiz hareketli Alanya \u015fehir merkezine 17 km uzakl\u0131kta yer almaktad\u0131r. Bunlara al\u0131\u015fveri\u015f tesisleri, restoranlar, bankalar ve daha fazlas\u0131 dahildir. Alanya, b\u00fcy\u00fck bir al\u0131\u015fveri\u015f merkezi olan Alanyum&#8217;a ve b\u00fcy\u00fck bir al\u0131\u015fveri\u015f merkezi olan Metroya ev sahipli\u011fi yapmaktad\u0131r.<\/p>\n<p>Mahmutlar il\u00e7e merkezi 6 km uzakl\u0131kta olup yine ihtiyac\u0131n\u0131z olan t\u00fcm olanaklar\u0131 sunmaktad\u0131r. Birka\u00e7 b\u00fcy\u00fck s\u00fcpermarket, giyim ma\u011fazas\u0131, mobilya ma\u011fazas\u0131 ve \u00e7ok daha fazlas\u0131 var. Projeye 5 km uzakl\u0131kta her Sal\u0131 g\u00fcn\u00fc kurulan haftal\u0131k yerel bir pazar bulunmaktad\u0131r. Haftal\u0131k pazarda yerel olarak yeti\u015ftirilen organik meyve ve sebzelerin yan\u0131 s\u0131ra \u00e7ok daha fazlas\u0131n\u0131 bulacaks\u0131n\u0131z.<\/p>\n<p>Siteye en yak\u0131n s\u00fcpermarket olan A-101 2,7 km uzakl\u0131ktad\u0131r.<\/p>\n<p><strong><span style=\"color: #009db4;\">Sa\u011fl\u0131k tesisleri<\/span><\/strong><br \/>\nAlanya 4 b\u00fcy\u00fck hastaneye ve \u00e7ok say\u0131da k\u00fc\u00e7\u00fck poliklini\u011fe ev sahipli\u011fi yapmaktad\u0131r. Hastanelerin 3&#8217;\u00fc \u00f6zel hastane, 1&#8217;i de son teknolojiye sahip devlet hastanesi bulunmaktad\u0131r. \u00d6zel hastaneler Ba\u015fkent Hastanesi, Ya\u015fam Hastanesi ve Anadolu Hastanesi&#8217;dir. Tamam\u0131 Alanya \u015fehir merkezinde bulunmaktad\u0131r. Devlet hastanesi Alaaddin Keykubat \u00dcniversitesi Alanya E\u011fitim ve Ara\u015ft\u0131rma Hastanesi olup, 14 km uzakl\u0131ktaki Oba&#8217;da bulunmaktad\u0131r. 2017 y\u0131l\u0131nda hizmete a\u00e7\u0131lan hastanede hem yerli halk\u0131n hem de yabanc\u0131lar\u0131n tedavi g\u00f6rmesi sa\u011flanmakta olup, devlet hastanesinin yan\u0131nda modern bir di\u015f hekimli\u011fi hastanesi de bulunmaktad\u0131r.<\/p>\n<p><strong><span style=\"color: #009db4;\">Seyahat olanaklar\u0131<\/span><\/strong><br \/>\nBu \u00f6zel proje, 2 uluslararas\u0131 havaalan\u0131na s\u00fcr\u00fc\u015f mesafesinde yer almaktad\u0131r. Bunlardan ilki, 2 havaliman\u0131ndan b\u00fcy\u00fck olan\u0131 olan 143 km uzakl\u0131ktaki <a href=\"https:\/\/www.alanyaproperties.com\/about-turkey\/antalya-airport\/\">Antalya Uluslararas\u0131 Havaliman\u0131&#8217;<\/a>d\u0131r. Antalya&#8217;dan her g\u00fcn \u00e7ok say\u0131da yurt i\u00e7i ve yurt d\u0131\u015f\u0131 var\u0131\u015fl\u0131 ve kalk\u0131\u015fl\u0131 u\u00e7u\u015f bulunmaktad\u0131r.<\/p>\n<p>\u0130kinci havaalan\u0131 ise 26,6 km uzakl\u0131ktaki <a href=\"https:\/\/www.alanyaproperties.com\/about-turkey\/gazipasa-airport\/\">Alanya Gazipa\u015fa Uluslararas\u0131 Havaalan\u0131<\/a>&#8216;d\u0131r. Gazipa\u015fa Havaliman\u0131&#8217;ndan her hafta baz\u0131 uluslararas\u0131 u\u00e7u\u015flar gelip kalkmaktad\u0131r ve ayr\u0131ca T\u00fcrkiye&#8217;nin en b\u00fcy\u00fck havalimanlar\u0131ndan baz\u0131lar\u0131na g\u00fcnl\u00fck i\u00e7 hat u\u00e7u\u015flar\u0131 da bulunmaktad\u0131r. Bunlar aras\u0131nda yeni \u0130stanbul Havaliman\u0131, \u0130stanbul&#8217;daki Sabiha G\u00f6k\u00e7en Havaliman\u0131 ve Ankara Esenbo\u011fa Havaliman\u0131 yer al\u0131yor. T\u00fcrkiye&#8217;de ayr\u0131ca \u015fehirleraras\u0131 seyahati \u00e7ok kolayla\u015ft\u0131ran iyi kurulmu\u015f otob\u00fcs g\u00fczergahlar\u0131 bulunmaktad\u0131r. Alanya&#8217;n\u0131n ana otogar\u0131 Alanya \u015fehir merkezinde bulunmaktad\u0131r ve ayr\u0131ca Alanya genelinde ve \u00e7evresinde toplama noktalar\u0131 bulunmaktad\u0131r.<\/p>\n<p><strong><span style=\"color: #009db4;\">E\u011fitim tesisleri<\/span><\/strong><br \/>\n\u00c7ocuklu aileler i\u00e7in Alanya&#8217;da hem devlet hem de \u00f6zel okul se\u00e7enekleri bulunmaktad\u0131r. Alanya&#8217;daki \u00f6zel okullar\u0131n b\u00fcy\u00fck \u00e7o\u011funlu\u011fu yabanc\u0131 \u00f6\u011frencilere \u0130ngilizce dersleri vermenin yan\u0131 s\u0131ra T\u00fcrk\u00e7e \u00f6\u011frenmelerine de yard\u0131mc\u0131 olmaktad\u0131r. \u00c7o\u011fu \u00f6zel okulun kamp\u00fcs\u00fcnde anaokulu, ilkokul, ortaokul ve lise bulunmaktad\u0131r.<\/p>\n<p>Alanya ayr\u0131ca 2 \u00fcniversiteye de ev sahipli\u011fi yapmaktad\u0131r. AHEP, Alanya Hamdullah Emin Pa\u015fa \u00dcniversitesi, \u00f6zel bir \u00fcniversite olup Cikcilli&#8217;de bulunmaktad\u0131r. \u0130kincisi ise Alanya Alaaddin Keykubat \u00dcniversitesi. 2015 y\u0131l\u0131nda kurulan ve bir devlet \u00fcniversitesi olan Kestel, Alanya&#8217;da bulunmaktad\u0131r. Ayr\u0131ca Alanya genelinde \u00e7ok say\u0131da resmi ve \u00f6zel anaokulu bulunmaktad\u0131r.<\/p>\n<p><strong><span style=\"color: #009db4;\">Alanya&#8217;daki eviniz hakk\u0131nda daha fazla bilgi i\u00e7in l\u00fctfen bizimle ileti\u015fime ge\u00e7in, <a href=\"https:\/\/www.alanyaproperties.com\/contact-2\/\"><span style=\"color: #ef7f1a;\">Alanya Properties<\/span><\/a><\/span><\/strong><\/p>\n","protected":false},"excerpt":{"rendered":"<p>Alanya Karg\u0131cak&#8217;ta L\u00fcks Proje Alanya Karg\u0131cak&#8217;ta L\u00fcks Proje . Projede 79 \u00fcniteli toplam 17 blok bulunuyor. 8 adet 1 yatak odal\u0131 daire (56 m2 ila 61 m2), ayr\u0131ca 38 adet 2 yatak odal\u0131 bah\u00e7e dubleks daire ve \u00e7at\u0131 kat\u0131 dairesi (103 m2 ila 112 m2) bulunmaktad\u0131r. Ayr\u0131ca 24 adet 85 m2 2 yatak odal\u0131 g\u00f6l [&hellip;]<\/p>\n","protected":false},"author":102,"featured_media":341156,"parent":0,"menu_order":0,"template":"","property_type":[2968,2967,3049,2948],"property_status":[2959],"property_feature":[2955,2991,2977,2951,2978,2970,2971,2988,3412,4327,2973,3409,2987,2950,3780,2979,2957,3004,3392,2985,3403,2952,3002,2949,3410,3407,2982,3397,3411,2993,2983,2953,2984,2986,2954,2975,2958],"property_label":[3058],"property_city":[2960,2961],"property_area":[2962,2965,2963,2964],"property_state":[2966],"yoast_head":"<!-- This site is optimized with the Yoast SEO plugin v22.6 - https:\/\/yoast.com\/wordpress\/plugins\/seo\/ -->\n<title>Alanya Karg\u0131cak&#039;ta L\u00fcks Proje - Properties in Alanya.<\/title>\n<meta name=\"description\" content=\"Toros Da\u011flar\u0131&#039;n\u0131n eteklerinde yer alan Karg\u0131cak Alanya&#039;da \u00e7e\u015fitli daire ve villa se\u00e7enekleriyle l\u00fcks proje...\" \/>\n<meta name=\"robots\" content=\"index, follow, max-snippet:-1, max-image-preview:large, max-video-preview:-1\" \/>\n<link rel=\"canonical\" href=\"https:\/\/www.alanyaproperties.com\/tr\/property\/alanya-kargicakta-luks-proje\/\" \/>\n<meta property=\"og:locale\" content=\"tr_TR\" \/>\n<meta property=\"og:type\" content=\"article\" \/>\n<meta property=\"og:title\" content=\"Alanya Karg\u0131cak&#039;ta L\u00fcks Proje - Properties in Alanya.\" \/>\n<meta property=\"og:description\" content=\"Toros Da\u011flar\u0131&#039;n\u0131n eteklerinde yer alan Karg\u0131cak Alanya&#039;da \u00e7e\u015fitli daire ve villa se\u00e7enekleriyle l\u00fcks proje...\" \/>\n<meta property=\"og:url\" content=\"https:\/\/www.alanyaproperties.com\/tr\/property\/alanya-kargicakta-luks-proje\/\" \/>\n<meta property=\"og:site_name\" content=\"Properties in Alanya.\" \/>\n<meta property=\"article:publisher\" content=\"https:\/\/www.facebook.com\/alanyaproperties\/\" \/>\n<meta property=\"article:modified_time\" content=\"2024-02-07T09:08:51+00:00\" \/>\n<meta property=\"og:image\" content=\"https:\/\/www.alanyaproperties.com\/wp-content\/uploads\/2022\/12\/LUXURY-PROPERTIES-FOR-SALE-IN-KARGICAK-ALANYA-5-1.jpg\" \/>\n\t<meta property=\"og:image:width\" content=\"1300\" \/>\n\t<meta property=\"og:image:height\" content=\"729\" \/>\n\t<meta property=\"og:image:type\" content=\"image\/jpeg\" \/>\n<meta name=\"twitter:card\" content=\"summary_large_image\" \/>\n<meta name=\"twitter:site\" content=\"@alanyapro\" \/>\n<meta name=\"twitter:label1\" content=\"Tahmini okuma s\u00fcresi\" \/>\n\t<meta name=\"twitter:data1\" content=\"4 dakika\" \/>\n<script type=\"application\/ld+json\" class=\"yoast-schema-graph\">{\"@context\":\"https:\/\/schema.org\",\"@graph\":[{\"@type\":\"WebPage\",\"@id\":\"https:\/\/www.alanyaproperties.com\/tr\/property\/alanya-kargicakta-luks-proje\/\",\"url\":\"https:\/\/www.alanyaproperties.com\/tr\/property\/alanya-kargicakta-luks-proje\/\",\"name\":\"Alanya Karg\u0131cak'ta L\u00fcks Proje - Properties in Alanya.\",\"isPartOf\":{\"@id\":\"https:\/\/www.alanyaproperties.com\/tr\/#website\"},\"primaryImageOfPage\":{\"@id\":\"https:\/\/www.alanyaproperties.com\/tr\/property\/alanya-kargicakta-luks-proje\/#primaryimage\"},\"image\":{\"@id\":\"https:\/\/www.alanyaproperties.com\/tr\/property\/alanya-kargicakta-luks-proje\/#primaryimage\"},\"thumbnailUrl\":\"https:\/\/i0.wp.com\/www.alanyaproperties.com\/wp-content\/uploads\/2022\/12\/LUXURY-PROPERTIES-FOR-SALE-IN-KARGICAK-ALANYA-5-1.jpg?fit=1300%2C729&ssl=1\",\"datePublished\":\"2022-12-19T10:50:05+00:00\",\"dateModified\":\"2024-02-07T09:08:51+00:00\",\"description\":\"Toros Da\u011flar\u0131'n\u0131n eteklerinde yer alan Karg\u0131cak Alanya'da \u00e7e\u015fitli daire ve villa se\u00e7enekleriyle l\u00fcks proje...\",\"breadcrumb\":{\"@id\":\"https:\/\/www.alanyaproperties.com\/tr\/property\/alanya-kargicakta-luks-proje\/#breadcrumb\"},\"inLanguage\":\"tr\",\"potentialAction\":[{\"@type\":\"ReadAction\",\"target\":[\"https:\/\/www.alanyaproperties.com\/tr\/property\/alanya-kargicakta-luks-proje\/\"]}]},{\"@type\":\"ImageObject\",\"inLanguage\":\"tr\",\"@id\":\"https:\/\/www.alanyaproperties.com\/tr\/property\/alanya-kargicakta-luks-proje\/#primaryimage\",\"url\":\"https:\/\/i0.wp.com\/www.alanyaproperties.com\/wp-content\/uploads\/2022\/12\/LUXURY-PROPERTIES-FOR-SALE-IN-KARGICAK-ALANYA-5-1.jpg?fit=1300%2C729&ssl=1\",\"contentUrl\":\"https:\/\/i0.wp.com\/www.alanyaproperties.com\/wp-content\/uploads\/2022\/12\/LUXURY-PROPERTIES-FOR-SALE-IN-KARGICAK-ALANYA-5-1.jpg?fit=1300%2C729&ssl=1\",\"width\":1300,\"height\":729},{\"@type\":\"BreadcrumbList\",\"@id\":\"https:\/\/www.alanyaproperties.com\/tr\/property\/alanya-kargicakta-luks-proje\/#breadcrumb\",\"itemListElement\":[{\"@type\":\"ListItem\",\"position\":1,\"name\":\"Home\",\"item\":\"https:\/\/www.alanyaproperties.com\/tr\/\"},{\"@type\":\"ListItem\",\"position\":2,\"name\":\"\u00d6zellikleri\",\"item\":\"https:\/\/www.alanyaproperties.com\/tr\/property\/\"},{\"@type\":\"ListItem\",\"position\":3,\"name\":\"Alanya Karg\u0131cak&#8217;ta L\u00fcks Proje\"}]},{\"@type\":\"WebSite\",\"@id\":\"https:\/\/www.alanyaproperties.com\/tr\/#website\",\"url\":\"https:\/\/www.alanyaproperties.com\/tr\/\",\"name\":\"Properties in Alanya.\",\"description\":\"Alanya Emlak Daire, Villa, Arsa  |  Alanya Properties\",\"publisher\":{\"@id\":\"https:\/\/www.alanyaproperties.com\/tr\/#organization\"},\"potentialAction\":[{\"@type\":\"SearchAction\",\"target\":{\"@type\":\"EntryPoint\",\"urlTemplate\":\"https:\/\/www.alanyaproperties.com\/tr\/?s={search_term_string}\"},\"query-input\":\"required name=search_term_string\"}],\"inLanguage\":\"tr\"},{\"@type\":\"Organization\",\"@id\":\"https:\/\/www.alanyaproperties.com\/tr\/#organization\",\"name\":\"Alanya Properties\",\"url\":\"https:\/\/www.alanyaproperties.com\/tr\/\",\"logo\":{\"@type\":\"ImageObject\",\"inLanguage\":\"tr\",\"@id\":\"https:\/\/www.alanyaproperties.com\/tr\/#\/schema\/logo\/image\/\",\"url\":\"https:\/\/i0.wp.com\/www.alanyaproperties.com\/wp-content\/uploads\/2017\/06\/alanya-properties-logo-180to.png?fit=180%2C81&ssl=1\",\"contentUrl\":\"https:\/\/i0.wp.com\/www.alanyaproperties.com\/wp-content\/uploads\/2017\/06\/alanya-properties-logo-180to.png?fit=180%2C81&ssl=1\",\"width\":180,\"height\":81,\"caption\":\"Alanya Properties\"},\"image\":{\"@id\":\"https:\/\/www.alanyaproperties.com\/tr\/#\/schema\/logo\/image\/\"},\"sameAs\":[\"https:\/\/www.facebook.com\/alanyaproperties\/\",\"https:\/\/x.com\/alanyapro\",\"https:\/\/www.instagram.com\/alanyaproperties\/\",\"https:\/\/www.youtube.com\/c\/AlanyaProperties\"]}]}<\/script>\n<!-- \/ Yoast SEO plugin. -->","yoast_head_json":{"title":"Alanya Karg\u0131cak'ta L\u00fcks Proje - Properties in Alanya.","description":"Toros Da\u011flar\u0131'n\u0131n eteklerinde yer alan Karg\u0131cak Alanya'da \u00e7e\u015fitli daire ve villa se\u00e7enekleriyle l\u00fcks proje...","robots":{"index":"index","follow":"follow","max-snippet":"max-snippet:-1","max-image-preview":"max-image-preview:large","max-video-preview":"max-video-preview:-1"},"canonical":"https:\/\/www.alanyaproperties.com\/tr\/property\/alanya-kargicakta-luks-proje\/","og_locale":"tr_TR","og_type":"article","og_title":"Alanya Karg\u0131cak'ta L\u00fcks Proje - Properties in Alanya.","og_description":"Toros Da\u011flar\u0131'n\u0131n eteklerinde yer alan Karg\u0131cak Alanya'da \u00e7e\u015fitli daire ve villa se\u00e7enekleriyle l\u00fcks proje...","og_url":"https:\/\/www.alanyaproperties.com\/tr\/property\/alanya-kargicakta-luks-proje\/","og_site_name":"Properties in Alanya.","article_publisher":"https:\/\/www.facebook.com\/alanyaproperties\/","article_modified_time":"2024-02-07T09:08:51+00:00","og_image":[{"width":1300,"height":729,"url":"https:\/\/www.alanyaproperties.com\/wp-content\/uploads\/2022\/12\/LUXURY-PROPERTIES-FOR-SALE-IN-KARGICAK-ALANYA-5-1.jpg","type":"image\/jpeg"}],"twitter_card":"summary_large_image","twitter_site":"@alanyapro","twitter_misc":{"Tahmini okuma s\u00fcresi":"4 dakika"},"schema":{"@context":"https:\/\/schema.org","@graph":[{"@type":"WebPage","@id":"https:\/\/www.alanyaproperties.com\/tr\/property\/alanya-kargicakta-luks-proje\/","url":"https:\/\/www.alanyaproperties.com\/tr\/property\/alanya-kargicakta-luks-proje\/","name":"Alanya Karg\u0131cak'ta L\u00fcks Proje - Properties in Alanya.","isPartOf":{"@id":"https:\/\/www.alanyaproperties.com\/tr\/#website"},"primaryImageOfPage":{"@id":"https:\/\/www.alanyaproperties.com\/tr\/property\/alanya-kargicakta-luks-proje\/#primaryimage"},"image":{"@id":"https:\/\/www.alanyaproperties.com\/tr\/property\/alanya-kargicakta-luks-proje\/#primaryimage"},"thumbnailUrl":"https:\/\/i0.wp.com\/www.alanyaproperties.com\/wp-content\/uploads\/2022\/12\/LUXURY-PROPERTIES-FOR-SALE-IN-KARGICAK-ALANYA-5-1.jpg?fit=1300%2C729&ssl=1","datePublished":"2022-12-19T10:50:05+00:00","dateModified":"2024-02-07T09:08:51+00:00","description":"Toros Da\u011flar\u0131'n\u0131n eteklerinde yer alan Karg\u0131cak Alanya'da \u00e7e\u015fitli daire ve villa se\u00e7enekleriyle l\u00fcks proje...","breadcrumb":{"@id":"https:\/\/www.alanyaproperties.com\/tr\/property\/alanya-kargicakta-luks-proje\/#breadcrumb"},"inLanguage":"tr","potentialAction":[{"@type":"ReadAction","target":["https:\/\/www.alanyaproperties.com\/tr\/property\/alanya-kargicakta-luks-proje\/"]}]},{"@type":"ImageObject","inLanguage":"tr","@id":"https:\/\/www.alanyaproperties.com\/tr\/property\/alanya-kargicakta-luks-proje\/#primaryimage","url":"https:\/\/i0.wp.com\/www.alanyaproperties.com\/wp-content\/uploads\/2022\/12\/LUXURY-PROPERTIES-FOR-SALE-IN-KARGICAK-ALANYA-5-1.jpg?fit=1300%2C729&ssl=1","contentUrl":"https:\/\/i0.wp.com\/www.alanyaproperties.com\/wp-content\/uploads\/2022\/12\/LUXURY-PROPERTIES-FOR-SALE-IN-KARGICAK-ALANYA-5-1.jpg?fit=1300%2C729&ssl=1","width":1300,"height":729},{"@type":"BreadcrumbList","@id":"https:\/\/www.alanyaproperties.com\/tr\/property\/alanya-kargicakta-luks-proje\/#breadcrumb","itemListElement":[{"@type":"ListItem","position":1,"name":"Home","item":"https:\/\/www.alanyaproperties.com\/tr\/"},{"@type":"ListItem","position":2,"name":"\u00d6zellikleri","item":"https:\/\/www.alanyaproperties.com\/tr\/property\/"},{"@type":"ListItem","position":3,"name":"Alanya Karg\u0131cak&#8217;ta L\u00fcks Proje"}]},{"@type":"WebSite","@id":"https:\/\/www.alanyaproperties.com\/tr\/#website","url":"https:\/\/www.alanyaproperties.com\/tr\/","name":"Properties in Alanya.","description":"Alanya Emlak Daire, Villa, Arsa  |  Alanya Properties","publisher":{"@id":"https:\/\/www.alanyaproperties.com\/tr\/#organization"},"potentialAction":[{"@type":"SearchAction","target":{"@type":"EntryPoint","urlTemplate":"https:\/\/www.alanyaproperties.com\/tr\/?s={search_term_string}"},"query-input":"required name=search_term_string"}],"inLanguage":"tr"},{"@type":"Organization","@id":"https:\/\/www.alanyaproperties.com\/tr\/#organization","name":"Alanya Properties","url":"https:\/\/www.alanyaproperties.com\/tr\/","logo":{"@type":"ImageObject","inLanguage":"tr","@id":"https:\/\/www.alanyaproperties.com\/tr\/#\/schema\/logo\/image\/","url":"https:\/\/i0.wp.com\/www.alanyaproperties.com\/wp-content\/uploads\/2017\/06\/alanya-properties-logo-180to.png?fit=180%2C81&ssl=1","contentUrl":"https:\/\/i0.wp.com\/www.alanyaproperties.com\/wp-content\/uploads\/2017\/06\/alanya-properties-logo-180to.png?fit=180%2C81&ssl=1","width":180,"height":81,"caption":"Alanya Properties"},"image":{"@id":"https:\/\/www.alanyaproperties.com\/tr\/#\/schema\/logo\/image\/"},"sameAs":["https:\/\/www.facebook.com\/alanyaproperties\/","https:\/\/x.com\/alanyapro","https:\/\/www.instagram.com\/alanyaproperties\/","https:\/\/www.youtube.com\/c\/AlanyaProperties"]}]}},"jetpack_sharing_enabled":true,"_links":{"self":[{"href":"https:\/\/www.alanyaproperties.com\/tr\/wp-json\/wp\/v2\/properties\/390226"}],"collection":[{"href":"https:\/\/www.alanyaproperties.com\/tr\/wp-json\/wp\/v2\/properties"}],"about":[{"href":"https:\/\/www.alanyaproperties.com\/tr\/wp-json\/wp\/v2\/types\/property"}],"author":[{"embeddable":true,"href":"https:\/\/www.alanyaproperties.com\/tr\/wp-json\/wp\/v2\/users\/102"}],"version-history":[{"count":2,"href":"https:\/\/www.alanyaproperties.com\/tr\/wp-json\/wp\/v2\/properties\/390226\/revisions"}],"predecessor-version":[{"id":390229,"href":"https:\/\/www.alanyaproperties.com\/tr\/wp-json\/wp\/v2\/properties\/390226\/revisions\/390229"}],"wp:featuredmedia":[{"embeddable":true,"href":"https:\/\/www.alanyaproperties.com\/tr\/wp-json\/wp\/v2\/media\/341156"}],"wp:attachment":[{"href":"https:\/\/www.alanyaproperties.com\/tr\/wp-json\/wp\/v2\/media?parent=390226"}],"wp:term":[{"taxonomy":"property_type","embeddable":true,"href":"https:\/\/www.alanyaproperties.com\/tr\/wp-json\/wp\/v2\/property_type?post=390226"},{"taxonomy":"property_status","embeddable":true,"href":"https:\/\/www.alanyaproperties.com\/tr\/wp-json\/wp\/v2\/property_status?post=390226"},{"taxonomy":"property_feature","embeddable":true,"href":"https:\/\/www.alanyaproperties.com\/tr\/wp-json\/wp\/v2\/property_feature?post=390226"},{"taxonomy":"property_label","embeddable":true,"href":"https:\/\/www.alanyaproperties.com\/tr\/wp-json\/wp\/v2\/property_label?post=390226"},{"taxonomy":"property_city","embeddable":true,"href":"https:\/\/www.alanyaproperties.com\/tr\/wp-json\/wp\/v2\/property_city?post=390226"},{"taxonomy":"property_area","embeddable":true,"href":"https:\/\/www.alanyaproperties.com\/tr\/wp-json\/wp\/v2\/property_area?post=390226"},{"taxonomy":"property_state","embeddable":true,"href":"https:\/\/www.alanyaproperties.com\/tr\/wp-json\/wp\/v2\/property_state?post=390226"}],"curies":[{"name":"wp","href":"https:\/\/api.w.org\/{rel}","templated":true}]}}