{"id":389354,"date":"2022-08-17T13:37:04","date_gmt":"2022-08-17T13:37:04","guid":{"rendered":"https:\/\/www.alanyaproperties.com\/property\/exclusive-project-in-kestel-alanya\/"},"modified":"2024-01-15T08:11:44","modified_gmt":"2024-01-15T08:11:44","slug":"alanya-kestelde-ozel-proje","status":"publish","type":"property","link":"https:\/\/www.alanyaproperties.com\/tr\/property\/alanya-kestelde-ozel-proje\/","title":{"rendered":"Alanya Kestel&#8217;de \u00d6zel Proje"},"content":{"rendered":"<p><strong><span style=\"color: #009db4;\">Alanya Kestel&#8217;de \u00d6zel Proje<\/span><\/strong><br \/>\n4 farkl\u0131 kat plan\u0131 bulunan \u00f6zel proje. Muhte\u015fem Toros Da\u011flar\u0131&#8217;n\u0131n eteklerindeki tepelerde yer alan bu modern projede 1 yatak odal\u0131 daireler (55 m2), 2 yatak odal\u0131 bah\u00e7e dubleks daireler (125 \u2013 137 m2), 2 yatak odal\u0131 \u00e7at\u0131 kat\u0131 daireleri (150 \u2013 157 m2) ve ayr\u0131ca 2 adet 4 yatak odal\u0131 l\u00fcks villa (275 m2).<\/p>\n<p>Projede ayr\u0131ca i\u00e7 ve d\u0131\u015f mekan se\u00e7enekleri de yer al\u0131yor. A\u00e7\u0131k hava olanaklar\u0131 aras\u0131nda g\u00fcne\u015flenme alanlar\u0131na sahip y\u00fczme havuzlar\u0131 bulunmaktad\u0131r. \u00c7ocuklar i\u00e7in oyun park\u0131 ve barbek\u00fc alan\u0131 bulunan geni\u015f bah\u00e7elerin yan\u0131 s\u0131ra. Kapal\u0131 tesisler aras\u0131nda sauna, masaj odalar\u0131 ve tam donan\u0131ml\u0131 bir spor salonu bulunmaktad\u0131r. Projede ayr\u0131ca a\u00e7\u0131k otopark ve 7\/24 CCTV ile g\u00fcvenli\u011fin yan\u0131 s\u0131ra 6 blo\u011fun her birinde asans\u00f6r ve elektrik kesintilerine kar\u015f\u0131 jenerat\u00f6r bulunmaktad\u0131r.<\/p>\n<p><strong><span style=\"color: #009db4;\">Al\u0131\u015f veri\u015f tesisleri<\/span><\/strong><br \/>\nBu ayr\u0131cal\u0131kl\u0131 proje Kestel&#8217;de, hareketli <a href=\"https:\/\/www.alanyaproperties.com\/about-turkey\/alanya\/alanya-turkey\/\">Alanya<\/a> \u015fehir merkezine 10 km ve Kestel il\u00e7e merkezine 3 km uzakl\u0131kta yer almaktad\u0131r. Projeye 20 dakikal\u0131k y\u00fcr\u00fcme mesafesinde 3 b\u00fcy\u00fck Migros s\u00fcpermarketinin yan\u0131 s\u0131ra Bim, \u015eok ve A-101 s\u00fcpermarketleri yer al\u0131yor.<\/p>\n<p>Alanya&#8217;n\u0131n en b\u00fcy\u00fck al\u0131\u015fveri\u015f merkezi Oba&#8217;da projeye 7,3 km, al\u0131\u015fveri\u015f merkezi Alanyum ise 7,9 km uzakl\u0131kta yer al\u0131yor.<\/p>\n<p><strong><span style=\"color: #009db4;\">Restoranlar ve Kafeler<\/span><\/strong><br \/>\nAlanya her zevke hitap eden \u00e7ok say\u0131da restoran ve kafeye ev sahipli\u011fi yapmaktad\u0131r. Yani, geleneksel T\u00fcrk yemekleri ya da biraz farkl\u0131 bir \u015feyler ar\u0131yorsan\u0131z, sizin i\u00e7in m\u00fckemmel olan\u0131 bulaca\u011f\u0131n\u0131z garantidir. Yak\u0131nlardaki \u015fehir merkezinde Rus, \u0130ran, \u00c7in ve Avrupa mutfa\u011f\u0131nda uzmanla\u015fm\u0131\u015f restoranlar bulunmaktad\u0131r. Veya 3,2 km uzakl\u0131ktaki sahil kenar\u0131ndaki \u00e7ok say\u0131da kafe ve restorandan birinin keyfini \u00e7\u0131karabilirsiniz.<\/p>\n<p><strong><span style=\"color: #009db4;\">E\u011fitim tesisleri<\/span><\/strong><br \/>\n\u00c7ocuklu aileler i\u00e7in Alanya&#8217;da hem devlet hem de \u00f6zel okul se\u00e7enekleri bulunmaktad\u0131r. Alanya&#8217;daki \u00f6zel okullar\u0131n b\u00fcy\u00fck \u00e7o\u011funlu\u011fu yabanc\u0131 \u00f6\u011frencilere \u0130ngilizce dersleri vermenin yan\u0131 s\u0131ra T\u00fcrk\u00e7e \u00f6\u011frenmelerine de yard\u0131mc\u0131 olmaktad\u0131r. \u00c7o\u011fu \u00f6zel okulun kamp\u00fcs\u00fcnde anaokulu, ilkokul, ortaokul ve lise bulunmaktad\u0131r. Bu muhte\u015fem projeye en yak\u0131n okul 4,4 km uzakl\u0131ktaki Alanya Do\u011fa Koleji&#8217;dir.<\/p>\n<p>Alanya ayr\u0131ca 2 \u00fcniversiteye de ev sahipli\u011fi yapmaktad\u0131r. AHEP, Alanya Hamdullah Emin Pa\u015fa \u00dcniversitesi, \u00f6zel bir \u00fcniversite olup Cikcilli&#8217;de bulunmaktad\u0131r. \u0130kincisi ise Alanya Alaaddin Keykubat \u00dcniversitesi. 2015 y\u0131l\u0131nda kurulan ve bir devlet \u00fcniversitesi olan bu projeye 1,4 km mesafededir. Ayr\u0131ca Alanya genelinde \u00e7ok say\u0131da resmi ve \u00f6zel anaokulu bulunmaktad\u0131r.<\/p>\n<p><strong><span style=\"color: #009db4;\">Sa\u011fl\u0131k tesisleri<\/span><\/strong><br \/>\nAlanya 4 b\u00fcy\u00fck hastaneye ve \u00e7ok say\u0131da k\u00fc\u00e7\u00fck poliklini\u011fe ev sahipli\u011fi yapmaktad\u0131r. Hastanelerin 3&#8217;\u00fc \u00f6zel hastane, 1&#8217;i de son teknolojiye sahip devlet hastanesi bulunmaktad\u0131r. \u00d6zel hastaneler Ba\u015fkent Hastanesi, Ya\u015fam Hastanesi ve Anadolu Hastanesi&#8217;dir. \u00d6zel hastanelerin tamam\u0131 Alanya \u015fehir merkezinde bulunmaktad\u0131r. Devlet hastanesi Alaaddin Keykubat \u00dcniversitesi Alanya E\u011fitim ve Ara\u015ft\u0131rma Hastanesi olup 7,1 km uzakl\u0131ktaki Oba&#8217;da bulunmaktad\u0131r. 2017 y\u0131l\u0131nda hizmete a\u00e7\u0131lan hastanede hem yerli halk\u0131n hem de yabanc\u0131lar\u0131n tedavi g\u00f6rmesi sa\u011flanmakta olup, devlet hastanesinin yan\u0131nda modern bir di\u015f hekimli\u011fi hastanesi de bulunmaktad\u0131r.<\/p>\n<p><strong><span style=\"color: #009db4;\">Seyahat olanaklar\u0131<\/span><\/strong><br \/>\nBu ayr\u0131cal\u0131kl\u0131 modern projeye s\u00fcr\u00fc\u015f mesafesinde 2 uluslararas\u0131 havaalan\u0131 bulunmaktad\u0131r. En yak\u0131n havaalan\u0131 2 havaalan\u0131ndan k\u00fc\u00e7\u00fck olan\u0131 olan 34,5 km uzakl\u0131ktaki <a href=\"https:\/\/www.alanyaproperties.com\/about-turkey\/gazipasa-airport\/\">Alanya Gazipa\u015fa Uluslararas\u0131 Havaalan\u0131&#8217;<\/a>d\u0131r. Alanya Gazipa\u015fa Uluslararas\u0131 Havaliman\u0131&#8217;na her hafta birka\u00e7 uluslararas\u0131 u\u00e7u\u015f d\u00fczenlenmektedir. Ayr\u0131ca g\u00fcnl\u00fck birka\u00e7 i\u00e7 hat u\u00e7u\u015funun yan\u0131 s\u0131ra. Bunlara, yeni \u0130stanbul Havaliman\u0131, Sabiha G\u00f6k\u00e7en Havaliman\u0131 ve Ankara Esenbo\u011fa Havaliman\u0131 gibi T\u00fcrkiye&#8217;nin en b\u00fcy\u00fck havalimanlar\u0131ndan baz\u0131lar\u0131na g\u00fcnl\u00fck u\u00e7u\u015flar dahildir. 2 havaliman\u0131ndan en b\u00fcy\u00fc\u011f\u00fc 135 km uzakl\u0131ktaki <a href=\"https:\/\/www.alanyaproperties.com\/about-turkey\/antalya-airport\/\">Antalya Uluslararas\u0131 Havaliman\u0131<\/a>&#8216;d\u0131r. Antalya&#8217;ya her g\u00fcn \u00e7ok say\u0131da yurt i\u00e7i ve yurt d\u0131\u015f\u0131 u\u00e7u\u015f bulunmaktad\u0131r.<\/p>\n<p>&nbsp;<\/p>\n<p><strong><span style=\"color: #009db4;\">Alanya&#8217;daki eviniz hakk\u0131nda daha fazla bilgi i\u00e7in l\u00fctfen bizimle ileti\u015fime ge\u00e7in, <a href=\"https:\/\/www.alanyaproperties.com\/contact-2\/\"><span style=\"color: #ef7f1a;\">Alanya Properties<\/span><\/a><\/span><\/strong><\/p>\n","protected":false},"excerpt":{"rendered":"<p>Alanya Kestel&#8217;de \u00d6zel Proje 4 farkl\u0131 kat plan\u0131 bulunan \u00f6zel proje. Muhte\u015fem Toros Da\u011flar\u0131&#8217;n\u0131n eteklerindeki tepelerde yer alan bu modern projede 1 yatak odal\u0131 daireler (55 m2), 2 yatak odal\u0131 bah\u00e7e dubleks daireler (125 \u2013 137 m2), 2 yatak odal\u0131 \u00e7at\u0131 kat\u0131 daireleri (150 \u2013 157 m2) ve ayr\u0131ca 2 adet 4 yatak odal\u0131 l\u00fcks [&hellip;]<\/p>\n","protected":false},"author":102,"featured_media":321812,"parent":0,"menu_order":0,"template":"","property_type":[2968,2967,3049,2948],"property_status":[2959],"property_feature":[2955,2991,2980,2977,2951,2970,3412,3003,2973,3409,2950,3780,2979,2949,3410,3407,2982,3397,3411,2983,2953,2954,2975,2958],"property_label":[3058],"property_city":[2960,3425],"property_area":[2962,3415,2965,2963,2964],"property_state":[2966],"yoast_head":"<!-- This site is optimized with the Yoast SEO plugin v22.6 - https:\/\/yoast.com\/wordpress\/plugins\/seo\/ -->\n<title>Alanya Kestel&#039;de \u00d6zel Proje - Properties in Alanya.<\/title>\n<meta name=\"description\" content=\"Toros Da\u011flar\u0131&#039;n\u0131n eteklerinde plaja 3,2 km mesafede, Kestel Alanya&#039;da \u00e7e\u015fitli m\u00fclk tiplerine sahip \u00f6zel proje.\" \/>\n<meta name=\"robots\" content=\"index, follow, max-snippet:-1, max-image-preview:large, max-video-preview:-1\" \/>\n<link rel=\"canonical\" href=\"https:\/\/www.alanyaproperties.com\/tr\/property\/alanya-kestelde-ozel-proje\/\" \/>\n<meta property=\"og:locale\" content=\"tr_TR\" \/>\n<meta property=\"og:type\" content=\"article\" \/>\n<meta property=\"og:title\" content=\"Alanya Kestel&#039;de \u00d6zel Proje - Properties in Alanya.\" \/>\n<meta property=\"og:description\" content=\"Toros Da\u011flar\u0131&#039;n\u0131n eteklerinde plaja 3,2 km mesafede, Kestel Alanya&#039;da \u00e7e\u015fitli m\u00fclk tiplerine sahip \u00f6zel proje.\" \/>\n<meta property=\"og:url\" content=\"https:\/\/www.alanyaproperties.com\/tr\/property\/alanya-kestelde-ozel-proje\/\" \/>\n<meta property=\"og:site_name\" content=\"Properties in Alanya.\" \/>\n<meta property=\"article:publisher\" content=\"https:\/\/www.facebook.com\/alanyaproperties\/\" \/>\n<meta property=\"article:modified_time\" content=\"2024-01-15T08:11:44+00:00\" \/>\n<meta property=\"og:image\" content=\"https:\/\/www.alanyaproperties.com\/wp-content\/uploads\/2022\/08\/10-6.jpg\" \/>\n\t<meta property=\"og:image:width\" content=\"1300\" \/>\n\t<meta property=\"og:image:height\" content=\"975\" \/>\n\t<meta property=\"og:image:type\" content=\"image\/jpeg\" \/>\n<meta name=\"twitter:card\" content=\"summary_large_image\" \/>\n<meta name=\"twitter:site\" content=\"@alanyapro\" \/>\n<meta name=\"twitter:label1\" content=\"Tahmini okuma s\u00fcresi\" \/>\n\t<meta name=\"twitter:data1\" content=\"3 dakika\" \/>\n<script type=\"application\/ld+json\" class=\"yoast-schema-graph\">{\"@context\":\"https:\/\/schema.org\",\"@graph\":[{\"@type\":\"WebPage\",\"@id\":\"https:\/\/www.alanyaproperties.com\/tr\/property\/alanya-kestelde-ozel-proje\/\",\"url\":\"https:\/\/www.alanyaproperties.com\/tr\/property\/alanya-kestelde-ozel-proje\/\",\"name\":\"Alanya Kestel'de \u00d6zel Proje - Properties in Alanya.\",\"isPartOf\":{\"@id\":\"https:\/\/www.alanyaproperties.com\/tr\/#website\"},\"primaryImageOfPage\":{\"@id\":\"https:\/\/www.alanyaproperties.com\/tr\/property\/alanya-kestelde-ozel-proje\/#primaryimage\"},\"image\":{\"@id\":\"https:\/\/www.alanyaproperties.com\/tr\/property\/alanya-kestelde-ozel-proje\/#primaryimage\"},\"thumbnailUrl\":\"https:\/\/i0.wp.com\/www.alanyaproperties.com\/wp-content\/uploads\/2022\/08\/10-6.jpg?fit=1300%2C975&ssl=1\",\"datePublished\":\"2022-08-17T13:37:04+00:00\",\"dateModified\":\"2024-01-15T08:11:44+00:00\",\"description\":\"Toros Da\u011flar\u0131'n\u0131n eteklerinde plaja 3,2 km mesafede, Kestel Alanya'da \u00e7e\u015fitli m\u00fclk tiplerine sahip \u00f6zel proje.\",\"breadcrumb\":{\"@id\":\"https:\/\/www.alanyaproperties.com\/tr\/property\/alanya-kestelde-ozel-proje\/#breadcrumb\"},\"inLanguage\":\"tr\",\"potentialAction\":[{\"@type\":\"ReadAction\",\"target\":[\"https:\/\/www.alanyaproperties.com\/tr\/property\/alanya-kestelde-ozel-proje\/\"]}]},{\"@type\":\"ImageObject\",\"inLanguage\":\"tr\",\"@id\":\"https:\/\/www.alanyaproperties.com\/tr\/property\/alanya-kestelde-ozel-proje\/#primaryimage\",\"url\":\"https:\/\/i0.wp.com\/www.alanyaproperties.com\/wp-content\/uploads\/2022\/08\/10-6.jpg?fit=1300%2C975&ssl=1\",\"contentUrl\":\"https:\/\/i0.wp.com\/www.alanyaproperties.com\/wp-content\/uploads\/2022\/08\/10-6.jpg?fit=1300%2C975&ssl=1\",\"width\":1300,\"height\":975},{\"@type\":\"BreadcrumbList\",\"@id\":\"https:\/\/www.alanyaproperties.com\/tr\/property\/alanya-kestelde-ozel-proje\/#breadcrumb\",\"itemListElement\":[{\"@type\":\"ListItem\",\"position\":1,\"name\":\"Home\",\"item\":\"https:\/\/www.alanyaproperties.com\/tr\/\"},{\"@type\":\"ListItem\",\"position\":2,\"name\":\"\u00d6zellikleri\",\"item\":\"https:\/\/www.alanyaproperties.com\/tr\/property\/\"},{\"@type\":\"ListItem\",\"position\":3,\"name\":\"Alanya Kestel&#8217;de \u00d6zel Proje\"}]},{\"@type\":\"WebSite\",\"@id\":\"https:\/\/www.alanyaproperties.com\/tr\/#website\",\"url\":\"https:\/\/www.alanyaproperties.com\/tr\/\",\"name\":\"Properties in Alanya.\",\"description\":\"Alanya Emlak Daire, Villa, Arsa  |  Alanya Properties\",\"publisher\":{\"@id\":\"https:\/\/www.alanyaproperties.com\/tr\/#organization\"},\"potentialAction\":[{\"@type\":\"SearchAction\",\"target\":{\"@type\":\"EntryPoint\",\"urlTemplate\":\"https:\/\/www.alanyaproperties.com\/tr\/?s={search_term_string}\"},\"query-input\":\"required name=search_term_string\"}],\"inLanguage\":\"tr\"},{\"@type\":\"Organization\",\"@id\":\"https:\/\/www.alanyaproperties.com\/tr\/#organization\",\"name\":\"Alanya Properties\",\"url\":\"https:\/\/www.alanyaproperties.com\/tr\/\",\"logo\":{\"@type\":\"ImageObject\",\"inLanguage\":\"tr\",\"@id\":\"https:\/\/www.alanyaproperties.com\/tr\/#\/schema\/logo\/image\/\",\"url\":\"https:\/\/i0.wp.com\/www.alanyaproperties.com\/wp-content\/uploads\/2017\/06\/alanya-properties-logo-180to.png?fit=180%2C81&ssl=1\",\"contentUrl\":\"https:\/\/i0.wp.com\/www.alanyaproperties.com\/wp-content\/uploads\/2017\/06\/alanya-properties-logo-180to.png?fit=180%2C81&ssl=1\",\"width\":180,\"height\":81,\"caption\":\"Alanya Properties\"},\"image\":{\"@id\":\"https:\/\/www.alanyaproperties.com\/tr\/#\/schema\/logo\/image\/\"},\"sameAs\":[\"https:\/\/www.facebook.com\/alanyaproperties\/\",\"https:\/\/x.com\/alanyapro\",\"https:\/\/www.instagram.com\/alanyaproperties\/\",\"https:\/\/www.youtube.com\/c\/AlanyaProperties\"]}]}<\/script>\n<!-- \/ Yoast SEO plugin. -->","yoast_head_json":{"title":"Alanya Kestel'de \u00d6zel Proje - Properties in Alanya.","description":"Toros Da\u011flar\u0131'n\u0131n eteklerinde plaja 3,2 km mesafede, Kestel Alanya'da \u00e7e\u015fitli m\u00fclk tiplerine sahip \u00f6zel proje.","robots":{"index":"index","follow":"follow","max-snippet":"max-snippet:-1","max-image-preview":"max-image-preview:large","max-video-preview":"max-video-preview:-1"},"canonical":"https:\/\/www.alanyaproperties.com\/tr\/property\/alanya-kestelde-ozel-proje\/","og_locale":"tr_TR","og_type":"article","og_title":"Alanya Kestel'de \u00d6zel Proje - Properties in Alanya.","og_description":"Toros Da\u011flar\u0131'n\u0131n eteklerinde plaja 3,2 km mesafede, Kestel Alanya'da \u00e7e\u015fitli m\u00fclk tiplerine sahip \u00f6zel proje.","og_url":"https:\/\/www.alanyaproperties.com\/tr\/property\/alanya-kestelde-ozel-proje\/","og_site_name":"Properties in Alanya.","article_publisher":"https:\/\/www.facebook.com\/alanyaproperties\/","article_modified_time":"2024-01-15T08:11:44+00:00","og_image":[{"width":1300,"height":975,"url":"https:\/\/www.alanyaproperties.com\/wp-content\/uploads\/2022\/08\/10-6.jpg","type":"image\/jpeg"}],"twitter_card":"summary_large_image","twitter_site":"@alanyapro","twitter_misc":{"Tahmini okuma s\u00fcresi":"3 dakika"},"schema":{"@context":"https:\/\/schema.org","@graph":[{"@type":"WebPage","@id":"https:\/\/www.alanyaproperties.com\/tr\/property\/alanya-kestelde-ozel-proje\/","url":"https:\/\/www.alanyaproperties.com\/tr\/property\/alanya-kestelde-ozel-proje\/","name":"Alanya Kestel'de \u00d6zel Proje - Properties in Alanya.","isPartOf":{"@id":"https:\/\/www.alanyaproperties.com\/tr\/#website"},"primaryImageOfPage":{"@id":"https:\/\/www.alanyaproperties.com\/tr\/property\/alanya-kestelde-ozel-proje\/#primaryimage"},"image":{"@id":"https:\/\/www.alanyaproperties.com\/tr\/property\/alanya-kestelde-ozel-proje\/#primaryimage"},"thumbnailUrl":"https:\/\/i0.wp.com\/www.alanyaproperties.com\/wp-content\/uploads\/2022\/08\/10-6.jpg?fit=1300%2C975&ssl=1","datePublished":"2022-08-17T13:37:04+00:00","dateModified":"2024-01-15T08:11:44+00:00","description":"Toros Da\u011flar\u0131'n\u0131n eteklerinde plaja 3,2 km mesafede, Kestel Alanya'da \u00e7e\u015fitli m\u00fclk tiplerine sahip \u00f6zel proje.","breadcrumb":{"@id":"https:\/\/www.alanyaproperties.com\/tr\/property\/alanya-kestelde-ozel-proje\/#breadcrumb"},"inLanguage":"tr","potentialAction":[{"@type":"ReadAction","target":["https:\/\/www.alanyaproperties.com\/tr\/property\/alanya-kestelde-ozel-proje\/"]}]},{"@type":"ImageObject","inLanguage":"tr","@id":"https:\/\/www.alanyaproperties.com\/tr\/property\/alanya-kestelde-ozel-proje\/#primaryimage","url":"https:\/\/i0.wp.com\/www.alanyaproperties.com\/wp-content\/uploads\/2022\/08\/10-6.jpg?fit=1300%2C975&ssl=1","contentUrl":"https:\/\/i0.wp.com\/www.alanyaproperties.com\/wp-content\/uploads\/2022\/08\/10-6.jpg?fit=1300%2C975&ssl=1","width":1300,"height":975},{"@type":"BreadcrumbList","@id":"https:\/\/www.alanyaproperties.com\/tr\/property\/alanya-kestelde-ozel-proje\/#breadcrumb","itemListElement":[{"@type":"ListItem","position":1,"name":"Home","item":"https:\/\/www.alanyaproperties.com\/tr\/"},{"@type":"ListItem","position":2,"name":"\u00d6zellikleri","item":"https:\/\/www.alanyaproperties.com\/tr\/property\/"},{"@type":"ListItem","position":3,"name":"Alanya Kestel&#8217;de \u00d6zel Proje"}]},{"@type":"WebSite","@id":"https:\/\/www.alanyaproperties.com\/tr\/#website","url":"https:\/\/www.alanyaproperties.com\/tr\/","name":"Properties in Alanya.","description":"Alanya Emlak Daire, Villa, Arsa  |  Alanya Properties","publisher":{"@id":"https:\/\/www.alanyaproperties.com\/tr\/#organization"},"potentialAction":[{"@type":"SearchAction","target":{"@type":"EntryPoint","urlTemplate":"https:\/\/www.alanyaproperties.com\/tr\/?s={search_term_string}"},"query-input":"required name=search_term_string"}],"inLanguage":"tr"},{"@type":"Organization","@id":"https:\/\/www.alanyaproperties.com\/tr\/#organization","name":"Alanya Properties","url":"https:\/\/www.alanyaproperties.com\/tr\/","logo":{"@type":"ImageObject","inLanguage":"tr","@id":"https:\/\/www.alanyaproperties.com\/tr\/#\/schema\/logo\/image\/","url":"https:\/\/i0.wp.com\/www.alanyaproperties.com\/wp-content\/uploads\/2017\/06\/alanya-properties-logo-180to.png?fit=180%2C81&ssl=1","contentUrl":"https:\/\/i0.wp.com\/www.alanyaproperties.com\/wp-content\/uploads\/2017\/06\/alanya-properties-logo-180to.png?fit=180%2C81&ssl=1","width":180,"height":81,"caption":"Alanya Properties"},"image":{"@id":"https:\/\/www.alanyaproperties.com\/tr\/#\/schema\/logo\/image\/"},"sameAs":["https:\/\/www.facebook.com\/alanyaproperties\/","https:\/\/x.com\/alanyapro","https:\/\/www.instagram.com\/alanyaproperties\/","https:\/\/www.youtube.com\/c\/AlanyaProperties"]}]}},"jetpack_sharing_enabled":true,"_links":{"self":[{"href":"https:\/\/www.alanyaproperties.com\/tr\/wp-json\/wp\/v2\/properties\/389354"}],"collection":[{"href":"https:\/\/www.alanyaproperties.com\/tr\/wp-json\/wp\/v2\/properties"}],"about":[{"href":"https:\/\/www.alanyaproperties.com\/tr\/wp-json\/wp\/v2\/types\/property"}],"author":[{"embeddable":true,"href":"https:\/\/www.alanyaproperties.com\/tr\/wp-json\/wp\/v2\/users\/102"}],"version-history":[{"count":2,"href":"https:\/\/www.alanyaproperties.com\/tr\/wp-json\/wp\/v2\/properties\/389354\/revisions"}],"predecessor-version":[{"id":389356,"href":"https:\/\/www.alanyaproperties.com\/tr\/wp-json\/wp\/v2\/properties\/389354\/revisions\/389356"}],"wp:featuredmedia":[{"embeddable":true,"href":"https:\/\/www.alanyaproperties.com\/tr\/wp-json\/wp\/v2\/media\/321812"}],"wp:attachment":[{"href":"https:\/\/www.alanyaproperties.com\/tr\/wp-json\/wp\/v2\/media?parent=389354"}],"wp:term":[{"taxonomy":"property_type","embeddable":true,"href":"https:\/\/www.alanyaproperties.com\/tr\/wp-json\/wp\/v2\/property_type?post=389354"},{"taxonomy":"property_status","embeddable":true,"href":"https:\/\/www.alanyaproperties.com\/tr\/wp-json\/wp\/v2\/property_status?post=389354"},{"taxonomy":"property_feature","embeddable":true,"href":"https:\/\/www.alanyaproperties.com\/tr\/wp-json\/wp\/v2\/property_feature?post=389354"},{"taxonomy":"property_label","embeddable":true,"href":"https:\/\/www.alanyaproperties.com\/tr\/wp-json\/wp\/v2\/property_label?post=389354"},{"taxonomy":"property_city","embeddable":true,"href":"https:\/\/www.alanyaproperties.com\/tr\/wp-json\/wp\/v2\/property_city?post=389354"},{"taxonomy":"property_area","embeddable":true,"href":"https:\/\/www.alanyaproperties.com\/tr\/wp-json\/wp\/v2\/property_area?post=389354"},{"taxonomy":"property_state","embeddable":true,"href":"https:\/\/www.alanyaproperties.com\/tr\/wp-json\/wp\/v2\/property_state?post=389354"}],"curies":[{"name":"wp","href":"https:\/\/api.w.org\/{rel}","templated":true}]}}