{"id":388279,"date":"2022-04-13T12:45:34","date_gmt":"2022-04-13T12:45:34","guid":{"rendered":"https:\/\/www.alanyaproperties.com\/property\/newly-built-apartments-in-avsallar-alanya\/"},"modified":"2023-12-27T07:06:54","modified_gmt":"2023-12-27T07:06:54","slug":"alanya-avsallarda-projeden-daireler","status":"publish","type":"property","link":"https:\/\/www.alanyaproperties.com\/tr\/property\/alanya-avsallarda-projeden-daireler\/","title":{"rendered":"ALANYA AVSALLAR&#8217;DA\u00a0 PROJEDEN DA\u0130RELER"},"content":{"rendered":"<p><strong><span style=\"color: #009db4;\"><span style=\"vertical-align: inherit;\"><span style=\"vertical-align: inherit;\">ALANYA AVSALLAR&#8217;DA PROJEDEN DA\u0130RELER<\/span><\/span><\/span><\/strong><br \/>\n<a href=\"https:\/\/www.alanyaproperties.com\/about-turkey\/alanya\/alanya-turkey\/\"><span style=\"vertical-align: inherit;\"><span style=\"vertical-align: inherit;\"> Alanya<\/span><\/span><\/a><span style=\"vertical-align: inherit;\"><span style=\"vertical-align: inherit;\"> Avsallar&#8217;da projeden daireler, plaja 1,8 km ve Avsallar \u015fehre 1,5 km mesafededir. <\/span><span style=\"vertical-align: inherit;\">Proje 1 blok 7 katl\u0131 42 daireden olu\u015fmaktad\u0131r. <\/span><span style=\"vertical-align: inherit;\">B\u00fcy\u00fckl\u00fckleri 63 m2 ile 66 m2 aras\u0131nda toplam 30 adet tek yatakl\u0131 odal\u0131 dairenin yan\u0131 s\u0131ra 90 m2 b\u00fcy\u00fckl\u00fc\u011f\u00fcnde 6 adet iki yatakl\u0131 odal\u0131 daireden olu\u015fmaktad\u0131r. <\/span><span style=\"vertical-align: inherit;\">B\u00fcy\u00fckl\u00fckleri 132 m2 ile 140 m2 aras\u0131nda toplamda 4 adet iki yatak odal\u0131 dubleks dairenin yan\u0131 s\u0131ra, 150 m2 olan 1 adet \u00fc\u00e7 yatakl\u0131 odal\u0131 dubleks daire ve 176 m2 olan 1 adet d\u00f6rt yatakl\u0131 odal\u0131 dubleks daire bulunmaktad\u0131r.<\/span><\/span><\/p>\n<p><span style=\"vertical-align: inherit;\"><span style=\"vertical-align: inherit;\">Ortak olanaklar aras\u0131nda kapal\u0131 ve a\u00e7\u0131k y\u00fczme havuzlar\u0131, T\u00fcrk hamam\u0131, sauna, masaj odalar\u0131 ve tam donan\u0131ml\u0131 spor salonu bulunmaktad\u0131r. <\/span><span style=\"vertical-align: inherit;\">Ayr\u0131ca kamelya, s\u0131cakl\u0131k alan\u0131 ve oyun park\u0131 i\u00e7eren g\u00fczel peyzajl\u0131 bah\u00e7eler bulunmaktad\u0131r. <\/span><span style=\"vertical-align: inherit;\">Ayr\u0131ca CCTV ile 7\/24 g\u00fcvenlik ve sakinler i\u00e7in cadde d\u0131\u015f\u0131 otopark mevcuttur.<\/span><\/span><\/p>\n<p><strong><span style=\"color: #009db4;\"><span style=\"vertical-align: inherit;\"><span style=\"vertical-align: inherit;\">Al\u0131\u015fveri\u015f tesisleri<\/span><\/span><\/span><\/strong><br \/>\n<span style=\"vertical-align: inherit;\"><span style=\"vertical-align: inherit;\"> Avsallar il\u00e7e merkezi bu konforlu projeye 1,1 km mesafededir. <\/span><span style=\"vertical-align: inherit;\">\u015eehirdeki \u00e7ok \u00e7e\u015fitli al\u0131\u015fveri\u015f imkanlar\u0131 mevcuttur. <\/span><span style=\"vertical-align: inherit;\">Birka\u00e7 b\u00fcy\u00fck s\u00fcpermarket, makarna, manav ve \u00e7ok daha fazlas\u0131 yer almaktad\u0131r. <\/span><span style=\"vertical-align: inherit;\">Avsallar ayn\u0131 zamanda bu projeye 1,4 km uzakl\u0131ktaki her \u00e7ar\u015fambada Alanya&#8217;n\u0131n en b\u00fcy\u00fck haftal\u0131k pazarlar\u0131ndan birinde de ev sahipli\u011fi yapmaktad\u0131r. <\/span><span style=\"vertical-align: inherit;\">Bu renkli haftal\u0131k pazarda yerel olarak yeti\u015ftirilen organik meyve ve sebzeler, ayn\u0131 zamanda \u00e7ok \u00e7e\u015fitli ev yap\u0131m\u0131 \u00fcr\u00fcnler de sunulmaktad\u0131r. <\/span><span style=\"vertical-align: inherit;\">Bunlara re\u00e7eller, s\u00fcr\u00fcc\u00fcler, peynirler ve \u00e7ok daha fazlas\u0131 dahildir.<\/span><\/span><\/p>\n<p><span style=\"vertical-align: inherit;\"><span style=\"vertical-align: inherit;\">25 km uzakl\u0131ktaki Alanya \u015fehrine h\u0131zl\u0131 d\u00fczenli sefer yapan otob\u00fcsler bulunmaktad\u0131r. <\/span><span style=\"vertical-align: inherit;\">\u015eehirdeki ihtiya\u00e7lar\u0131 duyabilece\u011finiz t\u00fcm al\u0131\u015fveri\u015f imkanlar\u0131 bulunmaktad\u0131r. <\/span><span style=\"vertical-align: inherit;\">Bunlar aras\u0131nda d\u00fcnyaca \u00fcnl\u00fc bir\u00e7ok markan\u0131n ma\u011fazas\u0131, Metro ve daha k\u00fc\u00e7\u00fck yerel ma\u011fazalar, Alanya&#8217;n\u0131n en b\u00fcy\u00fck al\u0131\u015fveri\u015f merkezi olan Alanyum bulunmaktad\u0131r.<\/span><\/span><\/p>\n<p><strong><span style=\"color: #009db4;\"><span style=\"vertical-align: inherit;\"><span style=\"vertical-align: inherit;\">Restoranlar ve Kafeler<\/span><\/span><\/span><\/strong><br \/>\n<a href=\"https:\/\/www.alanyaproperties.com\/about-turkey\/alanya\/alanya-turkey\/\"><span style=\"vertical-align: inherit;\"><span style=\"vertical-align: inherit;\"> Alanya<\/span><\/span><\/a><span style=\"vertical-align: inherit;\"><span style=\"vertical-align: inherit;\"> her zevke hitap eden \u00e7ok say\u0131da restoran ve kafeye ev sahipli\u011fi yapmaktad\u0131r. <\/span><span style=\"vertical-align: inherit;\">Geleneksel T\u00fcrk yemekleri ya da biraz farkl\u0131 bir \u015feyler i\u00e7eriyor, m\u00fckemmel olan\u0131 bulaca\u011f\u0131n\u0131z garantidir. <\/span><span style=\"vertical-align: inherit;\">Avsallar il\u00e7e merkezinde Rusya, \u0130ran, \u00c7in ve Avrupa s\u0131ra mutfaklar\u0131nda bulunan restoranlar\u0131n yan\u0131 sahil kenar\u0131nda daha bir\u00e7ok se\u00e7enek bulunmaktad\u0131r.<\/span><\/span><\/p>\n<p><strong><span style=\"color: #009db4;\"><span style=\"vertical-align: inherit;\"><span style=\"vertical-align: inherit;\">Sa\u011fl\u0131k hizmetleri<\/span><\/span><\/span><\/strong><br \/>\n<a href=\"https:\/\/www.alanyaproperties.com\/about-turkey\/alanya\/alanya-turkey\/\"><span style=\"vertical-align: inherit;\"><span style=\"vertical-align: inherit;\"> Alanya&#8217;da<\/span><\/span><\/a><span style=\"vertical-align: inherit;\"><span style=\"vertical-align: inherit;\"> 4 b\u00fcy\u00fck \u00fcr\u00fcn ve \u00e7ok say\u0131da k\u00fc\u00e7\u00fck poliklini\u011fe ev sahipli\u011fi yapmaktad\u0131r. <\/span><span style=\"vertical-align: inherit;\">Bunlardan 3&#8217;\u00fc \u00f6zel hastane, 1&#8217;i de son teknolojiye sahip devlet hastanesi bulunmaktad\u0131r. <\/span><span style=\"vertical-align: inherit;\">\u00d6zel hastaneler, tamam\u0131 Alanya \u015fehir merkezinde bulunan Ba\u015fkent Hastanesi, Ya\u015fam Hastanesi ve Anadolu Hastanesi&#8217;dir. <\/span><span style=\"vertical-align: inherit;\">Devlet hastanesi<\/span><\/span><a href=\"https:\/\/alanyaeah.saglik.gov.tr\/\"><span style=\"vertical-align: inherit;\"><span style=\"vertical-align: inherit;\"> Alaaddin Keykubat \u00dcniversitesi Alanya E\u011fitim ve Ara\u015ft\u0131rma Hastanesi<\/span><\/span><\/a><span style=\"vertical-align: inherit;\"><span style=\"vertical-align: inherit;\"> , Oba&#8217;da bulunmaktad\u0131r. <\/span><span style=\"vertical-align: inherit;\">Devlet hastanesinin yan\u0131nda, hem yerli halk\u0131n hem de yabanc\u0131lar\u0131n tedavilerinin g\u00f6r\u00fcld\u00fc\u011f\u00fc modern bir di\u015f hastanesi bulunmaktad\u0131r.<\/span><\/span><\/p>\n<p><strong><span style=\"color: #009db4;\"><span style=\"vertical-align: inherit;\"><span style=\"vertical-align: inherit;\">Seyahat imkanlar\u0131<\/span><\/span><\/span><\/strong><br \/>\n<span style=\"vertical-align: inherit;\"><span style=\"vertical-align: inherit;\"> Bu projeye g\u00f6re havaland\u0131rmal\u0131 2 adet uluslararas\u0131 havaland\u0131rma bulunmaktad\u0131r. <\/span><span style=\"vertical-align: inherit;\">2 havaliman\u0131ndan en b\u00fcy\u00fc\u011f\u00fc 104 km uzakl\u0131ktaki<\/span><\/span><a href=\"https:\/\/www.alanyaproperties.com\/about-turkey\/antalya-airport\/\"><span style=\"vertical-align: inherit;\"><span style=\"vertical-align: inherit;\"> Antalya Uluslararas\u0131 Havaliman\u0131&#8217;d\u0131r<\/span><\/span><\/a><span style=\"vertical-align: inherit;\"><span style=\"vertical-align: inherit;\"> . <\/span><span style=\"vertical-align: inherit;\">Antalya&#8217;ya her g\u00fcn \u00e7ok say\u0131da yurt i\u00e7i ve yurt u\u00e7u\u015fu bulunmaktad\u0131r. <\/span><span style=\"vertical-align: inherit;\">2 havaalan\u0131ndan daha yak\u0131n birinden olan<\/span><\/span><a href=\"https:\/\/www.alanyaproperties.com\/about-turkey\/gazipasa-airport\/\"><span style=\"vertical-align: inherit;\"><span style=\"vertical-align: inherit;\"> Alanya Gazipa\u015fa Uluslararas\u0131 Havaalan\u0131na<\/span><\/span><\/a><span style=\"vertical-align: inherit;\"><span style=\"vertical-align: inherit;\"> 65 km uzakl\u0131ktad\u0131r. <\/span><span style=\"vertical-align: inherit;\">Alanya Gazipa\u015fa Uluslararas\u0131 Havaliman\u0131&#8217;na her hafta birka\u00e7 uluslararas\u0131 u\u00e7u\u015f d\u00fczenlenmektedir. <\/span><span style=\"vertical-align: inherit;\">T\u00fcrkiye&#8217;nin en b\u00fcy\u00fck havalimanlar\u0131ndan baz\u0131lar\u0131na g\u00fcnl\u00fck u\u00e7u\u015flar da dahildir.\u00a0<\/span><\/span><\/p>\n<p>&nbsp;<\/p>\n<p><strong><span style=\"color: #009db4;\"><span style=\"vertical-align: inherit;\"><span style=\"vertical-align: inherit;\">Alanya&#8217;daki eviniz hakk\u0131nda daha fazla bilgi i\u00e7in l\u00fctfen benimle ileti\u015fime ge\u00e7in, <\/span><\/span><span style=\"color: #ef7f1a;\"><span style=\"vertical-align: inherit;\"><span style=\"vertical-align: inherit;\">Alanya Properties<\/span><\/span><\/span><\/span><\/strong><\/p>\n","protected":false},"excerpt":{"rendered":"<p>ALANYA AVSALLAR&#8217;DA PROJEDEN DA\u0130RELER Alanya Avsallar&#8217;da projeden daireler, plaja 1,8 km ve Avsallar \u015fehre 1,5 km mesafededir. Proje 1 blok 7 katl\u0131 42 daireden olu\u015fmaktad\u0131r. B\u00fcy\u00fckl\u00fckleri 63 m2 ile 66 m2 aras\u0131nda toplam 30 adet tek yatakl\u0131 odal\u0131 dairenin yan\u0131 s\u0131ra 90 m2 b\u00fcy\u00fckl\u00fc\u011f\u00fcnde 6 adet iki yatakl\u0131 odal\u0131 daireden olu\u015fmaktad\u0131r. B\u00fcy\u00fckl\u00fckleri 132 m2 ile [&hellip;]<\/p>\n","protected":false},"author":102,"featured_media":308782,"parent":0,"menu_order":0,"template":"","property_type":[2968,2967],"property_status":[2959],"property_feature":[2955,2991,2977,2951,2970,3412,3003,2973,3409,2987,2950,3780,2979,2957,2985,2952,3002,2949,3410,3407,2982,3397,3411,2983,2953,2954,2975,2958],"property_label":[3058],"property_city":[2960,2995],"property_area":[2962,2965,2963,2964],"property_state":[2966],"yoast_head":"<!-- This site is optimized with the Yoast SEO plugin v22.6 - https:\/\/yoast.com\/wordpress\/plugins\/seo\/ -->\n<title>ALANYA AVSALLAR&#039;DA\u00a0 PROJEDEN DA\u0130RELER - Properties in Alanya.<\/title>\n<meta name=\"description\" content=\"Alanya Avsallar&#039;da projeden daireler. T\u00fcm olanaklara eri\u015fiminiz olacak l\u00fcks bir ya\u015fam\u0131n adresi. Ferah daire se\u00e7enekleriyle hizmetinizde.\" \/>\n<meta name=\"robots\" content=\"index, follow, max-snippet:-1, max-image-preview:large, max-video-preview:-1\" \/>\n<link rel=\"canonical\" href=\"https:\/\/www.alanyaproperties.com\/tr\/property\/alanya-avsallarda-projeden-daireler\/\" \/>\n<meta property=\"og:locale\" content=\"tr_TR\" \/>\n<meta property=\"og:type\" content=\"article\" \/>\n<meta property=\"og:title\" content=\"ALANYA AVSALLAR&#039;DA\u00a0 PROJEDEN DA\u0130RELER - Properties in Alanya.\" \/>\n<meta property=\"og:description\" content=\"Alanya Avsallar&#039;da projeden daireler. T\u00fcm olanaklara eri\u015fiminiz olacak l\u00fcks bir ya\u015fam\u0131n adresi. Ferah daire se\u00e7enekleriyle hizmetinizde.\" \/>\n<meta property=\"og:url\" content=\"https:\/\/www.alanyaproperties.com\/tr\/property\/alanya-avsallarda-projeden-daireler\/\" \/>\n<meta property=\"og:site_name\" content=\"Properties in Alanya.\" \/>\n<meta property=\"article:publisher\" content=\"https:\/\/www.facebook.com\/alanyaproperties\/\" \/>\n<meta property=\"article:modified_time\" content=\"2023-12-27T07:06:54+00:00\" \/>\n<meta property=\"og:image\" content=\"https:\/\/www.alanyaproperties.com\/wp-content\/uploads\/2022\/04\/Apartments-for-sale-in-Avsallar-Alanya-Turkey-8.jpg\" \/>\n\t<meta property=\"og:image:width\" content=\"1188\" \/>\n\t<meta property=\"og:image:height\" content=\"640\" \/>\n\t<meta property=\"og:image:type\" content=\"image\/jpeg\" \/>\n<meta name=\"twitter:card\" content=\"summary_large_image\" \/>\n<meta name=\"twitter:site\" content=\"@alanyapro\" \/>\n<meta name=\"twitter:label1\" content=\"Tahmini okuma s\u00fcresi\" \/>\n\t<meta name=\"twitter:data1\" content=\"2 dakika\" \/>\n<script type=\"application\/ld+json\" class=\"yoast-schema-graph\">{\"@context\":\"https:\/\/schema.org\",\"@graph\":[{\"@type\":\"WebPage\",\"@id\":\"https:\/\/www.alanyaproperties.com\/tr\/property\/alanya-avsallarda-projeden-daireler\/\",\"url\":\"https:\/\/www.alanyaproperties.com\/tr\/property\/alanya-avsallarda-projeden-daireler\/\",\"name\":\"ALANYA AVSALLAR'DA\u00a0 PROJEDEN DA\u0130RELER - Properties in Alanya.\",\"isPartOf\":{\"@id\":\"https:\/\/www.alanyaproperties.com\/tr\/#website\"},\"primaryImageOfPage\":{\"@id\":\"https:\/\/www.alanyaproperties.com\/tr\/property\/alanya-avsallarda-projeden-daireler\/#primaryimage\"},\"image\":{\"@id\":\"https:\/\/www.alanyaproperties.com\/tr\/property\/alanya-avsallarda-projeden-daireler\/#primaryimage\"},\"thumbnailUrl\":\"https:\/\/i0.wp.com\/www.alanyaproperties.com\/wp-content\/uploads\/2022\/04\/Apartments-for-sale-in-Avsallar-Alanya-Turkey-8.jpg?fit=1188%2C640&ssl=1\",\"datePublished\":\"2022-04-13T12:45:34+00:00\",\"dateModified\":\"2023-12-27T07:06:54+00:00\",\"description\":\"Alanya Avsallar'da projeden daireler. T\u00fcm olanaklara eri\u015fiminiz olacak l\u00fcks bir ya\u015fam\u0131n adresi. Ferah daire se\u00e7enekleriyle hizmetinizde.\",\"breadcrumb\":{\"@id\":\"https:\/\/www.alanyaproperties.com\/tr\/property\/alanya-avsallarda-projeden-daireler\/#breadcrumb\"},\"inLanguage\":\"tr\",\"potentialAction\":[{\"@type\":\"ReadAction\",\"target\":[\"https:\/\/www.alanyaproperties.com\/tr\/property\/alanya-avsallarda-projeden-daireler\/\"]}]},{\"@type\":\"ImageObject\",\"inLanguage\":\"tr\",\"@id\":\"https:\/\/www.alanyaproperties.com\/tr\/property\/alanya-avsallarda-projeden-daireler\/#primaryimage\",\"url\":\"https:\/\/i0.wp.com\/www.alanyaproperties.com\/wp-content\/uploads\/2022\/04\/Apartments-for-sale-in-Avsallar-Alanya-Turkey-8.jpg?fit=1188%2C640&ssl=1\",\"contentUrl\":\"https:\/\/i0.wp.com\/www.alanyaproperties.com\/wp-content\/uploads\/2022\/04\/Apartments-for-sale-in-Avsallar-Alanya-Turkey-8.jpg?fit=1188%2C640&ssl=1\",\"width\":1188,\"height\":640},{\"@type\":\"BreadcrumbList\",\"@id\":\"https:\/\/www.alanyaproperties.com\/tr\/property\/alanya-avsallarda-projeden-daireler\/#breadcrumb\",\"itemListElement\":[{\"@type\":\"ListItem\",\"position\":1,\"name\":\"Home\",\"item\":\"https:\/\/www.alanyaproperties.com\/tr\/\"},{\"@type\":\"ListItem\",\"position\":2,\"name\":\"\u00d6zellikleri\",\"item\":\"https:\/\/www.alanyaproperties.com\/tr\/property\/\"},{\"@type\":\"ListItem\",\"position\":3,\"name\":\"ALANYA AVSALLAR&#8217;DA\u00a0 PROJEDEN DA\u0130RELER\"}]},{\"@type\":\"WebSite\",\"@id\":\"https:\/\/www.alanyaproperties.com\/tr\/#website\",\"url\":\"https:\/\/www.alanyaproperties.com\/tr\/\",\"name\":\"Properties in Alanya.\",\"description\":\"Alanya Emlak Daire, Villa, Arsa  |  Alanya Properties\",\"publisher\":{\"@id\":\"https:\/\/www.alanyaproperties.com\/tr\/#organization\"},\"potentialAction\":[{\"@type\":\"SearchAction\",\"target\":{\"@type\":\"EntryPoint\",\"urlTemplate\":\"https:\/\/www.alanyaproperties.com\/tr\/?s={search_term_string}\"},\"query-input\":\"required name=search_term_string\"}],\"inLanguage\":\"tr\"},{\"@type\":\"Organization\",\"@id\":\"https:\/\/www.alanyaproperties.com\/tr\/#organization\",\"name\":\"Alanya Properties\",\"url\":\"https:\/\/www.alanyaproperties.com\/tr\/\",\"logo\":{\"@type\":\"ImageObject\",\"inLanguage\":\"tr\",\"@id\":\"https:\/\/www.alanyaproperties.com\/tr\/#\/schema\/logo\/image\/\",\"url\":\"https:\/\/i0.wp.com\/www.alanyaproperties.com\/wp-content\/uploads\/2017\/06\/alanya-properties-logo-180to.png?fit=180%2C81&ssl=1\",\"contentUrl\":\"https:\/\/i0.wp.com\/www.alanyaproperties.com\/wp-content\/uploads\/2017\/06\/alanya-properties-logo-180to.png?fit=180%2C81&ssl=1\",\"width\":180,\"height\":81,\"caption\":\"Alanya Properties\"},\"image\":{\"@id\":\"https:\/\/www.alanyaproperties.com\/tr\/#\/schema\/logo\/image\/\"},\"sameAs\":[\"https:\/\/www.facebook.com\/alanyaproperties\/\",\"https:\/\/x.com\/alanyapro\",\"https:\/\/www.instagram.com\/alanyaproperties\/\",\"https:\/\/www.youtube.com\/c\/AlanyaProperties\"]}]}<\/script>\n<!-- \/ Yoast SEO plugin. -->","yoast_head_json":{"title":"ALANYA AVSALLAR'DA\u00a0 PROJEDEN DA\u0130RELER - Properties in Alanya.","description":"Alanya Avsallar'da projeden daireler. T\u00fcm olanaklara eri\u015fiminiz olacak l\u00fcks bir ya\u015fam\u0131n adresi. Ferah daire se\u00e7enekleriyle hizmetinizde.","robots":{"index":"index","follow":"follow","max-snippet":"max-snippet:-1","max-image-preview":"max-image-preview:large","max-video-preview":"max-video-preview:-1"},"canonical":"https:\/\/www.alanyaproperties.com\/tr\/property\/alanya-avsallarda-projeden-daireler\/","og_locale":"tr_TR","og_type":"article","og_title":"ALANYA AVSALLAR'DA\u00a0 PROJEDEN DA\u0130RELER - Properties in Alanya.","og_description":"Alanya Avsallar'da projeden daireler. T\u00fcm olanaklara eri\u015fiminiz olacak l\u00fcks bir ya\u015fam\u0131n adresi. Ferah daire se\u00e7enekleriyle hizmetinizde.","og_url":"https:\/\/www.alanyaproperties.com\/tr\/property\/alanya-avsallarda-projeden-daireler\/","og_site_name":"Properties in Alanya.","article_publisher":"https:\/\/www.facebook.com\/alanyaproperties\/","article_modified_time":"2023-12-27T07:06:54+00:00","og_image":[{"width":1188,"height":640,"url":"https:\/\/www.alanyaproperties.com\/wp-content\/uploads\/2022\/04\/Apartments-for-sale-in-Avsallar-Alanya-Turkey-8.jpg","type":"image\/jpeg"}],"twitter_card":"summary_large_image","twitter_site":"@alanyapro","twitter_misc":{"Tahmini okuma s\u00fcresi":"2 dakika"},"schema":{"@context":"https:\/\/schema.org","@graph":[{"@type":"WebPage","@id":"https:\/\/www.alanyaproperties.com\/tr\/property\/alanya-avsallarda-projeden-daireler\/","url":"https:\/\/www.alanyaproperties.com\/tr\/property\/alanya-avsallarda-projeden-daireler\/","name":"ALANYA AVSALLAR'DA\u00a0 PROJEDEN DA\u0130RELER - Properties in Alanya.","isPartOf":{"@id":"https:\/\/www.alanyaproperties.com\/tr\/#website"},"primaryImageOfPage":{"@id":"https:\/\/www.alanyaproperties.com\/tr\/property\/alanya-avsallarda-projeden-daireler\/#primaryimage"},"image":{"@id":"https:\/\/www.alanyaproperties.com\/tr\/property\/alanya-avsallarda-projeden-daireler\/#primaryimage"},"thumbnailUrl":"https:\/\/i0.wp.com\/www.alanyaproperties.com\/wp-content\/uploads\/2022\/04\/Apartments-for-sale-in-Avsallar-Alanya-Turkey-8.jpg?fit=1188%2C640&ssl=1","datePublished":"2022-04-13T12:45:34+00:00","dateModified":"2023-12-27T07:06:54+00:00","description":"Alanya Avsallar'da projeden daireler. T\u00fcm olanaklara eri\u015fiminiz olacak l\u00fcks bir ya\u015fam\u0131n adresi. Ferah daire se\u00e7enekleriyle hizmetinizde.","breadcrumb":{"@id":"https:\/\/www.alanyaproperties.com\/tr\/property\/alanya-avsallarda-projeden-daireler\/#breadcrumb"},"inLanguage":"tr","potentialAction":[{"@type":"ReadAction","target":["https:\/\/www.alanyaproperties.com\/tr\/property\/alanya-avsallarda-projeden-daireler\/"]}]},{"@type":"ImageObject","inLanguage":"tr","@id":"https:\/\/www.alanyaproperties.com\/tr\/property\/alanya-avsallarda-projeden-daireler\/#primaryimage","url":"https:\/\/i0.wp.com\/www.alanyaproperties.com\/wp-content\/uploads\/2022\/04\/Apartments-for-sale-in-Avsallar-Alanya-Turkey-8.jpg?fit=1188%2C640&ssl=1","contentUrl":"https:\/\/i0.wp.com\/www.alanyaproperties.com\/wp-content\/uploads\/2022\/04\/Apartments-for-sale-in-Avsallar-Alanya-Turkey-8.jpg?fit=1188%2C640&ssl=1","width":1188,"height":640},{"@type":"BreadcrumbList","@id":"https:\/\/www.alanyaproperties.com\/tr\/property\/alanya-avsallarda-projeden-daireler\/#breadcrumb","itemListElement":[{"@type":"ListItem","position":1,"name":"Home","item":"https:\/\/www.alanyaproperties.com\/tr\/"},{"@type":"ListItem","position":2,"name":"\u00d6zellikleri","item":"https:\/\/www.alanyaproperties.com\/tr\/property\/"},{"@type":"ListItem","position":3,"name":"ALANYA AVSALLAR&#8217;DA\u00a0 PROJEDEN DA\u0130RELER"}]},{"@type":"WebSite","@id":"https:\/\/www.alanyaproperties.com\/tr\/#website","url":"https:\/\/www.alanyaproperties.com\/tr\/","name":"Properties in Alanya.","description":"Alanya Emlak Daire, Villa, Arsa  |  Alanya Properties","publisher":{"@id":"https:\/\/www.alanyaproperties.com\/tr\/#organization"},"potentialAction":[{"@type":"SearchAction","target":{"@type":"EntryPoint","urlTemplate":"https:\/\/www.alanyaproperties.com\/tr\/?s={search_term_string}"},"query-input":"required name=search_term_string"}],"inLanguage":"tr"},{"@type":"Organization","@id":"https:\/\/www.alanyaproperties.com\/tr\/#organization","name":"Alanya Properties","url":"https:\/\/www.alanyaproperties.com\/tr\/","logo":{"@type":"ImageObject","inLanguage":"tr","@id":"https:\/\/www.alanyaproperties.com\/tr\/#\/schema\/logo\/image\/","url":"https:\/\/i0.wp.com\/www.alanyaproperties.com\/wp-content\/uploads\/2017\/06\/alanya-properties-logo-180to.png?fit=180%2C81&ssl=1","contentUrl":"https:\/\/i0.wp.com\/www.alanyaproperties.com\/wp-content\/uploads\/2017\/06\/alanya-properties-logo-180to.png?fit=180%2C81&ssl=1","width":180,"height":81,"caption":"Alanya Properties"},"image":{"@id":"https:\/\/www.alanyaproperties.com\/tr\/#\/schema\/logo\/image\/"},"sameAs":["https:\/\/www.facebook.com\/alanyaproperties\/","https:\/\/x.com\/alanyapro","https:\/\/www.instagram.com\/alanyaproperties\/","https:\/\/www.youtube.com\/c\/AlanyaProperties"]}]}},"jetpack_sharing_enabled":true,"_links":{"self":[{"href":"https:\/\/www.alanyaproperties.com\/tr\/wp-json\/wp\/v2\/properties\/388279"}],"collection":[{"href":"https:\/\/www.alanyaproperties.com\/tr\/wp-json\/wp\/v2\/properties"}],"about":[{"href":"https:\/\/www.alanyaproperties.com\/tr\/wp-json\/wp\/v2\/types\/property"}],"author":[{"embeddable":true,"href":"https:\/\/www.alanyaproperties.com\/tr\/wp-json\/wp\/v2\/users\/102"}],"version-history":[{"count":2,"href":"https:\/\/www.alanyaproperties.com\/tr\/wp-json\/wp\/v2\/properties\/388279\/revisions"}],"predecessor-version":[{"id":388281,"href":"https:\/\/www.alanyaproperties.com\/tr\/wp-json\/wp\/v2\/properties\/388279\/revisions\/388281"}],"wp:featuredmedia":[{"embeddable":true,"href":"https:\/\/www.alanyaproperties.com\/tr\/wp-json\/wp\/v2\/media\/308782"}],"wp:attachment":[{"href":"https:\/\/www.alanyaproperties.com\/tr\/wp-json\/wp\/v2\/media?parent=388279"}],"wp:term":[{"taxonomy":"property_type","embeddable":true,"href":"https:\/\/www.alanyaproperties.com\/tr\/wp-json\/wp\/v2\/property_type?post=388279"},{"taxonomy":"property_status","embeddable":true,"href":"https:\/\/www.alanyaproperties.com\/tr\/wp-json\/wp\/v2\/property_status?post=388279"},{"taxonomy":"property_feature","embeddable":true,"href":"https:\/\/www.alanyaproperties.com\/tr\/wp-json\/wp\/v2\/property_feature?post=388279"},{"taxonomy":"property_label","embeddable":true,"href":"https:\/\/www.alanyaproperties.com\/tr\/wp-json\/wp\/v2\/property_label?post=388279"},{"taxonomy":"property_city","embeddable":true,"href":"https:\/\/www.alanyaproperties.com\/tr\/wp-json\/wp\/v2\/property_city?post=388279"},{"taxonomy":"property_area","embeddable":true,"href":"https:\/\/www.alanyaproperties.com\/tr\/wp-json\/wp\/v2\/property_area?post=388279"},{"taxonomy":"property_state","embeddable":true,"href":"https:\/\/www.alanyaproperties.com\/tr\/wp-json\/wp\/v2\/property_state?post=388279"}],"curies":[{"name":"wp","href":"https:\/\/api.w.org\/{rel}","templated":true}]}}