{"id":195251,"date":"2020-06-09T14:00:39","date_gmt":"2020-06-09T14:00:39","guid":{"rendered":"https:\/\/www.alanyaproperties.com\/property\/an-exclusive-luxury-complex-in-kargicak-alanya\/"},"modified":"2020-11-28T08:10:54","modified_gmt":"2020-11-28T08:10:54","slug":"alanya-kargicakta-ultra-luks-site-icerisinde-essiz-deniz-manzarali-satilik-daireler","status":"publish","type":"property","link":"https:\/\/www.alanyaproperties.com\/tr\/property\/alanya-kargicakta-ultra-luks-site-icerisinde-essiz-deniz-manzarali-satilik-daireler\/","title":{"rendered":"Karg\u0131cak&#8217;ta ultra l\u00fcks site i\u00e7erisinde deniz manzaral\u0131 sat\u0131l\u0131k daireler\u00a0"},"content":{"rendered":"<h3><strong> Karg\u0131cak&#8217;ta ultra l\u00fcks site i\u00e7erisinde deniz manzaral\u0131 sat\u0131l\u0131k daireler\u00a0<\/strong><\/h3>\n<p>Karg\u0131cak&#8217;ta ultra l\u00fcks site i\u00e7erisinde deniz manzaral\u0131 sat\u0131l\u0131k daireler .<a href=\"https:\/\/www.alanyaproperties.com\/tr\/gelismis-arama\/?keyword=&amp;location=kargicak-tr&amp;property_id=&amp;bedrooms=&amp;type=&amp;status=&amp;min-price=&amp;max-price=&amp;min-area=20+m%C2%B2&amp;max-area=600+m%C2%B2\"> Karg\u0131cak<\/a>&#8216;ta g\u00f6z al\u0131c\u0131 deniz ve do\u011fa manzaras\u0131nda hayat\u0131n tad\u0131n\u0131 \u00e7\u0131kartma zaman\u0131. E\u015fsiz manzaras\u0131 ile b\u00fcy\u00fcleyen muhte\u015fem bir siteden\u00a0 bir daire de\u011fil muhte\u015fem bir ya\u015fam alan\u0131 sat\u0131n al\u0131yorsunuz !<\/p>\n<p>Bu proje, Alanya&#8217;n\u0131n Karg\u0131cak il\u00e7esinde bulunan Toros Da\u011flar\u0131&#8217;n\u0131n eteklerinde, denize 2 km uzakl\u0131kta yer almaktad\u0131r. Y\u00fcksek konumu ile proje Akdeniz, \u00e7evredeki k\u0131rsal alan ve tarihi Alanya Kalesi&#8217;nin muhte\u015fem manzaras\u0131na sahiptir. Proje tamamen \u00f6zel olarak tasarlanm\u0131\u015f ve olduk\u00e7a l\u00fckst\u00fcr. \u015eehrin g\u00fcr\u00fclt\u00fcs\u00fcnden uzakta , sessiz sakin ve huzurlu bir ya\u015fam i\u00e7in bu projemizden bir daire sahibi olma \u015fans\u0131n\u0131 ka\u00e7\u0131rmay\u0131n\u0131z. <a href=\"https:\/\/www.alanyaproperties.com\/tr\/gelismis-arama\/?keyword=&amp;location=kargicak-tr&amp;property_id=&amp;bedrooms=&amp;type=&amp;status=&amp;min-price=&amp;max-price=&amp;min-area=20+m%C2%B2&amp;max-area=600+m%C2%B2\">Karg\u0131cak<\/a> do\u011fa ile i\u00e7 i\u00e7e olan muhte\u015fem bir ya\u015fam merkezidir ve yerli ve yabanc\u0131 turistler a\u00e7\u0131s\u0131ndan olduk\u00e7a rehavet g\u00f6rmektedir , burada ihtiyac\u0131n\u0131z olabilecek bir \u00e7ok olana\u011f\u0131 bulman\u0131z m\u00fcmk\u00fcn.<\/p>\n<p>Mahmutlar \u015fehir merkezi ise hemen yan\u0131nda yer almaktad\u0131r ve proje Mahmutlar \u015fehir merkezine k\u0131sa bir mesafede yer almaktad\u0131r. Mahmutlar \u015fehir merkezinde ihtiyac\u0131n\u0131z olabilecek bir \u00e7ok olana\u011f\u0131 rahatl\u0131kla bulabilirsiniz. Okul , sa\u011fl\u0131k oca\u011f\u0131 , eczaneler , bankalar , s\u00fcpermarketler , al\u0131\u015f veri\u015f ve e\u011flence merkezleri , kafeler ve restoranlar olmak \u00fczere hepsi ve daha fazlas\u0131n\u0131 \u015fehir merkezinde rahatl\u0131kla bulabilirsiniz.<\/p>\n<ul>\n<li><em>Proje sadece 20 daireden olu\u015fan 1 bloktan olu\u015fmaktad\u0131r, 50.6 m2 olan 1 yatak odal\u0131 daireler ve 78 m2 ila 82.8 m2 aras\u0131nda de\u011fi\u015fen 2 yatak odal\u0131 daireler bulunmaktad\u0131r.\u00a0<\/em><\/li>\n<\/ul>\n<p>Projede, keyifli vakitler ge\u00e7irebilece\u011finiz bir \u00e7ok sosyal aktivite alan\u0131 vard\u0131r .Bunlar aras\u0131nda hem kapal\u0131 hem de a\u00e7\u0131k y\u00fczme havuzu, sauna, buhar odas\u0131 ve tam donan\u0131ml\u0131 spor salonu bulunmaktad\u0131r. Bu sosyal alanlarda zaman\u0131n\u0131z\u0131 s\u0131k\u0131lmadan ve kaliteli bir \u015fekilde ge\u00e7irebilirsiniz.<\/p>\n<p>Projenin in\u015faat\u0131 A\u011fustos 2020&#8217;de ba\u015flayacak ve A\u011fustos 2023&#8217;e kadar tamamlanm\u0131\u015f olacakt\u0131r.<\/p>\n<p><strong><a href=\"https:\/\/www.alanyaproperties.com\/tr\/%d0%be-%d1%82%d1%83%d1%80%d1%86%d0%b8%d0%b8-tr\/genel-bilgiler\/antalya\/\">Antalya Uluslararas\u0131 Havaalan\u0131 (AYT)<\/a> 143 km uzakl\u0131ktad\u0131r<\/strong><br \/>\n<strong><a href=\"http:\/\/www.gzpairport.com\/\" target=\"_blank\" rel=\"noopener noreferrer\">Alanya Gazipa\u015fa Uluslararas\u0131 Havaalan\u0131 (GZP)<\/a> 31 km uzakl\u0131ktad\u0131r<\/strong><\/p>\n<p><strong>Alanya&#8217;daki eviniz hakk\u0131nda daha fazla bilgi i\u00e7in l\u00fctfen bizimle ileti\u015fime ge\u00e7in,<a href=\"https:\/\/www.alanyaproperties.com\/tr\/\"> Alanya Properties<\/a><\/strong><\/p>\n","protected":false},"excerpt":{"rendered":"<p>Karg\u0131cak&#8217;ta ultra l\u00fcks site i\u00e7erisinde deniz manzaral\u0131 sat\u0131l\u0131k daireler\u00a0 Karg\u0131cak&#8217;ta ultra l\u00fcks site i\u00e7erisinde deniz manzaral\u0131 sat\u0131l\u0131k daireler . Karg\u0131cak&#8216;ta g\u00f6z al\u0131c\u0131 deniz ve do\u011fa manzaras\u0131nda hayat\u0131n tad\u0131n\u0131 \u00e7\u0131kartma zaman\u0131. E\u015fsiz manzaras\u0131 ile b\u00fcy\u00fcleyen muhte\u015fem bir siteden\u00a0 bir daire de\u011fil muhte\u015fem bir ya\u015fam alan\u0131 sat\u0131n al\u0131yorsunuz ! Bu proje, Alanya&#8217;n\u0131n Karg\u0131cak il\u00e7esinde bulunan Toros Da\u011flar\u0131&#8217;n\u0131n [&hellip;]<\/p>\n","protected":false},"author":102,"featured_media":195219,"parent":0,"menu_order":0,"template":"","property_type":[2968,2967],"property_status":[2959],"property_feature":[2955,2991,2977,2951,2988,3412,3003,3409,2987,2950,3780,2979,2952,3002,3410,3407,3397,3411,2976,2954,2975],"property_label":[3058],"property_city":[2960,2961],"property_area":[2962,3415,2965,2963,2964],"property_state":[2966],"yoast_head":"<!-- This site is optimized with the Yoast SEO plugin v22.6 - https:\/\/yoast.com\/wordpress\/plugins\/seo\/ -->\n<title>Karg\u0131cak&#039;ta ultra l\u00fcks site i\u00e7erisinde deniz manzaral\u0131 sat\u0131l\u0131k daireler\u00a0<\/title>\n<meta name=\"description\" content=\"Karg\u0131cak&#039;ta ultra l\u00fcks site i\u00e7erisinde deniz manzaral\u0131 sat\u0131l\u0131k daireler\u00a0.Karg\u0131cak&#039;ta g\u00f6z al\u0131c\u0131 deniz ve do\u011fa manzaras\u0131nda hayat\u0131 ya\u015fama zaman\u0131.\" \/>\n<meta name=\"robots\" content=\"index, follow, max-snippet:-1, max-image-preview:large, max-video-preview:-1\" \/>\n<link rel=\"canonical\" href=\"https:\/\/www.alanyaproperties.com\/tr\/property\/alanya-kargicakta-ultra-luks-site-icerisinde-essiz-deniz-manzarali-satilik-daireler\/\" \/>\n<meta property=\"og:locale\" content=\"tr_TR\" \/>\n<meta property=\"og:type\" content=\"article\" \/>\n<meta property=\"og:title\" content=\"Karg\u0131cak&#039;ta ultra l\u00fcks site i\u00e7erisinde deniz manzaral\u0131 sat\u0131l\u0131k daireler\u00a0\" \/>\n<meta property=\"og:description\" content=\"Karg\u0131cak&#039;ta ultra l\u00fcks site i\u00e7erisinde deniz manzaral\u0131 sat\u0131l\u0131k daireler\u00a0.Karg\u0131cak&#039;ta g\u00f6z al\u0131c\u0131 deniz ve do\u011fa manzaras\u0131nda hayat\u0131 ya\u015fama zaman\u0131.\" \/>\n<meta property=\"og:url\" content=\"https:\/\/www.alanyaproperties.com\/tr\/property\/alanya-kargicakta-ultra-luks-site-icerisinde-essiz-deniz-manzarali-satilik-daireler\/\" \/>\n<meta property=\"og:site_name\" content=\"Properties in Alanya.\" \/>\n<meta property=\"article:publisher\" content=\"https:\/\/www.facebook.com\/alanyaproperties\/\" \/>\n<meta property=\"article:modified_time\" content=\"2020-11-28T08:10:54+00:00\" \/>\n<meta property=\"og:image\" content=\"https:\/\/www.alanyaproperties.com\/wp-content\/uploads\/2020\/06\/R44.jpg\" \/>\n\t<meta property=\"og:image:width\" content=\"1600\" \/>\n\t<meta property=\"og:image:height\" content=\"1131\" \/>\n\t<meta property=\"og:image:type\" content=\"image\/jpeg\" \/>\n<meta name=\"twitter:card\" content=\"summary_large_image\" \/>\n<meta name=\"twitter:site\" content=\"@alanyapro\" \/>\n<meta name=\"twitter:label1\" content=\"Tahmini okuma s\u00fcresi\" \/>\n\t<meta name=\"twitter:data1\" content=\"2 dakika\" \/>\n<script type=\"application\/ld+json\" class=\"yoast-schema-graph\">{\"@context\":\"https:\/\/schema.org\",\"@graph\":[{\"@type\":\"WebPage\",\"@id\":\"https:\/\/www.alanyaproperties.com\/tr\/property\/alanya-kargicakta-ultra-luks-site-icerisinde-essiz-deniz-manzarali-satilik-daireler\/\",\"url\":\"https:\/\/www.alanyaproperties.com\/tr\/property\/alanya-kargicakta-ultra-luks-site-icerisinde-essiz-deniz-manzarali-satilik-daireler\/\",\"name\":\"Karg\u0131cak'ta ultra l\u00fcks site i\u00e7erisinde deniz manzaral\u0131 sat\u0131l\u0131k daireler\u00a0\",\"isPartOf\":{\"@id\":\"https:\/\/www.alanyaproperties.com\/tr\/#website\"},\"primaryImageOfPage\":{\"@id\":\"https:\/\/www.alanyaproperties.com\/tr\/property\/alanya-kargicakta-ultra-luks-site-icerisinde-essiz-deniz-manzarali-satilik-daireler\/#primaryimage\"},\"image\":{\"@id\":\"https:\/\/www.alanyaproperties.com\/tr\/property\/alanya-kargicakta-ultra-luks-site-icerisinde-essiz-deniz-manzarali-satilik-daireler\/#primaryimage\"},\"thumbnailUrl\":\"https:\/\/i0.wp.com\/www.alanyaproperties.com\/wp-content\/uploads\/2020\/06\/R44.jpg?fit=1600%2C1131&ssl=1\",\"datePublished\":\"2020-06-09T14:00:39+00:00\",\"dateModified\":\"2020-11-28T08:10:54+00:00\",\"description\":\"Karg\u0131cak'ta ultra l\u00fcks site i\u00e7erisinde deniz manzaral\u0131 sat\u0131l\u0131k daireler\u00a0.Karg\u0131cak'ta g\u00f6z al\u0131c\u0131 deniz ve do\u011fa manzaras\u0131nda hayat\u0131 ya\u015fama zaman\u0131.\",\"breadcrumb\":{\"@id\":\"https:\/\/www.alanyaproperties.com\/tr\/property\/alanya-kargicakta-ultra-luks-site-icerisinde-essiz-deniz-manzarali-satilik-daireler\/#breadcrumb\"},\"inLanguage\":\"tr\",\"potentialAction\":[{\"@type\":\"ReadAction\",\"target\":[\"https:\/\/www.alanyaproperties.com\/tr\/property\/alanya-kargicakta-ultra-luks-site-icerisinde-essiz-deniz-manzarali-satilik-daireler\/\"]}]},{\"@type\":\"ImageObject\",\"inLanguage\":\"tr\",\"@id\":\"https:\/\/www.alanyaproperties.com\/tr\/property\/alanya-kargicakta-ultra-luks-site-icerisinde-essiz-deniz-manzarali-satilik-daireler\/#primaryimage\",\"url\":\"https:\/\/i0.wp.com\/www.alanyaproperties.com\/wp-content\/uploads\/2020\/06\/R44.jpg?fit=1600%2C1131&ssl=1\",\"contentUrl\":\"https:\/\/i0.wp.com\/www.alanyaproperties.com\/wp-content\/uploads\/2020\/06\/R44.jpg?fit=1600%2C1131&ssl=1\",\"width\":1600,\"height\":1131},{\"@type\":\"BreadcrumbList\",\"@id\":\"https:\/\/www.alanyaproperties.com\/tr\/property\/alanya-kargicakta-ultra-luks-site-icerisinde-essiz-deniz-manzarali-satilik-daireler\/#breadcrumb\",\"itemListElement\":[{\"@type\":\"ListItem\",\"position\":1,\"name\":\"Home\",\"item\":\"https:\/\/www.alanyaproperties.com\/tr\/\"},{\"@type\":\"ListItem\",\"position\":2,\"name\":\"\u00d6zellikleri\",\"item\":\"https:\/\/www.alanyaproperties.com\/tr\/property\/\"},{\"@type\":\"ListItem\",\"position\":3,\"name\":\"Karg\u0131cak&#8217;ta ultra l\u00fcks site i\u00e7erisinde deniz manzaral\u0131 sat\u0131l\u0131k daireler\u00a0\"}]},{\"@type\":\"WebSite\",\"@id\":\"https:\/\/www.alanyaproperties.com\/tr\/#website\",\"url\":\"https:\/\/www.alanyaproperties.com\/tr\/\",\"name\":\"Properties in Alanya.\",\"description\":\"Alanya Emlak Daire, Villa, Arsa  |  Alanya Properties\",\"publisher\":{\"@id\":\"https:\/\/www.alanyaproperties.com\/tr\/#organization\"},\"potentialAction\":[{\"@type\":\"SearchAction\",\"target\":{\"@type\":\"EntryPoint\",\"urlTemplate\":\"https:\/\/www.alanyaproperties.com\/tr\/?s={search_term_string}\"},\"query-input\":\"required name=search_term_string\"}],\"inLanguage\":\"tr\"},{\"@type\":\"Organization\",\"@id\":\"https:\/\/www.alanyaproperties.com\/tr\/#organization\",\"name\":\"Alanya Properties\",\"url\":\"https:\/\/www.alanyaproperties.com\/tr\/\",\"logo\":{\"@type\":\"ImageObject\",\"inLanguage\":\"tr\",\"@id\":\"https:\/\/www.alanyaproperties.com\/tr\/#\/schema\/logo\/image\/\",\"url\":\"https:\/\/i0.wp.com\/www.alanyaproperties.com\/wp-content\/uploads\/2017\/06\/alanya-properties-logo-180to.png?fit=180%2C81&ssl=1\",\"contentUrl\":\"https:\/\/i0.wp.com\/www.alanyaproperties.com\/wp-content\/uploads\/2017\/06\/alanya-properties-logo-180to.png?fit=180%2C81&ssl=1\",\"width\":180,\"height\":81,\"caption\":\"Alanya Properties\"},\"image\":{\"@id\":\"https:\/\/www.alanyaproperties.com\/tr\/#\/schema\/logo\/image\/\"},\"sameAs\":[\"https:\/\/www.facebook.com\/alanyaproperties\/\",\"https:\/\/x.com\/alanyapro\",\"https:\/\/www.instagram.com\/alanyaproperties\/\",\"https:\/\/www.youtube.com\/c\/AlanyaProperties\"]}]}<\/script>\n<!-- \/ Yoast SEO plugin. -->","yoast_head_json":{"title":"Karg\u0131cak'ta ultra l\u00fcks site i\u00e7erisinde deniz manzaral\u0131 sat\u0131l\u0131k daireler\u00a0","description":"Karg\u0131cak'ta ultra l\u00fcks site i\u00e7erisinde deniz manzaral\u0131 sat\u0131l\u0131k daireler\u00a0.Karg\u0131cak'ta g\u00f6z al\u0131c\u0131 deniz ve do\u011fa manzaras\u0131nda hayat\u0131 ya\u015fama zaman\u0131.","robots":{"index":"index","follow":"follow","max-snippet":"max-snippet:-1","max-image-preview":"max-image-preview:large","max-video-preview":"max-video-preview:-1"},"canonical":"https:\/\/www.alanyaproperties.com\/tr\/property\/alanya-kargicakta-ultra-luks-site-icerisinde-essiz-deniz-manzarali-satilik-daireler\/","og_locale":"tr_TR","og_type":"article","og_title":"Karg\u0131cak'ta ultra l\u00fcks site i\u00e7erisinde deniz manzaral\u0131 sat\u0131l\u0131k daireler\u00a0","og_description":"Karg\u0131cak'ta ultra l\u00fcks site i\u00e7erisinde deniz manzaral\u0131 sat\u0131l\u0131k daireler\u00a0.Karg\u0131cak'ta g\u00f6z al\u0131c\u0131 deniz ve do\u011fa manzaras\u0131nda hayat\u0131 ya\u015fama zaman\u0131.","og_url":"https:\/\/www.alanyaproperties.com\/tr\/property\/alanya-kargicakta-ultra-luks-site-icerisinde-essiz-deniz-manzarali-satilik-daireler\/","og_site_name":"Properties in Alanya.","article_publisher":"https:\/\/www.facebook.com\/alanyaproperties\/","article_modified_time":"2020-11-28T08:10:54+00:00","og_image":[{"width":1600,"height":1131,"url":"https:\/\/www.alanyaproperties.com\/wp-content\/uploads\/2020\/06\/R44.jpg","type":"image\/jpeg"}],"twitter_card":"summary_large_image","twitter_site":"@alanyapro","twitter_misc":{"Tahmini okuma s\u00fcresi":"2 dakika"},"schema":{"@context":"https:\/\/schema.org","@graph":[{"@type":"WebPage","@id":"https:\/\/www.alanyaproperties.com\/tr\/property\/alanya-kargicakta-ultra-luks-site-icerisinde-essiz-deniz-manzarali-satilik-daireler\/","url":"https:\/\/www.alanyaproperties.com\/tr\/property\/alanya-kargicakta-ultra-luks-site-icerisinde-essiz-deniz-manzarali-satilik-daireler\/","name":"Karg\u0131cak'ta ultra l\u00fcks site i\u00e7erisinde deniz manzaral\u0131 sat\u0131l\u0131k daireler\u00a0","isPartOf":{"@id":"https:\/\/www.alanyaproperties.com\/tr\/#website"},"primaryImageOfPage":{"@id":"https:\/\/www.alanyaproperties.com\/tr\/property\/alanya-kargicakta-ultra-luks-site-icerisinde-essiz-deniz-manzarali-satilik-daireler\/#primaryimage"},"image":{"@id":"https:\/\/www.alanyaproperties.com\/tr\/property\/alanya-kargicakta-ultra-luks-site-icerisinde-essiz-deniz-manzarali-satilik-daireler\/#primaryimage"},"thumbnailUrl":"https:\/\/i0.wp.com\/www.alanyaproperties.com\/wp-content\/uploads\/2020\/06\/R44.jpg?fit=1600%2C1131&ssl=1","datePublished":"2020-06-09T14:00:39+00:00","dateModified":"2020-11-28T08:10:54+00:00","description":"Karg\u0131cak'ta ultra l\u00fcks site i\u00e7erisinde deniz manzaral\u0131 sat\u0131l\u0131k daireler\u00a0.Karg\u0131cak'ta g\u00f6z al\u0131c\u0131 deniz ve do\u011fa manzaras\u0131nda hayat\u0131 ya\u015fama zaman\u0131.","breadcrumb":{"@id":"https:\/\/www.alanyaproperties.com\/tr\/property\/alanya-kargicakta-ultra-luks-site-icerisinde-essiz-deniz-manzarali-satilik-daireler\/#breadcrumb"},"inLanguage":"tr","potentialAction":[{"@type":"ReadAction","target":["https:\/\/www.alanyaproperties.com\/tr\/property\/alanya-kargicakta-ultra-luks-site-icerisinde-essiz-deniz-manzarali-satilik-daireler\/"]}]},{"@type":"ImageObject","inLanguage":"tr","@id":"https:\/\/www.alanyaproperties.com\/tr\/property\/alanya-kargicakta-ultra-luks-site-icerisinde-essiz-deniz-manzarali-satilik-daireler\/#primaryimage","url":"https:\/\/i0.wp.com\/www.alanyaproperties.com\/wp-content\/uploads\/2020\/06\/R44.jpg?fit=1600%2C1131&ssl=1","contentUrl":"https:\/\/i0.wp.com\/www.alanyaproperties.com\/wp-content\/uploads\/2020\/06\/R44.jpg?fit=1600%2C1131&ssl=1","width":1600,"height":1131},{"@type":"BreadcrumbList","@id":"https:\/\/www.alanyaproperties.com\/tr\/property\/alanya-kargicakta-ultra-luks-site-icerisinde-essiz-deniz-manzarali-satilik-daireler\/#breadcrumb","itemListElement":[{"@type":"ListItem","position":1,"name":"Home","item":"https:\/\/www.alanyaproperties.com\/tr\/"},{"@type":"ListItem","position":2,"name":"\u00d6zellikleri","item":"https:\/\/www.alanyaproperties.com\/tr\/property\/"},{"@type":"ListItem","position":3,"name":"Karg\u0131cak&#8217;ta ultra l\u00fcks site i\u00e7erisinde deniz manzaral\u0131 sat\u0131l\u0131k daireler\u00a0"}]},{"@type":"WebSite","@id":"https:\/\/www.alanyaproperties.com\/tr\/#website","url":"https:\/\/www.alanyaproperties.com\/tr\/","name":"Properties in Alanya.","description":"Alanya Emlak Daire, Villa, Arsa  |  Alanya Properties","publisher":{"@id":"https:\/\/www.alanyaproperties.com\/tr\/#organization"},"potentialAction":[{"@type":"SearchAction","target":{"@type":"EntryPoint","urlTemplate":"https:\/\/www.alanyaproperties.com\/tr\/?s={search_term_string}"},"query-input":"required name=search_term_string"}],"inLanguage":"tr"},{"@type":"Organization","@id":"https:\/\/www.alanyaproperties.com\/tr\/#organization","name":"Alanya Properties","url":"https:\/\/www.alanyaproperties.com\/tr\/","logo":{"@type":"ImageObject","inLanguage":"tr","@id":"https:\/\/www.alanyaproperties.com\/tr\/#\/schema\/logo\/image\/","url":"https:\/\/i0.wp.com\/www.alanyaproperties.com\/wp-content\/uploads\/2017\/06\/alanya-properties-logo-180to.png?fit=180%2C81&ssl=1","contentUrl":"https:\/\/i0.wp.com\/www.alanyaproperties.com\/wp-content\/uploads\/2017\/06\/alanya-properties-logo-180to.png?fit=180%2C81&ssl=1","width":180,"height":81,"caption":"Alanya Properties"},"image":{"@id":"https:\/\/www.alanyaproperties.com\/tr\/#\/schema\/logo\/image\/"},"sameAs":["https:\/\/www.facebook.com\/alanyaproperties\/","https:\/\/x.com\/alanyapro","https:\/\/www.instagram.com\/alanyaproperties\/","https:\/\/www.youtube.com\/c\/AlanyaProperties"]}]}},"jetpack_sharing_enabled":true,"_links":{"self":[{"href":"https:\/\/www.alanyaproperties.com\/tr\/wp-json\/wp\/v2\/properties\/195251"}],"collection":[{"href":"https:\/\/www.alanyaproperties.com\/tr\/wp-json\/wp\/v2\/properties"}],"about":[{"href":"https:\/\/www.alanyaproperties.com\/tr\/wp-json\/wp\/v2\/types\/property"}],"author":[{"embeddable":true,"href":"https:\/\/www.alanyaproperties.com\/tr\/wp-json\/wp\/v2\/users\/102"}],"version-history":[{"count":2,"href":"https:\/\/www.alanyaproperties.com\/tr\/wp-json\/wp\/v2\/properties\/195251\/revisions"}],"predecessor-version":[{"id":231930,"href":"https:\/\/www.alanyaproperties.com\/tr\/wp-json\/wp\/v2\/properties\/195251\/revisions\/231930"}],"wp:featuredmedia":[{"embeddable":true,"href":"https:\/\/www.alanyaproperties.com\/tr\/wp-json\/wp\/v2\/media\/195219"}],"wp:attachment":[{"href":"https:\/\/www.alanyaproperties.com\/tr\/wp-json\/wp\/v2\/media?parent=195251"}],"wp:term":[{"taxonomy":"property_type","embeddable":true,"href":"https:\/\/www.alanyaproperties.com\/tr\/wp-json\/wp\/v2\/property_type?post=195251"},{"taxonomy":"property_status","embeddable":true,"href":"https:\/\/www.alanyaproperties.com\/tr\/wp-json\/wp\/v2\/property_status?post=195251"},{"taxonomy":"property_feature","embeddable":true,"href":"https:\/\/www.alanyaproperties.com\/tr\/wp-json\/wp\/v2\/property_feature?post=195251"},{"taxonomy":"property_label","embeddable":true,"href":"https:\/\/www.alanyaproperties.com\/tr\/wp-json\/wp\/v2\/property_label?post=195251"},{"taxonomy":"property_city","embeddable":true,"href":"https:\/\/www.alanyaproperties.com\/tr\/wp-json\/wp\/v2\/property_city?post=195251"},{"taxonomy":"property_area","embeddable":true,"href":"https:\/\/www.alanyaproperties.com\/tr\/wp-json\/wp\/v2\/property_area?post=195251"},{"taxonomy":"property_state","embeddable":true,"href":"https:\/\/www.alanyaproperties.com\/tr\/wp-json\/wp\/v2\/property_state?post=195251"}],"curies":[{"name":"wp","href":"https:\/\/api.w.org\/{rel}","templated":true}]}}