{"id":165691,"date":"2017-02-28T06:21:05","date_gmt":"2017-02-28T06:21:05","guid":{"rendered":"http:\/\/www.alanyaproperties.com\/property\/apartments-with-sea-views-in-kargicak-alanya\/"},"modified":"2019-12-18T08:05:04","modified_gmt":"2019-12-18T08:05:04","slug":"alanya-kargicakta-deniz-manzarali-daireler","status":"publish","type":"property","link":"https:\/\/www.alanyaproperties.com\/tr\/property\/alanya-kargicakta-deniz-manzarali-daireler\/","title":{"rendered":"Alanya, Karg\u0131cak&#8217;ta deniz manzaral\u0131 daireler"},"content":{"rendered":"<p><strong>Alanya, Karg\u0131cak&#8217;ta deniz manzaral\u0131 daireler<\/strong><\/p>\n<p>Denizin, da\u011flar\u0131n ve g\u00fczel d\u00fczenlenmi\u015f tropikal bah\u00e7enin nefes kesen manzaras\u0131na sahip l\u00fcks bir rezidans\u0131n keyfini \u00e7\u0131kar\u0131n.<\/p>\n<p>Karg\u0131cak do\u011fa severler i\u00e7in e\u015fsiz bir yer. Dairenizden Akdeniz&#8217;in ve Toros Da\u011flar\u0131&#8217;n\u0131n g\u00fczel manzaralar\u0131n\u0131 seyredebilirsiniz. Bu kompleks, marketler, kafeler, restoranlar, ma\u011fazalar, parklar, halk pazar\u0131, eczane, f\u0131r\u0131n, kuaf\u00f6r, d\u00fckkanlar, okullar ve otob\u00fcs duraklar\u0131 gibi ihtiyac\u0131n\u0131z olan t\u00fcm olanaklara yak\u0131nd\u0131r.<\/p>\n<p>Bu inci 8.000 m\u00b2 arsa \u00fczerine in\u015fa edilmi\u015ftir ve 5 katl\u0131 4 binadan olu\u015fmaktad\u0131r. T\u00fcm daireler g\u00fczel da\u011f ve Akdeniz manzaras\u0131na sahiptir.<\/p>\n<p>Komplekste 1 b\u00fcy\u00fck y\u00fczme havuzu, kayd\u0131raklar, 1 e\u011flence havuzu, iki \u00e7ocuk, havuz bar, barbek\u00fc ve basketbol bulunmaktad\u0131r.<\/p>\n<p>2 binada kapal\u0131 y\u00fczme havuzu, T\u00fcrk hamam\u0131, buhar odas\u0131, sauna, du\u015f, masaj odas\u0131, dinlenme odas\u0131, spor salonu, yoga, bilardo masas\u0131 ve \u00e7ok daha fazlas\u0131 gibi dinlenme alanlar\u0131n\u0131 bulacaks\u0131n\u0131z.<\/p>\n<p><strong>Daire t\u00fcrleri:<\/strong><\/p>\n<ul>\n<li>1 + 1 daireler 62 m\u00b2 &#8211; 70 m\u00b2<\/li>\n<li>2 + 1 daireler 91 m\u00b2 &#8211; 118 m\u00b2<\/li>\n<li>3 + 1 daireler 206 m\u00b2<\/li>\n<li>2 + 1 dubleks penthouse 127 m\u00b2 &#8211; 152 m\u00b2<\/li>\n<li>3 + 1 \u00e7at\u0131 kat\u0131 173 m\u00b2 &#8211; 255 m\u00b2<\/li>\n<li>4 + 1 dubleks penthouse 183 m\u00b2<\/li>\n<\/ul>\n<p><strong>Daha fazla ayr\u0131nt\u0131 \u00f6\u011frenmek istiyorsan\u0131z bizimle ileti\u015fim kurmaktan \u00e7ekinmeyin &#8211; Alanya Properties<\/strong><\/p>\n","protected":false},"excerpt":{"rendered":"<p>Alanya, Karg\u0131cak&#8217;ta deniz manzaral\u0131 daireler Denizin, da\u011flar\u0131n ve g\u00fczel d\u00fczenlenmi\u015f tropikal bah\u00e7enin nefes kesen manzaras\u0131na sahip l\u00fcks bir rezidans\u0131n keyfini \u00e7\u0131kar\u0131n. Karg\u0131cak do\u011fa severler i\u00e7in e\u015fsiz bir yer. Dairenizden Akdeniz&#8217;in ve Toros Da\u011flar\u0131&#8217;n\u0131n g\u00fczel manzaralar\u0131n\u0131 seyredebilirsiniz. Bu kompleks, marketler, kafeler, restoranlar, ma\u011fazalar, parklar, halk pazar\u0131, eczane, f\u0131r\u0131n, kuaf\u00f6r, d\u00fckkanlar, okullar ve otob\u00fcs duraklar\u0131 gibi ihtiyac\u0131n\u0131z [&hellip;]<\/p>\n","protected":false},"author":33,"featured_media":321053,"parent":0,"menu_order":0,"template":"","property_type":[],"property_status":[2959],"property_feature":[2955,2991,2980,2977,2951,2978,2970,2971,3003,2973,2987,2950,2979,2957,2985,2952,2990,2949,2981,2982,2993,2983,2976,2953,2984,2954,2974,2975,2956,2958],"property_label":[3058],"property_city":[2960,2961],"property_area":[3415,2965,2963,2964],"property_state":[2966],"yoast_head":"<!-- This site is optimized with the Yoast SEO plugin v22.6 - https:\/\/yoast.com\/wordpress\/plugins\/seo\/ -->\n<title>Alanya, Karg\u0131cak&#039;ta deniz manzaral\u0131 daireler - Properties in Alanya.<\/title>\n<meta name=\"description\" content=\"Alanya, Karg\u0131cak&#039;ta deniz manzaral\u0131 daireler - Properties in Alanya.\" \/>\n<meta name=\"robots\" content=\"index, follow, max-snippet:-1, max-image-preview:large, max-video-preview:-1\" \/>\n<link rel=\"canonical\" href=\"https:\/\/www.alanyaproperties.com\/tr\/property\/alanya-kargicakta-deniz-manzarali-daireler\/\" \/>\n<meta property=\"og:locale\" content=\"tr_TR\" \/>\n<meta property=\"og:type\" content=\"article\" \/>\n<meta property=\"og:title\" content=\"Alanya, Karg\u0131cak&#039;ta deniz manzaral\u0131 daireler - Properties in Alanya.\" \/>\n<meta property=\"og:description\" content=\"Alanya, Karg\u0131cak&#039;ta deniz manzaral\u0131 daireler - Properties in Alanya.\" \/>\n<meta property=\"og:url\" content=\"https:\/\/www.alanyaproperties.com\/tr\/property\/alanya-kargicakta-deniz-manzarali-daireler\/\" \/>\n<meta property=\"og:site_name\" content=\"Properties in Alanya.\" \/>\n<meta property=\"article:publisher\" content=\"https:\/\/www.facebook.com\/alanyaproperties\/\" \/>\n<meta property=\"article:modified_time\" content=\"2019-12-18T08:05:04+00:00\" \/>\n<meta property=\"og:image\" content=\"https:\/\/www.alanyaproperties.com\/wp-content\/uploads\/2017\/02\/1-34-1024x678.jpg\" \/>\n\t<meta property=\"og:image:width\" content=\"1024\" \/>\n\t<meta property=\"og:image:height\" content=\"678\" \/>\n\t<meta property=\"og:image:type\" content=\"image\/jpeg\" \/>\n<meta name=\"twitter:card\" content=\"summary_large_image\" \/>\n<meta name=\"twitter:site\" content=\"@alanyapro\" \/>\n<meta name=\"twitter:label1\" content=\"Tahmini okuma s\u00fcresi\" \/>\n\t<meta name=\"twitter:data1\" content=\"1 dakika\" \/>\n<script type=\"application\/ld+json\" class=\"yoast-schema-graph\">{\"@context\":\"https:\/\/schema.org\",\"@graph\":[{\"@type\":\"WebPage\",\"@id\":\"https:\/\/www.alanyaproperties.com\/tr\/property\/alanya-kargicakta-deniz-manzarali-daireler\/\",\"url\":\"https:\/\/www.alanyaproperties.com\/tr\/property\/alanya-kargicakta-deniz-manzarali-daireler\/\",\"name\":\"Alanya, Karg\u0131cak'ta deniz manzaral\u0131 daireler - Properties in Alanya.\",\"isPartOf\":{\"@id\":\"https:\/\/www.alanyaproperties.com\/tr\/#website\"},\"primaryImageOfPage\":{\"@id\":\"https:\/\/www.alanyaproperties.com\/tr\/property\/alanya-kargicakta-deniz-manzarali-daireler\/#primaryimage\"},\"image\":{\"@id\":\"https:\/\/www.alanyaproperties.com\/tr\/property\/alanya-kargicakta-deniz-manzarali-daireler\/#primaryimage\"},\"thumbnailUrl\":\"https:\/\/i0.wp.com\/www.alanyaproperties.com\/wp-content\/uploads\/2017\/02\/WhatsApp-Image-2022-08-09-at-10.15.02-1.jpeg?fit=1087%2C722&ssl=1\",\"datePublished\":\"2017-02-28T06:21:05+00:00\",\"dateModified\":\"2019-12-18T08:05:04+00:00\",\"description\":\"Alanya, Karg\u0131cak'ta deniz manzaral\u0131 daireler - Properties in Alanya.\",\"breadcrumb\":{\"@id\":\"https:\/\/www.alanyaproperties.com\/tr\/property\/alanya-kargicakta-deniz-manzarali-daireler\/#breadcrumb\"},\"inLanguage\":\"tr\",\"potentialAction\":[{\"@type\":\"ReadAction\",\"target\":[\"https:\/\/www.alanyaproperties.com\/tr\/property\/alanya-kargicakta-deniz-manzarali-daireler\/\"]}]},{\"@type\":\"ImageObject\",\"inLanguage\":\"tr\",\"@id\":\"https:\/\/www.alanyaproperties.com\/tr\/property\/alanya-kargicakta-deniz-manzarali-daireler\/#primaryimage\",\"url\":\"https:\/\/i0.wp.com\/www.alanyaproperties.com\/wp-content\/uploads\/2017\/02\/WhatsApp-Image-2022-08-09-at-10.15.02-1.jpeg?fit=1087%2C722&ssl=1\",\"contentUrl\":\"https:\/\/i0.wp.com\/www.alanyaproperties.com\/wp-content\/uploads\/2017\/02\/WhatsApp-Image-2022-08-09-at-10.15.02-1.jpeg?fit=1087%2C722&ssl=1\",\"width\":1087,\"height\":722},{\"@type\":\"BreadcrumbList\",\"@id\":\"https:\/\/www.alanyaproperties.com\/tr\/property\/alanya-kargicakta-deniz-manzarali-daireler\/#breadcrumb\",\"itemListElement\":[{\"@type\":\"ListItem\",\"position\":1,\"name\":\"Home\",\"item\":\"https:\/\/www.alanyaproperties.com\/tr\/\"},{\"@type\":\"ListItem\",\"position\":2,\"name\":\"\u00d6zellikleri\",\"item\":\"https:\/\/www.alanyaproperties.com\/tr\/property\/\"},{\"@type\":\"ListItem\",\"position\":3,\"name\":\"Alanya, Karg\u0131cak&#8217;ta deniz manzaral\u0131 daireler\"}]},{\"@type\":\"WebSite\",\"@id\":\"https:\/\/www.alanyaproperties.com\/tr\/#website\",\"url\":\"https:\/\/www.alanyaproperties.com\/tr\/\",\"name\":\"Properties in Alanya.\",\"description\":\"Alanya Emlak Daire, Villa, Arsa  |  Alanya Properties\",\"publisher\":{\"@id\":\"https:\/\/www.alanyaproperties.com\/tr\/#organization\"},\"potentialAction\":[{\"@type\":\"SearchAction\",\"target\":{\"@type\":\"EntryPoint\",\"urlTemplate\":\"https:\/\/www.alanyaproperties.com\/tr\/?s={search_term_string}\"},\"query-input\":\"required name=search_term_string\"}],\"inLanguage\":\"tr\"},{\"@type\":\"Organization\",\"@id\":\"https:\/\/www.alanyaproperties.com\/tr\/#organization\",\"name\":\"Alanya Properties\",\"url\":\"https:\/\/www.alanyaproperties.com\/tr\/\",\"logo\":{\"@type\":\"ImageObject\",\"inLanguage\":\"tr\",\"@id\":\"https:\/\/www.alanyaproperties.com\/tr\/#\/schema\/logo\/image\/\",\"url\":\"https:\/\/i0.wp.com\/www.alanyaproperties.com\/wp-content\/uploads\/2017\/06\/alanya-properties-logo-180to.png?fit=180%2C81&ssl=1\",\"contentUrl\":\"https:\/\/i0.wp.com\/www.alanyaproperties.com\/wp-content\/uploads\/2017\/06\/alanya-properties-logo-180to.png?fit=180%2C81&ssl=1\",\"width\":180,\"height\":81,\"caption\":\"Alanya Properties\"},\"image\":{\"@id\":\"https:\/\/www.alanyaproperties.com\/tr\/#\/schema\/logo\/image\/\"},\"sameAs\":[\"https:\/\/www.facebook.com\/alanyaproperties\/\",\"https:\/\/x.com\/alanyapro\",\"https:\/\/www.instagram.com\/alanyaproperties\/\",\"https:\/\/www.youtube.com\/c\/AlanyaProperties\"]}]}<\/script>\n<!-- \/ Yoast SEO plugin. -->","yoast_head_json":{"title":"Alanya, Karg\u0131cak'ta deniz manzaral\u0131 daireler - Properties in Alanya.","description":"Alanya, Karg\u0131cak'ta deniz manzaral\u0131 daireler - Properties in Alanya.","robots":{"index":"index","follow":"follow","max-snippet":"max-snippet:-1","max-image-preview":"max-image-preview:large","max-video-preview":"max-video-preview:-1"},"canonical":"https:\/\/www.alanyaproperties.com\/tr\/property\/alanya-kargicakta-deniz-manzarali-daireler\/","og_locale":"tr_TR","og_type":"article","og_title":"Alanya, Karg\u0131cak'ta deniz manzaral\u0131 daireler - Properties in Alanya.","og_description":"Alanya, Karg\u0131cak'ta deniz manzaral\u0131 daireler - Properties in Alanya.","og_url":"https:\/\/www.alanyaproperties.com\/tr\/property\/alanya-kargicakta-deniz-manzarali-daireler\/","og_site_name":"Properties in Alanya.","article_publisher":"https:\/\/www.facebook.com\/alanyaproperties\/","article_modified_time":"2019-12-18T08:05:04+00:00","og_image":[{"width":1024,"height":678,"url":"https:\/\/www.alanyaproperties.com\/wp-content\/uploads\/2017\/02\/1-34-1024x678.jpg","type":"image\/jpeg"}],"twitter_card":"summary_large_image","twitter_site":"@alanyapro","twitter_misc":{"Tahmini okuma s\u00fcresi":"1 dakika"},"schema":{"@context":"https:\/\/schema.org","@graph":[{"@type":"WebPage","@id":"https:\/\/www.alanyaproperties.com\/tr\/property\/alanya-kargicakta-deniz-manzarali-daireler\/","url":"https:\/\/www.alanyaproperties.com\/tr\/property\/alanya-kargicakta-deniz-manzarali-daireler\/","name":"Alanya, Karg\u0131cak'ta deniz manzaral\u0131 daireler - Properties in Alanya.","isPartOf":{"@id":"https:\/\/www.alanyaproperties.com\/tr\/#website"},"primaryImageOfPage":{"@id":"https:\/\/www.alanyaproperties.com\/tr\/property\/alanya-kargicakta-deniz-manzarali-daireler\/#primaryimage"},"image":{"@id":"https:\/\/www.alanyaproperties.com\/tr\/property\/alanya-kargicakta-deniz-manzarali-daireler\/#primaryimage"},"thumbnailUrl":"https:\/\/i0.wp.com\/www.alanyaproperties.com\/wp-content\/uploads\/2017\/02\/WhatsApp-Image-2022-08-09-at-10.15.02-1.jpeg?fit=1087%2C722&ssl=1","datePublished":"2017-02-28T06:21:05+00:00","dateModified":"2019-12-18T08:05:04+00:00","description":"Alanya, Karg\u0131cak'ta deniz manzaral\u0131 daireler - Properties in Alanya.","breadcrumb":{"@id":"https:\/\/www.alanyaproperties.com\/tr\/property\/alanya-kargicakta-deniz-manzarali-daireler\/#breadcrumb"},"inLanguage":"tr","potentialAction":[{"@type":"ReadAction","target":["https:\/\/www.alanyaproperties.com\/tr\/property\/alanya-kargicakta-deniz-manzarali-daireler\/"]}]},{"@type":"ImageObject","inLanguage":"tr","@id":"https:\/\/www.alanyaproperties.com\/tr\/property\/alanya-kargicakta-deniz-manzarali-daireler\/#primaryimage","url":"https:\/\/i0.wp.com\/www.alanyaproperties.com\/wp-content\/uploads\/2017\/02\/WhatsApp-Image-2022-08-09-at-10.15.02-1.jpeg?fit=1087%2C722&ssl=1","contentUrl":"https:\/\/i0.wp.com\/www.alanyaproperties.com\/wp-content\/uploads\/2017\/02\/WhatsApp-Image-2022-08-09-at-10.15.02-1.jpeg?fit=1087%2C722&ssl=1","width":1087,"height":722},{"@type":"BreadcrumbList","@id":"https:\/\/www.alanyaproperties.com\/tr\/property\/alanya-kargicakta-deniz-manzarali-daireler\/#breadcrumb","itemListElement":[{"@type":"ListItem","position":1,"name":"Home","item":"https:\/\/www.alanyaproperties.com\/tr\/"},{"@type":"ListItem","position":2,"name":"\u00d6zellikleri","item":"https:\/\/www.alanyaproperties.com\/tr\/property\/"},{"@type":"ListItem","position":3,"name":"Alanya, Karg\u0131cak&#8217;ta deniz manzaral\u0131 daireler"}]},{"@type":"WebSite","@id":"https:\/\/www.alanyaproperties.com\/tr\/#website","url":"https:\/\/www.alanyaproperties.com\/tr\/","name":"Properties in Alanya.","description":"Alanya Emlak Daire, Villa, Arsa  |  Alanya Properties","publisher":{"@id":"https:\/\/www.alanyaproperties.com\/tr\/#organization"},"potentialAction":[{"@type":"SearchAction","target":{"@type":"EntryPoint","urlTemplate":"https:\/\/www.alanyaproperties.com\/tr\/?s={search_term_string}"},"query-input":"required name=search_term_string"}],"inLanguage":"tr"},{"@type":"Organization","@id":"https:\/\/www.alanyaproperties.com\/tr\/#organization","name":"Alanya Properties","url":"https:\/\/www.alanyaproperties.com\/tr\/","logo":{"@type":"ImageObject","inLanguage":"tr","@id":"https:\/\/www.alanyaproperties.com\/tr\/#\/schema\/logo\/image\/","url":"https:\/\/i0.wp.com\/www.alanyaproperties.com\/wp-content\/uploads\/2017\/06\/alanya-properties-logo-180to.png?fit=180%2C81&ssl=1","contentUrl":"https:\/\/i0.wp.com\/www.alanyaproperties.com\/wp-content\/uploads\/2017\/06\/alanya-properties-logo-180to.png?fit=180%2C81&ssl=1","width":180,"height":81,"caption":"Alanya Properties"},"image":{"@id":"https:\/\/www.alanyaproperties.com\/tr\/#\/schema\/logo\/image\/"},"sameAs":["https:\/\/www.facebook.com\/alanyaproperties\/","https:\/\/x.com\/alanyapro","https:\/\/www.instagram.com\/alanyaproperties\/","https:\/\/www.youtube.com\/c\/AlanyaProperties"]}]}},"jetpack_sharing_enabled":true,"_links":{"self":[{"href":"https:\/\/www.alanyaproperties.com\/tr\/wp-json\/wp\/v2\/properties\/165691"}],"collection":[{"href":"https:\/\/www.alanyaproperties.com\/tr\/wp-json\/wp\/v2\/properties"}],"about":[{"href":"https:\/\/www.alanyaproperties.com\/tr\/wp-json\/wp\/v2\/types\/property"}],"author":[{"embeddable":true,"href":"https:\/\/www.alanyaproperties.com\/tr\/wp-json\/wp\/v2\/users\/33"}],"version-history":[{"count":0,"href":"https:\/\/www.alanyaproperties.com\/tr\/wp-json\/wp\/v2\/properties\/165691\/revisions"}],"wp:featuredmedia":[{"embeddable":true,"href":"https:\/\/www.alanyaproperties.com\/tr\/wp-json\/wp\/v2\/media\/321053"}],"wp:attachment":[{"href":"https:\/\/www.alanyaproperties.com\/tr\/wp-json\/wp\/v2\/media?parent=165691"}],"wp:term":[{"taxonomy":"property_type","embeddable":true,"href":"https:\/\/www.alanyaproperties.com\/tr\/wp-json\/wp\/v2\/property_type?post=165691"},{"taxonomy":"property_status","embeddable":true,"href":"https:\/\/www.alanyaproperties.com\/tr\/wp-json\/wp\/v2\/property_status?post=165691"},{"taxonomy":"property_feature","embeddable":true,"href":"https:\/\/www.alanyaproperties.com\/tr\/wp-json\/wp\/v2\/property_feature?post=165691"},{"taxonomy":"property_label","embeddable":true,"href":"https:\/\/www.alanyaproperties.com\/tr\/wp-json\/wp\/v2\/property_label?post=165691"},{"taxonomy":"property_city","embeddable":true,"href":"https:\/\/www.alanyaproperties.com\/tr\/wp-json\/wp\/v2\/property_city?post=165691"},{"taxonomy":"property_area","embeddable":true,"href":"https:\/\/www.alanyaproperties.com\/tr\/wp-json\/wp\/v2\/property_area?post=165691"},{"taxonomy":"property_state","embeddable":true,"href":"https:\/\/www.alanyaproperties.com\/tr\/wp-json\/wp\/v2\/property_state?post=165691"}],"curies":[{"name":"wp","href":"https:\/\/api.w.org\/{rel}","templated":true}]}}