{"id":152711,"date":"2019-01-09T08:03:22","date_gmt":"2019-01-09T08:03:22","guid":{"rendered":"http:\/\/www.alanyaproperties.com\/property\/apartments-for-sale-in-alanya-kargicak\/"},"modified":"2020-10-10T10:47:49","modified_gmt":"2020-10-10T10:47:49","slug":"alanya-kargicakta-sessiz-sakin-ve-huzurlu-bir-yasam","status":"publish","type":"property","link":"https:\/\/www.alanyaproperties.com\/tr\/property\/alanya-kargicakta-sessiz-sakin-ve-huzurlu-bir-yasam\/","title":{"rendered":"Alanya Karg\u0131cak&#8217;ta sessiz sakin ve huzurlu bir ya\u015fam"},"content":{"rendered":"<p><strong>Alanya Karg\u0131cak&#8217;ta sessiz sakin ve huzurlu bir ya\u015fam <\/strong><\/p>\n<p>Bu l\u00fcks sitenin\u00a0 i\u00e7inde hareket etti\u011finiz andan itibaren \u201c5 Y\u0131ld\u0131zl\u0131 L\u00fcks Ya\u015fam\u201da giriyorsunuz.<\/p>\n<p>Bu site, l\u00fcks konutlardan bir araya getirilen 5 y\u0131ld\u0131zl\u0131 bir otelden olu\u015fmaktad\u0131r.<\/p>\n<p>T\u00fcm daireler, masmavi deniz manzaras\u0131na\u00a0 ve nefes kesici Toros Da\u011flar\u0131&#8217;na bakan panoramik ve muhte\u015fem manzaralara sahiptir.<\/p>\n<p>Burada bir m\u00fclk sat\u0131n ald\u0131\u011f\u0131n\u0131zda, yaln\u0131zca \u015fimdi ve gelecek i\u00e7in m\u00fckemmel bir yat\u0131r\u0131m elde etmekle kalmazs\u0131n\u0131z, aileniz ve arkada\u015flar\u0131n\u0131zla hayat\u0131n\u0131z\u0131 5 y\u0131ld\u0131zl\u0131 bir otel konforunda ya\u015fayacaks\u0131n\u0131z. Site i\u00e7erisinde s\u0131k\u0131lmadan vakit ge\u00e7irece\u011finiz , kalabal\u0131k ve g\u00fcr\u00fclt\u00fcden uzakta , do\u011fayla i\u00e7 i\u00e7e huzurlu bir ya\u015fam\u0131n kap\u0131lar\u0131 bu yeni ve modern sitemizde .<\/p>\n<p>Bu site de st\u00fcdyo daireler, 1+1 , 2+1 ve 3+1 dairelerimiz vard\u0131r.<\/p>\n<p>\u0130ste\u011fe ba\u011fl\u0131 olarak, buradan alm\u0131\u015f oldu\u011funuz daireyi kiralayarak gelir elde edebilirsiniz ya da bu dairede huzurlu bir ya\u015fam s\u00fcrd\u00fcrebilirsiniz.<\/p>\n<p>T\u00fcm banyolarda yerden \u0131s\u0131tma sistemi vard\u0131r.<\/p>\n<p>Beyaz e\u015fyalar fiyata dahildir.<\/p>\n<p>B\u00fcy\u00fck y\u00fczme havuzu, \u00e7ocuk havuzu, su kayd\u0131raklar\u0131, sa\u011fl\u0131k ve spor aktiviteleri ile\u00a0 keyifli zamanlar ge\u00e7irebilece\u011finiz \u00e7ok daha fazla sosyal alana sahiptir.<\/p>\n<p>Bu sitemizin\u00a0 al\u0131\u015fveri\u015f merkezlerine, e\u011flence merkezlerine , e\u011fitim kurumlar\u0131, sa\u011fl\u0131k oca\u011f\u0131 , hastaneler, eczane , marketler , restaurantlar , cafeler ve ihtiyac\u0131n\u0131z olabilecek \u00e7ok daha fazla imkana\u00a0 yak\u0131n mesafededir.<\/p>\n<ul>\n<li><a href=\"http:\/\/www.alanyaproperties.com\/tr\/turkiye\/gazipasa\/\">Gazipa\u015fa<\/a> Uluslararas\u0131 Havaalan\u0131na sadece 25 km,<\/li>\n<li><a href=\"http:\/\/www.alanyaproperties.com\/tr\/genel-bilgiler\/antalya\/\"> Antalya<\/a> Havaalan\u0131na sadece 130 km.<\/li>\n<\/ul>\n<p><em><strong>Alanya&#8217;daki evler ile\u00a0 ilgili daha fazla bilgi ve detay i\u00e7in bizimle ileti\u015fime ge\u00e7in,<\/strong><\/em> <a href=\"http:\/\/www.alanyaproperties.com\/tr\/genel-bilgiler\/turkiye\/\">Alanya Properties.<\/a><\/p>\n<p>&nbsp;<\/p>\n","protected":false},"excerpt":{"rendered":"<p>Alanya Karg\u0131cak&#8217;ta sessiz sakin ve huzurlu bir ya\u015fam Bu l\u00fcks sitenin\u00a0 i\u00e7inde hareket etti\u011finiz andan itibaren \u201c5 Y\u0131ld\u0131zl\u0131 L\u00fcks Ya\u015fam\u201da giriyorsunuz. Bu site, l\u00fcks konutlardan bir araya getirilen 5 y\u0131ld\u0131zl\u0131 bir otelden olu\u015fmaktad\u0131r. T\u00fcm daireler, masmavi deniz manzaras\u0131na\u00a0 ve nefes kesici Toros Da\u011flar\u0131&#8217;na bakan panoramik ve muhte\u015fem manzaralara sahiptir. Burada bir m\u00fclk sat\u0131n ald\u0131\u011f\u0131n\u0131zda, yaln\u0131zca [&hellip;]<\/p>\n","protected":false},"author":33,"featured_media":189081,"parent":0,"menu_order":0,"template":"","property_type":[2967],"property_status":[2959],"property_feature":[2955,3404,2991,2980,2977,2978,3390,2970,3391,2971,2988,3412,3003,4327,2973,3394,2987,2950,3780,2979,2957,3004,3392,2952,2990,2949,3410,3407,2981,2982,3397,3411,2993,2983,3393,2976,2953,2986,2954,2974,2975,2972,2958],"property_label":[],"property_city":[2960,2961],"property_area":[2962,2965,2963,2964],"property_state":[2966],"yoast_head":"<!-- This site is optimized with the Yoast SEO plugin v22.6 - https:\/\/yoast.com\/wordpress\/plugins\/seo\/ -->\n<title>Alanya Karg\u0131cak&#039;ta sessiz sakin ve huzurlu bir ya\u015fam - Properties in Alanya.<\/title>\n<meta name=\"description\" content=\"Alanya Karg\u0131cak&#039;ta sessiz sakin ve huzurlu bir ya\u015fam - Properties in Alanya.\" \/>\n<meta name=\"robots\" content=\"index, follow, max-snippet:-1, max-image-preview:large, max-video-preview:-1\" \/>\n<link rel=\"canonical\" href=\"https:\/\/www.alanyaproperties.com\/tr\/property\/alanya-kargicakta-sessiz-sakin-ve-huzurlu-bir-yasam\/\" \/>\n<meta property=\"og:locale\" content=\"tr_TR\" \/>\n<meta property=\"og:type\" content=\"article\" \/>\n<meta property=\"og:title\" content=\"Alanya Karg\u0131cak&#039;ta sessiz sakin ve huzurlu bir ya\u015fam - Properties in Alanya.\" \/>\n<meta property=\"og:description\" content=\"Alanya Karg\u0131cak&#039;ta sessiz sakin ve huzurlu bir ya\u015fam - Properties in Alanya.\" \/>\n<meta property=\"og:url\" content=\"https:\/\/www.alanyaproperties.com\/tr\/property\/alanya-kargicakta-sessiz-sakin-ve-huzurlu-bir-yasam\/\" \/>\n<meta property=\"og:site_name\" content=\"Properties in Alanya.\" \/>\n<meta property=\"article:publisher\" content=\"https:\/\/www.facebook.com\/alanyaproperties\/\" \/>\n<meta property=\"article:modified_time\" content=\"2020-10-10T10:47:49+00:00\" \/>\n<meta property=\"og:image\" content=\"https:\/\/www.alanyaproperties.com\/wp-content\/uploads\/2019\/01\/WhatsApp-Image-2020-05-13-at-16.23.14.jpeg\" \/>\n\t<meta property=\"og:image:width\" content=\"1600\" \/>\n\t<meta property=\"og:image:height\" content=\"1200\" \/>\n\t<meta property=\"og:image:type\" content=\"image\/jpeg\" \/>\n<meta name=\"twitter:card\" content=\"summary_large_image\" \/>\n<meta name=\"twitter:site\" content=\"@alanyapro\" \/>\n<meta name=\"twitter:label1\" content=\"Tahmini okuma s\u00fcresi\" \/>\n\t<meta name=\"twitter:data1\" content=\"1 dakika\" \/>\n<script type=\"application\/ld+json\" class=\"yoast-schema-graph\">{\"@context\":\"https:\/\/schema.org\",\"@graph\":[{\"@type\":\"WebPage\",\"@id\":\"https:\/\/www.alanyaproperties.com\/tr\/property\/alanya-kargicakta-sessiz-sakin-ve-huzurlu-bir-yasam\/\",\"url\":\"https:\/\/www.alanyaproperties.com\/tr\/property\/alanya-kargicakta-sessiz-sakin-ve-huzurlu-bir-yasam\/\",\"name\":\"Alanya Karg\u0131cak'ta sessiz sakin ve huzurlu bir ya\u015fam - Properties in Alanya.\",\"isPartOf\":{\"@id\":\"https:\/\/www.alanyaproperties.com\/tr\/#website\"},\"primaryImageOfPage\":{\"@id\":\"https:\/\/www.alanyaproperties.com\/tr\/property\/alanya-kargicakta-sessiz-sakin-ve-huzurlu-bir-yasam\/#primaryimage\"},\"image\":{\"@id\":\"https:\/\/www.alanyaproperties.com\/tr\/property\/alanya-kargicakta-sessiz-sakin-ve-huzurlu-bir-yasam\/#primaryimage\"},\"thumbnailUrl\":\"https:\/\/i0.wp.com\/www.alanyaproperties.com\/wp-content\/uploads\/2019\/01\/WhatsApp-Image-2020-05-13-at-16.23.14.jpeg?fit=1600%2C1200&ssl=1\",\"datePublished\":\"2019-01-09T08:03:22+00:00\",\"dateModified\":\"2020-10-10T10:47:49+00:00\",\"description\":\"Alanya Karg\u0131cak'ta sessiz sakin ve huzurlu bir ya\u015fam - Properties in Alanya.\",\"breadcrumb\":{\"@id\":\"https:\/\/www.alanyaproperties.com\/tr\/property\/alanya-kargicakta-sessiz-sakin-ve-huzurlu-bir-yasam\/#breadcrumb\"},\"inLanguage\":\"tr\",\"potentialAction\":[{\"@type\":\"ReadAction\",\"target\":[\"https:\/\/www.alanyaproperties.com\/tr\/property\/alanya-kargicakta-sessiz-sakin-ve-huzurlu-bir-yasam\/\"]}]},{\"@type\":\"ImageObject\",\"inLanguage\":\"tr\",\"@id\":\"https:\/\/www.alanyaproperties.com\/tr\/property\/alanya-kargicakta-sessiz-sakin-ve-huzurlu-bir-yasam\/#primaryimage\",\"url\":\"https:\/\/i0.wp.com\/www.alanyaproperties.com\/wp-content\/uploads\/2019\/01\/WhatsApp-Image-2020-05-13-at-16.23.14.jpeg?fit=1600%2C1200&ssl=1\",\"contentUrl\":\"https:\/\/i0.wp.com\/www.alanyaproperties.com\/wp-content\/uploads\/2019\/01\/WhatsApp-Image-2020-05-13-at-16.23.14.jpeg?fit=1600%2C1200&ssl=1\",\"width\":1600,\"height\":1200},{\"@type\":\"BreadcrumbList\",\"@id\":\"https:\/\/www.alanyaproperties.com\/tr\/property\/alanya-kargicakta-sessiz-sakin-ve-huzurlu-bir-yasam\/#breadcrumb\",\"itemListElement\":[{\"@type\":\"ListItem\",\"position\":1,\"name\":\"Home\",\"item\":\"https:\/\/www.alanyaproperties.com\/tr\/\"},{\"@type\":\"ListItem\",\"position\":2,\"name\":\"\u00d6zellikleri\",\"item\":\"https:\/\/www.alanyaproperties.com\/tr\/property\/\"},{\"@type\":\"ListItem\",\"position\":3,\"name\":\"Alanya Karg\u0131cak&#8217;ta sessiz sakin ve huzurlu bir ya\u015fam\"}]},{\"@type\":\"WebSite\",\"@id\":\"https:\/\/www.alanyaproperties.com\/tr\/#website\",\"url\":\"https:\/\/www.alanyaproperties.com\/tr\/\",\"name\":\"Properties in Alanya.\",\"description\":\"Alanya Emlak Daire, Villa, Arsa  |  Alanya Properties\",\"publisher\":{\"@id\":\"https:\/\/www.alanyaproperties.com\/tr\/#organization\"},\"potentialAction\":[{\"@type\":\"SearchAction\",\"target\":{\"@type\":\"EntryPoint\",\"urlTemplate\":\"https:\/\/www.alanyaproperties.com\/tr\/?s={search_term_string}\"},\"query-input\":\"required name=search_term_string\"}],\"inLanguage\":\"tr\"},{\"@type\":\"Organization\",\"@id\":\"https:\/\/www.alanyaproperties.com\/tr\/#organization\",\"name\":\"Alanya Properties\",\"url\":\"https:\/\/www.alanyaproperties.com\/tr\/\",\"logo\":{\"@type\":\"ImageObject\",\"inLanguage\":\"tr\",\"@id\":\"https:\/\/www.alanyaproperties.com\/tr\/#\/schema\/logo\/image\/\",\"url\":\"https:\/\/i0.wp.com\/www.alanyaproperties.com\/wp-content\/uploads\/2017\/06\/alanya-properties-logo-180to.png?fit=180%2C81&ssl=1\",\"contentUrl\":\"https:\/\/i0.wp.com\/www.alanyaproperties.com\/wp-content\/uploads\/2017\/06\/alanya-properties-logo-180to.png?fit=180%2C81&ssl=1\",\"width\":180,\"height\":81,\"caption\":\"Alanya Properties\"},\"image\":{\"@id\":\"https:\/\/www.alanyaproperties.com\/tr\/#\/schema\/logo\/image\/\"},\"sameAs\":[\"https:\/\/www.facebook.com\/alanyaproperties\/\",\"https:\/\/x.com\/alanyapro\",\"https:\/\/www.instagram.com\/alanyaproperties\/\",\"https:\/\/www.youtube.com\/c\/AlanyaProperties\"]}]}<\/script>\n<!-- \/ Yoast SEO plugin. -->","yoast_head_json":{"title":"Alanya Karg\u0131cak'ta sessiz sakin ve huzurlu bir ya\u015fam - Properties in Alanya.","description":"Alanya Karg\u0131cak'ta sessiz sakin ve huzurlu bir ya\u015fam - Properties in Alanya.","robots":{"index":"index","follow":"follow","max-snippet":"max-snippet:-1","max-image-preview":"max-image-preview:large","max-video-preview":"max-video-preview:-1"},"canonical":"https:\/\/www.alanyaproperties.com\/tr\/property\/alanya-kargicakta-sessiz-sakin-ve-huzurlu-bir-yasam\/","og_locale":"tr_TR","og_type":"article","og_title":"Alanya Karg\u0131cak'ta sessiz sakin ve huzurlu bir ya\u015fam - Properties in Alanya.","og_description":"Alanya Karg\u0131cak'ta sessiz sakin ve huzurlu bir ya\u015fam - Properties in Alanya.","og_url":"https:\/\/www.alanyaproperties.com\/tr\/property\/alanya-kargicakta-sessiz-sakin-ve-huzurlu-bir-yasam\/","og_site_name":"Properties in Alanya.","article_publisher":"https:\/\/www.facebook.com\/alanyaproperties\/","article_modified_time":"2020-10-10T10:47:49+00:00","og_image":[{"width":1600,"height":1200,"url":"https:\/\/www.alanyaproperties.com\/wp-content\/uploads\/2019\/01\/WhatsApp-Image-2020-05-13-at-16.23.14.jpeg","type":"image\/jpeg"}],"twitter_card":"summary_large_image","twitter_site":"@alanyapro","twitter_misc":{"Tahmini okuma s\u00fcresi":"1 dakika"},"schema":{"@context":"https:\/\/schema.org","@graph":[{"@type":"WebPage","@id":"https:\/\/www.alanyaproperties.com\/tr\/property\/alanya-kargicakta-sessiz-sakin-ve-huzurlu-bir-yasam\/","url":"https:\/\/www.alanyaproperties.com\/tr\/property\/alanya-kargicakta-sessiz-sakin-ve-huzurlu-bir-yasam\/","name":"Alanya Karg\u0131cak'ta sessiz sakin ve huzurlu bir ya\u015fam - Properties in Alanya.","isPartOf":{"@id":"https:\/\/www.alanyaproperties.com\/tr\/#website"},"primaryImageOfPage":{"@id":"https:\/\/www.alanyaproperties.com\/tr\/property\/alanya-kargicakta-sessiz-sakin-ve-huzurlu-bir-yasam\/#primaryimage"},"image":{"@id":"https:\/\/www.alanyaproperties.com\/tr\/property\/alanya-kargicakta-sessiz-sakin-ve-huzurlu-bir-yasam\/#primaryimage"},"thumbnailUrl":"https:\/\/i0.wp.com\/www.alanyaproperties.com\/wp-content\/uploads\/2019\/01\/WhatsApp-Image-2020-05-13-at-16.23.14.jpeg?fit=1600%2C1200&ssl=1","datePublished":"2019-01-09T08:03:22+00:00","dateModified":"2020-10-10T10:47:49+00:00","description":"Alanya Karg\u0131cak'ta sessiz sakin ve huzurlu bir ya\u015fam - Properties in Alanya.","breadcrumb":{"@id":"https:\/\/www.alanyaproperties.com\/tr\/property\/alanya-kargicakta-sessiz-sakin-ve-huzurlu-bir-yasam\/#breadcrumb"},"inLanguage":"tr","potentialAction":[{"@type":"ReadAction","target":["https:\/\/www.alanyaproperties.com\/tr\/property\/alanya-kargicakta-sessiz-sakin-ve-huzurlu-bir-yasam\/"]}]},{"@type":"ImageObject","inLanguage":"tr","@id":"https:\/\/www.alanyaproperties.com\/tr\/property\/alanya-kargicakta-sessiz-sakin-ve-huzurlu-bir-yasam\/#primaryimage","url":"https:\/\/i0.wp.com\/www.alanyaproperties.com\/wp-content\/uploads\/2019\/01\/WhatsApp-Image-2020-05-13-at-16.23.14.jpeg?fit=1600%2C1200&ssl=1","contentUrl":"https:\/\/i0.wp.com\/www.alanyaproperties.com\/wp-content\/uploads\/2019\/01\/WhatsApp-Image-2020-05-13-at-16.23.14.jpeg?fit=1600%2C1200&ssl=1","width":1600,"height":1200},{"@type":"BreadcrumbList","@id":"https:\/\/www.alanyaproperties.com\/tr\/property\/alanya-kargicakta-sessiz-sakin-ve-huzurlu-bir-yasam\/#breadcrumb","itemListElement":[{"@type":"ListItem","position":1,"name":"Home","item":"https:\/\/www.alanyaproperties.com\/tr\/"},{"@type":"ListItem","position":2,"name":"\u00d6zellikleri","item":"https:\/\/www.alanyaproperties.com\/tr\/property\/"},{"@type":"ListItem","position":3,"name":"Alanya Karg\u0131cak&#8217;ta sessiz sakin ve huzurlu bir ya\u015fam"}]},{"@type":"WebSite","@id":"https:\/\/www.alanyaproperties.com\/tr\/#website","url":"https:\/\/www.alanyaproperties.com\/tr\/","name":"Properties in Alanya.","description":"Alanya Emlak Daire, Villa, Arsa  |  Alanya Properties","publisher":{"@id":"https:\/\/www.alanyaproperties.com\/tr\/#organization"},"potentialAction":[{"@type":"SearchAction","target":{"@type":"EntryPoint","urlTemplate":"https:\/\/www.alanyaproperties.com\/tr\/?s={search_term_string}"},"query-input":"required name=search_term_string"}],"inLanguage":"tr"},{"@type":"Organization","@id":"https:\/\/www.alanyaproperties.com\/tr\/#organization","name":"Alanya Properties","url":"https:\/\/www.alanyaproperties.com\/tr\/","logo":{"@type":"ImageObject","inLanguage":"tr","@id":"https:\/\/www.alanyaproperties.com\/tr\/#\/schema\/logo\/image\/","url":"https:\/\/i0.wp.com\/www.alanyaproperties.com\/wp-content\/uploads\/2017\/06\/alanya-properties-logo-180to.png?fit=180%2C81&ssl=1","contentUrl":"https:\/\/i0.wp.com\/www.alanyaproperties.com\/wp-content\/uploads\/2017\/06\/alanya-properties-logo-180to.png?fit=180%2C81&ssl=1","width":180,"height":81,"caption":"Alanya Properties"},"image":{"@id":"https:\/\/www.alanyaproperties.com\/tr\/#\/schema\/logo\/image\/"},"sameAs":["https:\/\/www.facebook.com\/alanyaproperties\/","https:\/\/x.com\/alanyapro","https:\/\/www.instagram.com\/alanyaproperties\/","https:\/\/www.youtube.com\/c\/AlanyaProperties"]}]}},"jetpack_sharing_enabled":true,"_links":{"self":[{"href":"https:\/\/www.alanyaproperties.com\/tr\/wp-json\/wp\/v2\/properties\/152711"}],"collection":[{"href":"https:\/\/www.alanyaproperties.com\/tr\/wp-json\/wp\/v2\/properties"}],"about":[{"href":"https:\/\/www.alanyaproperties.com\/tr\/wp-json\/wp\/v2\/types\/property"}],"author":[{"embeddable":true,"href":"https:\/\/www.alanyaproperties.com\/tr\/wp-json\/wp\/v2\/users\/33"}],"version-history":[{"count":0,"href":"https:\/\/www.alanyaproperties.com\/tr\/wp-json\/wp\/v2\/properties\/152711\/revisions"}],"wp:featuredmedia":[{"embeddable":true,"href":"https:\/\/www.alanyaproperties.com\/tr\/wp-json\/wp\/v2\/media\/189081"}],"wp:attachment":[{"href":"https:\/\/www.alanyaproperties.com\/tr\/wp-json\/wp\/v2\/media?parent=152711"}],"wp:term":[{"taxonomy":"property_type","embeddable":true,"href":"https:\/\/www.alanyaproperties.com\/tr\/wp-json\/wp\/v2\/property_type?post=152711"},{"taxonomy":"property_status","embeddable":true,"href":"https:\/\/www.alanyaproperties.com\/tr\/wp-json\/wp\/v2\/property_status?post=152711"},{"taxonomy":"property_feature","embeddable":true,"href":"https:\/\/www.alanyaproperties.com\/tr\/wp-json\/wp\/v2\/property_feature?post=152711"},{"taxonomy":"property_label","embeddable":true,"href":"https:\/\/www.alanyaproperties.com\/tr\/wp-json\/wp\/v2\/property_label?post=152711"},{"taxonomy":"property_city","embeddable":true,"href":"https:\/\/www.alanyaproperties.com\/tr\/wp-json\/wp\/v2\/property_city?post=152711"},{"taxonomy":"property_area","embeddable":true,"href":"https:\/\/www.alanyaproperties.com\/tr\/wp-json\/wp\/v2\/property_area?post=152711"},{"taxonomy":"property_state","embeddable":true,"href":"https:\/\/www.alanyaproperties.com\/tr\/wp-json\/wp\/v2\/property_state?post=152711"}],"curies":[{"name":"wp","href":"https:\/\/api.w.org\/{rel}","templated":true}]}}