{"id":426996,"date":"2025-11-15T10:26:35","date_gmt":"2025-11-15T10:26:35","guid":{"rendered":"https:\/\/www.alanyaproperties.com\/property\/luxury-flats-with-private-beach-in-altintas\/"},"modified":"2025-11-19T13:30:29","modified_gmt":"2025-11-19T13:30:29","slug":"luxe-appartementen-met-privestrand-in-altintas","status":"publish","type":"property","link":"https:\/\/www.alanyaproperties.com\/nl\/property\/luxe-appartementen-met-privestrand-in-altintas\/","title":{"rendered":"Luxe Appartementen met Priv\u00e9strand in Alt\u0131nta\u015f"},"content":{"rendered":"<div class=\"n4sEPd\">\n<div class=\"QFw9Te BLojaf\">\n<h4 class=\"NQSJo\">Luxe appartementen met Priv\u00e9strand in Alt\u0131nta\u015f<\/h4>\n<p>De Luxe Appartementen met Priv\u00e9strand in Alt\u0131nta\u015f, een snelgroeiend investeringsgebied in de wijk Aksu in<a href=\"https:\/\/www.alanyaproperties.com\/nl\/over-turkije\/turkije-informatie\/antalya\/\"> Antalya<\/a>. Het hoogtepunt van de regio is de aantrekkelijke ligging vlakbij het Lara-strand en de luchthaven. Alt\u0131nta\u015f is een van de snelst ontwikkelende gebieden in Turkije met de hoogste winstgevendheid.<\/p>\n<ul>\n<li>Het beroemde Lara-strand ligt op 5 km afstand van het complex en <a href=\"https:\/\/www.antalya-airport.aero\/homepage\">de luchthaven van Antalya<\/a> op slechts 4 km.<\/li>\n<li>Winkelcentra zoals Mall of Deepo, Agora en Ikea liggen eveneens op slechts 4 km afstand.<\/li>\n<\/ul>\n<p>Deze nieuwe appartementen zijn gelegen in een luxe complex met unieke architectuur.\u00a0 Gebouwd op een perceel van 10.155 m\u00b2 en bestaande uit 3 blokken van 5 verdiepingen met 331 appartementen.<\/p>\n<\/div>\n<\/div>\n<h4>Types Appartementen<\/h4>\n<ul>\n<li>1 slaapkamer van 90 m\u00b2 tot 160 m\u00b2 en omvatten : een woonkamer, een open keuken, 1 slaapkamer, 1 balkon of een duplex met een tuinterras of een dakterras.<\/li>\n<li>2 slaapkamers van 108 m\u00b2 tot 126 m\u00b2 en omvatten : een woonkamer, een open keuken, twee slaapkamers, een ensuite badkamer, een badkamer en een balkon of een tuinterras of een dakterras.<\/li>\n<\/ul>\n<p>Vloerverwarming in alle badkamers.<\/p>\n<h4>Het complex biedt een waaier van faciliteiten<\/h4>\n<p>Er zijn een binnen- en buitenzwembad, een fitnessruimte, een Turks stoombad, een sauna, een stoombad, een spa, een kinderspeelplaats, een barbecueplek en een speelkamer.<\/p>\n<ul>\n<li>Overdekte parkeergelegenheid en buitenparkeerplaats met een oplaadpunt voor elektrische voertuigen.<\/li>\n<li>Evenals een gratis pendeldienst naar de luchthaven, het strand en het winkelcentrum.<\/li>\n<\/ul>\n<h3 style=\"text-align: center;\"><\/h3>\n","protected":false},"excerpt":{"rendered":"<p>Luxe appartementen met Priv\u00e9strand in Alt\u0131nta\u015f De Luxe Appartementen met Priv\u00e9strand in Alt\u0131nta\u015f, een snelgroeiend investeringsgebied in de wijk Aksu in Antalya. Het hoogtepunt van de regio is de aantrekkelijke ligging vlakbij het Lara-strand en de luchthaven. Alt\u0131nta\u015f is een van de snelst ontwikkelende gebieden in Turkije met de hoogste winstgevendheid. Het beroemde Lara-strand ligt [&hellip;]<\/p>\n","protected":false},"author":31,"featured_media":426768,"parent":0,"menu_order":0,"template":"","property_type":[3329],"property_status":[3492],"property_feature":[],"property_label":[],"property_city":[4702,3765],"property_area":[3495,3496],"property_state":[3499],"yoast_head":"<!-- This site is optimized with the Yoast SEO plugin v22.6 - https:\/\/yoast.com\/wordpress\/plugins\/seo\/ -->\n<title>Luxe Appartementen met Priv\u00e9strand in Alt\u0131nta\u015f - Properties in Alanya.<\/title>\n<meta name=\"description\" content=\"Luxe Appartementen met Priv\u00e9strand in Alt\u0131nta\u015f,in de wijk Aksu in Antalya | Priv\u00e9strand | 5 km van de luchthaven van Antalya\" \/>\n<meta name=\"robots\" content=\"index, follow, max-snippet:-1, max-image-preview:large, max-video-preview:-1\" \/>\n<link rel=\"canonical\" href=\"https:\/\/www.alanyaproperties.com\/nl\/property\/luxe-appartementen-met-privestrand-in-altintas\/\" \/>\n<meta property=\"og:locale\" content=\"nl_NL\" \/>\n<meta property=\"og:type\" content=\"article\" \/>\n<meta property=\"og:title\" content=\"Luxe Appartementen met Priv\u00e9strand in Alt\u0131nta\u015f - Properties in Alanya.\" \/>\n<meta property=\"og:description\" content=\"Luxe Appartementen met Priv\u00e9strand in Alt\u0131nta\u015f,in de wijk Aksu in Antalya | Priv\u00e9strand | 5 km van de luchthaven van Antalya\" \/>\n<meta property=\"og:url\" content=\"https:\/\/www.alanyaproperties.com\/nl\/property\/luxe-appartementen-met-privestrand-in-altintas\/\" \/>\n<meta property=\"og:site_name\" content=\"Properties in Alanya.\" \/>\n<meta property=\"article:publisher\" content=\"https:\/\/www.facebook.com\/alanyaproperties\/\" \/>\n<meta property=\"article:modified_time\" content=\"2025-11-19T13:30:29+00:00\" \/>\n<meta property=\"og:image\" content=\"https:\/\/www.alanyaproperties.com\/wp-content\/uploads\/2025\/11\/APARTMENTS-FOR-SALE-IN-ANTALYA-10.jpg\" \/>\n\t<meta property=\"og:image:width\" content=\"1920\" \/>\n\t<meta property=\"og:image:height\" content=\"1080\" \/>\n\t<meta property=\"og:image:type\" content=\"image\/jpeg\" \/>\n<meta name=\"twitter:card\" content=\"summary_large_image\" \/>\n<meta name=\"twitter:site\" content=\"@alanyapro\" \/>\n<meta name=\"twitter:label1\" content=\"Geschatte leestijd\" \/>\n\t<meta name=\"twitter:data1\" content=\"2 minuten\" \/>\n<script type=\"application\/ld+json\" class=\"yoast-schema-graph\">{\"@context\":\"https:\/\/schema.org\",\"@graph\":[{\"@type\":\"WebPage\",\"@id\":\"https:\/\/www.alanyaproperties.com\/nl\/property\/luxe-appartementen-met-privestrand-in-altintas\/\",\"url\":\"https:\/\/www.alanyaproperties.com\/nl\/property\/luxe-appartementen-met-privestrand-in-altintas\/\",\"name\":\"Luxe Appartementen met Priv\u00e9strand in Alt\u0131nta\u015f - Properties in Alanya.\",\"isPartOf\":{\"@id\":\"https:\/\/www.alanyaproperties.com\/nl\/#website\"},\"primaryImageOfPage\":{\"@id\":\"https:\/\/www.alanyaproperties.com\/nl\/property\/luxe-appartementen-met-privestrand-in-altintas\/#primaryimage\"},\"image\":{\"@id\":\"https:\/\/www.alanyaproperties.com\/nl\/property\/luxe-appartementen-met-privestrand-in-altintas\/#primaryimage\"},\"thumbnailUrl\":\"https:\/\/i0.wp.com\/www.alanyaproperties.com\/wp-content\/uploads\/2025\/11\/APARTMENTS-FOR-SALE-IN-ANTALYA-10.jpg?fit=1920%2C1080&ssl=1\",\"datePublished\":\"2025-11-15T10:26:35+00:00\",\"dateModified\":\"2025-11-19T13:30:29+00:00\",\"description\":\"Luxe Appartementen met Priv\u00e9strand in Alt\u0131nta\u015f,in de wijk Aksu in Antalya | Priv\u00e9strand | 5 km van de luchthaven van Antalya\",\"breadcrumb\":{\"@id\":\"https:\/\/www.alanyaproperties.com\/nl\/property\/luxe-appartementen-met-privestrand-in-altintas\/#breadcrumb\"},\"inLanguage\":\"nl-NL\",\"potentialAction\":[{\"@type\":\"ReadAction\",\"target\":[\"https:\/\/www.alanyaproperties.com\/nl\/property\/luxe-appartementen-met-privestrand-in-altintas\/\"]}]},{\"@type\":\"ImageObject\",\"inLanguage\":\"nl-NL\",\"@id\":\"https:\/\/www.alanyaproperties.com\/nl\/property\/luxe-appartementen-met-privestrand-in-altintas\/#primaryimage\",\"url\":\"https:\/\/i0.wp.com\/www.alanyaproperties.com\/wp-content\/uploads\/2025\/11\/APARTMENTS-FOR-SALE-IN-ANTALYA-10.jpg?fit=1920%2C1080&ssl=1\",\"contentUrl\":\"https:\/\/i0.wp.com\/www.alanyaproperties.com\/wp-content\/uploads\/2025\/11\/APARTMENTS-FOR-SALE-IN-ANTALYA-10.jpg?fit=1920%2C1080&ssl=1\",\"width\":1920,\"height\":1080},{\"@type\":\"BreadcrumbList\",\"@id\":\"https:\/\/www.alanyaproperties.com\/nl\/property\/luxe-appartementen-met-privestrand-in-altintas\/#breadcrumb\",\"itemListElement\":[{\"@type\":\"ListItem\",\"position\":1,\"name\":\"Home\",\"item\":\"https:\/\/www.alanyaproperties.com\/nl\/\"},{\"@type\":\"ListItem\",\"position\":2,\"name\":\"eigenschappen\",\"item\":\"https:\/\/www.alanyaproperties.com\/nl\/property\/\"},{\"@type\":\"ListItem\",\"position\":3,\"name\":\"Luxe Appartementen met Priv\u00e9strand in Alt\u0131nta\u015f\"}]},{\"@type\":\"WebSite\",\"@id\":\"https:\/\/www.alanyaproperties.com\/nl\/#website\",\"url\":\"https:\/\/www.alanyaproperties.com\/nl\/\",\"name\":\"Properties in Alanya.\",\"description\":\"Vastgoed in Alanya, Turkije | zoekt u een appartement of villa in Turkije ?\",\"publisher\":{\"@id\":\"https:\/\/www.alanyaproperties.com\/nl\/#organization\"},\"potentialAction\":[{\"@type\":\"SearchAction\",\"target\":{\"@type\":\"EntryPoint\",\"urlTemplate\":\"https:\/\/www.alanyaproperties.com\/nl\/?s={search_term_string}\"},\"query-input\":\"required name=search_term_string\"}],\"inLanguage\":\"nl-NL\"},{\"@type\":\"Organization\",\"@id\":\"https:\/\/www.alanyaproperties.com\/nl\/#organization\",\"name\":\"Alanya Properties\",\"url\":\"https:\/\/www.alanyaproperties.com\/nl\/\",\"logo\":{\"@type\":\"ImageObject\",\"inLanguage\":\"nl-NL\",\"@id\":\"https:\/\/www.alanyaproperties.com\/nl\/#\/schema\/logo\/image\/\",\"url\":\"https:\/\/i0.wp.com\/www.alanyaproperties.com\/wp-content\/uploads\/2017\/06\/alanya-properties-logo-180to.png?fit=180%2C81&ssl=1\",\"contentUrl\":\"https:\/\/i0.wp.com\/www.alanyaproperties.com\/wp-content\/uploads\/2017\/06\/alanya-properties-logo-180to.png?fit=180%2C81&ssl=1\",\"width\":180,\"height\":81,\"caption\":\"Alanya Properties\"},\"image\":{\"@id\":\"https:\/\/www.alanyaproperties.com\/nl\/#\/schema\/logo\/image\/\"},\"sameAs\":[\"https:\/\/www.facebook.com\/alanyaproperties\/\",\"https:\/\/x.com\/alanyapro\",\"https:\/\/www.instagram.com\/alanyaproperties\/\",\"https:\/\/www.youtube.com\/c\/AlanyaProperties\"]}]}<\/script>\n<!-- \/ Yoast SEO plugin. -->","yoast_head_json":{"title":"Luxe Appartementen met Priv\u00e9strand in Alt\u0131nta\u015f - Properties in Alanya.","description":"Luxe Appartementen met Priv\u00e9strand in Alt\u0131nta\u015f,in de wijk Aksu in Antalya | Priv\u00e9strand | 5 km van de luchthaven van Antalya","robots":{"index":"index","follow":"follow","max-snippet":"max-snippet:-1","max-image-preview":"max-image-preview:large","max-video-preview":"max-video-preview:-1"},"canonical":"https:\/\/www.alanyaproperties.com\/nl\/property\/luxe-appartementen-met-privestrand-in-altintas\/","og_locale":"nl_NL","og_type":"article","og_title":"Luxe Appartementen met Priv\u00e9strand in Alt\u0131nta\u015f - Properties in Alanya.","og_description":"Luxe Appartementen met Priv\u00e9strand in Alt\u0131nta\u015f,in de wijk Aksu in Antalya | Priv\u00e9strand | 5 km van de luchthaven van Antalya","og_url":"https:\/\/www.alanyaproperties.com\/nl\/property\/luxe-appartementen-met-privestrand-in-altintas\/","og_site_name":"Properties in Alanya.","article_publisher":"https:\/\/www.facebook.com\/alanyaproperties\/","article_modified_time":"2025-11-19T13:30:29+00:00","og_image":[{"width":1920,"height":1080,"url":"https:\/\/www.alanyaproperties.com\/wp-content\/uploads\/2025\/11\/APARTMENTS-FOR-SALE-IN-ANTALYA-10.jpg","type":"image\/jpeg"}],"twitter_card":"summary_large_image","twitter_site":"@alanyapro","twitter_misc":{"Geschatte leestijd":"2 minuten"},"schema":{"@context":"https:\/\/schema.org","@graph":[{"@type":"WebPage","@id":"https:\/\/www.alanyaproperties.com\/nl\/property\/luxe-appartementen-met-privestrand-in-altintas\/","url":"https:\/\/www.alanyaproperties.com\/nl\/property\/luxe-appartementen-met-privestrand-in-altintas\/","name":"Luxe Appartementen met Priv\u00e9strand in Alt\u0131nta\u015f - Properties in Alanya.","isPartOf":{"@id":"https:\/\/www.alanyaproperties.com\/nl\/#website"},"primaryImageOfPage":{"@id":"https:\/\/www.alanyaproperties.com\/nl\/property\/luxe-appartementen-met-privestrand-in-altintas\/#primaryimage"},"image":{"@id":"https:\/\/www.alanyaproperties.com\/nl\/property\/luxe-appartementen-met-privestrand-in-altintas\/#primaryimage"},"thumbnailUrl":"https:\/\/i0.wp.com\/www.alanyaproperties.com\/wp-content\/uploads\/2025\/11\/APARTMENTS-FOR-SALE-IN-ANTALYA-10.jpg?fit=1920%2C1080&ssl=1","datePublished":"2025-11-15T10:26:35+00:00","dateModified":"2025-11-19T13:30:29+00:00","description":"Luxe Appartementen met Priv\u00e9strand in Alt\u0131nta\u015f,in de wijk Aksu in Antalya | Priv\u00e9strand | 5 km van de luchthaven van Antalya","breadcrumb":{"@id":"https:\/\/www.alanyaproperties.com\/nl\/property\/luxe-appartementen-met-privestrand-in-altintas\/#breadcrumb"},"inLanguage":"nl-NL","potentialAction":[{"@type":"ReadAction","target":["https:\/\/www.alanyaproperties.com\/nl\/property\/luxe-appartementen-met-privestrand-in-altintas\/"]}]},{"@type":"ImageObject","inLanguage":"nl-NL","@id":"https:\/\/www.alanyaproperties.com\/nl\/property\/luxe-appartementen-met-privestrand-in-altintas\/#primaryimage","url":"https:\/\/i0.wp.com\/www.alanyaproperties.com\/wp-content\/uploads\/2025\/11\/APARTMENTS-FOR-SALE-IN-ANTALYA-10.jpg?fit=1920%2C1080&ssl=1","contentUrl":"https:\/\/i0.wp.com\/www.alanyaproperties.com\/wp-content\/uploads\/2025\/11\/APARTMENTS-FOR-SALE-IN-ANTALYA-10.jpg?fit=1920%2C1080&ssl=1","width":1920,"height":1080},{"@type":"BreadcrumbList","@id":"https:\/\/www.alanyaproperties.com\/nl\/property\/luxe-appartementen-met-privestrand-in-altintas\/#breadcrumb","itemListElement":[{"@type":"ListItem","position":1,"name":"Home","item":"https:\/\/www.alanyaproperties.com\/nl\/"},{"@type":"ListItem","position":2,"name":"eigenschappen","item":"https:\/\/www.alanyaproperties.com\/nl\/property\/"},{"@type":"ListItem","position":3,"name":"Luxe Appartementen met Priv\u00e9strand in Alt\u0131nta\u015f"}]},{"@type":"WebSite","@id":"https:\/\/www.alanyaproperties.com\/nl\/#website","url":"https:\/\/www.alanyaproperties.com\/nl\/","name":"Properties in Alanya.","description":"Vastgoed in Alanya, Turkije | zoekt u een appartement of villa in Turkije ?","publisher":{"@id":"https:\/\/www.alanyaproperties.com\/nl\/#organization"},"potentialAction":[{"@type":"SearchAction","target":{"@type":"EntryPoint","urlTemplate":"https:\/\/www.alanyaproperties.com\/nl\/?s={search_term_string}"},"query-input":"required name=search_term_string"}],"inLanguage":"nl-NL"},{"@type":"Organization","@id":"https:\/\/www.alanyaproperties.com\/nl\/#organization","name":"Alanya Properties","url":"https:\/\/www.alanyaproperties.com\/nl\/","logo":{"@type":"ImageObject","inLanguage":"nl-NL","@id":"https:\/\/www.alanyaproperties.com\/nl\/#\/schema\/logo\/image\/","url":"https:\/\/i0.wp.com\/www.alanyaproperties.com\/wp-content\/uploads\/2017\/06\/alanya-properties-logo-180to.png?fit=180%2C81&ssl=1","contentUrl":"https:\/\/i0.wp.com\/www.alanyaproperties.com\/wp-content\/uploads\/2017\/06\/alanya-properties-logo-180to.png?fit=180%2C81&ssl=1","width":180,"height":81,"caption":"Alanya Properties"},"image":{"@id":"https:\/\/www.alanyaproperties.com\/nl\/#\/schema\/logo\/image\/"},"sameAs":["https:\/\/www.facebook.com\/alanyaproperties\/","https:\/\/x.com\/alanyapro","https:\/\/www.instagram.com\/alanyaproperties\/","https:\/\/www.youtube.com\/c\/AlanyaProperties"]}]}},"jetpack_sharing_enabled":true,"_links":{"self":[{"href":"https:\/\/www.alanyaproperties.com\/nl\/wp-json\/wp\/v2\/properties\/426996"}],"collection":[{"href":"https:\/\/www.alanyaproperties.com\/nl\/wp-json\/wp\/v2\/properties"}],"about":[{"href":"https:\/\/www.alanyaproperties.com\/nl\/wp-json\/wp\/v2\/types\/property"}],"author":[{"embeddable":true,"href":"https:\/\/www.alanyaproperties.com\/nl\/wp-json\/wp\/v2\/users\/31"}],"version-history":[{"count":2,"href":"https:\/\/www.alanyaproperties.com\/nl\/wp-json\/wp\/v2\/properties\/426996\/revisions"}],"predecessor-version":[{"id":427009,"href":"https:\/\/www.alanyaproperties.com\/nl\/wp-json\/wp\/v2\/properties\/426996\/revisions\/427009"}],"wp:featuredmedia":[{"embeddable":true,"href":"https:\/\/www.alanyaproperties.com\/nl\/wp-json\/wp\/v2\/media\/426768"}],"wp:attachment":[{"href":"https:\/\/www.alanyaproperties.com\/nl\/wp-json\/wp\/v2\/media?parent=426996"}],"wp:term":[{"taxonomy":"property_type","embeddable":true,"href":"https:\/\/www.alanyaproperties.com\/nl\/wp-json\/wp\/v2\/property_type?post=426996"},{"taxonomy":"property_status","embeddable":true,"href":"https:\/\/www.alanyaproperties.com\/nl\/wp-json\/wp\/v2\/property_status?post=426996"},{"taxonomy":"property_feature","embeddable":true,"href":"https:\/\/www.alanyaproperties.com\/nl\/wp-json\/wp\/v2\/property_feature?post=426996"},{"taxonomy":"property_label","embeddable":true,"href":"https:\/\/www.alanyaproperties.com\/nl\/wp-json\/wp\/v2\/property_label?post=426996"},{"taxonomy":"property_city","embeddable":true,"href":"https:\/\/www.alanyaproperties.com\/nl\/wp-json\/wp\/v2\/property_city?post=426996"},{"taxonomy":"property_area","embeddable":true,"href":"https:\/\/www.alanyaproperties.com\/nl\/wp-json\/wp\/v2\/property_area?post=426996"},{"taxonomy":"property_state","embeddable":true,"href":"https:\/\/www.alanyaproperties.com\/nl\/wp-json\/wp\/v2\/property_state?post=426996"}],"curies":[{"name":"wp","href":"https:\/\/api.w.org\/{rel}","templated":true}]}}