{"id":428244,"date":"2025-11-15T10:26:35","date_gmt":"2025-11-15T10:26:35","guid":{"rendered":"https:\/\/www.alanyaproperties.com\/property\/luxury-flats-with-private-beach-in-altintas\/"},"modified":"2025-11-25T10:39:17","modified_gmt":"2025-11-25T10:39:17","slug":"appartements-de-luxe-avec-plage-privee-a-altintas","status":"publish","type":"property","link":"https:\/\/www.alanyaproperties.com\/fr\/property\/appartements-de-luxe-avec-plage-privee-a-altintas\/","title":{"rendered":"Appartements de Luxe avec Plage Priv\u00e9e \u00e0 Alt\u0131nta\u015f"},"content":{"rendered":"<h4><span style=\"color: #4e0000;\">Appartements de Luxe avec Plage Priv\u00e9e \u00e0 Alt\u0131nta\u015f<\/span><\/h4>\n<p>Ces appartements de luxe avec plage priv\u00e9e sont situ\u00e9s \u00e0 Alt\u0131nta\u015f, un quartier d\u00e9veloppement rapide du district d&rsquo;Aksu \u00e0 <a href=\"https:\/\/www.alanyaproperties.com\/about-turkey\/general-information\/antalya-turkey\/\">Antalya<\/a>. Son emplacement privil\u00e9gi\u00e9, \u00e0 proximit\u00e9 de la plage de Lara et de l&rsquo;a\u00e9roport, est un atout majeur. Alt\u0131nta\u015f est l&rsquo;une des zones \u00e0 la croissance la plus rapide de Turquie, offrant une rentabilit\u00e9 exceptionnelle.<\/p>\n<ul>\n<li>La c\u00e9l\u00e8bre plage de Lara se trouve \u00e0 5 km du complexe, et<a href=\"https:\/\/www.antalya-airport.aero\/homepage\"> l&rsquo;a\u00e9roport d&rsquo;Antalya<\/a> \u00e0 seulement 4 km.<\/li>\n<li>Des centres commerciaux tels que Mall of Deepo, Agora et Ikea sont \u00e9galement \u00e0 4 km.<\/li>\n<\/ul>\n<p>Ces appartements neufs sont situ\u00e9s dans un complexe de luxe \u00e0 l&rsquo;architecture unique. Construits sur un terrain de 10\u00a0155 m\u00b2, ils se composent de trois immeubles de 5 \u00e9tages abritant 331 appartements.<\/p>\n<h4>Types d&rsquo;appartements<\/h4>\n<ul>\n<li>Les appartements 1 chambre, d&rsquo;une superficie de 90 \u00e0 160 m\u00b2, comprennent : un s\u00e9jour, une cuisine ouverte, une chambre, un balcon, ou un duplex avec terrasse donnant sur le jardin ou sur le toit.<\/li>\n<li>Les appartements 2 chambres, d&rsquo;une superficie de 108 \u00e0 126 m\u00b2, comprennent : un s\u00e9jour, une cuisine ouverte, deux chambres, une salle de bains privative, une salle de bains et un balcon, une terrasse donnant sur le jardin ou sur le toit.<\/li>\n<\/ul>\n<p>Chauffage au sol dans toutes les salles de bains.<\/p>\n<h4>La r\u00e9sidence propose de nombreux \u00e9quipements<\/h4>\n<ul>\n<li>Vous y trouverez une piscine int\u00e9rieure et ext\u00e9rieure, une salle de fitness, un hammam, un sauna, un bain de vapeur, un spa, une aire de jeux pour enfants, un espace barbecue et une salle de jeux.<\/li>\n<li>Un parking couvert et un parking ext\u00e9rieur avec borne de recharge pour v\u00e9hicules \u00e9lectriques sont disponibles.<\/li>\n<li>Un service de navette gratuit dessert l&rsquo;a\u00e9roport, la plage et le centre commercial.<\/li>\n<\/ul>\n<h3 style=\"text-align: center;\"><\/h3>\n","protected":false},"excerpt":{"rendered":"<p>Appartements de Luxe avec Plage Priv\u00e9e \u00e0 Alt\u0131nta\u015f Ces appartements de luxe avec plage priv\u00e9e sont situ\u00e9s \u00e0 Alt\u0131nta\u015f, un quartier d\u00e9veloppement rapide du district d&rsquo;Aksu \u00e0 Antalya. Son emplacement privil\u00e9gi\u00e9, \u00e0 proximit\u00e9 de la plage de Lara et de l&rsquo;a\u00e9roport, est un atout majeur. Alt\u0131nta\u015f est l&rsquo;une des zones \u00e0 la croissance la plus [&hellip;]<\/p>\n","protected":false},"author":31,"featured_media":426770,"parent":0,"menu_order":0,"template":"","property_type":[3782],"property_status":[3822],"property_feature":[],"property_label":[],"property_city":[4703,3921],"property_area":[3825,3826],"property_state":[3828],"yoast_head":"<!-- This site is optimized with the Yoast SEO plugin v22.6 - https:\/\/yoast.com\/wordpress\/plugins\/seo\/ -->\n<title>Appartements de Luxe avec Plage Priv\u00e9e \u00e0 Alt\u0131nta\u015f - Properties in Alanya.<\/title>\n<meta name=\"description\" content=\"Appartements de Luxe avec Plage Priv\u00e9e \u00e0 Alt\u0131nta\u015f, Antalya | Architecture unique | \u00c0 5 km de l&#039;a\u00e9roport d&#039;Antalya, 4 km de la plage de Lara\" \/>\n<meta name=\"robots\" content=\"index, follow, max-snippet:-1, max-image-preview:large, max-video-preview:-1\" \/>\n<link rel=\"canonical\" href=\"https:\/\/www.alanyaproperties.com\/fr\/property\/appartements-de-luxe-avec-plage-privee-a-altintas\/\" \/>\n<meta property=\"og:locale\" content=\"fr_FR\" \/>\n<meta property=\"og:type\" content=\"article\" \/>\n<meta property=\"og:title\" content=\"Appartements de Luxe avec Plage Priv\u00e9e \u00e0 Alt\u0131nta\u015f - Properties in Alanya.\" \/>\n<meta property=\"og:description\" content=\"Appartements de Luxe avec Plage Priv\u00e9e \u00e0 Alt\u0131nta\u015f, Antalya | Architecture unique | \u00c0 5 km de l&#039;a\u00e9roport d&#039;Antalya, 4 km de la plage de Lara\" \/>\n<meta property=\"og:url\" content=\"https:\/\/www.alanyaproperties.com\/fr\/property\/appartements-de-luxe-avec-plage-privee-a-altintas\/\" \/>\n<meta property=\"og:site_name\" content=\"Properties in Alanya.\" \/>\n<meta property=\"article:publisher\" content=\"https:\/\/www.facebook.com\/alanyaproperties\/\" \/>\n<meta property=\"article:modified_time\" content=\"2025-11-25T10:39:17+00:00\" \/>\n<meta property=\"og:image\" content=\"https:\/\/www.alanyaproperties.com\/wp-content\/uploads\/2025\/11\/APARTMENTS-FOR-SALE-IN-ANTALYA-10.jpg\" \/>\n\t<meta property=\"og:image:width\" content=\"1920\" \/>\n\t<meta property=\"og:image:height\" content=\"1080\" \/>\n\t<meta property=\"og:image:type\" content=\"image\/jpeg\" \/>\n<meta name=\"twitter:card\" content=\"summary_large_image\" \/>\n<meta name=\"twitter:site\" content=\"@alanyapro\" \/>\n<meta name=\"twitter:label1\" content=\"Dur\u00e9e de lecture estim\u00e9e\" \/>\n\t<meta name=\"twitter:data1\" content=\"2 minutes\" \/>\n<script type=\"application\/ld+json\" class=\"yoast-schema-graph\">{\"@context\":\"https:\/\/schema.org\",\"@graph\":[{\"@type\":\"WebPage\",\"@id\":\"https:\/\/www.alanyaproperties.com\/fr\/property\/appartements-de-luxe-avec-plage-privee-a-altintas\/\",\"url\":\"https:\/\/www.alanyaproperties.com\/fr\/property\/appartements-de-luxe-avec-plage-privee-a-altintas\/\",\"name\":\"Appartements de Luxe avec Plage Priv\u00e9e \u00e0 Alt\u0131nta\u015f - Properties in Alanya.\",\"isPartOf\":{\"@id\":\"https:\/\/www.alanyaproperties.com\/fr\/#website\"},\"primaryImageOfPage\":{\"@id\":\"https:\/\/www.alanyaproperties.com\/fr\/property\/appartements-de-luxe-avec-plage-privee-a-altintas\/#primaryimage\"},\"image\":{\"@id\":\"https:\/\/www.alanyaproperties.com\/fr\/property\/appartements-de-luxe-avec-plage-privee-a-altintas\/#primaryimage\"},\"thumbnailUrl\":\"https:\/\/i0.wp.com\/www.alanyaproperties.com\/wp-content\/uploads\/2025\/11\/APARTMENTS-FOR-SALE-IN-ANTALYA-10.jpg?fit=1920%2C1080&ssl=1\",\"datePublished\":\"2025-11-15T10:26:35+00:00\",\"dateModified\":\"2025-11-25T10:39:17+00:00\",\"description\":\"Appartements de Luxe avec Plage Priv\u00e9e \u00e0 Alt\u0131nta\u015f, Antalya | Architecture unique | \u00c0 5 km de l'a\u00e9roport d'Antalya, 4 km de la plage de Lara\",\"breadcrumb\":{\"@id\":\"https:\/\/www.alanyaproperties.com\/fr\/property\/appartements-de-luxe-avec-plage-privee-a-altintas\/#breadcrumb\"},\"inLanguage\":\"fr-FR\",\"potentialAction\":[{\"@type\":\"ReadAction\",\"target\":[\"https:\/\/www.alanyaproperties.com\/fr\/property\/appartements-de-luxe-avec-plage-privee-a-altintas\/\"]}]},{\"@type\":\"ImageObject\",\"inLanguage\":\"fr-FR\",\"@id\":\"https:\/\/www.alanyaproperties.com\/fr\/property\/appartements-de-luxe-avec-plage-privee-a-altintas\/#primaryimage\",\"url\":\"https:\/\/i0.wp.com\/www.alanyaproperties.com\/wp-content\/uploads\/2025\/11\/APARTMENTS-FOR-SALE-IN-ANTALYA-10.jpg?fit=1920%2C1080&ssl=1\",\"contentUrl\":\"https:\/\/i0.wp.com\/www.alanyaproperties.com\/wp-content\/uploads\/2025\/11\/APARTMENTS-FOR-SALE-IN-ANTALYA-10.jpg?fit=1920%2C1080&ssl=1\",\"width\":1920,\"height\":1080},{\"@type\":\"BreadcrumbList\",\"@id\":\"https:\/\/www.alanyaproperties.com\/fr\/property\/appartements-de-luxe-avec-plage-privee-a-altintas\/#breadcrumb\",\"itemListElement\":[{\"@type\":\"ListItem\",\"position\":1,\"name\":\"Home\",\"item\":\"https:\/\/www.alanyaproperties.com\/fr\/\"},{\"@type\":\"ListItem\",\"position\":2,\"name\":\"Propri\u00e9t\u00e9s\",\"item\":\"https:\/\/www.alanyaproperties.com\/fr\/property\/\"},{\"@type\":\"ListItem\",\"position\":3,\"name\":\"Appartements de Luxe avec Plage Priv\u00e9e \u00e0 Alt\u0131nta\u015f\"}]},{\"@type\":\"WebSite\",\"@id\":\"https:\/\/www.alanyaproperties.com\/fr\/#website\",\"url\":\"https:\/\/www.alanyaproperties.com\/fr\/\",\"name\":\"Properties in Alanya.\",\"description\":\"Immobilier en Turquie | Acheter un immobilier en Turquie\",\"publisher\":{\"@id\":\"https:\/\/www.alanyaproperties.com\/fr\/#organization\"},\"potentialAction\":[{\"@type\":\"SearchAction\",\"target\":{\"@type\":\"EntryPoint\",\"urlTemplate\":\"https:\/\/www.alanyaproperties.com\/fr\/?s={search_term_string}\"},\"query-input\":\"required name=search_term_string\"}],\"inLanguage\":\"fr-FR\"},{\"@type\":\"Organization\",\"@id\":\"https:\/\/www.alanyaproperties.com\/fr\/#organization\",\"name\":\"Alanya Properties\",\"url\":\"https:\/\/www.alanyaproperties.com\/fr\/\",\"logo\":{\"@type\":\"ImageObject\",\"inLanguage\":\"fr-FR\",\"@id\":\"https:\/\/www.alanyaproperties.com\/fr\/#\/schema\/logo\/image\/\",\"url\":\"https:\/\/i0.wp.com\/www.alanyaproperties.com\/wp-content\/uploads\/2017\/06\/alanya-properties-logo-180to.png?fit=180%2C81&ssl=1\",\"contentUrl\":\"https:\/\/i0.wp.com\/www.alanyaproperties.com\/wp-content\/uploads\/2017\/06\/alanya-properties-logo-180to.png?fit=180%2C81&ssl=1\",\"width\":180,\"height\":81,\"caption\":\"Alanya Properties\"},\"image\":{\"@id\":\"https:\/\/www.alanyaproperties.com\/fr\/#\/schema\/logo\/image\/\"},\"sameAs\":[\"https:\/\/www.facebook.com\/alanyaproperties\/\",\"https:\/\/x.com\/alanyapro\",\"https:\/\/www.instagram.com\/alanyaproperties\/\",\"https:\/\/www.youtube.com\/c\/AlanyaProperties\"]}]}<\/script>\n<!-- \/ Yoast SEO plugin. -->","yoast_head_json":{"title":"Appartements de Luxe avec Plage Priv\u00e9e \u00e0 Alt\u0131nta\u015f - Properties in Alanya.","description":"Appartements de Luxe avec Plage Priv\u00e9e \u00e0 Alt\u0131nta\u015f, Antalya | Architecture unique | \u00c0 5 km de l'a\u00e9roport d'Antalya, 4 km de la plage de Lara","robots":{"index":"index","follow":"follow","max-snippet":"max-snippet:-1","max-image-preview":"max-image-preview:large","max-video-preview":"max-video-preview:-1"},"canonical":"https:\/\/www.alanyaproperties.com\/fr\/property\/appartements-de-luxe-avec-plage-privee-a-altintas\/","og_locale":"fr_FR","og_type":"article","og_title":"Appartements de Luxe avec Plage Priv\u00e9e \u00e0 Alt\u0131nta\u015f - Properties in Alanya.","og_description":"Appartements de Luxe avec Plage Priv\u00e9e \u00e0 Alt\u0131nta\u015f, Antalya | Architecture unique | \u00c0 5 km de l'a\u00e9roport d'Antalya, 4 km de la plage de Lara","og_url":"https:\/\/www.alanyaproperties.com\/fr\/property\/appartements-de-luxe-avec-plage-privee-a-altintas\/","og_site_name":"Properties in Alanya.","article_publisher":"https:\/\/www.facebook.com\/alanyaproperties\/","article_modified_time":"2025-11-25T10:39:17+00:00","og_image":[{"width":1920,"height":1080,"url":"https:\/\/www.alanyaproperties.com\/wp-content\/uploads\/2025\/11\/APARTMENTS-FOR-SALE-IN-ANTALYA-10.jpg","type":"image\/jpeg"}],"twitter_card":"summary_large_image","twitter_site":"@alanyapro","twitter_misc":{"Dur\u00e9e de lecture estim\u00e9e":"2 minutes"},"schema":{"@context":"https:\/\/schema.org","@graph":[{"@type":"WebPage","@id":"https:\/\/www.alanyaproperties.com\/fr\/property\/appartements-de-luxe-avec-plage-privee-a-altintas\/","url":"https:\/\/www.alanyaproperties.com\/fr\/property\/appartements-de-luxe-avec-plage-privee-a-altintas\/","name":"Appartements de Luxe avec Plage Priv\u00e9e \u00e0 Alt\u0131nta\u015f - Properties in Alanya.","isPartOf":{"@id":"https:\/\/www.alanyaproperties.com\/fr\/#website"},"primaryImageOfPage":{"@id":"https:\/\/www.alanyaproperties.com\/fr\/property\/appartements-de-luxe-avec-plage-privee-a-altintas\/#primaryimage"},"image":{"@id":"https:\/\/www.alanyaproperties.com\/fr\/property\/appartements-de-luxe-avec-plage-privee-a-altintas\/#primaryimage"},"thumbnailUrl":"https:\/\/i0.wp.com\/www.alanyaproperties.com\/wp-content\/uploads\/2025\/11\/APARTMENTS-FOR-SALE-IN-ANTALYA-10.jpg?fit=1920%2C1080&ssl=1","datePublished":"2025-11-15T10:26:35+00:00","dateModified":"2025-11-25T10:39:17+00:00","description":"Appartements de Luxe avec Plage Priv\u00e9e \u00e0 Alt\u0131nta\u015f, Antalya | Architecture unique | \u00c0 5 km de l'a\u00e9roport d'Antalya, 4 km de la plage de Lara","breadcrumb":{"@id":"https:\/\/www.alanyaproperties.com\/fr\/property\/appartements-de-luxe-avec-plage-privee-a-altintas\/#breadcrumb"},"inLanguage":"fr-FR","potentialAction":[{"@type":"ReadAction","target":["https:\/\/www.alanyaproperties.com\/fr\/property\/appartements-de-luxe-avec-plage-privee-a-altintas\/"]}]},{"@type":"ImageObject","inLanguage":"fr-FR","@id":"https:\/\/www.alanyaproperties.com\/fr\/property\/appartements-de-luxe-avec-plage-privee-a-altintas\/#primaryimage","url":"https:\/\/i0.wp.com\/www.alanyaproperties.com\/wp-content\/uploads\/2025\/11\/APARTMENTS-FOR-SALE-IN-ANTALYA-10.jpg?fit=1920%2C1080&ssl=1","contentUrl":"https:\/\/i0.wp.com\/www.alanyaproperties.com\/wp-content\/uploads\/2025\/11\/APARTMENTS-FOR-SALE-IN-ANTALYA-10.jpg?fit=1920%2C1080&ssl=1","width":1920,"height":1080},{"@type":"BreadcrumbList","@id":"https:\/\/www.alanyaproperties.com\/fr\/property\/appartements-de-luxe-avec-plage-privee-a-altintas\/#breadcrumb","itemListElement":[{"@type":"ListItem","position":1,"name":"Home","item":"https:\/\/www.alanyaproperties.com\/fr\/"},{"@type":"ListItem","position":2,"name":"Propri\u00e9t\u00e9s","item":"https:\/\/www.alanyaproperties.com\/fr\/property\/"},{"@type":"ListItem","position":3,"name":"Appartements de Luxe avec Plage Priv\u00e9e \u00e0 Alt\u0131nta\u015f"}]},{"@type":"WebSite","@id":"https:\/\/www.alanyaproperties.com\/fr\/#website","url":"https:\/\/www.alanyaproperties.com\/fr\/","name":"Properties in Alanya.","description":"Immobilier en Turquie | Acheter un immobilier en Turquie","publisher":{"@id":"https:\/\/www.alanyaproperties.com\/fr\/#organization"},"potentialAction":[{"@type":"SearchAction","target":{"@type":"EntryPoint","urlTemplate":"https:\/\/www.alanyaproperties.com\/fr\/?s={search_term_string}"},"query-input":"required name=search_term_string"}],"inLanguage":"fr-FR"},{"@type":"Organization","@id":"https:\/\/www.alanyaproperties.com\/fr\/#organization","name":"Alanya Properties","url":"https:\/\/www.alanyaproperties.com\/fr\/","logo":{"@type":"ImageObject","inLanguage":"fr-FR","@id":"https:\/\/www.alanyaproperties.com\/fr\/#\/schema\/logo\/image\/","url":"https:\/\/i0.wp.com\/www.alanyaproperties.com\/wp-content\/uploads\/2017\/06\/alanya-properties-logo-180to.png?fit=180%2C81&ssl=1","contentUrl":"https:\/\/i0.wp.com\/www.alanyaproperties.com\/wp-content\/uploads\/2017\/06\/alanya-properties-logo-180to.png?fit=180%2C81&ssl=1","width":180,"height":81,"caption":"Alanya Properties"},"image":{"@id":"https:\/\/www.alanyaproperties.com\/fr\/#\/schema\/logo\/image\/"},"sameAs":["https:\/\/www.facebook.com\/alanyaproperties\/","https:\/\/x.com\/alanyapro","https:\/\/www.instagram.com\/alanyaproperties\/","https:\/\/www.youtube.com\/c\/AlanyaProperties"]}]}},"jetpack_sharing_enabled":true,"_links":{"self":[{"href":"https:\/\/www.alanyaproperties.com\/fr\/wp-json\/wp\/v2\/properties\/428244"}],"collection":[{"href":"https:\/\/www.alanyaproperties.com\/fr\/wp-json\/wp\/v2\/properties"}],"about":[{"href":"https:\/\/www.alanyaproperties.com\/fr\/wp-json\/wp\/v2\/types\/property"}],"author":[{"embeddable":true,"href":"https:\/\/www.alanyaproperties.com\/fr\/wp-json\/wp\/v2\/users\/31"}],"version-history":[{"count":2,"href":"https:\/\/www.alanyaproperties.com\/fr\/wp-json\/wp\/v2\/properties\/428244\/revisions"}],"predecessor-version":[{"id":428246,"href":"https:\/\/www.alanyaproperties.com\/fr\/wp-json\/wp\/v2\/properties\/428244\/revisions\/428246"}],"wp:featuredmedia":[{"embeddable":true,"href":"https:\/\/www.alanyaproperties.com\/fr\/wp-json\/wp\/v2\/media\/426770"}],"wp:attachment":[{"href":"https:\/\/www.alanyaproperties.com\/fr\/wp-json\/wp\/v2\/media?parent=428244"}],"wp:term":[{"taxonomy":"property_type","embeddable":true,"href":"https:\/\/www.alanyaproperties.com\/fr\/wp-json\/wp\/v2\/property_type?post=428244"},{"taxonomy":"property_status","embeddable":true,"href":"https:\/\/www.alanyaproperties.com\/fr\/wp-json\/wp\/v2\/property_status?post=428244"},{"taxonomy":"property_feature","embeddable":true,"href":"https:\/\/www.alanyaproperties.com\/fr\/wp-json\/wp\/v2\/property_feature?post=428244"},{"taxonomy":"property_label","embeddable":true,"href":"https:\/\/www.alanyaproperties.com\/fr\/wp-json\/wp\/v2\/property_label?post=428244"},{"taxonomy":"property_city","embeddable":true,"href":"https:\/\/www.alanyaproperties.com\/fr\/wp-json\/wp\/v2\/property_city?post=428244"},{"taxonomy":"property_area","embeddable":true,"href":"https:\/\/www.alanyaproperties.com\/fr\/wp-json\/wp\/v2\/property_area?post=428244"},{"taxonomy":"property_state","embeddable":true,"href":"https:\/\/www.alanyaproperties.com\/fr\/wp-json\/wp\/v2\/property_state?post=428244"}],"curies":[{"name":"wp","href":"https:\/\/api.w.org\/{rel}","templated":true}]}}