{"id":414782,"date":"2023-08-24T09:23:30","date_gmt":"2023-08-24T09:23:30","guid":{"rendered":"https:\/\/www.alanyaproperties.com\/property\/new-build-exclusive-apartments-in-demirtas-alanya\/"},"modified":"2025-02-04T17:33:15","modified_gmt":"2025-02-04T17:33:15","slug":"nouveaux-appartements-a-demirtas-alanya-2","status":"publish","type":"property","link":"https:\/\/www.alanyaproperties.com\/fr\/property\/nouveaux-appartements-a-demirtas-alanya-2\/","title":{"rendered":"Nouveaux Appartements \u00e0 Demirtas \/ Alanya"},"content":{"rendered":"<h4>Nouveaux Appartements \u00e0 Demirtas \/ Alanya<\/h4>\n<p>Ces Nouveaux Appartements \u00e0 Demirtas \/ Alanya se trouvent dans un complexe r\u00e9sidentiel \u00e0 1,3 km de la mer et \u00e0 650 m du centre anim\u00e9.<\/p>\n<ul>\n<li>Le complexe se compose de 144 unit\u00e9s, r\u00e9parties sur 2 b\u00e2timents de 8 \u00e9tages avec de belles vues sur la mer et les montagnes.<\/li>\n<\/ul>\n<h4>Types d&rsquo;appartements \u00e0 vendre<\/h4>\n<ul>\n<li>1 chambre \u00e0 coucher\u00a0 &#8211; 54 m\u00b2<\/li>\n<li>2 chambres \u00e0 coucher\u00a0 -a ppartements penthouse en duplex\u00a0 de 99 m\u00b2 \u00e0 130 m\u00b2<\/li>\n<\/ul>\n<p>Bloc A &#8211; vue mer depuis le 2\u00e8me \u00e9tage et Bloc B vue mer frontale depuis le 6\u00e8me \u00e9tage<\/p>\n<h4>Ce complexe de luxe dispose d&rsquo;une s\u00e9lection d&rsquo;installations communes<\/h4>\n<p>Ceux-ci comprennent une piscine int\u00e9rieure et ext\u00e9rieure, un sauna, un hammam et des salles de massage. En plus d&rsquo;un espace de jeux et de divertissements, d&rsquo;un club enfants, d&rsquo;un cin\u00e9ma et d&rsquo;une salle de fitness. Dans les jardins paysagers, il y a des pergolas pour se d\u00e9tendre, un espace barbecue, un terrain multi-terrain et un parc de jeux pour les enfants.<\/p>\n<h4>Demirtas<\/h4>\n<ul>\n<li>Demirtas est situ\u00e9 \u00e0 24 km \u00e0 l\u2019est d\u2019<a href=\"https:\/\/www.alanyaproperties.com\/fr\/la-turquie\/alanya\/\">Alanya<\/a>. Ce quartier d\u2019Alanya a un beau littoral et un environnement pittoresque.<\/li>\n<li>Le centre de Demirtas se trouve \u00e0 500 m du complexe. Il y a des caf\u00e9s, des magasins et des restaurants.<\/li>\n<li>Cet endroit est \u00e9galement un lieu tr\u00e8s pris\u00e9 pour les pique-niques \u00e0 la campagne.<\/li>\n<li>Les tortues de mer \u00ab\u00a0Caretta Caretta\u00a0\u00bb y nagent une fois par an, pendant la saison de reproduction pour pondre des \u0153ufs.<\/li>\n<li>Le centre d\u2019Alanya est facilement accessible en bus local. \u00c0 20 minutes, vous \u00eates au port et \u00e0 la \u00ab Tour Rouge \u00bb.<\/li>\n<li><span style=\"color: #4e0000;\"><a style=\"color: #4e0000;\" href=\"http:\/\/gzpairport.com\/\">L\u2019a\u00e9roport d\u2019Alanya Gazipasa<\/a><\/span> est \u00e0 seulement 15 km<\/li>\n<li>Non loin de Demirtas se trouvent les ruines de l&rsquo;ancienne ville romaine de Seydra. Vous pourrez d\u00e9couvrir les vestiges de cette cit\u00e9 antique tels que les citernes, le cimeti\u00e8re, les thermes et un ensemble authentique. Au point culminant de la ville, vous avez une vue \u00e0 couper le souffle.<\/li>\n<li>A 20 km de Demirtas se trouve le magnifique Sapadere Kanyon. Le chemin en vaut la peine gr\u00e2ce \u00e0 la vue magique sur les montagnes. Vous pouvez marcher 700 m\u00e8tres \u00e0 travers cette gorge et vous rafra\u00eechir dans l&rsquo;eau glac\u00e9e de la montagne.<\/li>\n<\/ul>\n<h3 style=\"text-align: center;\"><\/h3>\n","protected":false},"excerpt":{"rendered":"<p>Nouveaux Appartements \u00e0 Demirtas \/ Alanya Ces Nouveaux Appartements \u00e0 Demirtas \/ Alanya se trouvent dans un complexe r\u00e9sidentiel \u00e0 1,3 km de la mer et \u00e0 650 m du centre anim\u00e9. Le complexe se compose de 144 unit\u00e9s, r\u00e9parties sur 2 b\u00e2timents de 8 \u00e9tages avec de belles vues sur la mer et les [&hellip;]<\/p>\n","protected":false},"author":112,"featured_media":374241,"parent":0,"menu_order":0,"template":"","property_type":[3782,3836],"property_status":[3822],"property_feature":[3783,3832,3842,3794,3839,3883,3833,3786,3787,3812,3800,3837,3788,3895,3838,3803,3793,3784,3809,4398,3790,3814,3831,3789,3843,3795,3797,3799,3844,3841,3798,4325,3806,3840,3813,3802,3792,3801,3791,3808,3881,3845,3882,3810,3805,3811,4326,3817,3818,3890,3816,3902,3820,3821],"property_label":[3923],"property_city":[3823,3900],"property_area":[3825,3826,3848,3849],"property_state":[3828],"yoast_head":"<!-- This site is optimized with the Yoast SEO plugin v22.6 - https:\/\/yoast.com\/wordpress\/plugins\/seo\/ -->\n<title>Nouveaux Appartements \u00e0 Demirtas \/ Alanya - Properties in Alanya.<\/title>\n<meta name=\"description\" content=\"Nouveaux Appartements \u00e0 Demirtas \/ Alanya pr\u00e8s des ruines de l&#039;ancienne ville romaine de Seydra et du c\u00e9l\u00e8bre canyon de Sapadere\" \/>\n<meta name=\"robots\" content=\"index, follow, max-snippet:-1, max-image-preview:large, max-video-preview:-1\" \/>\n<link rel=\"canonical\" href=\"https:\/\/www.alanyaproperties.com\/fr\/property\/nouveaux-appartements-a-demirtas-alanya-2\/\" \/>\n<meta property=\"og:locale\" content=\"fr_FR\" \/>\n<meta property=\"og:type\" content=\"article\" \/>\n<meta property=\"og:title\" content=\"Nouveaux Appartements \u00e0 Demirtas \/ Alanya - Properties in Alanya.\" \/>\n<meta property=\"og:description\" content=\"Nouveaux Appartements \u00e0 Demirtas \/ Alanya pr\u00e8s des ruines de l&#039;ancienne ville romaine de Seydra et du c\u00e9l\u00e8bre canyon de Sapadere\" \/>\n<meta property=\"og:url\" content=\"https:\/\/www.alanyaproperties.com\/fr\/property\/nouveaux-appartements-a-demirtas-alanya-2\/\" \/>\n<meta property=\"og:site_name\" content=\"Properties in Alanya.\" \/>\n<meta property=\"article:publisher\" content=\"https:\/\/www.facebook.com\/alanyaproperties\/\" \/>\n<meta property=\"article:modified_time\" content=\"2025-02-04T17:33:15+00:00\" \/>\n<meta property=\"og:image\" content=\"https:\/\/www.alanyaproperties.com\/wp-content\/uploads\/2023\/08\/12-1-1.jpg\" \/>\n\t<meta property=\"og:image:width\" content=\"1300\" \/>\n\t<meta property=\"og:image:height\" content=\"732\" \/>\n\t<meta property=\"og:image:type\" content=\"image\/jpeg\" \/>\n<meta name=\"twitter:card\" content=\"summary_large_image\" \/>\n<meta name=\"twitter:site\" content=\"@alanyapro\" \/>\n<meta name=\"twitter:label1\" content=\"Dur\u00e9e de lecture estim\u00e9e\" \/>\n\t<meta name=\"twitter:data1\" content=\"2 minutes\" \/>\n<script type=\"application\/ld+json\" class=\"yoast-schema-graph\">{\"@context\":\"https:\/\/schema.org\",\"@graph\":[{\"@type\":\"WebPage\",\"@id\":\"https:\/\/www.alanyaproperties.com\/fr\/property\/nouveaux-appartements-a-demirtas-alanya-2\/\",\"url\":\"https:\/\/www.alanyaproperties.com\/fr\/property\/nouveaux-appartements-a-demirtas-alanya-2\/\",\"name\":\"Nouveaux Appartements \u00e0 Demirtas \/ Alanya - Properties in Alanya.\",\"isPartOf\":{\"@id\":\"https:\/\/www.alanyaproperties.com\/fr\/#website\"},\"primaryImageOfPage\":{\"@id\":\"https:\/\/www.alanyaproperties.com\/fr\/property\/nouveaux-appartements-a-demirtas-alanya-2\/#primaryimage\"},\"image\":{\"@id\":\"https:\/\/www.alanyaproperties.com\/fr\/property\/nouveaux-appartements-a-demirtas-alanya-2\/#primaryimage\"},\"thumbnailUrl\":\"https:\/\/i0.wp.com\/www.alanyaproperties.com\/wp-content\/uploads\/2023\/08\/12-1-1.jpg?fit=1300%2C732&ssl=1\",\"datePublished\":\"2023-08-24T09:23:30+00:00\",\"dateModified\":\"2025-02-04T17:33:15+00:00\",\"description\":\"Nouveaux Appartements \u00e0 Demirtas \/ Alanya pr\u00e8s des ruines de l'ancienne ville romaine de Seydra et du c\u00e9l\u00e8bre canyon de Sapadere\",\"breadcrumb\":{\"@id\":\"https:\/\/www.alanyaproperties.com\/fr\/property\/nouveaux-appartements-a-demirtas-alanya-2\/#breadcrumb\"},\"inLanguage\":\"fr-FR\",\"potentialAction\":[{\"@type\":\"ReadAction\",\"target\":[\"https:\/\/www.alanyaproperties.com\/fr\/property\/nouveaux-appartements-a-demirtas-alanya-2\/\"]}]},{\"@type\":\"ImageObject\",\"inLanguage\":\"fr-FR\",\"@id\":\"https:\/\/www.alanyaproperties.com\/fr\/property\/nouveaux-appartements-a-demirtas-alanya-2\/#primaryimage\",\"url\":\"https:\/\/i0.wp.com\/www.alanyaproperties.com\/wp-content\/uploads\/2023\/08\/12-1-1.jpg?fit=1300%2C732&ssl=1\",\"contentUrl\":\"https:\/\/i0.wp.com\/www.alanyaproperties.com\/wp-content\/uploads\/2023\/08\/12-1-1.jpg?fit=1300%2C732&ssl=1\",\"width\":1300,\"height\":732},{\"@type\":\"BreadcrumbList\",\"@id\":\"https:\/\/www.alanyaproperties.com\/fr\/property\/nouveaux-appartements-a-demirtas-alanya-2\/#breadcrumb\",\"itemListElement\":[{\"@type\":\"ListItem\",\"position\":1,\"name\":\"Home\",\"item\":\"https:\/\/www.alanyaproperties.com\/fr\/\"},{\"@type\":\"ListItem\",\"position\":2,\"name\":\"Propri\u00e9t\u00e9s\",\"item\":\"https:\/\/www.alanyaproperties.com\/fr\/property\/\"},{\"@type\":\"ListItem\",\"position\":3,\"name\":\"Nouveaux Appartements \u00e0 Demirtas \/ Alanya\"}]},{\"@type\":\"WebSite\",\"@id\":\"https:\/\/www.alanyaproperties.com\/fr\/#website\",\"url\":\"https:\/\/www.alanyaproperties.com\/fr\/\",\"name\":\"Properties in Alanya.\",\"description\":\"Immobilier en Turquie | Acheter un immobilier en Turquie\",\"publisher\":{\"@id\":\"https:\/\/www.alanyaproperties.com\/fr\/#organization\"},\"potentialAction\":[{\"@type\":\"SearchAction\",\"target\":{\"@type\":\"EntryPoint\",\"urlTemplate\":\"https:\/\/www.alanyaproperties.com\/fr\/?s={search_term_string}\"},\"query-input\":\"required name=search_term_string\"}],\"inLanguage\":\"fr-FR\"},{\"@type\":\"Organization\",\"@id\":\"https:\/\/www.alanyaproperties.com\/fr\/#organization\",\"name\":\"Alanya Properties\",\"url\":\"https:\/\/www.alanyaproperties.com\/fr\/\",\"logo\":{\"@type\":\"ImageObject\",\"inLanguage\":\"fr-FR\",\"@id\":\"https:\/\/www.alanyaproperties.com\/fr\/#\/schema\/logo\/image\/\",\"url\":\"https:\/\/i0.wp.com\/www.alanyaproperties.com\/wp-content\/uploads\/2017\/06\/alanya-properties-logo-180to.png?fit=180%2C81&ssl=1\",\"contentUrl\":\"https:\/\/i0.wp.com\/www.alanyaproperties.com\/wp-content\/uploads\/2017\/06\/alanya-properties-logo-180to.png?fit=180%2C81&ssl=1\",\"width\":180,\"height\":81,\"caption\":\"Alanya Properties\"},\"image\":{\"@id\":\"https:\/\/www.alanyaproperties.com\/fr\/#\/schema\/logo\/image\/\"},\"sameAs\":[\"https:\/\/www.facebook.com\/alanyaproperties\/\",\"https:\/\/x.com\/alanyapro\",\"https:\/\/www.instagram.com\/alanyaproperties\/\",\"https:\/\/www.youtube.com\/c\/AlanyaProperties\"]}]}<\/script>\n<!-- \/ Yoast SEO plugin. -->","yoast_head_json":{"title":"Nouveaux Appartements \u00e0 Demirtas \/ Alanya - Properties in Alanya.","description":"Nouveaux Appartements \u00e0 Demirtas \/ Alanya pr\u00e8s des ruines de l'ancienne ville romaine de Seydra et du c\u00e9l\u00e8bre canyon de Sapadere","robots":{"index":"index","follow":"follow","max-snippet":"max-snippet:-1","max-image-preview":"max-image-preview:large","max-video-preview":"max-video-preview:-1"},"canonical":"https:\/\/www.alanyaproperties.com\/fr\/property\/nouveaux-appartements-a-demirtas-alanya-2\/","og_locale":"fr_FR","og_type":"article","og_title":"Nouveaux Appartements \u00e0 Demirtas \/ Alanya - Properties in Alanya.","og_description":"Nouveaux Appartements \u00e0 Demirtas \/ Alanya pr\u00e8s des ruines de l'ancienne ville romaine de Seydra et du c\u00e9l\u00e8bre canyon de Sapadere","og_url":"https:\/\/www.alanyaproperties.com\/fr\/property\/nouveaux-appartements-a-demirtas-alanya-2\/","og_site_name":"Properties in Alanya.","article_publisher":"https:\/\/www.facebook.com\/alanyaproperties\/","article_modified_time":"2025-02-04T17:33:15+00:00","og_image":[{"width":1300,"height":732,"url":"https:\/\/www.alanyaproperties.com\/wp-content\/uploads\/2023\/08\/12-1-1.jpg","type":"image\/jpeg"}],"twitter_card":"summary_large_image","twitter_site":"@alanyapro","twitter_misc":{"Dur\u00e9e de lecture estim\u00e9e":"2 minutes"},"schema":{"@context":"https:\/\/schema.org","@graph":[{"@type":"WebPage","@id":"https:\/\/www.alanyaproperties.com\/fr\/property\/nouveaux-appartements-a-demirtas-alanya-2\/","url":"https:\/\/www.alanyaproperties.com\/fr\/property\/nouveaux-appartements-a-demirtas-alanya-2\/","name":"Nouveaux Appartements \u00e0 Demirtas \/ Alanya - Properties in Alanya.","isPartOf":{"@id":"https:\/\/www.alanyaproperties.com\/fr\/#website"},"primaryImageOfPage":{"@id":"https:\/\/www.alanyaproperties.com\/fr\/property\/nouveaux-appartements-a-demirtas-alanya-2\/#primaryimage"},"image":{"@id":"https:\/\/www.alanyaproperties.com\/fr\/property\/nouveaux-appartements-a-demirtas-alanya-2\/#primaryimage"},"thumbnailUrl":"https:\/\/i0.wp.com\/www.alanyaproperties.com\/wp-content\/uploads\/2023\/08\/12-1-1.jpg?fit=1300%2C732&ssl=1","datePublished":"2023-08-24T09:23:30+00:00","dateModified":"2025-02-04T17:33:15+00:00","description":"Nouveaux Appartements \u00e0 Demirtas \/ Alanya pr\u00e8s des ruines de l'ancienne ville romaine de Seydra et du c\u00e9l\u00e8bre canyon de Sapadere","breadcrumb":{"@id":"https:\/\/www.alanyaproperties.com\/fr\/property\/nouveaux-appartements-a-demirtas-alanya-2\/#breadcrumb"},"inLanguage":"fr-FR","potentialAction":[{"@type":"ReadAction","target":["https:\/\/www.alanyaproperties.com\/fr\/property\/nouveaux-appartements-a-demirtas-alanya-2\/"]}]},{"@type":"ImageObject","inLanguage":"fr-FR","@id":"https:\/\/www.alanyaproperties.com\/fr\/property\/nouveaux-appartements-a-demirtas-alanya-2\/#primaryimage","url":"https:\/\/i0.wp.com\/www.alanyaproperties.com\/wp-content\/uploads\/2023\/08\/12-1-1.jpg?fit=1300%2C732&ssl=1","contentUrl":"https:\/\/i0.wp.com\/www.alanyaproperties.com\/wp-content\/uploads\/2023\/08\/12-1-1.jpg?fit=1300%2C732&ssl=1","width":1300,"height":732},{"@type":"BreadcrumbList","@id":"https:\/\/www.alanyaproperties.com\/fr\/property\/nouveaux-appartements-a-demirtas-alanya-2\/#breadcrumb","itemListElement":[{"@type":"ListItem","position":1,"name":"Home","item":"https:\/\/www.alanyaproperties.com\/fr\/"},{"@type":"ListItem","position":2,"name":"Propri\u00e9t\u00e9s","item":"https:\/\/www.alanyaproperties.com\/fr\/property\/"},{"@type":"ListItem","position":3,"name":"Nouveaux Appartements \u00e0 Demirtas \/ Alanya"}]},{"@type":"WebSite","@id":"https:\/\/www.alanyaproperties.com\/fr\/#website","url":"https:\/\/www.alanyaproperties.com\/fr\/","name":"Properties in Alanya.","description":"Immobilier en Turquie | Acheter un immobilier en Turquie","publisher":{"@id":"https:\/\/www.alanyaproperties.com\/fr\/#organization"},"potentialAction":[{"@type":"SearchAction","target":{"@type":"EntryPoint","urlTemplate":"https:\/\/www.alanyaproperties.com\/fr\/?s={search_term_string}"},"query-input":"required name=search_term_string"}],"inLanguage":"fr-FR"},{"@type":"Organization","@id":"https:\/\/www.alanyaproperties.com\/fr\/#organization","name":"Alanya Properties","url":"https:\/\/www.alanyaproperties.com\/fr\/","logo":{"@type":"ImageObject","inLanguage":"fr-FR","@id":"https:\/\/www.alanyaproperties.com\/fr\/#\/schema\/logo\/image\/","url":"https:\/\/i0.wp.com\/www.alanyaproperties.com\/wp-content\/uploads\/2017\/06\/alanya-properties-logo-180to.png?fit=180%2C81&ssl=1","contentUrl":"https:\/\/i0.wp.com\/www.alanyaproperties.com\/wp-content\/uploads\/2017\/06\/alanya-properties-logo-180to.png?fit=180%2C81&ssl=1","width":180,"height":81,"caption":"Alanya Properties"},"image":{"@id":"https:\/\/www.alanyaproperties.com\/fr\/#\/schema\/logo\/image\/"},"sameAs":["https:\/\/www.facebook.com\/alanyaproperties\/","https:\/\/x.com\/alanyapro","https:\/\/www.instagram.com\/alanyaproperties\/","https:\/\/www.youtube.com\/c\/AlanyaProperties"]}]}},"jetpack_sharing_enabled":true,"_links":{"self":[{"href":"https:\/\/www.alanyaproperties.com\/fr\/wp-json\/wp\/v2\/properties\/414782"}],"collection":[{"href":"https:\/\/www.alanyaproperties.com\/fr\/wp-json\/wp\/v2\/properties"}],"about":[{"href":"https:\/\/www.alanyaproperties.com\/fr\/wp-json\/wp\/v2\/types\/property"}],"author":[{"embeddable":true,"href":"https:\/\/www.alanyaproperties.com\/fr\/wp-json\/wp\/v2\/users\/112"}],"version-history":[{"count":2,"href":"https:\/\/www.alanyaproperties.com\/fr\/wp-json\/wp\/v2\/properties\/414782\/revisions"}],"predecessor-version":[{"id":414784,"href":"https:\/\/www.alanyaproperties.com\/fr\/wp-json\/wp\/v2\/properties\/414782\/revisions\/414784"}],"wp:featuredmedia":[{"embeddable":true,"href":"https:\/\/www.alanyaproperties.com\/fr\/wp-json\/wp\/v2\/media\/374241"}],"wp:attachment":[{"href":"https:\/\/www.alanyaproperties.com\/fr\/wp-json\/wp\/v2\/media?parent=414782"}],"wp:term":[{"taxonomy":"property_type","embeddable":true,"href":"https:\/\/www.alanyaproperties.com\/fr\/wp-json\/wp\/v2\/property_type?post=414782"},{"taxonomy":"property_status","embeddable":true,"href":"https:\/\/www.alanyaproperties.com\/fr\/wp-json\/wp\/v2\/property_status?post=414782"},{"taxonomy":"property_feature","embeddable":true,"href":"https:\/\/www.alanyaproperties.com\/fr\/wp-json\/wp\/v2\/property_feature?post=414782"},{"taxonomy":"property_label","embeddable":true,"href":"https:\/\/www.alanyaproperties.com\/fr\/wp-json\/wp\/v2\/property_label?post=414782"},{"taxonomy":"property_city","embeddable":true,"href":"https:\/\/www.alanyaproperties.com\/fr\/wp-json\/wp\/v2\/property_city?post=414782"},{"taxonomy":"property_area","embeddable":true,"href":"https:\/\/www.alanyaproperties.com\/fr\/wp-json\/wp\/v2\/property_area?post=414782"},{"taxonomy":"property_state","embeddable":true,"href":"https:\/\/www.alanyaproperties.com\/fr\/wp-json\/wp\/v2\/property_state?post=414782"}],"curies":[{"name":"wp","href":"https:\/\/api.w.org\/{rel}","templated":true}]}}