{"id":412268,"date":"2024-12-17T10:32:55","date_gmt":"2024-12-17T10:32:55","guid":{"rendered":"https:\/\/www.alanyaproperties.com\/property\/furnished-2-bedroom-apartment-in-cikcilli-alanya\/"},"modified":"2024-12-21T13:31:28","modified_gmt":"2024-12-21T13:31:28","slug":"appartement-meuble-de-2-chambres-a-cikcilli-alanya","status":"publish","type":"property","link":"https:\/\/www.alanyaproperties.com\/fr\/property\/appartement-meuble-de-2-chambres-a-cikcilli-alanya\/","title":{"rendered":"Appartement Meubl\u00e9 de 2 Chambres \u00e0 Cikcilli \/ Alanya"},"content":{"rendered":"<h4>Appartement Meubl\u00e9 de 2 Chambres \u00e0 Cikcilli \/ Alanya<\/h4>\n<p>Cet appartement meubl\u00e9 de 2 chambres \u00e0 coucher \u00e0 Cikcilli \/ Alanya est situ\u00e9 en face du supermarch\u00e9 \u00ab\u00a0Tahtakale\u00a0\u00bb et \u00e0 proximit\u00e9 du centre commercial \u00ab\u00a0Alanyium\u00a0\u00bb et de l&rsquo;hypermarch\u00e9 \u00ab\u00a0Metro\u00a0\u00bb. Il est situ\u00e9 dans un complexe de 2 immeubles de 7 \u00e9tages, \u00e0 800 m de la mer.<\/p>\n<h4>Caract\u00e9ristiques de l&rsquo;appartement<\/h4>\n<p>Le bien a une superficie de 95 m\u00b2 et est situ\u00e9 au deuxi\u00e8me \u00e9tage. Il y a un salon spacieux avec cuisine ouverte, reli\u00e9 au plus grand des trois balcons &#8211; parfait pour se d\u00e9tendre.\u00a0 L&rsquo;appartement comprend \u00e9galement 2 grandes chambres doubles, une salle de bains principale et des toilettes invit\u00e9s.<br \/>\nLes deux plus petits balcons sont \u00e9quip\u00e9s de panneaux de verre rabattables afin de pouvoir \u00eatre utilis\u00e9s toute l&rsquo;ann\u00e9e. L&rsquo;appartement comprend \u00e9galement deux grandes chambres doubles, une salle de bains principale et des toilettes invit\u00e9s. Les deux plus petits balcons sont \u00e9quip\u00e9s d&rsquo;un syst\u00e8me de vitres rabattables afin de pouvoir \u00eatre utilis\u00e9s toute l&rsquo;ann\u00e9e.<\/p>\n<h4>Installations dans la r\u00e9sidence<\/h4>\n<p>Le complexe r\u00e9sidentiel dispose d&rsquo;excellentes \u00e9quipements, dont une grande piscine ext\u00e9rieure entour\u00e9e par une terrasse ensoleill\u00e9e et un beau jardin entretenu. Vous trouverez \u00e9galement un court de tennis, un espace barbecue et une aire de jeux pour enfants. Une salle de sport enti\u00e8rement \u00e9quip\u00e9e est \u00e9galement \u00e0 la disposition de tous les r\u00e9sidents.<\/p>\n<ul>\n<li>places de parking sur le terrain<\/li>\n<\/ul>\n<h4>Cikcilli<\/h4>\n<ul>\n<li>Cikcilli est situ\u00e9 \u00e0 3 km \u00e0 l&rsquo;est d&rsquo;<a href=\"https:\/\/fr.wikipedia.org\/wiki\/Alanya\"><span style=\"color: #4e0000;\">Alanya<\/span><\/a>. Les caract\u00e9ristiques de Cikcilli sont l&rsquo;environnement verdoyant et les nombreux champs d&rsquo;orangers. Ce quartier est un example de la vie quotidienne turque locale.\u00a0 Cikcilli est un endroit qui se d\u00e9veloppe positivement. De nombreux beaux complexes d&rsquo;appartements sont en cours de construction.<\/li>\n<li>La ville d&rsquo;Alanya a investi beaucoup dans la construction de parcs et de terrains de sport. De Cikcilli, il y a de bons transports en commun vers le centre d&rsquo;Alanya et la plage de Keykubat. Ce quartier est paisible et est donc parfait pour ceux qui veulent vivre dans un quartier calme, mais \u00e0 proximit\u00e9 du centre d&rsquo;Alanya. Bref, vous serez plong\u00e9 dans un m\u00e9lange d&rsquo;ambiance locale et \u00e9trang\u00e8re. En plus de divers magasins, il existe \u00e9galement de nombreux restaurants confortables qui offrent une d\u00e9licieuse cuisine turque. Le centre commercial \u00ab\u00a0Kipa\u00a0\u00bb est \u00e9galement situ\u00e9 dans le centre de Cikcilli.<\/li>\n<\/ul>\n<h3 style=\"text-align: center;\"><\/h3>\n<h3 style=\"text-align: center;\"><\/h3>\n","protected":false},"excerpt":{"rendered":"<p>Appartement Meubl\u00e9 de 2 Chambres \u00e0 Cikcilli \/ Alanya Cet appartement meubl\u00e9 de 2 chambres \u00e0 coucher \u00e0 Cikcilli \/ Alanya est situ\u00e9 en face du supermarch\u00e9 \u00ab\u00a0Tahtakale\u00a0\u00bb et \u00e0 proximit\u00e9 du centre commercial \u00ab\u00a0Alanyium\u00a0\u00bb et de l&rsquo;hypermarch\u00e9 \u00ab\u00a0Metro\u00a0\u00bb. Il est situ\u00e9 dans un complexe de 2 immeubles de 7 \u00e9tages, \u00e0 800 m de [&hellip;]<\/p>\n","protected":false},"author":102,"featured_media":412079,"parent":0,"menu_order":0,"template":"","property_type":[3782],"property_status":[3822],"property_feature":[4721,3832,3819,3842,3794,3833,3786,3787,3812,3800,3895,3784,3790,3814,3789,3843,3796,3795,3797,3799,3844,3798,3806,3813,3792,3801,3791,3845,3882,3816],"property_label":[3829],"property_city":[3823,3898],"property_area":[3825,3826,3827,3848,3899,3849],"property_state":[3828],"yoast_head":"<!-- This site is optimized with the Yoast SEO plugin v22.6 - https:\/\/yoast.com\/wordpress\/plugins\/seo\/ -->\n<title>Appartement Meubl\u00e9 de 2 Chambres \u00e0 Cikcilli \/ Alanya - Properties in Alanya.<\/title>\n<meta name=\"description\" content=\"Appartement Meubl\u00e9 de 2 Chambres \u00e0 Cikcilli \/ Alanya, 800 m de la plage | en face d&#039;un supermarch\u00e9 et 150 m du centre commercial &quot;Alanyum&quot;\" \/>\n<meta name=\"robots\" content=\"index, follow, max-snippet:-1, max-image-preview:large, max-video-preview:-1\" \/>\n<link rel=\"canonical\" href=\"https:\/\/www.alanyaproperties.com\/fr\/property\/appartement-meuble-de-2-chambres-a-cikcilli-alanya\/\" \/>\n<meta property=\"og:locale\" content=\"fr_FR\" \/>\n<meta property=\"og:type\" content=\"article\" \/>\n<meta property=\"og:title\" content=\"Appartement Meubl\u00e9 de 2 Chambres \u00e0 Cikcilli \/ Alanya - Properties in Alanya.\" \/>\n<meta property=\"og:description\" content=\"Appartement Meubl\u00e9 de 2 Chambres \u00e0 Cikcilli \/ Alanya, 800 m de la plage | en face d&#039;un supermarch\u00e9 et 150 m du centre commercial &quot;Alanyum&quot;\" \/>\n<meta property=\"og:url\" content=\"https:\/\/www.alanyaproperties.com\/fr\/property\/appartement-meuble-de-2-chambres-a-cikcilli-alanya\/\" \/>\n<meta property=\"og:site_name\" content=\"Properties in Alanya.\" \/>\n<meta property=\"article:publisher\" content=\"https:\/\/www.facebook.com\/alanyaproperties\/\" \/>\n<meta property=\"article:modified_time\" content=\"2024-12-21T13:31:28+00:00\" \/>\n<meta property=\"og:image\" content=\"https:\/\/www.alanyaproperties.com\/wp-content\/uploads\/2024\/12\/Furnished-2-Bedroom-Apartment-in-Cikcilli-Alanya-3.jpg\" \/>\n\t<meta property=\"og:image:width\" content=\"1300\" \/>\n\t<meta property=\"og:image:height\" content=\"975\" \/>\n\t<meta property=\"og:image:type\" content=\"image\/jpeg\" \/>\n<meta name=\"twitter:card\" content=\"summary_large_image\" \/>\n<meta name=\"twitter:site\" content=\"@alanyapro\" \/>\n<meta name=\"twitter:label1\" content=\"Dur\u00e9e de lecture estim\u00e9e\" \/>\n\t<meta name=\"twitter:data1\" content=\"2 minutes\" \/>\n<script type=\"application\/ld+json\" class=\"yoast-schema-graph\">{\"@context\":\"https:\/\/schema.org\",\"@graph\":[{\"@type\":\"WebPage\",\"@id\":\"https:\/\/www.alanyaproperties.com\/fr\/property\/appartement-meuble-de-2-chambres-a-cikcilli-alanya\/\",\"url\":\"https:\/\/www.alanyaproperties.com\/fr\/property\/appartement-meuble-de-2-chambres-a-cikcilli-alanya\/\",\"name\":\"Appartement Meubl\u00e9 de 2 Chambres \u00e0 Cikcilli \/ Alanya - Properties in Alanya.\",\"isPartOf\":{\"@id\":\"https:\/\/www.alanyaproperties.com\/fr\/#website\"},\"primaryImageOfPage\":{\"@id\":\"https:\/\/www.alanyaproperties.com\/fr\/property\/appartement-meuble-de-2-chambres-a-cikcilli-alanya\/#primaryimage\"},\"image\":{\"@id\":\"https:\/\/www.alanyaproperties.com\/fr\/property\/appartement-meuble-de-2-chambres-a-cikcilli-alanya\/#primaryimage\"},\"thumbnailUrl\":\"https:\/\/i0.wp.com\/www.alanyaproperties.com\/wp-content\/uploads\/2024\/12\/Furnished-2-Bedroom-Apartment-in-Cikcilli-Alanya-3.jpg?fit=1300%2C975&ssl=1\",\"datePublished\":\"2024-12-17T10:32:55+00:00\",\"dateModified\":\"2024-12-21T13:31:28+00:00\",\"description\":\"Appartement Meubl\u00e9 de 2 Chambres \u00e0 Cikcilli \/ Alanya, 800 m de la plage | en face d'un supermarch\u00e9 et 150 m du centre commercial \\\"Alanyum\\\"\",\"breadcrumb\":{\"@id\":\"https:\/\/www.alanyaproperties.com\/fr\/property\/appartement-meuble-de-2-chambres-a-cikcilli-alanya\/#breadcrumb\"},\"inLanguage\":\"fr-FR\",\"potentialAction\":[{\"@type\":\"ReadAction\",\"target\":[\"https:\/\/www.alanyaproperties.com\/fr\/property\/appartement-meuble-de-2-chambres-a-cikcilli-alanya\/\"]}]},{\"@type\":\"ImageObject\",\"inLanguage\":\"fr-FR\",\"@id\":\"https:\/\/www.alanyaproperties.com\/fr\/property\/appartement-meuble-de-2-chambres-a-cikcilli-alanya\/#primaryimage\",\"url\":\"https:\/\/i0.wp.com\/www.alanyaproperties.com\/wp-content\/uploads\/2024\/12\/Furnished-2-Bedroom-Apartment-in-Cikcilli-Alanya-3.jpg?fit=1300%2C975&ssl=1\",\"contentUrl\":\"https:\/\/i0.wp.com\/www.alanyaproperties.com\/wp-content\/uploads\/2024\/12\/Furnished-2-Bedroom-Apartment-in-Cikcilli-Alanya-3.jpg?fit=1300%2C975&ssl=1\",\"width\":1300,\"height\":975},{\"@type\":\"BreadcrumbList\",\"@id\":\"https:\/\/www.alanyaproperties.com\/fr\/property\/appartement-meuble-de-2-chambres-a-cikcilli-alanya\/#breadcrumb\",\"itemListElement\":[{\"@type\":\"ListItem\",\"position\":1,\"name\":\"Home\",\"item\":\"https:\/\/www.alanyaproperties.com\/fr\/\"},{\"@type\":\"ListItem\",\"position\":2,\"name\":\"Propri\u00e9t\u00e9s\",\"item\":\"https:\/\/www.alanyaproperties.com\/fr\/property\/\"},{\"@type\":\"ListItem\",\"position\":3,\"name\":\"Appartement Meubl\u00e9 de 2 Chambres \u00e0 Cikcilli \/ Alanya\"}]},{\"@type\":\"WebSite\",\"@id\":\"https:\/\/www.alanyaproperties.com\/fr\/#website\",\"url\":\"https:\/\/www.alanyaproperties.com\/fr\/\",\"name\":\"Properties in Alanya.\",\"description\":\"Immobilier en Turquie | Acheter un immobilier en Turquie\",\"publisher\":{\"@id\":\"https:\/\/www.alanyaproperties.com\/fr\/#organization\"},\"potentialAction\":[{\"@type\":\"SearchAction\",\"target\":{\"@type\":\"EntryPoint\",\"urlTemplate\":\"https:\/\/www.alanyaproperties.com\/fr\/?s={search_term_string}\"},\"query-input\":\"required name=search_term_string\"}],\"inLanguage\":\"fr-FR\"},{\"@type\":\"Organization\",\"@id\":\"https:\/\/www.alanyaproperties.com\/fr\/#organization\",\"name\":\"Alanya Properties\",\"url\":\"https:\/\/www.alanyaproperties.com\/fr\/\",\"logo\":{\"@type\":\"ImageObject\",\"inLanguage\":\"fr-FR\",\"@id\":\"https:\/\/www.alanyaproperties.com\/fr\/#\/schema\/logo\/image\/\",\"url\":\"https:\/\/i0.wp.com\/www.alanyaproperties.com\/wp-content\/uploads\/2017\/06\/alanya-properties-logo-180to.png?fit=180%2C81&ssl=1\",\"contentUrl\":\"https:\/\/i0.wp.com\/www.alanyaproperties.com\/wp-content\/uploads\/2017\/06\/alanya-properties-logo-180to.png?fit=180%2C81&ssl=1\",\"width\":180,\"height\":81,\"caption\":\"Alanya Properties\"},\"image\":{\"@id\":\"https:\/\/www.alanyaproperties.com\/fr\/#\/schema\/logo\/image\/\"},\"sameAs\":[\"https:\/\/www.facebook.com\/alanyaproperties\/\",\"https:\/\/x.com\/alanyapro\",\"https:\/\/www.instagram.com\/alanyaproperties\/\",\"https:\/\/www.youtube.com\/c\/AlanyaProperties\"]}]}<\/script>\n<!-- \/ Yoast SEO plugin. -->","yoast_head_json":{"title":"Appartement Meubl\u00e9 de 2 Chambres \u00e0 Cikcilli \/ Alanya - Properties in Alanya.","description":"Appartement Meubl\u00e9 de 2 Chambres \u00e0 Cikcilli \/ Alanya, 800 m de la plage | en face d'un supermarch\u00e9 et 150 m du centre commercial \"Alanyum\"","robots":{"index":"index","follow":"follow","max-snippet":"max-snippet:-1","max-image-preview":"max-image-preview:large","max-video-preview":"max-video-preview:-1"},"canonical":"https:\/\/www.alanyaproperties.com\/fr\/property\/appartement-meuble-de-2-chambres-a-cikcilli-alanya\/","og_locale":"fr_FR","og_type":"article","og_title":"Appartement Meubl\u00e9 de 2 Chambres \u00e0 Cikcilli \/ Alanya - Properties in Alanya.","og_description":"Appartement Meubl\u00e9 de 2 Chambres \u00e0 Cikcilli \/ Alanya, 800 m de la plage | en face d'un supermarch\u00e9 et 150 m du centre commercial \"Alanyum\"","og_url":"https:\/\/www.alanyaproperties.com\/fr\/property\/appartement-meuble-de-2-chambres-a-cikcilli-alanya\/","og_site_name":"Properties in Alanya.","article_publisher":"https:\/\/www.facebook.com\/alanyaproperties\/","article_modified_time":"2024-12-21T13:31:28+00:00","og_image":[{"width":1300,"height":975,"url":"https:\/\/www.alanyaproperties.com\/wp-content\/uploads\/2024\/12\/Furnished-2-Bedroom-Apartment-in-Cikcilli-Alanya-3.jpg","type":"image\/jpeg"}],"twitter_card":"summary_large_image","twitter_site":"@alanyapro","twitter_misc":{"Dur\u00e9e de lecture estim\u00e9e":"2 minutes"},"schema":{"@context":"https:\/\/schema.org","@graph":[{"@type":"WebPage","@id":"https:\/\/www.alanyaproperties.com\/fr\/property\/appartement-meuble-de-2-chambres-a-cikcilli-alanya\/","url":"https:\/\/www.alanyaproperties.com\/fr\/property\/appartement-meuble-de-2-chambres-a-cikcilli-alanya\/","name":"Appartement Meubl\u00e9 de 2 Chambres \u00e0 Cikcilli \/ Alanya - Properties in Alanya.","isPartOf":{"@id":"https:\/\/www.alanyaproperties.com\/fr\/#website"},"primaryImageOfPage":{"@id":"https:\/\/www.alanyaproperties.com\/fr\/property\/appartement-meuble-de-2-chambres-a-cikcilli-alanya\/#primaryimage"},"image":{"@id":"https:\/\/www.alanyaproperties.com\/fr\/property\/appartement-meuble-de-2-chambres-a-cikcilli-alanya\/#primaryimage"},"thumbnailUrl":"https:\/\/i0.wp.com\/www.alanyaproperties.com\/wp-content\/uploads\/2024\/12\/Furnished-2-Bedroom-Apartment-in-Cikcilli-Alanya-3.jpg?fit=1300%2C975&ssl=1","datePublished":"2024-12-17T10:32:55+00:00","dateModified":"2024-12-21T13:31:28+00:00","description":"Appartement Meubl\u00e9 de 2 Chambres \u00e0 Cikcilli \/ Alanya, 800 m de la plage | en face d'un supermarch\u00e9 et 150 m du centre commercial \"Alanyum\"","breadcrumb":{"@id":"https:\/\/www.alanyaproperties.com\/fr\/property\/appartement-meuble-de-2-chambres-a-cikcilli-alanya\/#breadcrumb"},"inLanguage":"fr-FR","potentialAction":[{"@type":"ReadAction","target":["https:\/\/www.alanyaproperties.com\/fr\/property\/appartement-meuble-de-2-chambres-a-cikcilli-alanya\/"]}]},{"@type":"ImageObject","inLanguage":"fr-FR","@id":"https:\/\/www.alanyaproperties.com\/fr\/property\/appartement-meuble-de-2-chambres-a-cikcilli-alanya\/#primaryimage","url":"https:\/\/i0.wp.com\/www.alanyaproperties.com\/wp-content\/uploads\/2024\/12\/Furnished-2-Bedroom-Apartment-in-Cikcilli-Alanya-3.jpg?fit=1300%2C975&ssl=1","contentUrl":"https:\/\/i0.wp.com\/www.alanyaproperties.com\/wp-content\/uploads\/2024\/12\/Furnished-2-Bedroom-Apartment-in-Cikcilli-Alanya-3.jpg?fit=1300%2C975&ssl=1","width":1300,"height":975},{"@type":"BreadcrumbList","@id":"https:\/\/www.alanyaproperties.com\/fr\/property\/appartement-meuble-de-2-chambres-a-cikcilli-alanya\/#breadcrumb","itemListElement":[{"@type":"ListItem","position":1,"name":"Home","item":"https:\/\/www.alanyaproperties.com\/fr\/"},{"@type":"ListItem","position":2,"name":"Propri\u00e9t\u00e9s","item":"https:\/\/www.alanyaproperties.com\/fr\/property\/"},{"@type":"ListItem","position":3,"name":"Appartement Meubl\u00e9 de 2 Chambres \u00e0 Cikcilli \/ Alanya"}]},{"@type":"WebSite","@id":"https:\/\/www.alanyaproperties.com\/fr\/#website","url":"https:\/\/www.alanyaproperties.com\/fr\/","name":"Properties in Alanya.","description":"Immobilier en Turquie | Acheter un immobilier en Turquie","publisher":{"@id":"https:\/\/www.alanyaproperties.com\/fr\/#organization"},"potentialAction":[{"@type":"SearchAction","target":{"@type":"EntryPoint","urlTemplate":"https:\/\/www.alanyaproperties.com\/fr\/?s={search_term_string}"},"query-input":"required name=search_term_string"}],"inLanguage":"fr-FR"},{"@type":"Organization","@id":"https:\/\/www.alanyaproperties.com\/fr\/#organization","name":"Alanya Properties","url":"https:\/\/www.alanyaproperties.com\/fr\/","logo":{"@type":"ImageObject","inLanguage":"fr-FR","@id":"https:\/\/www.alanyaproperties.com\/fr\/#\/schema\/logo\/image\/","url":"https:\/\/i0.wp.com\/www.alanyaproperties.com\/wp-content\/uploads\/2017\/06\/alanya-properties-logo-180to.png?fit=180%2C81&ssl=1","contentUrl":"https:\/\/i0.wp.com\/www.alanyaproperties.com\/wp-content\/uploads\/2017\/06\/alanya-properties-logo-180to.png?fit=180%2C81&ssl=1","width":180,"height":81,"caption":"Alanya Properties"},"image":{"@id":"https:\/\/www.alanyaproperties.com\/fr\/#\/schema\/logo\/image\/"},"sameAs":["https:\/\/www.facebook.com\/alanyaproperties\/","https:\/\/x.com\/alanyapro","https:\/\/www.instagram.com\/alanyaproperties\/","https:\/\/www.youtube.com\/c\/AlanyaProperties"]}]}},"jetpack_sharing_enabled":true,"_links":{"self":[{"href":"https:\/\/www.alanyaproperties.com\/fr\/wp-json\/wp\/v2\/properties\/412268"}],"collection":[{"href":"https:\/\/www.alanyaproperties.com\/fr\/wp-json\/wp\/v2\/properties"}],"about":[{"href":"https:\/\/www.alanyaproperties.com\/fr\/wp-json\/wp\/v2\/types\/property"}],"author":[{"embeddable":true,"href":"https:\/\/www.alanyaproperties.com\/fr\/wp-json\/wp\/v2\/users\/102"}],"version-history":[{"count":3,"href":"https:\/\/www.alanyaproperties.com\/fr\/wp-json\/wp\/v2\/properties\/412268\/revisions"}],"predecessor-version":[{"id":412271,"href":"https:\/\/www.alanyaproperties.com\/fr\/wp-json\/wp\/v2\/properties\/412268\/revisions\/412271"}],"wp:featuredmedia":[{"embeddable":true,"href":"https:\/\/www.alanyaproperties.com\/fr\/wp-json\/wp\/v2\/media\/412079"}],"wp:attachment":[{"href":"https:\/\/www.alanyaproperties.com\/fr\/wp-json\/wp\/v2\/media?parent=412268"}],"wp:term":[{"taxonomy":"property_type","embeddable":true,"href":"https:\/\/www.alanyaproperties.com\/fr\/wp-json\/wp\/v2\/property_type?post=412268"},{"taxonomy":"property_status","embeddable":true,"href":"https:\/\/www.alanyaproperties.com\/fr\/wp-json\/wp\/v2\/property_status?post=412268"},{"taxonomy":"property_feature","embeddable":true,"href":"https:\/\/www.alanyaproperties.com\/fr\/wp-json\/wp\/v2\/property_feature?post=412268"},{"taxonomy":"property_label","embeddable":true,"href":"https:\/\/www.alanyaproperties.com\/fr\/wp-json\/wp\/v2\/property_label?post=412268"},{"taxonomy":"property_city","embeddable":true,"href":"https:\/\/www.alanyaproperties.com\/fr\/wp-json\/wp\/v2\/property_city?post=412268"},{"taxonomy":"property_area","embeddable":true,"href":"https:\/\/www.alanyaproperties.com\/fr\/wp-json\/wp\/v2\/property_area?post=412268"},{"taxonomy":"property_state","embeddable":true,"href":"https:\/\/www.alanyaproperties.com\/fr\/wp-json\/wp\/v2\/property_state?post=412268"}],"curies":[{"name":"wp","href":"https:\/\/api.w.org\/{rel}","templated":true}]}}