{"id":387223,"date":"2023-11-23T10:22:18","date_gmt":"2023-11-23T10:22:18","guid":{"rendered":"https:\/\/www.alanyaproperties.com\/property\/new-apartments-in-serik-close-to-belek\/"},"modified":"2023-11-23T12:24:29","modified_gmt":"2023-11-23T12:24:29","slug":"nouveaux-appartements-a-serik-pres-de-belek","status":"publish","type":"property","link":"https:\/\/www.alanyaproperties.com\/fr\/property\/nouveaux-appartements-a-serik-pres-de-belek\/","title":{"rendered":"Nouveaux Appartements \u00e0 Serik pr\u00e8s de Belek"},"content":{"rendered":"<h4>Nouveaux Appartements \u00e0 Serik pr\u00e8s de Belek<\/h4>\n<p>Nouveaux Appartements \u00e0 Serik pr\u00e8s de Belek et \u00e0 10-15 minutes en voiture de la plage de Kadriye. Le nouveau projet se trouve \u00e0 proximit\u00e9 de l&rsquo;importante route D400, caract\u00e9ris\u00e9e par un acc\u00e8s facile au centre-ville <span style=\"color: #4e0000;\"><a style=\"color: #4e0000;\" href=\"https:\/\/www.alanyaproperties.com\/about-turkey\/general-information\/antalya-turkey\/\">d&rsquo;Antalya<\/a><\/span> et \u00e0 tous ses quartiers. Il se distingue par sa courte distance des plages et, comme le th\u00e9\u00e2tre historique d&rsquo;Aspendos, le pays des l\u00e9gendes et les nombreux terrains de golf.<\/p>\n<ul>\n<li>Jouer au golf \u00e0 Belek, c\u2019est jouer au golf dans la nature. Les terrains de golf sont situ\u00e9s dans les for\u00eats de pins au bord de la plage. Gr\u00e2ce \u00e0 un approvisionnement constant en eau provenant des montagnes du Taurus, les terrains de golf restent magnifiquement verts toute l&rsquo;ann\u00e9e.<\/li>\n<\/ul>\n<p>Dans le quartier se trouvent des supermarch\u00e9s, boulangeries, caf\u00e9s, restaurants, pharmacies, arr\u00eats de bus, magasins et \u00e9tablissements de soins personnels n\u00e9cessaires pour r\u00e9pondre aux besoins de la vie quotidienne.<\/p>\n<h4>Ce complexe r\u00e9sidentiel construit sur un terrain de 9368 m\u00b2, se compose de 6 blocs de 5 \u00e9tages<\/h4>\n<ul>\n<li>202 appartements de 1 et 2 chambres<\/li>\n<\/ul>\n<p>Toutes les unit\u00e9s sont \u00e9quip\u00e9es d&rsquo;un syst\u00e8me de maison intelligente qui permet de contr\u00f4ler toutes les fonctionnalit\u00e9s \u00e0 distance.<\/p>\n<h4>De nombreuses commodit\u00e9s sont \u00e0 la disposition de tous les r\u00e9sidents<\/h4>\n<p>Il y a une piscine ext\u00e9rieure de taille olympique et un parc aquatique. Ainsi qu&rsquo;un centre de conditionnement physique, un sauna, une caf\u00e9t\u00e9ria, un terrain de tennis, une aire de jeux pour enfants et un parking int\u00e9rieur.<\/p>\n<h4>Distance \u00e0 :<\/h4>\n<ul>\n<li>Plage : 10 km<\/li>\n<li>Route D400 : 650 m<\/li>\n<li>Centre m\u00e9dical : 350 m<\/li>\n<li><a href=\"https:\/\/thelandoflegendsthemepark.com\/en\/\"><span style=\"color: #4e0000;\">Land of Legends<\/span><\/a> : 11 km<\/li>\n<li>H\u00f4pital\u00a0 de Serik : 2 km<\/li>\n<li>A\u00e9roport d&rsquo;Antalya : 27 km<\/li>\n<\/ul>\n<h3><\/h3>\n<p>&nbsp;<\/p>\n","protected":false},"excerpt":{"rendered":"<p>Nouveaux Appartements \u00e0 Serik pr\u00e8s de Belek Nouveaux Appartements \u00e0 Serik pr\u00e8s de Belek et \u00e0 10-15 minutes en voiture de la plage de Kadriye. Le nouveau projet se trouve \u00e0 proximit\u00e9 de l&rsquo;importante route D400, caract\u00e9ris\u00e9e par un acc\u00e8s facile au centre-ville d&rsquo;Antalya et \u00e0 tous ses quartiers. Il se distingue par sa courte [&hellip;]<\/p>\n","protected":false},"author":31,"featured_media":386936,"parent":0,"menu_order":0,"template":"","property_type":[3782],"property_status":[3822],"property_feature":[4721,3832,3814,3795,3797,3806,3813,3811,4326,3818],"property_label":[4794],"property_city":[3921,3922],"property_area":[3825],"property_state":[3828],"yoast_head":"<!-- This site is optimized with the Yoast SEO plugin v22.6 - https:\/\/yoast.com\/wordpress\/plugins\/seo\/ -->\n<title>Nouveaux Appartements \u00e0 Serik pr\u00e8s de Belek - Properties in Alanya.<\/title>\n<meta name=\"description\" content=\"Nouveaux Appartements \u00e0 Serik pr\u00e8s de Belek et \u00e0 quelques minutes de la plage de Kadriye, des centres arch\u00e9ologiques et touristiques\" \/>\n<meta name=\"robots\" content=\"index, follow, max-snippet:-1, max-image-preview:large, max-video-preview:-1\" \/>\n<link rel=\"canonical\" href=\"https:\/\/www.alanyaproperties.com\/fr\/property\/nouveaux-appartements-a-serik-pres-de-belek\/\" \/>\n<meta property=\"og:locale\" content=\"fr_FR\" \/>\n<meta property=\"og:type\" content=\"article\" \/>\n<meta property=\"og:title\" content=\"Nouveaux Appartements \u00e0 Serik pr\u00e8s de Belek - Properties in Alanya.\" \/>\n<meta property=\"og:description\" content=\"Nouveaux Appartements \u00e0 Serik pr\u00e8s de Belek et \u00e0 quelques minutes de la plage de Kadriye, des centres arch\u00e9ologiques et touristiques\" \/>\n<meta property=\"og:url\" content=\"https:\/\/www.alanyaproperties.com\/fr\/property\/nouveaux-appartements-a-serik-pres-de-belek\/\" \/>\n<meta property=\"og:site_name\" content=\"Properties in Alanya.\" \/>\n<meta property=\"article:publisher\" content=\"https:\/\/www.facebook.com\/alanyaproperties\/\" \/>\n<meta property=\"article:modified_time\" content=\"2023-11-23T12:24:29+00:00\" \/>\n<meta property=\"og:image\" content=\"https:\/\/www.alanyaproperties.com\/wp-content\/uploads\/2023\/11\/Apartments-for-sale-in-Belek-1.jpg\" \/>\n\t<meta property=\"og:image:width\" content=\"1300\" \/>\n\t<meta property=\"og:image:height\" content=\"731\" \/>\n\t<meta property=\"og:image:type\" content=\"image\/jpeg\" \/>\n<meta name=\"twitter:card\" content=\"summary_large_image\" \/>\n<meta name=\"twitter:site\" content=\"@alanyapro\" \/>\n<meta name=\"twitter:label1\" content=\"Dur\u00e9e de lecture estim\u00e9e\" \/>\n\t<meta name=\"twitter:data1\" content=\"2 minutes\" \/>\n<script type=\"application\/ld+json\" class=\"yoast-schema-graph\">{\"@context\":\"https:\/\/schema.org\",\"@graph\":[{\"@type\":\"WebPage\",\"@id\":\"https:\/\/www.alanyaproperties.com\/fr\/property\/nouveaux-appartements-a-serik-pres-de-belek\/\",\"url\":\"https:\/\/www.alanyaproperties.com\/fr\/property\/nouveaux-appartements-a-serik-pres-de-belek\/\",\"name\":\"Nouveaux Appartements \u00e0 Serik pr\u00e8s de Belek - Properties in Alanya.\",\"isPartOf\":{\"@id\":\"https:\/\/www.alanyaproperties.com\/fr\/#website\"},\"primaryImageOfPage\":{\"@id\":\"https:\/\/www.alanyaproperties.com\/fr\/property\/nouveaux-appartements-a-serik-pres-de-belek\/#primaryimage\"},\"image\":{\"@id\":\"https:\/\/www.alanyaproperties.com\/fr\/property\/nouveaux-appartements-a-serik-pres-de-belek\/#primaryimage\"},\"thumbnailUrl\":\"https:\/\/i0.wp.com\/www.alanyaproperties.com\/wp-content\/uploads\/2023\/11\/Apartments-for-sale-in-Belek-1.jpg?fit=1300%2C731&ssl=1\",\"datePublished\":\"2023-11-23T10:22:18+00:00\",\"dateModified\":\"2023-11-23T12:24:29+00:00\",\"description\":\"Nouveaux Appartements \u00e0 Serik pr\u00e8s de Belek et \u00e0 quelques minutes de la plage de Kadriye, des centres arch\u00e9ologiques et touristiques\",\"breadcrumb\":{\"@id\":\"https:\/\/www.alanyaproperties.com\/fr\/property\/nouveaux-appartements-a-serik-pres-de-belek\/#breadcrumb\"},\"inLanguage\":\"fr-FR\",\"potentialAction\":[{\"@type\":\"ReadAction\",\"target\":[\"https:\/\/www.alanyaproperties.com\/fr\/property\/nouveaux-appartements-a-serik-pres-de-belek\/\"]}]},{\"@type\":\"ImageObject\",\"inLanguage\":\"fr-FR\",\"@id\":\"https:\/\/www.alanyaproperties.com\/fr\/property\/nouveaux-appartements-a-serik-pres-de-belek\/#primaryimage\",\"url\":\"https:\/\/i0.wp.com\/www.alanyaproperties.com\/wp-content\/uploads\/2023\/11\/Apartments-for-sale-in-Belek-1.jpg?fit=1300%2C731&ssl=1\",\"contentUrl\":\"https:\/\/i0.wp.com\/www.alanyaproperties.com\/wp-content\/uploads\/2023\/11\/Apartments-for-sale-in-Belek-1.jpg?fit=1300%2C731&ssl=1\",\"width\":1300,\"height\":731},{\"@type\":\"BreadcrumbList\",\"@id\":\"https:\/\/www.alanyaproperties.com\/fr\/property\/nouveaux-appartements-a-serik-pres-de-belek\/#breadcrumb\",\"itemListElement\":[{\"@type\":\"ListItem\",\"position\":1,\"name\":\"Home\",\"item\":\"https:\/\/www.alanyaproperties.com\/fr\/\"},{\"@type\":\"ListItem\",\"position\":2,\"name\":\"Propri\u00e9t\u00e9s\",\"item\":\"https:\/\/www.alanyaproperties.com\/fr\/property\/\"},{\"@type\":\"ListItem\",\"position\":3,\"name\":\"Nouveaux Appartements \u00e0 Serik pr\u00e8s de Belek\"}]},{\"@type\":\"WebSite\",\"@id\":\"https:\/\/www.alanyaproperties.com\/fr\/#website\",\"url\":\"https:\/\/www.alanyaproperties.com\/fr\/\",\"name\":\"Properties in Alanya.\",\"description\":\"Immobilier en Turquie | Acheter un immobilier en Turquie\",\"publisher\":{\"@id\":\"https:\/\/www.alanyaproperties.com\/fr\/#organization\"},\"potentialAction\":[{\"@type\":\"SearchAction\",\"target\":{\"@type\":\"EntryPoint\",\"urlTemplate\":\"https:\/\/www.alanyaproperties.com\/fr\/?s={search_term_string}\"},\"query-input\":\"required name=search_term_string\"}],\"inLanguage\":\"fr-FR\"},{\"@type\":\"Organization\",\"@id\":\"https:\/\/www.alanyaproperties.com\/fr\/#organization\",\"name\":\"Alanya Properties\",\"url\":\"https:\/\/www.alanyaproperties.com\/fr\/\",\"logo\":{\"@type\":\"ImageObject\",\"inLanguage\":\"fr-FR\",\"@id\":\"https:\/\/www.alanyaproperties.com\/fr\/#\/schema\/logo\/image\/\",\"url\":\"https:\/\/i0.wp.com\/www.alanyaproperties.com\/wp-content\/uploads\/2017\/06\/alanya-properties-logo-180to.png?fit=180%2C81&ssl=1\",\"contentUrl\":\"https:\/\/i0.wp.com\/www.alanyaproperties.com\/wp-content\/uploads\/2017\/06\/alanya-properties-logo-180to.png?fit=180%2C81&ssl=1\",\"width\":180,\"height\":81,\"caption\":\"Alanya Properties\"},\"image\":{\"@id\":\"https:\/\/www.alanyaproperties.com\/fr\/#\/schema\/logo\/image\/\"},\"sameAs\":[\"https:\/\/www.facebook.com\/alanyaproperties\/\",\"https:\/\/x.com\/alanyapro\",\"https:\/\/www.instagram.com\/alanyaproperties\/\",\"https:\/\/www.youtube.com\/c\/AlanyaProperties\"]}]}<\/script>\n<!-- \/ Yoast SEO plugin. -->","yoast_head_json":{"title":"Nouveaux Appartements \u00e0 Serik pr\u00e8s de Belek - Properties in Alanya.","description":"Nouveaux Appartements \u00e0 Serik pr\u00e8s de Belek et \u00e0 quelques minutes de la plage de Kadriye, des centres arch\u00e9ologiques et touristiques","robots":{"index":"index","follow":"follow","max-snippet":"max-snippet:-1","max-image-preview":"max-image-preview:large","max-video-preview":"max-video-preview:-1"},"canonical":"https:\/\/www.alanyaproperties.com\/fr\/property\/nouveaux-appartements-a-serik-pres-de-belek\/","og_locale":"fr_FR","og_type":"article","og_title":"Nouveaux Appartements \u00e0 Serik pr\u00e8s de Belek - Properties in Alanya.","og_description":"Nouveaux Appartements \u00e0 Serik pr\u00e8s de Belek et \u00e0 quelques minutes de la plage de Kadriye, des centres arch\u00e9ologiques et touristiques","og_url":"https:\/\/www.alanyaproperties.com\/fr\/property\/nouveaux-appartements-a-serik-pres-de-belek\/","og_site_name":"Properties in Alanya.","article_publisher":"https:\/\/www.facebook.com\/alanyaproperties\/","article_modified_time":"2023-11-23T12:24:29+00:00","og_image":[{"width":1300,"height":731,"url":"https:\/\/www.alanyaproperties.com\/wp-content\/uploads\/2023\/11\/Apartments-for-sale-in-Belek-1.jpg","type":"image\/jpeg"}],"twitter_card":"summary_large_image","twitter_site":"@alanyapro","twitter_misc":{"Dur\u00e9e de lecture estim\u00e9e":"2 minutes"},"schema":{"@context":"https:\/\/schema.org","@graph":[{"@type":"WebPage","@id":"https:\/\/www.alanyaproperties.com\/fr\/property\/nouveaux-appartements-a-serik-pres-de-belek\/","url":"https:\/\/www.alanyaproperties.com\/fr\/property\/nouveaux-appartements-a-serik-pres-de-belek\/","name":"Nouveaux Appartements \u00e0 Serik pr\u00e8s de Belek - Properties in Alanya.","isPartOf":{"@id":"https:\/\/www.alanyaproperties.com\/fr\/#website"},"primaryImageOfPage":{"@id":"https:\/\/www.alanyaproperties.com\/fr\/property\/nouveaux-appartements-a-serik-pres-de-belek\/#primaryimage"},"image":{"@id":"https:\/\/www.alanyaproperties.com\/fr\/property\/nouveaux-appartements-a-serik-pres-de-belek\/#primaryimage"},"thumbnailUrl":"https:\/\/i0.wp.com\/www.alanyaproperties.com\/wp-content\/uploads\/2023\/11\/Apartments-for-sale-in-Belek-1.jpg?fit=1300%2C731&ssl=1","datePublished":"2023-11-23T10:22:18+00:00","dateModified":"2023-11-23T12:24:29+00:00","description":"Nouveaux Appartements \u00e0 Serik pr\u00e8s de Belek et \u00e0 quelques minutes de la plage de Kadriye, des centres arch\u00e9ologiques et touristiques","breadcrumb":{"@id":"https:\/\/www.alanyaproperties.com\/fr\/property\/nouveaux-appartements-a-serik-pres-de-belek\/#breadcrumb"},"inLanguage":"fr-FR","potentialAction":[{"@type":"ReadAction","target":["https:\/\/www.alanyaproperties.com\/fr\/property\/nouveaux-appartements-a-serik-pres-de-belek\/"]}]},{"@type":"ImageObject","inLanguage":"fr-FR","@id":"https:\/\/www.alanyaproperties.com\/fr\/property\/nouveaux-appartements-a-serik-pres-de-belek\/#primaryimage","url":"https:\/\/i0.wp.com\/www.alanyaproperties.com\/wp-content\/uploads\/2023\/11\/Apartments-for-sale-in-Belek-1.jpg?fit=1300%2C731&ssl=1","contentUrl":"https:\/\/i0.wp.com\/www.alanyaproperties.com\/wp-content\/uploads\/2023\/11\/Apartments-for-sale-in-Belek-1.jpg?fit=1300%2C731&ssl=1","width":1300,"height":731},{"@type":"BreadcrumbList","@id":"https:\/\/www.alanyaproperties.com\/fr\/property\/nouveaux-appartements-a-serik-pres-de-belek\/#breadcrumb","itemListElement":[{"@type":"ListItem","position":1,"name":"Home","item":"https:\/\/www.alanyaproperties.com\/fr\/"},{"@type":"ListItem","position":2,"name":"Propri\u00e9t\u00e9s","item":"https:\/\/www.alanyaproperties.com\/fr\/property\/"},{"@type":"ListItem","position":3,"name":"Nouveaux Appartements \u00e0 Serik pr\u00e8s de Belek"}]},{"@type":"WebSite","@id":"https:\/\/www.alanyaproperties.com\/fr\/#website","url":"https:\/\/www.alanyaproperties.com\/fr\/","name":"Properties in Alanya.","description":"Immobilier en Turquie | Acheter un immobilier en Turquie","publisher":{"@id":"https:\/\/www.alanyaproperties.com\/fr\/#organization"},"potentialAction":[{"@type":"SearchAction","target":{"@type":"EntryPoint","urlTemplate":"https:\/\/www.alanyaproperties.com\/fr\/?s={search_term_string}"},"query-input":"required name=search_term_string"}],"inLanguage":"fr-FR"},{"@type":"Organization","@id":"https:\/\/www.alanyaproperties.com\/fr\/#organization","name":"Alanya Properties","url":"https:\/\/www.alanyaproperties.com\/fr\/","logo":{"@type":"ImageObject","inLanguage":"fr-FR","@id":"https:\/\/www.alanyaproperties.com\/fr\/#\/schema\/logo\/image\/","url":"https:\/\/i0.wp.com\/www.alanyaproperties.com\/wp-content\/uploads\/2017\/06\/alanya-properties-logo-180to.png?fit=180%2C81&ssl=1","contentUrl":"https:\/\/i0.wp.com\/www.alanyaproperties.com\/wp-content\/uploads\/2017\/06\/alanya-properties-logo-180to.png?fit=180%2C81&ssl=1","width":180,"height":81,"caption":"Alanya Properties"},"image":{"@id":"https:\/\/www.alanyaproperties.com\/fr\/#\/schema\/logo\/image\/"},"sameAs":["https:\/\/www.facebook.com\/alanyaproperties\/","https:\/\/x.com\/alanyapro","https:\/\/www.instagram.com\/alanyaproperties\/","https:\/\/www.youtube.com\/c\/AlanyaProperties"]}]}},"jetpack_sharing_enabled":true,"_links":{"self":[{"href":"https:\/\/www.alanyaproperties.com\/fr\/wp-json\/wp\/v2\/properties\/387223"}],"collection":[{"href":"https:\/\/www.alanyaproperties.com\/fr\/wp-json\/wp\/v2\/properties"}],"about":[{"href":"https:\/\/www.alanyaproperties.com\/fr\/wp-json\/wp\/v2\/types\/property"}],"author":[{"embeddable":true,"href":"https:\/\/www.alanyaproperties.com\/fr\/wp-json\/wp\/v2\/users\/31"}],"version-history":[{"count":5,"href":"https:\/\/www.alanyaproperties.com\/fr\/wp-json\/wp\/v2\/properties\/387223\/revisions"}],"predecessor-version":[{"id":387228,"href":"https:\/\/www.alanyaproperties.com\/fr\/wp-json\/wp\/v2\/properties\/387223\/revisions\/387228"}],"wp:featuredmedia":[{"embeddable":true,"href":"https:\/\/www.alanyaproperties.com\/fr\/wp-json\/wp\/v2\/media\/386936"}],"wp:attachment":[{"href":"https:\/\/www.alanyaproperties.com\/fr\/wp-json\/wp\/v2\/media?parent=387223"}],"wp:term":[{"taxonomy":"property_type","embeddable":true,"href":"https:\/\/www.alanyaproperties.com\/fr\/wp-json\/wp\/v2\/property_type?post=387223"},{"taxonomy":"property_status","embeddable":true,"href":"https:\/\/www.alanyaproperties.com\/fr\/wp-json\/wp\/v2\/property_status?post=387223"},{"taxonomy":"property_feature","embeddable":true,"href":"https:\/\/www.alanyaproperties.com\/fr\/wp-json\/wp\/v2\/property_feature?post=387223"},{"taxonomy":"property_label","embeddable":true,"href":"https:\/\/www.alanyaproperties.com\/fr\/wp-json\/wp\/v2\/property_label?post=387223"},{"taxonomy":"property_city","embeddable":true,"href":"https:\/\/www.alanyaproperties.com\/fr\/wp-json\/wp\/v2\/property_city?post=387223"},{"taxonomy":"property_area","embeddable":true,"href":"https:\/\/www.alanyaproperties.com\/fr\/wp-json\/wp\/v2\/property_area?post=387223"},{"taxonomy":"property_state","embeddable":true,"href":"https:\/\/www.alanyaproperties.com\/fr\/wp-json\/wp\/v2\/property_state?post=387223"}],"curies":[{"name":"wp","href":"https:\/\/api.w.org\/{rel}","templated":true}]}}