{"id":370004,"date":"2023-08-08T14:23:12","date_gmt":"2023-08-08T14:23:12","guid":{"rendered":"https:\/\/www.alanyaproperties.com\/property\/a-luxurious-life-in-alanya-konakli\/"},"modified":"2023-08-09T12:44:10","modified_gmt":"2023-08-09T12:44:10","slug":"villas-pres-de-la-plage-a-konakli-alanya","status":"publish","type":"property","link":"https:\/\/www.alanyaproperties.com\/fr\/property\/villas-pres-de-la-plage-a-konakli-alanya\/","title":{"rendered":"Villas Pr\u00e8s de la Plage \u00e0 Konakli \/ Alanya"},"content":{"rendered":"<h4>Villas Pr\u00e8s de la Plage \u00e0 Konakli \/ Alanya<\/h4>\n<p>Villas Pr\u00e8s de la Plage \u00e0 Konakli \/ Alanya dans un nouveau projet compos\u00e9 de 22 villas. Ce projet promet de profiter de la beaut\u00e9 naturelle d&rsquo;Alanya et en m\u00eame temps d&rsquo;avoir acc\u00e8s \u00e0 toutes les installations de la ville.<\/p>\n<h4>Il y a des villas individuelles et jumel\u00e9es<\/h4>\n<ul>\n<li>3 chambres \u00e0 coucher &#8211; 2 \u00e9tages &#8211; 200 m\u00b2<\/li>\n<li>4 chambres \u00e0 coucher &#8211; 2 \u00e9tages &#8211; 200 m\u00b2<\/li>\n<li>6 chambres \u00e0 coucher &#8211; 2 \u00e9tages &#8211; 390 m\u00b2<\/li>\n<li>5 chambres \u00e0 coucher &#8211; 3 \u00e9tages &#8211; 280 m\u00b2<\/li>\n<\/ul>\n<p>Chaque villa a sa piscine, son jardin et son parking couvert. le projet a \u00e9t\u00e9 con\u00e7u avec quatre saisons \u00e0 l&rsquo;esprit.<\/p>\n<h4>Konakli<\/h4>\n<ul>\n<li>Le nouveau projet est situ\u00e9 \u00e0 10 km \u00e0 l&rsquo;ouest du centre d&rsquo;Alanya. Entre la mer et la route, il y a principalement beaucoup d&rsquo;h\u00f4tels et de l&rsquo;autre c\u00f4t\u00e9 de la route se trouve le centre de Konakli, o\u00f9 vous trouverez beaucoup de magasins. Cet endroit a plusieurs restaurants, mais peu de bars ou de vie nocturne. Pour la vie nocturne, il est mieux de passer le temps au port d&rsquo;Alanya.<\/li>\n<li>Le projet se trouve \u00e0 1 km du centre-ville o\u00f9 se trouvent plusieurs supermarch\u00e9s. Le centre commercial, le Time Center et le <a href=\"https:\/\/www.nevaoutlet.com\/site\/en\/index.html\">Neva Outlet Center<\/a> sont \u00e0 3,7 km.<\/li>\n<li>Chaque mercredi, vous pouvez faire vos achats le jour du march\u00e9 hebdomadaire.<\/li>\n<li>L\u2019immobilier \u00e0 Konakli se compose principalement de villas et de complexes r\u00e9sidentiels de faible hauteur. Sur la route principale D400, vous pouvez prendre le bus pour vous rendre au centre d\u2019Alanya. Alanya est \u00e0 10 minutes en voiture. Dans la r\u00e9gion, vous pouvez visiter le \u00ab Kervansaray Sarapsa Han \u00bb. Il y a des si\u00e8cles, c\u2019\u00e9tait un endroit pour passer la nuit pour les marchands qui voyageaient le long de la Route de la Soie.<\/li>\n<\/ul>\n<p>&nbsp;<\/p>\n","protected":false},"excerpt":{"rendered":"<p>Villas Pr\u00e8s de la Plage \u00e0 Konakli \/ Alanya Villas Pr\u00e8s de la Plage \u00e0 Konakli \/ Alanya dans un nouveau projet compos\u00e9 de 22 villas. Ce projet promet de profiter de la beaut\u00e9 naturelle d&rsquo;Alanya et en m\u00eame temps d&rsquo;avoir acc\u00e8s \u00e0 toutes les installations de la ville. Il y a des villas individuelles [&hellip;]<\/p>\n","protected":false},"author":114,"featured_media":368967,"parent":0,"menu_order":0,"template":"","property_type":[3885],"property_status":[3822],"property_feature":[3783,3794,3815,3786,3837,3793,3784,3831,3795,3797,3806,3813,3791,3805,3811,3785],"property_label":[4794,3923],"property_city":[3823,3892],"property_area":[3825,3826,3827,3848,3849],"property_state":[3828],"yoast_head":"<!-- This site is optimized with the Yoast SEO plugin v22.6 - https:\/\/yoast.com\/wordpress\/plugins\/seo\/ -->\n<title>Villas Pr\u00e8s de la Plage \u00e0 Konakli \/ Alanya<\/title>\n<meta name=\"description\" content=\"Villas Pr\u00e8s de la Plage \u00e0 Konakli \/ Alanya | Ce projet promet de profiter de la beaut\u00e9 naturelle d&#039;Alanya | 500 m de la plage\" \/>\n<meta name=\"robots\" content=\"index, follow, max-snippet:-1, max-image-preview:large, max-video-preview:-1\" \/>\n<link rel=\"canonical\" href=\"https:\/\/www.alanyaproperties.com\/fr\/property\/villas-pres-de-la-plage-a-konakli-alanya\/\" \/>\n<meta property=\"og:locale\" content=\"fr_FR\" \/>\n<meta property=\"og:type\" content=\"article\" \/>\n<meta property=\"og:title\" content=\"Villas Pr\u00e8s de la Plage \u00e0 Konakli \/ Alanya\" \/>\n<meta property=\"og:description\" content=\"Villas Pr\u00e8s de la Plage \u00e0 Konakli \/ Alanya | Ce projet promet de profiter de la beaut\u00e9 naturelle d&#039;Alanya | 500 m de la plage\" \/>\n<meta property=\"og:url\" content=\"https:\/\/www.alanyaproperties.com\/fr\/property\/villas-pres-de-la-plage-a-konakli-alanya\/\" \/>\n<meta property=\"og:site_name\" content=\"Properties in Alanya.\" \/>\n<meta property=\"article:publisher\" content=\"https:\/\/www.facebook.com\/alanyaproperties\/\" \/>\n<meta property=\"article:modified_time\" content=\"2023-08-09T12:44:10+00:00\" \/>\n<meta property=\"og:image\" content=\"https:\/\/www.alanyaproperties.com\/wp-content\/uploads\/2023\/08\/VAZIYET1.jpg\" \/>\n\t<meta property=\"og:image:width\" content=\"1300\" \/>\n\t<meta property=\"og:image:height\" content=\"731\" \/>\n\t<meta property=\"og:image:type\" content=\"image\/jpeg\" \/>\n<meta name=\"twitter:card\" content=\"summary_large_image\" \/>\n<meta name=\"twitter:site\" content=\"@alanyapro\" \/>\n<meta name=\"twitter:label1\" content=\"Dur\u00e9e de lecture estim\u00e9e\" \/>\n\t<meta name=\"twitter:data1\" content=\"2 minutes\" \/>\n<script type=\"application\/ld+json\" class=\"yoast-schema-graph\">{\"@context\":\"https:\/\/schema.org\",\"@graph\":[{\"@type\":\"WebPage\",\"@id\":\"https:\/\/www.alanyaproperties.com\/fr\/property\/villas-pres-de-la-plage-a-konakli-alanya\/\",\"url\":\"https:\/\/www.alanyaproperties.com\/fr\/property\/villas-pres-de-la-plage-a-konakli-alanya\/\",\"name\":\"Villas Pr\u00e8s de la Plage \u00e0 Konakli \/ Alanya\",\"isPartOf\":{\"@id\":\"https:\/\/www.alanyaproperties.com\/fr\/#website\"},\"primaryImageOfPage\":{\"@id\":\"https:\/\/www.alanyaproperties.com\/fr\/property\/villas-pres-de-la-plage-a-konakli-alanya\/#primaryimage\"},\"image\":{\"@id\":\"https:\/\/www.alanyaproperties.com\/fr\/property\/villas-pres-de-la-plage-a-konakli-alanya\/#primaryimage\"},\"thumbnailUrl\":\"https:\/\/i0.wp.com\/www.alanyaproperties.com\/wp-content\/uploads\/2023\/08\/VAZIYET1.jpg?fit=1300%2C731&ssl=1\",\"datePublished\":\"2023-08-08T14:23:12+00:00\",\"dateModified\":\"2023-08-09T12:44:10+00:00\",\"description\":\"Villas Pr\u00e8s de la Plage \u00e0 Konakli \/ Alanya | Ce projet promet de profiter de la beaut\u00e9 naturelle d'Alanya | 500 m de la plage\",\"breadcrumb\":{\"@id\":\"https:\/\/www.alanyaproperties.com\/fr\/property\/villas-pres-de-la-plage-a-konakli-alanya\/#breadcrumb\"},\"inLanguage\":\"fr-FR\",\"potentialAction\":[{\"@type\":\"ReadAction\",\"target\":[\"https:\/\/www.alanyaproperties.com\/fr\/property\/villas-pres-de-la-plage-a-konakli-alanya\/\"]}]},{\"@type\":\"ImageObject\",\"inLanguage\":\"fr-FR\",\"@id\":\"https:\/\/www.alanyaproperties.com\/fr\/property\/villas-pres-de-la-plage-a-konakli-alanya\/#primaryimage\",\"url\":\"https:\/\/i0.wp.com\/www.alanyaproperties.com\/wp-content\/uploads\/2023\/08\/VAZIYET1.jpg?fit=1300%2C731&ssl=1\",\"contentUrl\":\"https:\/\/i0.wp.com\/www.alanyaproperties.com\/wp-content\/uploads\/2023\/08\/VAZIYET1.jpg?fit=1300%2C731&ssl=1\",\"width\":1300,\"height\":731},{\"@type\":\"BreadcrumbList\",\"@id\":\"https:\/\/www.alanyaproperties.com\/fr\/property\/villas-pres-de-la-plage-a-konakli-alanya\/#breadcrumb\",\"itemListElement\":[{\"@type\":\"ListItem\",\"position\":1,\"name\":\"Home\",\"item\":\"https:\/\/www.alanyaproperties.com\/fr\/\"},{\"@type\":\"ListItem\",\"position\":2,\"name\":\"Propri\u00e9t\u00e9s\",\"item\":\"https:\/\/www.alanyaproperties.com\/fr\/property\/\"},{\"@type\":\"ListItem\",\"position\":3,\"name\":\"Villas Pr\u00e8s de la Plage \u00e0 Konakli \/ Alanya\"}]},{\"@type\":\"WebSite\",\"@id\":\"https:\/\/www.alanyaproperties.com\/fr\/#website\",\"url\":\"https:\/\/www.alanyaproperties.com\/fr\/\",\"name\":\"Properties in Alanya.\",\"description\":\"Immobilier en Turquie | Acheter un immobilier en Turquie\",\"publisher\":{\"@id\":\"https:\/\/www.alanyaproperties.com\/fr\/#organization\"},\"potentialAction\":[{\"@type\":\"SearchAction\",\"target\":{\"@type\":\"EntryPoint\",\"urlTemplate\":\"https:\/\/www.alanyaproperties.com\/fr\/?s={search_term_string}\"},\"query-input\":\"required name=search_term_string\"}],\"inLanguage\":\"fr-FR\"},{\"@type\":\"Organization\",\"@id\":\"https:\/\/www.alanyaproperties.com\/fr\/#organization\",\"name\":\"Alanya Properties\",\"url\":\"https:\/\/www.alanyaproperties.com\/fr\/\",\"logo\":{\"@type\":\"ImageObject\",\"inLanguage\":\"fr-FR\",\"@id\":\"https:\/\/www.alanyaproperties.com\/fr\/#\/schema\/logo\/image\/\",\"url\":\"https:\/\/i0.wp.com\/www.alanyaproperties.com\/wp-content\/uploads\/2017\/06\/alanya-properties-logo-180to.png?fit=180%2C81&ssl=1\",\"contentUrl\":\"https:\/\/i0.wp.com\/www.alanyaproperties.com\/wp-content\/uploads\/2017\/06\/alanya-properties-logo-180to.png?fit=180%2C81&ssl=1\",\"width\":180,\"height\":81,\"caption\":\"Alanya Properties\"},\"image\":{\"@id\":\"https:\/\/www.alanyaproperties.com\/fr\/#\/schema\/logo\/image\/\"},\"sameAs\":[\"https:\/\/www.facebook.com\/alanyaproperties\/\",\"https:\/\/x.com\/alanyapro\",\"https:\/\/www.instagram.com\/alanyaproperties\/\",\"https:\/\/www.youtube.com\/c\/AlanyaProperties\"]}]}<\/script>\n<!-- \/ Yoast SEO plugin. -->","yoast_head_json":{"title":"Villas Pr\u00e8s de la Plage \u00e0 Konakli \/ Alanya","description":"Villas Pr\u00e8s de la Plage \u00e0 Konakli \/ Alanya | Ce projet promet de profiter de la beaut\u00e9 naturelle d'Alanya | 500 m de la plage","robots":{"index":"index","follow":"follow","max-snippet":"max-snippet:-1","max-image-preview":"max-image-preview:large","max-video-preview":"max-video-preview:-1"},"canonical":"https:\/\/www.alanyaproperties.com\/fr\/property\/villas-pres-de-la-plage-a-konakli-alanya\/","og_locale":"fr_FR","og_type":"article","og_title":"Villas Pr\u00e8s de la Plage \u00e0 Konakli \/ Alanya","og_description":"Villas Pr\u00e8s de la Plage \u00e0 Konakli \/ Alanya | Ce projet promet de profiter de la beaut\u00e9 naturelle d'Alanya | 500 m de la plage","og_url":"https:\/\/www.alanyaproperties.com\/fr\/property\/villas-pres-de-la-plage-a-konakli-alanya\/","og_site_name":"Properties in Alanya.","article_publisher":"https:\/\/www.facebook.com\/alanyaproperties\/","article_modified_time":"2023-08-09T12:44:10+00:00","og_image":[{"width":1300,"height":731,"url":"https:\/\/www.alanyaproperties.com\/wp-content\/uploads\/2023\/08\/VAZIYET1.jpg","type":"image\/jpeg"}],"twitter_card":"summary_large_image","twitter_site":"@alanyapro","twitter_misc":{"Dur\u00e9e de lecture estim\u00e9e":"2 minutes"},"schema":{"@context":"https:\/\/schema.org","@graph":[{"@type":"WebPage","@id":"https:\/\/www.alanyaproperties.com\/fr\/property\/villas-pres-de-la-plage-a-konakli-alanya\/","url":"https:\/\/www.alanyaproperties.com\/fr\/property\/villas-pres-de-la-plage-a-konakli-alanya\/","name":"Villas Pr\u00e8s de la Plage \u00e0 Konakli \/ Alanya","isPartOf":{"@id":"https:\/\/www.alanyaproperties.com\/fr\/#website"},"primaryImageOfPage":{"@id":"https:\/\/www.alanyaproperties.com\/fr\/property\/villas-pres-de-la-plage-a-konakli-alanya\/#primaryimage"},"image":{"@id":"https:\/\/www.alanyaproperties.com\/fr\/property\/villas-pres-de-la-plage-a-konakli-alanya\/#primaryimage"},"thumbnailUrl":"https:\/\/i0.wp.com\/www.alanyaproperties.com\/wp-content\/uploads\/2023\/08\/VAZIYET1.jpg?fit=1300%2C731&ssl=1","datePublished":"2023-08-08T14:23:12+00:00","dateModified":"2023-08-09T12:44:10+00:00","description":"Villas Pr\u00e8s de la Plage \u00e0 Konakli \/ Alanya | Ce projet promet de profiter de la beaut\u00e9 naturelle d'Alanya | 500 m de la plage","breadcrumb":{"@id":"https:\/\/www.alanyaproperties.com\/fr\/property\/villas-pres-de-la-plage-a-konakli-alanya\/#breadcrumb"},"inLanguage":"fr-FR","potentialAction":[{"@type":"ReadAction","target":["https:\/\/www.alanyaproperties.com\/fr\/property\/villas-pres-de-la-plage-a-konakli-alanya\/"]}]},{"@type":"ImageObject","inLanguage":"fr-FR","@id":"https:\/\/www.alanyaproperties.com\/fr\/property\/villas-pres-de-la-plage-a-konakli-alanya\/#primaryimage","url":"https:\/\/i0.wp.com\/www.alanyaproperties.com\/wp-content\/uploads\/2023\/08\/VAZIYET1.jpg?fit=1300%2C731&ssl=1","contentUrl":"https:\/\/i0.wp.com\/www.alanyaproperties.com\/wp-content\/uploads\/2023\/08\/VAZIYET1.jpg?fit=1300%2C731&ssl=1","width":1300,"height":731},{"@type":"BreadcrumbList","@id":"https:\/\/www.alanyaproperties.com\/fr\/property\/villas-pres-de-la-plage-a-konakli-alanya\/#breadcrumb","itemListElement":[{"@type":"ListItem","position":1,"name":"Home","item":"https:\/\/www.alanyaproperties.com\/fr\/"},{"@type":"ListItem","position":2,"name":"Propri\u00e9t\u00e9s","item":"https:\/\/www.alanyaproperties.com\/fr\/property\/"},{"@type":"ListItem","position":3,"name":"Villas Pr\u00e8s de la Plage \u00e0 Konakli \/ Alanya"}]},{"@type":"WebSite","@id":"https:\/\/www.alanyaproperties.com\/fr\/#website","url":"https:\/\/www.alanyaproperties.com\/fr\/","name":"Properties in Alanya.","description":"Immobilier en Turquie | Acheter un immobilier en Turquie","publisher":{"@id":"https:\/\/www.alanyaproperties.com\/fr\/#organization"},"potentialAction":[{"@type":"SearchAction","target":{"@type":"EntryPoint","urlTemplate":"https:\/\/www.alanyaproperties.com\/fr\/?s={search_term_string}"},"query-input":"required name=search_term_string"}],"inLanguage":"fr-FR"},{"@type":"Organization","@id":"https:\/\/www.alanyaproperties.com\/fr\/#organization","name":"Alanya Properties","url":"https:\/\/www.alanyaproperties.com\/fr\/","logo":{"@type":"ImageObject","inLanguage":"fr-FR","@id":"https:\/\/www.alanyaproperties.com\/fr\/#\/schema\/logo\/image\/","url":"https:\/\/i0.wp.com\/www.alanyaproperties.com\/wp-content\/uploads\/2017\/06\/alanya-properties-logo-180to.png?fit=180%2C81&ssl=1","contentUrl":"https:\/\/i0.wp.com\/www.alanyaproperties.com\/wp-content\/uploads\/2017\/06\/alanya-properties-logo-180to.png?fit=180%2C81&ssl=1","width":180,"height":81,"caption":"Alanya Properties"},"image":{"@id":"https:\/\/www.alanyaproperties.com\/fr\/#\/schema\/logo\/image\/"},"sameAs":["https:\/\/www.facebook.com\/alanyaproperties\/","https:\/\/x.com\/alanyapro","https:\/\/www.instagram.com\/alanyaproperties\/","https:\/\/www.youtube.com\/c\/AlanyaProperties"]}]}},"jetpack_sharing_enabled":true,"_links":{"self":[{"href":"https:\/\/www.alanyaproperties.com\/fr\/wp-json\/wp\/v2\/properties\/370004"}],"collection":[{"href":"https:\/\/www.alanyaproperties.com\/fr\/wp-json\/wp\/v2\/properties"}],"about":[{"href":"https:\/\/www.alanyaproperties.com\/fr\/wp-json\/wp\/v2\/types\/property"}],"author":[{"embeddable":true,"href":"https:\/\/www.alanyaproperties.com\/fr\/wp-json\/wp\/v2\/users\/114"}],"version-history":[{"count":2,"href":"https:\/\/www.alanyaproperties.com\/fr\/wp-json\/wp\/v2\/properties\/370004\/revisions"}],"predecessor-version":[{"id":370006,"href":"https:\/\/www.alanyaproperties.com\/fr\/wp-json\/wp\/v2\/properties\/370004\/revisions\/370006"}],"wp:featuredmedia":[{"embeddable":true,"href":"https:\/\/www.alanyaproperties.com\/fr\/wp-json\/wp\/v2\/media\/368967"}],"wp:attachment":[{"href":"https:\/\/www.alanyaproperties.com\/fr\/wp-json\/wp\/v2\/media?parent=370004"}],"wp:term":[{"taxonomy":"property_type","embeddable":true,"href":"https:\/\/www.alanyaproperties.com\/fr\/wp-json\/wp\/v2\/property_type?post=370004"},{"taxonomy":"property_status","embeddable":true,"href":"https:\/\/www.alanyaproperties.com\/fr\/wp-json\/wp\/v2\/property_status?post=370004"},{"taxonomy":"property_feature","embeddable":true,"href":"https:\/\/www.alanyaproperties.com\/fr\/wp-json\/wp\/v2\/property_feature?post=370004"},{"taxonomy":"property_label","embeddable":true,"href":"https:\/\/www.alanyaproperties.com\/fr\/wp-json\/wp\/v2\/property_label?post=370004"},{"taxonomy":"property_city","embeddable":true,"href":"https:\/\/www.alanyaproperties.com\/fr\/wp-json\/wp\/v2\/property_city?post=370004"},{"taxonomy":"property_area","embeddable":true,"href":"https:\/\/www.alanyaproperties.com\/fr\/wp-json\/wp\/v2\/property_area?post=370004"},{"taxonomy":"property_state","embeddable":true,"href":"https:\/\/www.alanyaproperties.com\/fr\/wp-json\/wp\/v2\/property_state?post=370004"}],"curies":[{"name":"wp","href":"https:\/\/api.w.org\/{rel}","templated":true}]}}