{"id":353230,"date":"2023-05-02T10:06:45","date_gmt":"2023-05-02T10:06:45","guid":{"rendered":"https:\/\/www.alanyaproperties.com\/property\/modern-apartments-in-kestel-alanya\/"},"modified":"2023-05-05T14:14:52","modified_gmt":"2023-05-05T14:14:52","slug":"appartements-vue-panoramique-a-kestel-alanya","status":"publish","type":"property","link":"https:\/\/www.alanyaproperties.com\/fr\/property\/appartements-vue-panoramique-a-kestel-alanya\/","title":{"rendered":"Appartements Vue Panoramique \u00e0 Kestel \/ Alanya"},"content":{"rendered":"<h4>Appartements Vue Panoramique \u00e0 Kestel \/ Alanya<\/h4>\n<p>Appartements Vue Panoramique \u00e0 Kestel \/ Alanya dans un tout nouveau complexe. Si vous souhaitez profiter de la beaut\u00e9 de la nature, des montagnes color\u00e9es du Taurus et de la M\u00e9diterran\u00e9e, ce nouveau projet est fortement recommand\u00e9. Le nouveau complexe est situ\u00e9 un peu plus haut du littoral et \u00e0 2 km de la mer.<\/p>\n<ul>\n<li>le complexe construit sur un terrain de 13 000 m\u00b2 se compose de 3 immeubles de 9 \u00e9tages et un total de 136 unit\u00e9s.<\/li>\n<\/ul>\n<h4>Types d&rsquo;appartements \u00e0 vendre<\/h4>\n<p>Chaque appartement est \u00e9quip\u00e9 d&rsquo;un syst\u00e8me de maison intelligente et d&rsquo;un chauffage au sol<\/p>\n<ul>\n<li>1+1 &#8211; 57 m\u00b2<\/li>\n<li>2+1 &#8211; 96 m\u00b2<\/li>\n<li>2+1 appartement en duplex avec piscine priv\u00e9e et jardin &#8211; 143 m\u00b2<\/li>\n<li>3+1 appartement en duplex avec piscine priv\u00e9e et jardin &#8211; 214 m\u00b2<\/li>\n<li>2 +1 appartement penthouse &#8211; de 120 m\u00b2 \u00e0 138 m\u00b2<\/li>\n<li>3+1 appartement pethouse\u00a0 &#8211; 200 m\u00b2<\/li>\n<\/ul>\n<h4>Installations communes dans le complexe<\/h4>\n<p>Ce grand nouveau complexe dispose d&rsquo;un large choix d&rsquo;installations communes pour le plaisir des r\u00e9sidents. Les installations ext\u00e9rieures comprennent une grande piscine, un jacuzzi et une piscine pour enfants s\u00e9par\u00e9e avec des toboggans. Ainsi que des jardins paysagers, une aire de jeux et un parking. \u00c0 l&rsquo;int\u00e9rieur, il y a une piscine chauff\u00e9e, un bain turc, un sauna, un hammam et des salles de massage. Ainsi qu&rsquo;une salle de jeux et de divertissement et une salle de sport enti\u00e8rement \u00e9quip\u00e9e.<\/p>\n<ul>\n<li>parking et s\u00e9curit\u00e9 24h\/7 avec cam\u00e9ra de surveillance.<\/li>\n<\/ul>\n<p><strong>Kestel<\/strong><\/p>\n<ul>\n<li>Kestel est situ\u00e9 \u00e0 8 km \u00e0 l&rsquo;est d&rsquo;<a href=\"https:\/\/www.alanyaproperties.com\/fr\/la-turquie\/alanya\/\">Alanya<\/a>. Ce quartier d&rsquo;Alanya est parfait pour ceux qui recherchent un endroit calme. Le centre de Kestel est petit mais vous pouvez trouver tout ce que vous avez besoin pendant votre s\u00e9jour.<\/li>\n<li>Chaque vendredi, il y a le march\u00e9 hebdomadaire.\u00a0 Sur ce march\u00e9, vous ne trouverez une\u00a0 s\u00e9lection de fruits et l\u00e9gumes cultiv\u00e9s localement et de fromages, d&rsquo;huiles, de beurre faites artisanales. Vous trouverez \u00e9galement un grand choix de v\u00eatements, chaussures, jouets et textiles<\/li>\n<li>Restaurants, magasins locaux et des supermarch\u00e9s comme \u00ab\u00a0<span style=\"color: #4e0000;\"><a style=\"color: #4e0000;\" href=\"https:\/\/www.migros.com.tr\/kampanyalar\">Bim<\/a>\u00ab\u00a0<\/span> et \u00ab\u00a0<a href=\"https:\/\/www.migros.com.tr\/kampanyalar\"><span style=\"color: #4e0000;\">Migros<\/span><\/a>\u00a0\u00bb se trouvent \u00e0 proximit\u00e9.<\/li>\n<li>Envie de vous rendre au centre d&rsquo;Alanya ?\u00a0 La nouvelle promenade magnifique le long de la mer vous invite \u00e0 faire une belle balade au centre-ville.\u00a0 Un arr\u00eat de bus se trouve tout pr\u00e8s de la r\u00e9sidence.<\/li>\n<\/ul>\n<p>&nbsp;<\/p>\n<h3 style=\"text-align: center;\"><\/h3>\n","protected":false},"excerpt":{"rendered":"<p>Appartements Vue Panoramique \u00e0 Kestel \/ Alanya Appartements Vue Panoramique \u00e0 Kestel \/ Alanya dans un tout nouveau complexe. Si vous souhaitez profiter de la beaut\u00e9 de la nature, des montagnes color\u00e9es du Taurus et de la M\u00e9diterran\u00e9e, ce nouveau projet est fortement recommand\u00e9. Le nouveau complexe est situ\u00e9 un peu plus haut du littoral [&hellip;]<\/p>\n","protected":false},"author":102,"featured_media":352707,"parent":0,"menu_order":0,"template":"","property_type":[3782,3835,3836],"property_status":[3822],"property_feature":[3832,3842,3794,3883,3815,3833,3787,3812,3800,3895,3784,3790,3789,3843,3795,3797,3799,3841,3798,3806,3840,3813,3802,3792,3801,3791,3845,3882,3805,3811,3818,3816],"property_label":[3923],"property_city":[3823,3884],"property_area":[3825,3826,3827,3848],"property_state":[3828],"yoast_head":"<!-- This site is optimized with the Yoast SEO plugin v22.6 - https:\/\/yoast.com\/wordpress\/plugins\/seo\/ -->\n<title>Appartements Vue Panoramique \u00e0 Kestel \/ Alanya - Properties in Alanya.<\/title>\n<meta name=\"description\" content=\"Appartements Vue Panoramique \u00e0 Kestel \/ Alanya |Pprofiter de la beaut\u00e9 de la nature, des montagnes color\u00e9es du Taurus et de la M\u00e9diterran\u00e9e\" \/>\n<meta name=\"robots\" content=\"index, follow, max-snippet:-1, max-image-preview:large, max-video-preview:-1\" \/>\n<link rel=\"canonical\" href=\"https:\/\/www.alanyaproperties.com\/fr\/property\/appartements-vue-panoramique-a-kestel-alanya\/\" \/>\n<meta property=\"og:locale\" content=\"fr_FR\" \/>\n<meta property=\"og:type\" content=\"article\" \/>\n<meta property=\"og:title\" content=\"Appartements Vue Panoramique \u00e0 Kestel \/ Alanya - Properties in Alanya.\" \/>\n<meta property=\"og:description\" content=\"Appartements Vue Panoramique \u00e0 Kestel \/ Alanya |Pprofiter de la beaut\u00e9 de la nature, des montagnes color\u00e9es du Taurus et de la M\u00e9diterran\u00e9e\" \/>\n<meta property=\"og:url\" content=\"https:\/\/www.alanyaproperties.com\/fr\/property\/appartements-vue-panoramique-a-kestel-alanya\/\" \/>\n<meta property=\"og:site_name\" content=\"Properties in Alanya.\" \/>\n<meta property=\"article:publisher\" content=\"https:\/\/www.facebook.com\/alanyaproperties\/\" \/>\n<meta property=\"article:modified_time\" content=\"2023-05-05T14:14:52+00:00\" \/>\n<meta property=\"og:image\" content=\"https:\/\/www.alanyaproperties.com\/wp-content\/uploads\/2023\/05\/Modern-apartments-in-Kestel-Alanya-within-walking-distance-of-Alanya-University-8.jpg\" \/>\n\t<meta property=\"og:image:width\" content=\"1300\" \/>\n\t<meta property=\"og:image:height\" content=\"902\" \/>\n\t<meta property=\"og:image:type\" content=\"image\/jpeg\" \/>\n<meta name=\"twitter:card\" content=\"summary_large_image\" \/>\n<meta name=\"twitter:site\" content=\"@alanyapro\" \/>\n<meta name=\"twitter:label1\" content=\"Dur\u00e9e de lecture estim\u00e9e\" \/>\n\t<meta name=\"twitter:data1\" content=\"2 minutes\" \/>\n<script type=\"application\/ld+json\" class=\"yoast-schema-graph\">{\"@context\":\"https:\/\/schema.org\",\"@graph\":[{\"@type\":\"WebPage\",\"@id\":\"https:\/\/www.alanyaproperties.com\/fr\/property\/appartements-vue-panoramique-a-kestel-alanya\/\",\"url\":\"https:\/\/www.alanyaproperties.com\/fr\/property\/appartements-vue-panoramique-a-kestel-alanya\/\",\"name\":\"Appartements Vue Panoramique \u00e0 Kestel \/ Alanya - Properties in Alanya.\",\"isPartOf\":{\"@id\":\"https:\/\/www.alanyaproperties.com\/fr\/#website\"},\"primaryImageOfPage\":{\"@id\":\"https:\/\/www.alanyaproperties.com\/fr\/property\/appartements-vue-panoramique-a-kestel-alanya\/#primaryimage\"},\"image\":{\"@id\":\"https:\/\/www.alanyaproperties.com\/fr\/property\/appartements-vue-panoramique-a-kestel-alanya\/#primaryimage\"},\"thumbnailUrl\":\"https:\/\/i0.wp.com\/www.alanyaproperties.com\/wp-content\/uploads\/2023\/05\/Modern-apartments-in-Kestel-Alanya-within-walking-distance-of-Alanya-University-8.jpg?fit=1300%2C902&ssl=1\",\"datePublished\":\"2023-05-02T10:06:45+00:00\",\"dateModified\":\"2023-05-05T14:14:52+00:00\",\"description\":\"Appartements Vue Panoramique \u00e0 Kestel \/ Alanya |Pprofiter de la beaut\u00e9 de la nature, des montagnes color\u00e9es du Taurus et de la M\u00e9diterran\u00e9e\",\"breadcrumb\":{\"@id\":\"https:\/\/www.alanyaproperties.com\/fr\/property\/appartements-vue-panoramique-a-kestel-alanya\/#breadcrumb\"},\"inLanguage\":\"fr-FR\",\"potentialAction\":[{\"@type\":\"ReadAction\",\"target\":[\"https:\/\/www.alanyaproperties.com\/fr\/property\/appartements-vue-panoramique-a-kestel-alanya\/\"]}]},{\"@type\":\"ImageObject\",\"inLanguage\":\"fr-FR\",\"@id\":\"https:\/\/www.alanyaproperties.com\/fr\/property\/appartements-vue-panoramique-a-kestel-alanya\/#primaryimage\",\"url\":\"https:\/\/i0.wp.com\/www.alanyaproperties.com\/wp-content\/uploads\/2023\/05\/Modern-apartments-in-Kestel-Alanya-within-walking-distance-of-Alanya-University-8.jpg?fit=1300%2C902&ssl=1\",\"contentUrl\":\"https:\/\/i0.wp.com\/www.alanyaproperties.com\/wp-content\/uploads\/2023\/05\/Modern-apartments-in-Kestel-Alanya-within-walking-distance-of-Alanya-University-8.jpg?fit=1300%2C902&ssl=1\",\"width\":1300,\"height\":902},{\"@type\":\"BreadcrumbList\",\"@id\":\"https:\/\/www.alanyaproperties.com\/fr\/property\/appartements-vue-panoramique-a-kestel-alanya\/#breadcrumb\",\"itemListElement\":[{\"@type\":\"ListItem\",\"position\":1,\"name\":\"Home\",\"item\":\"https:\/\/www.alanyaproperties.com\/fr\/\"},{\"@type\":\"ListItem\",\"position\":2,\"name\":\"Propri\u00e9t\u00e9s\",\"item\":\"https:\/\/www.alanyaproperties.com\/fr\/property\/\"},{\"@type\":\"ListItem\",\"position\":3,\"name\":\"Appartements Vue Panoramique \u00e0 Kestel \/ Alanya\"}]},{\"@type\":\"WebSite\",\"@id\":\"https:\/\/www.alanyaproperties.com\/fr\/#website\",\"url\":\"https:\/\/www.alanyaproperties.com\/fr\/\",\"name\":\"Properties in Alanya.\",\"description\":\"Immobilier en Turquie | Acheter un immobilier en Turquie\",\"publisher\":{\"@id\":\"https:\/\/www.alanyaproperties.com\/fr\/#organization\"},\"potentialAction\":[{\"@type\":\"SearchAction\",\"target\":{\"@type\":\"EntryPoint\",\"urlTemplate\":\"https:\/\/www.alanyaproperties.com\/fr\/?s={search_term_string}\"},\"query-input\":\"required name=search_term_string\"}],\"inLanguage\":\"fr-FR\"},{\"@type\":\"Organization\",\"@id\":\"https:\/\/www.alanyaproperties.com\/fr\/#organization\",\"name\":\"Alanya Properties\",\"url\":\"https:\/\/www.alanyaproperties.com\/fr\/\",\"logo\":{\"@type\":\"ImageObject\",\"inLanguage\":\"fr-FR\",\"@id\":\"https:\/\/www.alanyaproperties.com\/fr\/#\/schema\/logo\/image\/\",\"url\":\"https:\/\/i0.wp.com\/www.alanyaproperties.com\/wp-content\/uploads\/2017\/06\/alanya-properties-logo-180to.png?fit=180%2C81&ssl=1\",\"contentUrl\":\"https:\/\/i0.wp.com\/www.alanyaproperties.com\/wp-content\/uploads\/2017\/06\/alanya-properties-logo-180to.png?fit=180%2C81&ssl=1\",\"width\":180,\"height\":81,\"caption\":\"Alanya Properties\"},\"image\":{\"@id\":\"https:\/\/www.alanyaproperties.com\/fr\/#\/schema\/logo\/image\/\"},\"sameAs\":[\"https:\/\/www.facebook.com\/alanyaproperties\/\",\"https:\/\/x.com\/alanyapro\",\"https:\/\/www.instagram.com\/alanyaproperties\/\",\"https:\/\/www.youtube.com\/c\/AlanyaProperties\"]}]}<\/script>\n<!-- \/ Yoast SEO plugin. -->","yoast_head_json":{"title":"Appartements Vue Panoramique \u00e0 Kestel \/ Alanya - Properties in Alanya.","description":"Appartements Vue Panoramique \u00e0 Kestel \/ Alanya |Pprofiter de la beaut\u00e9 de la nature, des montagnes color\u00e9es du Taurus et de la M\u00e9diterran\u00e9e","robots":{"index":"index","follow":"follow","max-snippet":"max-snippet:-1","max-image-preview":"max-image-preview:large","max-video-preview":"max-video-preview:-1"},"canonical":"https:\/\/www.alanyaproperties.com\/fr\/property\/appartements-vue-panoramique-a-kestel-alanya\/","og_locale":"fr_FR","og_type":"article","og_title":"Appartements Vue Panoramique \u00e0 Kestel \/ Alanya - Properties in Alanya.","og_description":"Appartements Vue Panoramique \u00e0 Kestel \/ Alanya |Pprofiter de la beaut\u00e9 de la nature, des montagnes color\u00e9es du Taurus et de la M\u00e9diterran\u00e9e","og_url":"https:\/\/www.alanyaproperties.com\/fr\/property\/appartements-vue-panoramique-a-kestel-alanya\/","og_site_name":"Properties in Alanya.","article_publisher":"https:\/\/www.facebook.com\/alanyaproperties\/","article_modified_time":"2023-05-05T14:14:52+00:00","og_image":[{"width":1300,"height":902,"url":"https:\/\/www.alanyaproperties.com\/wp-content\/uploads\/2023\/05\/Modern-apartments-in-Kestel-Alanya-within-walking-distance-of-Alanya-University-8.jpg","type":"image\/jpeg"}],"twitter_card":"summary_large_image","twitter_site":"@alanyapro","twitter_misc":{"Dur\u00e9e de lecture estim\u00e9e":"2 minutes"},"schema":{"@context":"https:\/\/schema.org","@graph":[{"@type":"WebPage","@id":"https:\/\/www.alanyaproperties.com\/fr\/property\/appartements-vue-panoramique-a-kestel-alanya\/","url":"https:\/\/www.alanyaproperties.com\/fr\/property\/appartements-vue-panoramique-a-kestel-alanya\/","name":"Appartements Vue Panoramique \u00e0 Kestel \/ Alanya - Properties in Alanya.","isPartOf":{"@id":"https:\/\/www.alanyaproperties.com\/fr\/#website"},"primaryImageOfPage":{"@id":"https:\/\/www.alanyaproperties.com\/fr\/property\/appartements-vue-panoramique-a-kestel-alanya\/#primaryimage"},"image":{"@id":"https:\/\/www.alanyaproperties.com\/fr\/property\/appartements-vue-panoramique-a-kestel-alanya\/#primaryimage"},"thumbnailUrl":"https:\/\/i0.wp.com\/www.alanyaproperties.com\/wp-content\/uploads\/2023\/05\/Modern-apartments-in-Kestel-Alanya-within-walking-distance-of-Alanya-University-8.jpg?fit=1300%2C902&ssl=1","datePublished":"2023-05-02T10:06:45+00:00","dateModified":"2023-05-05T14:14:52+00:00","description":"Appartements Vue Panoramique \u00e0 Kestel \/ Alanya |Pprofiter de la beaut\u00e9 de la nature, des montagnes color\u00e9es du Taurus et de la M\u00e9diterran\u00e9e","breadcrumb":{"@id":"https:\/\/www.alanyaproperties.com\/fr\/property\/appartements-vue-panoramique-a-kestel-alanya\/#breadcrumb"},"inLanguage":"fr-FR","potentialAction":[{"@type":"ReadAction","target":["https:\/\/www.alanyaproperties.com\/fr\/property\/appartements-vue-panoramique-a-kestel-alanya\/"]}]},{"@type":"ImageObject","inLanguage":"fr-FR","@id":"https:\/\/www.alanyaproperties.com\/fr\/property\/appartements-vue-panoramique-a-kestel-alanya\/#primaryimage","url":"https:\/\/i0.wp.com\/www.alanyaproperties.com\/wp-content\/uploads\/2023\/05\/Modern-apartments-in-Kestel-Alanya-within-walking-distance-of-Alanya-University-8.jpg?fit=1300%2C902&ssl=1","contentUrl":"https:\/\/i0.wp.com\/www.alanyaproperties.com\/wp-content\/uploads\/2023\/05\/Modern-apartments-in-Kestel-Alanya-within-walking-distance-of-Alanya-University-8.jpg?fit=1300%2C902&ssl=1","width":1300,"height":902},{"@type":"BreadcrumbList","@id":"https:\/\/www.alanyaproperties.com\/fr\/property\/appartements-vue-panoramique-a-kestel-alanya\/#breadcrumb","itemListElement":[{"@type":"ListItem","position":1,"name":"Home","item":"https:\/\/www.alanyaproperties.com\/fr\/"},{"@type":"ListItem","position":2,"name":"Propri\u00e9t\u00e9s","item":"https:\/\/www.alanyaproperties.com\/fr\/property\/"},{"@type":"ListItem","position":3,"name":"Appartements Vue Panoramique \u00e0 Kestel \/ Alanya"}]},{"@type":"WebSite","@id":"https:\/\/www.alanyaproperties.com\/fr\/#website","url":"https:\/\/www.alanyaproperties.com\/fr\/","name":"Properties in Alanya.","description":"Immobilier en Turquie | Acheter un immobilier en Turquie","publisher":{"@id":"https:\/\/www.alanyaproperties.com\/fr\/#organization"},"potentialAction":[{"@type":"SearchAction","target":{"@type":"EntryPoint","urlTemplate":"https:\/\/www.alanyaproperties.com\/fr\/?s={search_term_string}"},"query-input":"required name=search_term_string"}],"inLanguage":"fr-FR"},{"@type":"Organization","@id":"https:\/\/www.alanyaproperties.com\/fr\/#organization","name":"Alanya Properties","url":"https:\/\/www.alanyaproperties.com\/fr\/","logo":{"@type":"ImageObject","inLanguage":"fr-FR","@id":"https:\/\/www.alanyaproperties.com\/fr\/#\/schema\/logo\/image\/","url":"https:\/\/i0.wp.com\/www.alanyaproperties.com\/wp-content\/uploads\/2017\/06\/alanya-properties-logo-180to.png?fit=180%2C81&ssl=1","contentUrl":"https:\/\/i0.wp.com\/www.alanyaproperties.com\/wp-content\/uploads\/2017\/06\/alanya-properties-logo-180to.png?fit=180%2C81&ssl=1","width":180,"height":81,"caption":"Alanya Properties"},"image":{"@id":"https:\/\/www.alanyaproperties.com\/fr\/#\/schema\/logo\/image\/"},"sameAs":["https:\/\/www.facebook.com\/alanyaproperties\/","https:\/\/x.com\/alanyapro","https:\/\/www.instagram.com\/alanyaproperties\/","https:\/\/www.youtube.com\/c\/AlanyaProperties"]}]}},"jetpack_sharing_enabled":true,"_links":{"self":[{"href":"https:\/\/www.alanyaproperties.com\/fr\/wp-json\/wp\/v2\/properties\/353230"}],"collection":[{"href":"https:\/\/www.alanyaproperties.com\/fr\/wp-json\/wp\/v2\/properties"}],"about":[{"href":"https:\/\/www.alanyaproperties.com\/fr\/wp-json\/wp\/v2\/types\/property"}],"author":[{"embeddable":true,"href":"https:\/\/www.alanyaproperties.com\/fr\/wp-json\/wp\/v2\/users\/102"}],"version-history":[{"count":2,"href":"https:\/\/www.alanyaproperties.com\/fr\/wp-json\/wp\/v2\/properties\/353230\/revisions"}],"predecessor-version":[{"id":353295,"href":"https:\/\/www.alanyaproperties.com\/fr\/wp-json\/wp\/v2\/properties\/353230\/revisions\/353295"}],"wp:featuredmedia":[{"embeddable":true,"href":"https:\/\/www.alanyaproperties.com\/fr\/wp-json\/wp\/v2\/media\/352707"}],"wp:attachment":[{"href":"https:\/\/www.alanyaproperties.com\/fr\/wp-json\/wp\/v2\/media?parent=353230"}],"wp:term":[{"taxonomy":"property_type","embeddable":true,"href":"https:\/\/www.alanyaproperties.com\/fr\/wp-json\/wp\/v2\/property_type?post=353230"},{"taxonomy":"property_status","embeddable":true,"href":"https:\/\/www.alanyaproperties.com\/fr\/wp-json\/wp\/v2\/property_status?post=353230"},{"taxonomy":"property_feature","embeddable":true,"href":"https:\/\/www.alanyaproperties.com\/fr\/wp-json\/wp\/v2\/property_feature?post=353230"},{"taxonomy":"property_label","embeddable":true,"href":"https:\/\/www.alanyaproperties.com\/fr\/wp-json\/wp\/v2\/property_label?post=353230"},{"taxonomy":"property_city","embeddable":true,"href":"https:\/\/www.alanyaproperties.com\/fr\/wp-json\/wp\/v2\/property_city?post=353230"},{"taxonomy":"property_area","embeddable":true,"href":"https:\/\/www.alanyaproperties.com\/fr\/wp-json\/wp\/v2\/property_area?post=353230"},{"taxonomy":"property_state","embeddable":true,"href":"https:\/\/www.alanyaproperties.com\/fr\/wp-json\/wp\/v2\/property_state?post=353230"}],"curies":[{"name":"wp","href":"https:\/\/api.w.org\/{rel}","templated":true}]}}