{"id":339470,"date":"2022-10-18T08:05:02","date_gmt":"2022-10-18T08:05:02","guid":{"rendered":"https:\/\/www.alanyaproperties.com\/property\/luxury-apartments-in-kestel-alanya-2\/"},"modified":"2022-12-08T10:47:27","modified_gmt":"2022-12-08T10:47:27","slug":"appartements-230-m-de-la-plage-a-kestel","status":"publish","type":"property","link":"https:\/\/www.alanyaproperties.com\/fr\/property\/appartements-230-m-de-la-plage-a-kestel\/","title":{"rendered":"Appartements 230 m de la Plage \u00e0 Kestel"},"content":{"rendered":"<h4>Appartements 230 m de la Plage \u00e0 Kestel<\/h4>\n<p>Appartements 230 m de la Plage \u00e0 Kestel \/ Alanya dans un nouveau projet de luxe. Il comprend 2 immeubles de 5 \u00e9tages 46 unit\u00e9s. Le choix parfait pour ceux qui recherchent une propri\u00e9t\u00e9 dans un quartier calme, mais \u00e0 seulement quelques pas de la mer. Les magasins, les supermarch\u00e9s et les restaurants se trouvent \u00e0 la porte. Par ex.<\/p>\n<h4>Types d&rsquo;appartements \u00e0 vendre<\/h4>\n<ul>\n<li>1 chambre \u00e0 coucher &#8211; surface de 43 m\u00b2 \u00e0 51 m\u00b2<\/li>\n<li>2 chambres \u00e0 coucher-\u00a0 surface de 78 m\u00b2 \u00e0 94 m\u00b2 &#8211; avec un jardin de 65 m\u00b2 \u00e0 130 m\u00b2 et une piscine priv\u00e9e<\/li>\n<li>Appartements penthouse de 2 chambres \u00e0 coucher &#8211; surface. de 100 m\u00b2 \u00e0 132 m\u00b2<\/li>\n<\/ul>\n<h4>Installations dans le complexe<\/h4>\n<p>Ici, vous avez les facilit\u00e9s d&rsquo;un h\u00f4tel 5*. Ceux-ci comprennent une grande piscine ext\u00e9rieure, un jeu d&rsquo;\u00e9checs ext\u00e9rieur et un jardin paysager avec un espace barbecue et des pergolas.<\/p>\n<ul>\n<li>\u00c0 l&rsquo;int\u00e9rieur vous pourrez vous d\u00e9tendre dans la piscine int\u00e9rieure chauff\u00e9e, le hammam et le sauna.<\/li>\n<li>Pour un peu d&rsquo;exercice, vous pouvez vous rendre \u00e0 la salle de fitness enti\u00e8rement \u00e9quip\u00e9e. Et dans la salle de loisirs, il y un billard et jeux divers. Les tout-petits pourront s&rsquo;amuser dans le mini-club<\/li>\n<\/ul>\n<h4>Kestel<\/h4>\n<p>Kestel est situ\u00e9 \u00e0 l&rsquo;est de la ville d&rsquo;<a href=\"https:\/\/www.alanyaproperties.com\/fr\/la-turquie\/alanya\/\"><span style=\"color: #4e0000;\">Alanya<\/span><\/a>. Cet emplacement est parfait pour ceux qui recherchent un endroit calme. La rivi\u00e8re Dimcay est \u00e0 une courte distance ainsi que la grotte Dimcay. Cette grotte est la deuxi\u00e8me plus grande grotte de Turquie. Les restaurants au long de la rivi\u00e8re sont tr\u00e8s populaires. C&rsquo;est merveilleux de se d\u00e9tendre sur les radeaux flottants. Dans ces restaurants, vous pourrez d\u00e9guster une savoureuse cuisine turque. Mais vous pouvez aussi\u00a0 baigner dans l&rsquo;eau.<\/p>\n<ul>\n<li>En haute saison lorsque l&rsquo;eau est basse, les tables sont plac\u00e9es dans l&rsquo;eau. Certains restaurants de la rivi\u00e8re Dim \u00e9l\u00e8vent m\u00eame leur propre truite. Ils ne peuvent pas \u00eatre servis plus frais. Pendant les mois chauds,\u00a0 cette rivi\u00e8re est un endroit populaire. Non seulement pour les touristes mais aussi pour les habitants qui n&rsquo;aiment pas bronzer sur la plage.<\/li>\n<\/ul>\n<h4>Distance de l&rsquo;a\u00e9roport<\/h4>\n<ul>\n<li><a href=\"https:\/\/gzpairport.com\/\"><span style=\"color: #4e0000;\">Gazipasa \/ Alanya Airport<\/span><\/a> : 30 km<\/li>\n<li><a href=\"https:\/\/www.antalya-airport.aero\/homepage\"><span style=\"color: #4e0000;\">Antalya Airport<\/span><\/a> : 130 km<\/li>\n<\/ul>\n<h3 style=\"text-align: center;\"><\/h3>\n","protected":false},"excerpt":{"rendered":"<p>Appartements 230 m de la Plage \u00e0 Kestel Appartements 230 m de la Plage \u00e0 Kestel \/ Alanya dans un nouveau projet de luxe. Il comprend 2 immeubles de 5 \u00e9tages 46 unit\u00e9s. Le choix parfait pour ceux qui recherchent une propri\u00e9t\u00e9 dans un quartier calme, mais \u00e0 seulement quelques pas de la mer. Les [&hellip;]<\/p>\n","protected":false},"author":102,"featured_media":331808,"parent":0,"menu_order":0,"template":"","property_type":[3782,3836],"property_status":[3822],"property_feature":[3832,3842,3794,3883,3815,3833,3786,3787,3812,3800,3895,3784,3790,3789,3843,3795,3797,3799,3798,3806,3813,3802,3792,3801,3791,3845,3882,3805,3811,3816],"property_label":[3923],"property_city":[3823,3884],"property_area":[3825,3826,3827,3848],"property_state":[3828],"yoast_head":"<!-- This site is optimized with the Yoast SEO plugin v22.6 - https:\/\/yoast.com\/wordpress\/plugins\/seo\/ -->\n<title>Appartements 230 m de la Plage \u00e0 Kestel - Properties in Alanya.<\/title>\n<meta name=\"description\" content=\"Appartements 230 m de la Plage \u00e0 Kestel \/ Alanya | Installations de loisirs 5* | \u00e0 proximit\u00e9 des supermarch\u00e9s et restaurants\" \/>\n<meta name=\"robots\" content=\"index, follow, max-snippet:-1, max-image-preview:large, max-video-preview:-1\" \/>\n<link rel=\"canonical\" href=\"https:\/\/www.alanyaproperties.com\/fr\/property\/appartements-230-m-de-la-plage-a-kestel\/\" \/>\n<meta property=\"og:locale\" content=\"fr_FR\" \/>\n<meta property=\"og:type\" content=\"article\" \/>\n<meta property=\"og:title\" content=\"Appartements 230 m de la Plage \u00e0 Kestel - Properties in Alanya.\" \/>\n<meta property=\"og:description\" content=\"Appartements 230 m de la Plage \u00e0 Kestel \/ Alanya | Installations de loisirs 5* | \u00e0 proximit\u00e9 des supermarch\u00e9s et restaurants\" \/>\n<meta property=\"og:url\" content=\"https:\/\/www.alanyaproperties.com\/fr\/property\/appartements-230-m-de-la-plage-a-kestel\/\" \/>\n<meta property=\"og:site_name\" content=\"Properties in Alanya.\" \/>\n<meta property=\"article:publisher\" content=\"https:\/\/www.facebook.com\/alanyaproperties\/\" \/>\n<meta property=\"article:modified_time\" content=\"2022-12-08T10:47:27+00:00\" \/>\n<meta property=\"og:image\" content=\"https:\/\/www.alanyaproperties.com\/wp-content\/uploads\/2022\/10\/APARTMENTS-CLOSE-TO-THE-BEACH-IN-KESTEL-ALANYA-10-scaled.jpg\" \/>\n\t<meta property=\"og:image:width\" content=\"2560\" \/>\n\t<meta property=\"og:image:height\" content=\"1280\" \/>\n\t<meta property=\"og:image:type\" content=\"image\/jpeg\" \/>\n<meta name=\"twitter:card\" content=\"summary_large_image\" \/>\n<meta name=\"twitter:site\" content=\"@alanyapro\" \/>\n<meta name=\"twitter:label1\" content=\"Dur\u00e9e de lecture estim\u00e9e\" \/>\n\t<meta name=\"twitter:data1\" content=\"2 minutes\" \/>\n<script type=\"application\/ld+json\" class=\"yoast-schema-graph\">{\"@context\":\"https:\/\/schema.org\",\"@graph\":[{\"@type\":\"WebPage\",\"@id\":\"https:\/\/www.alanyaproperties.com\/fr\/property\/appartements-230-m-de-la-plage-a-kestel\/\",\"url\":\"https:\/\/www.alanyaproperties.com\/fr\/property\/appartements-230-m-de-la-plage-a-kestel\/\",\"name\":\"Appartements 230 m de la Plage \u00e0 Kestel - Properties in Alanya.\",\"isPartOf\":{\"@id\":\"https:\/\/www.alanyaproperties.com\/fr\/#website\"},\"primaryImageOfPage\":{\"@id\":\"https:\/\/www.alanyaproperties.com\/fr\/property\/appartements-230-m-de-la-plage-a-kestel\/#primaryimage\"},\"image\":{\"@id\":\"https:\/\/www.alanyaproperties.com\/fr\/property\/appartements-230-m-de-la-plage-a-kestel\/#primaryimage\"},\"thumbnailUrl\":\"https:\/\/i0.wp.com\/www.alanyaproperties.com\/wp-content\/uploads\/2022\/10\/APARTMENTS-CLOSE-TO-THE-BEACH-IN-KESTEL-ALANYA-14-scaled.jpg?fit=2560%2C1440&ssl=1\",\"datePublished\":\"2022-10-18T08:05:02+00:00\",\"dateModified\":\"2022-12-08T10:47:27+00:00\",\"description\":\"Appartements 230 m de la Plage \u00e0 Kestel \/ Alanya | Installations de loisirs 5* | \u00e0 proximit\u00e9 des supermarch\u00e9s et restaurants\",\"breadcrumb\":{\"@id\":\"https:\/\/www.alanyaproperties.com\/fr\/property\/appartements-230-m-de-la-plage-a-kestel\/#breadcrumb\"},\"inLanguage\":\"fr-FR\",\"potentialAction\":[{\"@type\":\"ReadAction\",\"target\":[\"https:\/\/www.alanyaproperties.com\/fr\/property\/appartements-230-m-de-la-plage-a-kestel\/\"]}]},{\"@type\":\"ImageObject\",\"inLanguage\":\"fr-FR\",\"@id\":\"https:\/\/www.alanyaproperties.com\/fr\/property\/appartements-230-m-de-la-plage-a-kestel\/#primaryimage\",\"url\":\"https:\/\/i0.wp.com\/www.alanyaproperties.com\/wp-content\/uploads\/2022\/10\/APARTMENTS-CLOSE-TO-THE-BEACH-IN-KESTEL-ALANYA-14-scaled.jpg?fit=2560%2C1440&ssl=1\",\"contentUrl\":\"https:\/\/i0.wp.com\/www.alanyaproperties.com\/wp-content\/uploads\/2022\/10\/APARTMENTS-CLOSE-TO-THE-BEACH-IN-KESTEL-ALANYA-14-scaled.jpg?fit=2560%2C1440&ssl=1\",\"width\":2560,\"height\":1440,\"caption\":\"default\"},{\"@type\":\"BreadcrumbList\",\"@id\":\"https:\/\/www.alanyaproperties.com\/fr\/property\/appartements-230-m-de-la-plage-a-kestel\/#breadcrumb\",\"itemListElement\":[{\"@type\":\"ListItem\",\"position\":1,\"name\":\"Home\",\"item\":\"https:\/\/www.alanyaproperties.com\/fr\/\"},{\"@type\":\"ListItem\",\"position\":2,\"name\":\"Propri\u00e9t\u00e9s\",\"item\":\"https:\/\/www.alanyaproperties.com\/fr\/property\/\"},{\"@type\":\"ListItem\",\"position\":3,\"name\":\"Appartements 230 m de la Plage \u00e0 Kestel\"}]},{\"@type\":\"WebSite\",\"@id\":\"https:\/\/www.alanyaproperties.com\/fr\/#website\",\"url\":\"https:\/\/www.alanyaproperties.com\/fr\/\",\"name\":\"Properties in Alanya.\",\"description\":\"Immobilier en Turquie | Acheter un immobilier en Turquie\",\"publisher\":{\"@id\":\"https:\/\/www.alanyaproperties.com\/fr\/#organization\"},\"potentialAction\":[{\"@type\":\"SearchAction\",\"target\":{\"@type\":\"EntryPoint\",\"urlTemplate\":\"https:\/\/www.alanyaproperties.com\/fr\/?s={search_term_string}\"},\"query-input\":\"required name=search_term_string\"}],\"inLanguage\":\"fr-FR\"},{\"@type\":\"Organization\",\"@id\":\"https:\/\/www.alanyaproperties.com\/fr\/#organization\",\"name\":\"Alanya Properties\",\"url\":\"https:\/\/www.alanyaproperties.com\/fr\/\",\"logo\":{\"@type\":\"ImageObject\",\"inLanguage\":\"fr-FR\",\"@id\":\"https:\/\/www.alanyaproperties.com\/fr\/#\/schema\/logo\/image\/\",\"url\":\"https:\/\/i0.wp.com\/www.alanyaproperties.com\/wp-content\/uploads\/2017\/06\/alanya-properties-logo-180to.png?fit=180%2C81&ssl=1\",\"contentUrl\":\"https:\/\/i0.wp.com\/www.alanyaproperties.com\/wp-content\/uploads\/2017\/06\/alanya-properties-logo-180to.png?fit=180%2C81&ssl=1\",\"width\":180,\"height\":81,\"caption\":\"Alanya Properties\"},\"image\":{\"@id\":\"https:\/\/www.alanyaproperties.com\/fr\/#\/schema\/logo\/image\/\"},\"sameAs\":[\"https:\/\/www.facebook.com\/alanyaproperties\/\",\"https:\/\/x.com\/alanyapro\",\"https:\/\/www.instagram.com\/alanyaproperties\/\",\"https:\/\/www.youtube.com\/c\/AlanyaProperties\"]}]}<\/script>\n<!-- \/ Yoast SEO plugin. -->","yoast_head_json":{"title":"Appartements 230 m de la Plage \u00e0 Kestel - Properties in Alanya.","description":"Appartements 230 m de la Plage \u00e0 Kestel \/ Alanya | Installations de loisirs 5* | \u00e0 proximit\u00e9 des supermarch\u00e9s et restaurants","robots":{"index":"index","follow":"follow","max-snippet":"max-snippet:-1","max-image-preview":"max-image-preview:large","max-video-preview":"max-video-preview:-1"},"canonical":"https:\/\/www.alanyaproperties.com\/fr\/property\/appartements-230-m-de-la-plage-a-kestel\/","og_locale":"fr_FR","og_type":"article","og_title":"Appartements 230 m de la Plage \u00e0 Kestel - Properties in Alanya.","og_description":"Appartements 230 m de la Plage \u00e0 Kestel \/ Alanya | Installations de loisirs 5* | \u00e0 proximit\u00e9 des supermarch\u00e9s et restaurants","og_url":"https:\/\/www.alanyaproperties.com\/fr\/property\/appartements-230-m-de-la-plage-a-kestel\/","og_site_name":"Properties in Alanya.","article_publisher":"https:\/\/www.facebook.com\/alanyaproperties\/","article_modified_time":"2022-12-08T10:47:27+00:00","og_image":[{"width":2560,"height":1280,"url":"https:\/\/www.alanyaproperties.com\/wp-content\/uploads\/2022\/10\/APARTMENTS-CLOSE-TO-THE-BEACH-IN-KESTEL-ALANYA-10-scaled.jpg","type":"image\/jpeg"}],"twitter_card":"summary_large_image","twitter_site":"@alanyapro","twitter_misc":{"Dur\u00e9e de lecture estim\u00e9e":"2 minutes"},"schema":{"@context":"https:\/\/schema.org","@graph":[{"@type":"WebPage","@id":"https:\/\/www.alanyaproperties.com\/fr\/property\/appartements-230-m-de-la-plage-a-kestel\/","url":"https:\/\/www.alanyaproperties.com\/fr\/property\/appartements-230-m-de-la-plage-a-kestel\/","name":"Appartements 230 m de la Plage \u00e0 Kestel - Properties in Alanya.","isPartOf":{"@id":"https:\/\/www.alanyaproperties.com\/fr\/#website"},"primaryImageOfPage":{"@id":"https:\/\/www.alanyaproperties.com\/fr\/property\/appartements-230-m-de-la-plage-a-kestel\/#primaryimage"},"image":{"@id":"https:\/\/www.alanyaproperties.com\/fr\/property\/appartements-230-m-de-la-plage-a-kestel\/#primaryimage"},"thumbnailUrl":"https:\/\/i0.wp.com\/www.alanyaproperties.com\/wp-content\/uploads\/2022\/10\/APARTMENTS-CLOSE-TO-THE-BEACH-IN-KESTEL-ALANYA-14-scaled.jpg?fit=2560%2C1440&ssl=1","datePublished":"2022-10-18T08:05:02+00:00","dateModified":"2022-12-08T10:47:27+00:00","description":"Appartements 230 m de la Plage \u00e0 Kestel \/ Alanya | Installations de loisirs 5* | \u00e0 proximit\u00e9 des supermarch\u00e9s et restaurants","breadcrumb":{"@id":"https:\/\/www.alanyaproperties.com\/fr\/property\/appartements-230-m-de-la-plage-a-kestel\/#breadcrumb"},"inLanguage":"fr-FR","potentialAction":[{"@type":"ReadAction","target":["https:\/\/www.alanyaproperties.com\/fr\/property\/appartements-230-m-de-la-plage-a-kestel\/"]}]},{"@type":"ImageObject","inLanguage":"fr-FR","@id":"https:\/\/www.alanyaproperties.com\/fr\/property\/appartements-230-m-de-la-plage-a-kestel\/#primaryimage","url":"https:\/\/i0.wp.com\/www.alanyaproperties.com\/wp-content\/uploads\/2022\/10\/APARTMENTS-CLOSE-TO-THE-BEACH-IN-KESTEL-ALANYA-14-scaled.jpg?fit=2560%2C1440&ssl=1","contentUrl":"https:\/\/i0.wp.com\/www.alanyaproperties.com\/wp-content\/uploads\/2022\/10\/APARTMENTS-CLOSE-TO-THE-BEACH-IN-KESTEL-ALANYA-14-scaled.jpg?fit=2560%2C1440&ssl=1","width":2560,"height":1440,"caption":"default"},{"@type":"BreadcrumbList","@id":"https:\/\/www.alanyaproperties.com\/fr\/property\/appartements-230-m-de-la-plage-a-kestel\/#breadcrumb","itemListElement":[{"@type":"ListItem","position":1,"name":"Home","item":"https:\/\/www.alanyaproperties.com\/fr\/"},{"@type":"ListItem","position":2,"name":"Propri\u00e9t\u00e9s","item":"https:\/\/www.alanyaproperties.com\/fr\/property\/"},{"@type":"ListItem","position":3,"name":"Appartements 230 m de la Plage \u00e0 Kestel"}]},{"@type":"WebSite","@id":"https:\/\/www.alanyaproperties.com\/fr\/#website","url":"https:\/\/www.alanyaproperties.com\/fr\/","name":"Properties in Alanya.","description":"Immobilier en Turquie | Acheter un immobilier en Turquie","publisher":{"@id":"https:\/\/www.alanyaproperties.com\/fr\/#organization"},"potentialAction":[{"@type":"SearchAction","target":{"@type":"EntryPoint","urlTemplate":"https:\/\/www.alanyaproperties.com\/fr\/?s={search_term_string}"},"query-input":"required name=search_term_string"}],"inLanguage":"fr-FR"},{"@type":"Organization","@id":"https:\/\/www.alanyaproperties.com\/fr\/#organization","name":"Alanya Properties","url":"https:\/\/www.alanyaproperties.com\/fr\/","logo":{"@type":"ImageObject","inLanguage":"fr-FR","@id":"https:\/\/www.alanyaproperties.com\/fr\/#\/schema\/logo\/image\/","url":"https:\/\/i0.wp.com\/www.alanyaproperties.com\/wp-content\/uploads\/2017\/06\/alanya-properties-logo-180to.png?fit=180%2C81&ssl=1","contentUrl":"https:\/\/i0.wp.com\/www.alanyaproperties.com\/wp-content\/uploads\/2017\/06\/alanya-properties-logo-180to.png?fit=180%2C81&ssl=1","width":180,"height":81,"caption":"Alanya Properties"},"image":{"@id":"https:\/\/www.alanyaproperties.com\/fr\/#\/schema\/logo\/image\/"},"sameAs":["https:\/\/www.facebook.com\/alanyaproperties\/","https:\/\/x.com\/alanyapro","https:\/\/www.instagram.com\/alanyaproperties\/","https:\/\/www.youtube.com\/c\/AlanyaProperties"]}]}},"jetpack_sharing_enabled":true,"_links":{"self":[{"href":"https:\/\/www.alanyaproperties.com\/fr\/wp-json\/wp\/v2\/properties\/339470"}],"collection":[{"href":"https:\/\/www.alanyaproperties.com\/fr\/wp-json\/wp\/v2\/properties"}],"about":[{"href":"https:\/\/www.alanyaproperties.com\/fr\/wp-json\/wp\/v2\/types\/property"}],"author":[{"embeddable":true,"href":"https:\/\/www.alanyaproperties.com\/fr\/wp-json\/wp\/v2\/users\/102"}],"version-history":[{"count":3,"href":"https:\/\/www.alanyaproperties.com\/fr\/wp-json\/wp\/v2\/properties\/339470\/revisions"}],"predecessor-version":[{"id":339473,"href":"https:\/\/www.alanyaproperties.com\/fr\/wp-json\/wp\/v2\/properties\/339470\/revisions\/339473"}],"wp:featuredmedia":[{"embeddable":true,"href":"https:\/\/www.alanyaproperties.com\/fr\/wp-json\/wp\/v2\/media\/331808"}],"wp:attachment":[{"href":"https:\/\/www.alanyaproperties.com\/fr\/wp-json\/wp\/v2\/media?parent=339470"}],"wp:term":[{"taxonomy":"property_type","embeddable":true,"href":"https:\/\/www.alanyaproperties.com\/fr\/wp-json\/wp\/v2\/property_type?post=339470"},{"taxonomy":"property_status","embeddable":true,"href":"https:\/\/www.alanyaproperties.com\/fr\/wp-json\/wp\/v2\/property_status?post=339470"},{"taxonomy":"property_feature","embeddable":true,"href":"https:\/\/www.alanyaproperties.com\/fr\/wp-json\/wp\/v2\/property_feature?post=339470"},{"taxonomy":"property_label","embeddable":true,"href":"https:\/\/www.alanyaproperties.com\/fr\/wp-json\/wp\/v2\/property_label?post=339470"},{"taxonomy":"property_city","embeddable":true,"href":"https:\/\/www.alanyaproperties.com\/fr\/wp-json\/wp\/v2\/property_city?post=339470"},{"taxonomy":"property_area","embeddable":true,"href":"https:\/\/www.alanyaproperties.com\/fr\/wp-json\/wp\/v2\/property_area?post=339470"},{"taxonomy":"property_state","embeddable":true,"href":"https:\/\/www.alanyaproperties.com\/fr\/wp-json\/wp\/v2\/property_state?post=339470"}],"curies":[{"name":"wp","href":"https:\/\/api.w.org\/{rel}","templated":true}]}}