{"id":315678,"date":"2022-06-13T08:51:40","date_gmt":"2022-06-13T08:51:40","guid":{"rendered":"https:\/\/www.alanyaproperties.com\/property\/modern-new-build-apartments-in-avsallar-alanya\/"},"modified":"2022-06-21T11:23:10","modified_gmt":"2022-06-21T11:23:10","slug":"immobiliers-vue-panoramique-a-avsallar-alanya","status":"publish","type":"property","link":"https:\/\/www.alanyaproperties.com\/fr\/property\/immobiliers-vue-panoramique-a-avsallar-alanya\/","title":{"rendered":"Immobiliers Vue Panoramique \u00e0 Avsallar Alanya"},"content":{"rendered":"<h4>Immobiliers Vue Panoramique \u00e0 Avsallar Alanya<\/h4>\n<p>Immobiliers Vue Panoramique \u00e0 Avsallar Alanya \u00e0 1,4 km de la plage publique d&rsquo;Incekum. Le centre confortable est \u00e0 une distance de marche de 1,2 km. Ce nouveau complexe r\u00e9sidentiel est construit sur 4228 m\u00b2 et comprend 2 b\u00e2timents de 9 \u00e9tages. Il y a un total de 72 appartements. La caract\u00e9ristique du projet est que le complexe est situ\u00e9 \u00e0 proximit\u00e9 d&rsquo;une for\u00eat de pins, et tous les appartements de ce projet offrent une vue imprenable.<\/p>\n<h4>Types d&rsquo;appartements \u00e0 vendre<\/h4>\n<ul>\n<li>Appartements de 2 chambres d&rsquo;une superficie de 72 m\u00b2 et comprenant 2 grandes chambres, 1 salle de bain et balcon<\/li>\n<li>Appartements penthouse de 3 chambres d&rsquo;une superficie de 150 m\u00b2 et comprenant 3 grandes chambres, 2 salles de bains et un balcon<\/li>\n<\/ul>\n<h4>Installations communes dans le complexe<\/h4>\n<p>Tous les r\u00e9sidents peuvent utiliser la piscine ext\u00e9rieure, le fitness, le sauna et le hammam. Dans le jardin paysager, il y un parc de jeux pour les enfants. Des places de stationnement sont \u00e9galement pr\u00e9vues sur le terrain.<\/p>\n<h4>Avsallar<\/h4>\n<ul>\n<li>Avsallar est situ\u00e9 \u00e0 22 km de la ville <a href=\"https:\/\/www.alanyaproperties.com\/fr\/la-turquie\/alanya\/\">Alanya<\/a>.\u00a0 Dans le centre anim\u00e9, il y a beaucoup de commerces locaux, des supermarch\u00e9s, des pharmacies et des restaurants. Dans les environs d&rsquo;Avsallar, il y a des espaces verts o\u00f9 vous pouvez faire du v\u00e9lo ou profiter d&rsquo;une ballade.\u00a0 Et en plus, il y une tr\u00e8s belle plage de sable fin.<\/li>\n<li>Chaque mercredi, vous pouvez fl\u00e2ner sur le march\u00e9 hebdomadaire o\u00f9 vous pouvez acheter des l\u00e9gumes, du fruit, des \u00e9pices et d&rsquo;autres articles.<\/li>\n<li>Il y a plusieurs f\u00f4rets avec des aires de pique-nique \u00e0 d\u00e9couvrir.\u00a0 Ainsi, la rivi\u00e8re Alara traverse Avsallar. Le long de cette rivi\u00e8re se trouve l&rsquo;un des caravans\u00e9rails les mieux conserv\u00e9s de Turquie, Alarahan du 13 \u00e8me si\u00e8cle.\u00a0 De plus, il y a encore plusieurs villages authentique, ruines, grottes et autres sites dans la r\u00e9gion.<\/li>\n<\/ul>\n<h4><\/h4>\n<p>&nbsp;<\/p>\n<h3 style=\"text-align: center;\"><\/h3>\n","protected":false},"excerpt":{"rendered":"<p>Immobiliers Vue Panoramique \u00e0 Avsallar Alanya Immobiliers Vue Panoramique \u00e0 Avsallar Alanya \u00e0 1,4 km de la plage publique d&rsquo;Incekum. Le centre confortable est \u00e0 une distance de marche de 1,2 km. Ce nouveau complexe r\u00e9sidentiel est construit sur 4228 m\u00b2 et comprend 2 b\u00e2timents de 9 \u00e9tages. Il y a un total de 72 [&hellip;]<\/p>\n","protected":false},"author":102,"featured_media":314432,"parent":0,"menu_order":0,"template":"","property_type":[3782,3836],"property_status":[3822],"property_feature":[3832,3842,3794,3815,3833,3812,3800,3895,3803,3784,3790,3789,3795,3797,3799,3844,3798,3806,3813,3792,3791,3845,3882,3811,3816],"property_label":[3923],"property_city":[3823,3824],"property_area":[3825,3826,3827,3848],"property_state":[3828],"yoast_head":"<!-- This site is optimized with the Yoast SEO plugin v22.6 - https:\/\/yoast.com\/wordpress\/plugins\/seo\/ -->\n<title>Immobiliers Vue Panoramique \u00e0 Avsallar Alanya - Properties in Alanya.<\/title>\n<meta name=\"description\" content=\"Immobiliers Vue Panoramique \u00e0 Avsallar Alanya \u00e0 1,4 km de la plage publique d&#039;Incekum | appartements 2 et 3 chambres \u00e0 coucher\" \/>\n<meta name=\"robots\" content=\"index, follow, max-snippet:-1, max-image-preview:large, max-video-preview:-1\" \/>\n<link rel=\"canonical\" href=\"https:\/\/www.alanyaproperties.com\/fr\/property\/immobiliers-vue-panoramique-a-avsallar-alanya\/\" \/>\n<meta property=\"og:locale\" content=\"fr_FR\" \/>\n<meta property=\"og:type\" content=\"article\" \/>\n<meta property=\"og:title\" content=\"Immobiliers Vue Panoramique \u00e0 Avsallar Alanya - Properties in Alanya.\" \/>\n<meta property=\"og:description\" content=\"Immobiliers Vue Panoramique \u00e0 Avsallar Alanya \u00e0 1,4 km de la plage publique d&#039;Incekum | appartements 2 et 3 chambres \u00e0 coucher\" \/>\n<meta property=\"og:url\" content=\"https:\/\/www.alanyaproperties.com\/fr\/property\/immobiliers-vue-panoramique-a-avsallar-alanya\/\" \/>\n<meta property=\"og:site_name\" content=\"Properties in Alanya.\" \/>\n<meta property=\"article:publisher\" content=\"https:\/\/www.facebook.com\/alanyaproperties\/\" \/>\n<meta property=\"article:modified_time\" content=\"2022-06-21T11:23:10+00:00\" \/>\n<meta property=\"og:image\" content=\"https:\/\/www.alanyaproperties.com\/wp-content\/uploads\/2022\/06\/Apartments-for-sale-in-Avsallar-Alanya-1-1.jpg\" \/>\n\t<meta property=\"og:image:width\" content=\"1300\" \/>\n\t<meta property=\"og:image:height\" content=\"870\" \/>\n\t<meta property=\"og:image:type\" content=\"image\/jpeg\" \/>\n<meta name=\"twitter:card\" content=\"summary_large_image\" \/>\n<meta name=\"twitter:site\" content=\"@alanyapro\" \/>\n<meta name=\"twitter:label1\" content=\"Dur\u00e9e de lecture estim\u00e9e\" \/>\n\t<meta name=\"twitter:data1\" content=\"3 minutes\" \/>\n<script type=\"application\/ld+json\" class=\"yoast-schema-graph\">{\"@context\":\"https:\/\/schema.org\",\"@graph\":[{\"@type\":\"WebPage\",\"@id\":\"https:\/\/www.alanyaproperties.com\/fr\/property\/immobiliers-vue-panoramique-a-avsallar-alanya\/\",\"url\":\"https:\/\/www.alanyaproperties.com\/fr\/property\/immobiliers-vue-panoramique-a-avsallar-alanya\/\",\"name\":\"Immobiliers Vue Panoramique \u00e0 Avsallar Alanya - Properties in Alanya.\",\"isPartOf\":{\"@id\":\"https:\/\/www.alanyaproperties.com\/fr\/#website\"},\"primaryImageOfPage\":{\"@id\":\"https:\/\/www.alanyaproperties.com\/fr\/property\/immobiliers-vue-panoramique-a-avsallar-alanya\/#primaryimage\"},\"image\":{\"@id\":\"https:\/\/www.alanyaproperties.com\/fr\/property\/immobiliers-vue-panoramique-a-avsallar-alanya\/#primaryimage\"},\"thumbnailUrl\":\"https:\/\/i0.wp.com\/www.alanyaproperties.com\/wp-content\/uploads\/2022\/06\/Apartments-for-sale-in-Avsallar-Alanya-1-1.jpg?fit=1300%2C870&ssl=1\",\"datePublished\":\"2022-06-13T08:51:40+00:00\",\"dateModified\":\"2022-06-21T11:23:10+00:00\",\"description\":\"Immobiliers Vue Panoramique \u00e0 Avsallar Alanya \u00e0 1,4 km de la plage publique d'Incekum | appartements 2 et 3 chambres \u00e0 coucher\",\"breadcrumb\":{\"@id\":\"https:\/\/www.alanyaproperties.com\/fr\/property\/immobiliers-vue-panoramique-a-avsallar-alanya\/#breadcrumb\"},\"inLanguage\":\"fr-FR\",\"potentialAction\":[{\"@type\":\"ReadAction\",\"target\":[\"https:\/\/www.alanyaproperties.com\/fr\/property\/immobiliers-vue-panoramique-a-avsallar-alanya\/\"]}]},{\"@type\":\"ImageObject\",\"inLanguage\":\"fr-FR\",\"@id\":\"https:\/\/www.alanyaproperties.com\/fr\/property\/immobiliers-vue-panoramique-a-avsallar-alanya\/#primaryimage\",\"url\":\"https:\/\/i0.wp.com\/www.alanyaproperties.com\/wp-content\/uploads\/2022\/06\/Apartments-for-sale-in-Avsallar-Alanya-1-1.jpg?fit=1300%2C870&ssl=1\",\"contentUrl\":\"https:\/\/i0.wp.com\/www.alanyaproperties.com\/wp-content\/uploads\/2022\/06\/Apartments-for-sale-in-Avsallar-Alanya-1-1.jpg?fit=1300%2C870&ssl=1\",\"width\":1300,\"height\":870},{\"@type\":\"BreadcrumbList\",\"@id\":\"https:\/\/www.alanyaproperties.com\/fr\/property\/immobiliers-vue-panoramique-a-avsallar-alanya\/#breadcrumb\",\"itemListElement\":[{\"@type\":\"ListItem\",\"position\":1,\"name\":\"Home\",\"item\":\"https:\/\/www.alanyaproperties.com\/fr\/\"},{\"@type\":\"ListItem\",\"position\":2,\"name\":\"Propri\u00e9t\u00e9s\",\"item\":\"https:\/\/www.alanyaproperties.com\/fr\/property\/\"},{\"@type\":\"ListItem\",\"position\":3,\"name\":\"Immobiliers Vue Panoramique \u00e0 Avsallar Alanya\"}]},{\"@type\":\"WebSite\",\"@id\":\"https:\/\/www.alanyaproperties.com\/fr\/#website\",\"url\":\"https:\/\/www.alanyaproperties.com\/fr\/\",\"name\":\"Properties in Alanya.\",\"description\":\"Immobilier en Turquie | Acheter un immobilier en Turquie\",\"publisher\":{\"@id\":\"https:\/\/www.alanyaproperties.com\/fr\/#organization\"},\"potentialAction\":[{\"@type\":\"SearchAction\",\"target\":{\"@type\":\"EntryPoint\",\"urlTemplate\":\"https:\/\/www.alanyaproperties.com\/fr\/?s={search_term_string}\"},\"query-input\":\"required name=search_term_string\"}],\"inLanguage\":\"fr-FR\"},{\"@type\":\"Organization\",\"@id\":\"https:\/\/www.alanyaproperties.com\/fr\/#organization\",\"name\":\"Alanya Properties\",\"url\":\"https:\/\/www.alanyaproperties.com\/fr\/\",\"logo\":{\"@type\":\"ImageObject\",\"inLanguage\":\"fr-FR\",\"@id\":\"https:\/\/www.alanyaproperties.com\/fr\/#\/schema\/logo\/image\/\",\"url\":\"https:\/\/i0.wp.com\/www.alanyaproperties.com\/wp-content\/uploads\/2017\/06\/alanya-properties-logo-180to.png?fit=180%2C81&ssl=1\",\"contentUrl\":\"https:\/\/i0.wp.com\/www.alanyaproperties.com\/wp-content\/uploads\/2017\/06\/alanya-properties-logo-180to.png?fit=180%2C81&ssl=1\",\"width\":180,\"height\":81,\"caption\":\"Alanya Properties\"},\"image\":{\"@id\":\"https:\/\/www.alanyaproperties.com\/fr\/#\/schema\/logo\/image\/\"},\"sameAs\":[\"https:\/\/www.facebook.com\/alanyaproperties\/\",\"https:\/\/x.com\/alanyapro\",\"https:\/\/www.instagram.com\/alanyaproperties\/\",\"https:\/\/www.youtube.com\/c\/AlanyaProperties\"]}]}<\/script>\n<!-- \/ Yoast SEO plugin. -->","yoast_head_json":{"title":"Immobiliers Vue Panoramique \u00e0 Avsallar Alanya - Properties in Alanya.","description":"Immobiliers Vue Panoramique \u00e0 Avsallar Alanya \u00e0 1,4 km de la plage publique d'Incekum | appartements 2 et 3 chambres \u00e0 coucher","robots":{"index":"index","follow":"follow","max-snippet":"max-snippet:-1","max-image-preview":"max-image-preview:large","max-video-preview":"max-video-preview:-1"},"canonical":"https:\/\/www.alanyaproperties.com\/fr\/property\/immobiliers-vue-panoramique-a-avsallar-alanya\/","og_locale":"fr_FR","og_type":"article","og_title":"Immobiliers Vue Panoramique \u00e0 Avsallar Alanya - Properties in Alanya.","og_description":"Immobiliers Vue Panoramique \u00e0 Avsallar Alanya \u00e0 1,4 km de la plage publique d'Incekum | appartements 2 et 3 chambres \u00e0 coucher","og_url":"https:\/\/www.alanyaproperties.com\/fr\/property\/immobiliers-vue-panoramique-a-avsallar-alanya\/","og_site_name":"Properties in Alanya.","article_publisher":"https:\/\/www.facebook.com\/alanyaproperties\/","article_modified_time":"2022-06-21T11:23:10+00:00","og_image":[{"width":1300,"height":870,"url":"https:\/\/www.alanyaproperties.com\/wp-content\/uploads\/2022\/06\/Apartments-for-sale-in-Avsallar-Alanya-1-1.jpg","type":"image\/jpeg"}],"twitter_card":"summary_large_image","twitter_site":"@alanyapro","twitter_misc":{"Dur\u00e9e de lecture estim\u00e9e":"3 minutes"},"schema":{"@context":"https:\/\/schema.org","@graph":[{"@type":"WebPage","@id":"https:\/\/www.alanyaproperties.com\/fr\/property\/immobiliers-vue-panoramique-a-avsallar-alanya\/","url":"https:\/\/www.alanyaproperties.com\/fr\/property\/immobiliers-vue-panoramique-a-avsallar-alanya\/","name":"Immobiliers Vue Panoramique \u00e0 Avsallar Alanya - Properties in Alanya.","isPartOf":{"@id":"https:\/\/www.alanyaproperties.com\/fr\/#website"},"primaryImageOfPage":{"@id":"https:\/\/www.alanyaproperties.com\/fr\/property\/immobiliers-vue-panoramique-a-avsallar-alanya\/#primaryimage"},"image":{"@id":"https:\/\/www.alanyaproperties.com\/fr\/property\/immobiliers-vue-panoramique-a-avsallar-alanya\/#primaryimage"},"thumbnailUrl":"https:\/\/i0.wp.com\/www.alanyaproperties.com\/wp-content\/uploads\/2022\/06\/Apartments-for-sale-in-Avsallar-Alanya-1-1.jpg?fit=1300%2C870&ssl=1","datePublished":"2022-06-13T08:51:40+00:00","dateModified":"2022-06-21T11:23:10+00:00","description":"Immobiliers Vue Panoramique \u00e0 Avsallar Alanya \u00e0 1,4 km de la plage publique d'Incekum | appartements 2 et 3 chambres \u00e0 coucher","breadcrumb":{"@id":"https:\/\/www.alanyaproperties.com\/fr\/property\/immobiliers-vue-panoramique-a-avsallar-alanya\/#breadcrumb"},"inLanguage":"fr-FR","potentialAction":[{"@type":"ReadAction","target":["https:\/\/www.alanyaproperties.com\/fr\/property\/immobiliers-vue-panoramique-a-avsallar-alanya\/"]}]},{"@type":"ImageObject","inLanguage":"fr-FR","@id":"https:\/\/www.alanyaproperties.com\/fr\/property\/immobiliers-vue-panoramique-a-avsallar-alanya\/#primaryimage","url":"https:\/\/i0.wp.com\/www.alanyaproperties.com\/wp-content\/uploads\/2022\/06\/Apartments-for-sale-in-Avsallar-Alanya-1-1.jpg?fit=1300%2C870&ssl=1","contentUrl":"https:\/\/i0.wp.com\/www.alanyaproperties.com\/wp-content\/uploads\/2022\/06\/Apartments-for-sale-in-Avsallar-Alanya-1-1.jpg?fit=1300%2C870&ssl=1","width":1300,"height":870},{"@type":"BreadcrumbList","@id":"https:\/\/www.alanyaproperties.com\/fr\/property\/immobiliers-vue-panoramique-a-avsallar-alanya\/#breadcrumb","itemListElement":[{"@type":"ListItem","position":1,"name":"Home","item":"https:\/\/www.alanyaproperties.com\/fr\/"},{"@type":"ListItem","position":2,"name":"Propri\u00e9t\u00e9s","item":"https:\/\/www.alanyaproperties.com\/fr\/property\/"},{"@type":"ListItem","position":3,"name":"Immobiliers Vue Panoramique \u00e0 Avsallar Alanya"}]},{"@type":"WebSite","@id":"https:\/\/www.alanyaproperties.com\/fr\/#website","url":"https:\/\/www.alanyaproperties.com\/fr\/","name":"Properties in Alanya.","description":"Immobilier en Turquie | Acheter un immobilier en Turquie","publisher":{"@id":"https:\/\/www.alanyaproperties.com\/fr\/#organization"},"potentialAction":[{"@type":"SearchAction","target":{"@type":"EntryPoint","urlTemplate":"https:\/\/www.alanyaproperties.com\/fr\/?s={search_term_string}"},"query-input":"required name=search_term_string"}],"inLanguage":"fr-FR"},{"@type":"Organization","@id":"https:\/\/www.alanyaproperties.com\/fr\/#organization","name":"Alanya Properties","url":"https:\/\/www.alanyaproperties.com\/fr\/","logo":{"@type":"ImageObject","inLanguage":"fr-FR","@id":"https:\/\/www.alanyaproperties.com\/fr\/#\/schema\/logo\/image\/","url":"https:\/\/i0.wp.com\/www.alanyaproperties.com\/wp-content\/uploads\/2017\/06\/alanya-properties-logo-180to.png?fit=180%2C81&ssl=1","contentUrl":"https:\/\/i0.wp.com\/www.alanyaproperties.com\/wp-content\/uploads\/2017\/06\/alanya-properties-logo-180to.png?fit=180%2C81&ssl=1","width":180,"height":81,"caption":"Alanya Properties"},"image":{"@id":"https:\/\/www.alanyaproperties.com\/fr\/#\/schema\/logo\/image\/"},"sameAs":["https:\/\/www.facebook.com\/alanyaproperties\/","https:\/\/x.com\/alanyapro","https:\/\/www.instagram.com\/alanyaproperties\/","https:\/\/www.youtube.com\/c\/AlanyaProperties"]}]}},"jetpack_sharing_enabled":true,"_links":{"self":[{"href":"https:\/\/www.alanyaproperties.com\/fr\/wp-json\/wp\/v2\/properties\/315678"}],"collection":[{"href":"https:\/\/www.alanyaproperties.com\/fr\/wp-json\/wp\/v2\/properties"}],"about":[{"href":"https:\/\/www.alanyaproperties.com\/fr\/wp-json\/wp\/v2\/types\/property"}],"author":[{"embeddable":true,"href":"https:\/\/www.alanyaproperties.com\/fr\/wp-json\/wp\/v2\/users\/102"}],"version-history":[{"count":2,"href":"https:\/\/www.alanyaproperties.com\/fr\/wp-json\/wp\/v2\/properties\/315678\/revisions"}],"predecessor-version":[{"id":315680,"href":"https:\/\/www.alanyaproperties.com\/fr\/wp-json\/wp\/v2\/properties\/315678\/revisions\/315680"}],"wp:featuredmedia":[{"embeddable":true,"href":"https:\/\/www.alanyaproperties.com\/fr\/wp-json\/wp\/v2\/media\/314432"}],"wp:attachment":[{"href":"https:\/\/www.alanyaproperties.com\/fr\/wp-json\/wp\/v2\/media?parent=315678"}],"wp:term":[{"taxonomy":"property_type","embeddable":true,"href":"https:\/\/www.alanyaproperties.com\/fr\/wp-json\/wp\/v2\/property_type?post=315678"},{"taxonomy":"property_status","embeddable":true,"href":"https:\/\/www.alanyaproperties.com\/fr\/wp-json\/wp\/v2\/property_status?post=315678"},{"taxonomy":"property_feature","embeddable":true,"href":"https:\/\/www.alanyaproperties.com\/fr\/wp-json\/wp\/v2\/property_feature?post=315678"},{"taxonomy":"property_label","embeddable":true,"href":"https:\/\/www.alanyaproperties.com\/fr\/wp-json\/wp\/v2\/property_label?post=315678"},{"taxonomy":"property_city","embeddable":true,"href":"https:\/\/www.alanyaproperties.com\/fr\/wp-json\/wp\/v2\/property_city?post=315678"},{"taxonomy":"property_area","embeddable":true,"href":"https:\/\/www.alanyaproperties.com\/fr\/wp-json\/wp\/v2\/property_area?post=315678"},{"taxonomy":"property_state","embeddable":true,"href":"https:\/\/www.alanyaproperties.com\/fr\/wp-json\/wp\/v2\/property_state?post=315678"}],"curies":[{"name":"wp","href":"https:\/\/api.w.org\/{rel}","templated":true}]}}