{"id":295020,"date":"2022-01-12T07:08:47","date_gmt":"2022-01-12T07:08:47","guid":{"rendered":"https:\/\/www.alanyaproperties.com\/property\/contemporary-apartments-for-sale-in-avsallar-alanya\/"},"modified":"2022-01-20T12:28:07","modified_gmt":"2022-01-20T12:28:07","slug":"appartements-vue-mer-et-montagnes-a-avsallar","status":"publish","type":"property","link":"https:\/\/www.alanyaproperties.com\/fr\/property\/appartements-vue-mer-et-montagnes-a-avsallar\/","title":{"rendered":"Appartements Vue Mer et Montagnes \u00e0 Avsallar"},"content":{"rendered":"<h4>Appartements Vue Mer et Montagnes \u00e0 Avsallar<\/h4>\n<p>Appartements Vue Mer et Montagnes \u00e0 Avsallar dans un nouveau complexe. Ce nouveau projet est situ\u00e9 \u00e0 1 km du centre et \u00e0 1,5 km de la belle plage de sable. La construction a commenc\u00e9 le 15.01.2022 et s&rsquo;ach\u00e8vera le 15.04.2023. Le nouveau complexe r\u00e9sidentiel se compose de 1 b\u00e2timent de 7 \u00e9tages un total de 56 d&rsquo;appartements. A proximit\u00e9 se trouvent des commerces\u00a0 et un supermarch\u00e9 tel que <a href=\"https:\/\/www.a101.com.tr\/\">A-101<\/a> \u00e0 280 m.<\/p>\n<h4>Avsallar<\/h4>\n<ul>\n<li>Avsallar est situ\u00e9 \u00e0 22 km de la ville <a href=\"https:\/\/www.alanyaproperties.com\/fr\/la-turquie\/alanya\/\">Alanya<\/a>.\u00a0 Dans le centre anim\u00e9, il y a beaucoup de commerces locaux, des supermarch\u00e9s, des pharmacies et des restaurants. Dans les environs d&rsquo;Avsallar, il y a des espaces verts o\u00f9 vous pouvez faire du v\u00e9lo ou profiter d&rsquo;une ballade.\u00a0 Et en plus, il y une tr\u00e8s belle plage de sable fin.<\/li>\n<li>Chaque mercredi, vous pouvez fl\u00e2ner sur le march\u00e9 hebdomadaire o\u00f9 vous pouvez acheter des l\u00e9gumes, du fruit, des \u00e9pices et d&rsquo;autres articles.<\/li>\n<li>Il y a plusieurs f\u00f4rets avec des aires de pique-nique \u00e0 d\u00e9couvrir.\u00a0 Ainsi, la rivi\u00e8re Alara traverse Avsallar. Le long de cette rivi\u00e8re se trouve l&rsquo;un des caravans\u00e9rails les mieux conserv\u00e9s de Turquie, Alarahan du 13 \u00e8me si\u00e8cle.\u00a0 De plus, il y a encore plusieurs villages authentique, ruines, grottes et autres sites dans la r\u00e9gion.<\/li>\n<\/ul>\n<h4>Types d&rsquo;appartements \u00e0 vendre<\/h4>\n<ul>\n<li>Appartements 1 chambre d&rsquo;une superficie de 46 m\u00b2 \u00e0 48 m\u00b2<\/li>\n<li>Penthouses en duplex 2 chambres d&rsquo;une superficie de 94 m\u00b2 \u00e0 115,50 m\u00b2<\/li>\n<\/ul>\n<h4>Installations communes dans le complexe<\/h4>\n<p>Les am\u00e9nagements ext\u00e9rieurs comprennent une grande piscine ext\u00e9rieure avec un grand solarium. Ainsi qu&rsquo;un jardin paysag\u00e9 avec pergolas, un espace barbecue et une aire de jeux pour enfants. Les installations int\u00e9rieures comprennent une piscine int\u00e9rieure chauff\u00e9e, un sauna, un hammam et une salle de sport enti\u00e8rement \u00e9quip\u00e9e. Il y a aussi une salle de jeux et de divertissement avec billard et ping-pong et un caf\u00e9 confortable. Le projet dispose \u00e9galement d&rsquo;un parking sur le territoire, d&rsquo;un g\u00e9n\u00e9rateur en cas de coupure de courant, d&rsquo;une s\u00e9curit\u00e9 CCTV 24h\/24 et 7j\/7 et d&rsquo;un syst\u00e8me central de satellite.<\/p>\n<h3 style=\"text-align: center;\"><\/h3>\n","protected":false},"excerpt":{"rendered":"<p>Appartements Vue Mer et Montagnes \u00e0 Avsallar Appartements Vue Mer et Montagnes \u00e0 Avsallar dans un nouveau complexe. Ce nouveau projet est situ\u00e9 \u00e0 1 km du centre et \u00e0 1,5 km de la belle plage de sable. La construction a commenc\u00e9 le 15.01.2022 et s&rsquo;ach\u00e8vera le 15.04.2023. Le nouveau complexe r\u00e9sidentiel se compose de [&hellip;]<\/p>\n","protected":false},"author":102,"featured_media":293854,"parent":0,"menu_order":0,"template":"","property_type":[3782,3835,3836],"property_status":[3822],"property_feature":[3842,3794,3883,3833,3786,3787,3812,3800,3895,3838,3790,3789,3843,3795,3797,3799,3844,3806,3813,3802,3792,3801,3791,3845,3882,3811,3816],"property_label":[3923],"property_city":[3823,3824],"property_area":[3825,3826,3827,3848],"property_state":[3828],"yoast_head":"<!-- This site is optimized with the Yoast SEO plugin v22.6 - https:\/\/yoast.com\/wordpress\/plugins\/seo\/ -->\n<title>Appartements Vue Mer et Montagnes \u00e0 Avsallar - Properties in Alanya.<\/title>\n<meta name=\"description\" content=\"Appartements Vue Mer et Montagnes \u00e0 Avsallar | 1 km du centre et 1,5 km de la plage | Installations ext\u00e9rieure et int\u00e9rieure\" \/>\n<meta name=\"robots\" content=\"index, follow, max-snippet:-1, max-image-preview:large, max-video-preview:-1\" \/>\n<link rel=\"canonical\" href=\"https:\/\/www.alanyaproperties.com\/fr\/property\/appartements-vue-mer-et-montagnes-a-avsallar\/\" \/>\n<meta property=\"og:locale\" content=\"fr_FR\" \/>\n<meta property=\"og:type\" content=\"article\" \/>\n<meta property=\"og:title\" content=\"Appartements Vue Mer et Montagnes \u00e0 Avsallar - Properties in Alanya.\" \/>\n<meta property=\"og:description\" content=\"Appartements Vue Mer et Montagnes \u00e0 Avsallar | 1 km du centre et 1,5 km de la plage | Installations ext\u00e9rieure et int\u00e9rieure\" \/>\n<meta property=\"og:url\" content=\"https:\/\/www.alanyaproperties.com\/fr\/property\/appartements-vue-mer-et-montagnes-a-avsallar\/\" \/>\n<meta property=\"og:site_name\" content=\"Properties in Alanya.\" \/>\n<meta property=\"article:publisher\" content=\"https:\/\/www.facebook.com\/alanyaproperties\/\" \/>\n<meta property=\"article:modified_time\" content=\"2022-01-20T12:28:07+00:00\" \/>\n<meta property=\"og:image\" content=\"https:\/\/www.alanyaproperties.com\/wp-content\/uploads\/2022\/01\/Apartments-for-sale-in-Avsallar-9.jpg\" \/>\n\t<meta property=\"og:image:width\" content=\"1200\" \/>\n\t<meta property=\"og:image:height\" content=\"675\" \/>\n\t<meta property=\"og:image:type\" content=\"image\/jpeg\" \/>\n<meta name=\"twitter:card\" content=\"summary_large_image\" \/>\n<meta name=\"twitter:site\" content=\"@alanyapro\" \/>\n<meta name=\"twitter:label1\" content=\"Dur\u00e9e de lecture estim\u00e9e\" \/>\n\t<meta name=\"twitter:data1\" content=\"2 minutes\" \/>\n<script type=\"application\/ld+json\" class=\"yoast-schema-graph\">{\"@context\":\"https:\/\/schema.org\",\"@graph\":[{\"@type\":\"WebPage\",\"@id\":\"https:\/\/www.alanyaproperties.com\/fr\/property\/appartements-vue-mer-et-montagnes-a-avsallar\/\",\"url\":\"https:\/\/www.alanyaproperties.com\/fr\/property\/appartements-vue-mer-et-montagnes-a-avsallar\/\",\"name\":\"Appartements Vue Mer et Montagnes \u00e0 Avsallar - Properties in Alanya.\",\"isPartOf\":{\"@id\":\"https:\/\/www.alanyaproperties.com\/fr\/#website\"},\"primaryImageOfPage\":{\"@id\":\"https:\/\/www.alanyaproperties.com\/fr\/property\/appartements-vue-mer-et-montagnes-a-avsallar\/#primaryimage\"},\"image\":{\"@id\":\"https:\/\/www.alanyaproperties.com\/fr\/property\/appartements-vue-mer-et-montagnes-a-avsallar\/#primaryimage\"},\"thumbnailUrl\":\"https:\/\/i0.wp.com\/www.alanyaproperties.com\/wp-content\/uploads\/2022\/01\/Apartments-for-sale-in-Avsallar-9.jpg?fit=1200%2C675&ssl=1\",\"datePublished\":\"2022-01-12T07:08:47+00:00\",\"dateModified\":\"2022-01-20T12:28:07+00:00\",\"description\":\"Appartements Vue Mer et Montagnes \u00e0 Avsallar | 1 km du centre et 1,5 km de la plage | Installations ext\u00e9rieure et int\u00e9rieure\",\"breadcrumb\":{\"@id\":\"https:\/\/www.alanyaproperties.com\/fr\/property\/appartements-vue-mer-et-montagnes-a-avsallar\/#breadcrumb\"},\"inLanguage\":\"fr-FR\",\"potentialAction\":[{\"@type\":\"ReadAction\",\"target\":[\"https:\/\/www.alanyaproperties.com\/fr\/property\/appartements-vue-mer-et-montagnes-a-avsallar\/\"]}]},{\"@type\":\"ImageObject\",\"inLanguage\":\"fr-FR\",\"@id\":\"https:\/\/www.alanyaproperties.com\/fr\/property\/appartements-vue-mer-et-montagnes-a-avsallar\/#primaryimage\",\"url\":\"https:\/\/i0.wp.com\/www.alanyaproperties.com\/wp-content\/uploads\/2022\/01\/Apartments-for-sale-in-Avsallar-9.jpg?fit=1200%2C675&ssl=1\",\"contentUrl\":\"https:\/\/i0.wp.com\/www.alanyaproperties.com\/wp-content\/uploads\/2022\/01\/Apartments-for-sale-in-Avsallar-9.jpg?fit=1200%2C675&ssl=1\",\"width\":1200,\"height\":675},{\"@type\":\"BreadcrumbList\",\"@id\":\"https:\/\/www.alanyaproperties.com\/fr\/property\/appartements-vue-mer-et-montagnes-a-avsallar\/#breadcrumb\",\"itemListElement\":[{\"@type\":\"ListItem\",\"position\":1,\"name\":\"Home\",\"item\":\"https:\/\/www.alanyaproperties.com\/fr\/\"},{\"@type\":\"ListItem\",\"position\":2,\"name\":\"Propri\u00e9t\u00e9s\",\"item\":\"https:\/\/www.alanyaproperties.com\/fr\/property\/\"},{\"@type\":\"ListItem\",\"position\":3,\"name\":\"Appartements Vue Mer et Montagnes \u00e0 Avsallar\"}]},{\"@type\":\"WebSite\",\"@id\":\"https:\/\/www.alanyaproperties.com\/fr\/#website\",\"url\":\"https:\/\/www.alanyaproperties.com\/fr\/\",\"name\":\"Properties in Alanya.\",\"description\":\"Immobilier en Turquie | Acheter un immobilier en Turquie\",\"publisher\":{\"@id\":\"https:\/\/www.alanyaproperties.com\/fr\/#organization\"},\"potentialAction\":[{\"@type\":\"SearchAction\",\"target\":{\"@type\":\"EntryPoint\",\"urlTemplate\":\"https:\/\/www.alanyaproperties.com\/fr\/?s={search_term_string}\"},\"query-input\":\"required name=search_term_string\"}],\"inLanguage\":\"fr-FR\"},{\"@type\":\"Organization\",\"@id\":\"https:\/\/www.alanyaproperties.com\/fr\/#organization\",\"name\":\"Alanya Properties\",\"url\":\"https:\/\/www.alanyaproperties.com\/fr\/\",\"logo\":{\"@type\":\"ImageObject\",\"inLanguage\":\"fr-FR\",\"@id\":\"https:\/\/www.alanyaproperties.com\/fr\/#\/schema\/logo\/image\/\",\"url\":\"https:\/\/i0.wp.com\/www.alanyaproperties.com\/wp-content\/uploads\/2017\/06\/alanya-properties-logo-180to.png?fit=180%2C81&ssl=1\",\"contentUrl\":\"https:\/\/i0.wp.com\/www.alanyaproperties.com\/wp-content\/uploads\/2017\/06\/alanya-properties-logo-180to.png?fit=180%2C81&ssl=1\",\"width\":180,\"height\":81,\"caption\":\"Alanya Properties\"},\"image\":{\"@id\":\"https:\/\/www.alanyaproperties.com\/fr\/#\/schema\/logo\/image\/\"},\"sameAs\":[\"https:\/\/www.facebook.com\/alanyaproperties\/\",\"https:\/\/x.com\/alanyapro\",\"https:\/\/www.instagram.com\/alanyaproperties\/\",\"https:\/\/www.youtube.com\/c\/AlanyaProperties\"]}]}<\/script>\n<!-- \/ Yoast SEO plugin. -->","yoast_head_json":{"title":"Appartements Vue Mer et Montagnes \u00e0 Avsallar - Properties in Alanya.","description":"Appartements Vue Mer et Montagnes \u00e0 Avsallar | 1 km du centre et 1,5 km de la plage | Installations ext\u00e9rieure et int\u00e9rieure","robots":{"index":"index","follow":"follow","max-snippet":"max-snippet:-1","max-image-preview":"max-image-preview:large","max-video-preview":"max-video-preview:-1"},"canonical":"https:\/\/www.alanyaproperties.com\/fr\/property\/appartements-vue-mer-et-montagnes-a-avsallar\/","og_locale":"fr_FR","og_type":"article","og_title":"Appartements Vue Mer et Montagnes \u00e0 Avsallar - Properties in Alanya.","og_description":"Appartements Vue Mer et Montagnes \u00e0 Avsallar | 1 km du centre et 1,5 km de la plage | Installations ext\u00e9rieure et int\u00e9rieure","og_url":"https:\/\/www.alanyaproperties.com\/fr\/property\/appartements-vue-mer-et-montagnes-a-avsallar\/","og_site_name":"Properties in Alanya.","article_publisher":"https:\/\/www.facebook.com\/alanyaproperties\/","article_modified_time":"2022-01-20T12:28:07+00:00","og_image":[{"width":1200,"height":675,"url":"https:\/\/www.alanyaproperties.com\/wp-content\/uploads\/2022\/01\/Apartments-for-sale-in-Avsallar-9.jpg","type":"image\/jpeg"}],"twitter_card":"summary_large_image","twitter_site":"@alanyapro","twitter_misc":{"Dur\u00e9e de lecture estim\u00e9e":"2 minutes"},"schema":{"@context":"https:\/\/schema.org","@graph":[{"@type":"WebPage","@id":"https:\/\/www.alanyaproperties.com\/fr\/property\/appartements-vue-mer-et-montagnes-a-avsallar\/","url":"https:\/\/www.alanyaproperties.com\/fr\/property\/appartements-vue-mer-et-montagnes-a-avsallar\/","name":"Appartements Vue Mer et Montagnes \u00e0 Avsallar - Properties in Alanya.","isPartOf":{"@id":"https:\/\/www.alanyaproperties.com\/fr\/#website"},"primaryImageOfPage":{"@id":"https:\/\/www.alanyaproperties.com\/fr\/property\/appartements-vue-mer-et-montagnes-a-avsallar\/#primaryimage"},"image":{"@id":"https:\/\/www.alanyaproperties.com\/fr\/property\/appartements-vue-mer-et-montagnes-a-avsallar\/#primaryimage"},"thumbnailUrl":"https:\/\/i0.wp.com\/www.alanyaproperties.com\/wp-content\/uploads\/2022\/01\/Apartments-for-sale-in-Avsallar-9.jpg?fit=1200%2C675&ssl=1","datePublished":"2022-01-12T07:08:47+00:00","dateModified":"2022-01-20T12:28:07+00:00","description":"Appartements Vue Mer et Montagnes \u00e0 Avsallar | 1 km du centre et 1,5 km de la plage | Installations ext\u00e9rieure et int\u00e9rieure","breadcrumb":{"@id":"https:\/\/www.alanyaproperties.com\/fr\/property\/appartements-vue-mer-et-montagnes-a-avsallar\/#breadcrumb"},"inLanguage":"fr-FR","potentialAction":[{"@type":"ReadAction","target":["https:\/\/www.alanyaproperties.com\/fr\/property\/appartements-vue-mer-et-montagnes-a-avsallar\/"]}]},{"@type":"ImageObject","inLanguage":"fr-FR","@id":"https:\/\/www.alanyaproperties.com\/fr\/property\/appartements-vue-mer-et-montagnes-a-avsallar\/#primaryimage","url":"https:\/\/i0.wp.com\/www.alanyaproperties.com\/wp-content\/uploads\/2022\/01\/Apartments-for-sale-in-Avsallar-9.jpg?fit=1200%2C675&ssl=1","contentUrl":"https:\/\/i0.wp.com\/www.alanyaproperties.com\/wp-content\/uploads\/2022\/01\/Apartments-for-sale-in-Avsallar-9.jpg?fit=1200%2C675&ssl=1","width":1200,"height":675},{"@type":"BreadcrumbList","@id":"https:\/\/www.alanyaproperties.com\/fr\/property\/appartements-vue-mer-et-montagnes-a-avsallar\/#breadcrumb","itemListElement":[{"@type":"ListItem","position":1,"name":"Home","item":"https:\/\/www.alanyaproperties.com\/fr\/"},{"@type":"ListItem","position":2,"name":"Propri\u00e9t\u00e9s","item":"https:\/\/www.alanyaproperties.com\/fr\/property\/"},{"@type":"ListItem","position":3,"name":"Appartements Vue Mer et Montagnes \u00e0 Avsallar"}]},{"@type":"WebSite","@id":"https:\/\/www.alanyaproperties.com\/fr\/#website","url":"https:\/\/www.alanyaproperties.com\/fr\/","name":"Properties in Alanya.","description":"Immobilier en Turquie | Acheter un immobilier en Turquie","publisher":{"@id":"https:\/\/www.alanyaproperties.com\/fr\/#organization"},"potentialAction":[{"@type":"SearchAction","target":{"@type":"EntryPoint","urlTemplate":"https:\/\/www.alanyaproperties.com\/fr\/?s={search_term_string}"},"query-input":"required name=search_term_string"}],"inLanguage":"fr-FR"},{"@type":"Organization","@id":"https:\/\/www.alanyaproperties.com\/fr\/#organization","name":"Alanya Properties","url":"https:\/\/www.alanyaproperties.com\/fr\/","logo":{"@type":"ImageObject","inLanguage":"fr-FR","@id":"https:\/\/www.alanyaproperties.com\/fr\/#\/schema\/logo\/image\/","url":"https:\/\/i0.wp.com\/www.alanyaproperties.com\/wp-content\/uploads\/2017\/06\/alanya-properties-logo-180to.png?fit=180%2C81&ssl=1","contentUrl":"https:\/\/i0.wp.com\/www.alanyaproperties.com\/wp-content\/uploads\/2017\/06\/alanya-properties-logo-180to.png?fit=180%2C81&ssl=1","width":180,"height":81,"caption":"Alanya Properties"},"image":{"@id":"https:\/\/www.alanyaproperties.com\/fr\/#\/schema\/logo\/image\/"},"sameAs":["https:\/\/www.facebook.com\/alanyaproperties\/","https:\/\/x.com\/alanyapro","https:\/\/www.instagram.com\/alanyaproperties\/","https:\/\/www.youtube.com\/c\/AlanyaProperties"]}]}},"jetpack_sharing_enabled":true,"_links":{"self":[{"href":"https:\/\/www.alanyaproperties.com\/fr\/wp-json\/wp\/v2\/properties\/295020"}],"collection":[{"href":"https:\/\/www.alanyaproperties.com\/fr\/wp-json\/wp\/v2\/properties"}],"about":[{"href":"https:\/\/www.alanyaproperties.com\/fr\/wp-json\/wp\/v2\/types\/property"}],"author":[{"embeddable":true,"href":"https:\/\/www.alanyaproperties.com\/fr\/wp-json\/wp\/v2\/users\/102"}],"version-history":[{"count":2,"href":"https:\/\/www.alanyaproperties.com\/fr\/wp-json\/wp\/v2\/properties\/295020\/revisions"}],"predecessor-version":[{"id":295022,"href":"https:\/\/www.alanyaproperties.com\/fr\/wp-json\/wp\/v2\/properties\/295020\/revisions\/295022"}],"wp:featuredmedia":[{"embeddable":true,"href":"https:\/\/www.alanyaproperties.com\/fr\/wp-json\/wp\/v2\/media\/293854"}],"wp:attachment":[{"href":"https:\/\/www.alanyaproperties.com\/fr\/wp-json\/wp\/v2\/media?parent=295020"}],"wp:term":[{"taxonomy":"property_type","embeddable":true,"href":"https:\/\/www.alanyaproperties.com\/fr\/wp-json\/wp\/v2\/property_type?post=295020"},{"taxonomy":"property_status","embeddable":true,"href":"https:\/\/www.alanyaproperties.com\/fr\/wp-json\/wp\/v2\/property_status?post=295020"},{"taxonomy":"property_feature","embeddable":true,"href":"https:\/\/www.alanyaproperties.com\/fr\/wp-json\/wp\/v2\/property_feature?post=295020"},{"taxonomy":"property_label","embeddable":true,"href":"https:\/\/www.alanyaproperties.com\/fr\/wp-json\/wp\/v2\/property_label?post=295020"},{"taxonomy":"property_city","embeddable":true,"href":"https:\/\/www.alanyaproperties.com\/fr\/wp-json\/wp\/v2\/property_city?post=295020"},{"taxonomy":"property_area","embeddable":true,"href":"https:\/\/www.alanyaproperties.com\/fr\/wp-json\/wp\/v2\/property_area?post=295020"},{"taxonomy":"property_state","embeddable":true,"href":"https:\/\/www.alanyaproperties.com\/fr\/wp-json\/wp\/v2\/property_state?post=295020"}],"curies":[{"name":"wp","href":"https:\/\/api.w.org\/{rel}","templated":true}]}}