{"id":283042,"date":"2021-10-12T11:13:47","date_gmt":"2021-10-12T11:13:47","guid":{"rendered":"https:\/\/www.alanyaproperties.com\/property\/newly-built-apartments-in-kargicak-alanya\/"},"modified":"2021-10-26T11:58:47","modified_gmt":"2021-10-26T11:58:47","slug":"appartements-a-250m-de-la-mer-a-kargicak-alanya","status":"publish","type":"property","link":"https:\/\/www.alanyaproperties.com\/fr\/property\/appartements-a-250m-de-la-mer-a-kargicak-alanya\/","title":{"rendered":"Appartements \u00e0 250m de la Mer \u00e0 Kargicak \/ Alanya"},"content":{"rendered":"<h4>Appartements \u00e0 250m de la Mer \u00e0 Kargicak \/ Alanya<\/h4>\n<p>Appartements \u00e0 250m de la Mer \u00e0 Kargicak \/ Alanya sont situ\u00e9s dans un tout nouveau projet. Il se compose de 2 immeubles avec un total de 45 appartements. Des infrastructures d\u00e9velopp\u00e9es, la proximit\u00e9 de diverses commodit\u00e9s, un environnement verdoyant avec un paysage de montagne, des plantations d&rsquo;orangers et de bananes seront tr\u00e8s appr\u00e9ci\u00e9s par ceux qui pr\u00e9f\u00e8rent la tranquilit\u00e9 ou bien un mode de vie actif.<\/p>\n<h4>Kargicak<\/h4>\n<p>Kargicak est situ\u00e9 \u00e0 14 km \u00e0 l&rsquo;est d&rsquo;<a href=\"https:\/\/www.alanyaproperties.com\/fr\/la-turquie\/alanya\/\">Alanya<\/a>. Ce quartier est tr\u00e8s pris\u00e9 des \u00e9trangers qui veulent \u00e9chapper au stress de la vie quotidienne. C&rsquo;est l&rsquo;endroit id\u00e9al pour ceux qui aiment la paix et la beaut\u00e9 de la nature. Ici, vous pouvez profiter non seulement de la brise marine de la M\u00e9diterran\u00e9e, mais aussi du cadre verdoyant. Le magnifique paysage de montagne et les nombreuses plantations fruiti\u00e8res sont les caract\u00e9ristiques de Kargicak.\u00a0 Ici, vous pouvez vous d\u00e9tendre compl\u00e8tement dans la nature pr\u00e9serv\u00e9e. Les complexes r\u00e9sidentiels de Kargicak sont de tr\u00e8s haute qualit\u00e9 et les immeubles de grande hauteur ne sont pas autoris\u00e9s. Le centre n&rsquo;est pas si grand mais vous trouverez tout ce dont vous avez besoin pendant votre s\u00e9jour. Il y a des magasins, un supermarch\u00e9 <a href=\"https:\/\/www.migros.com.tr\/\">Migros<\/a> et des restaurants locaux o\u00f9 vous pourrez d\u00e9guster une d\u00e9licieuse cuisine turque.<\/p>\n<h4>Types d&rsquo;appartements dans le projet<\/h4>\n<ul>\n<li>Appartemednts 1 chambre &#8211; 50 m\u00b2<\/li>\n<li>Appartements 2 chambres &#8211; 90 m\u00b2<\/li>\n<li>Penthouses\u00a0 2 chambres &#8211; 155 m\u00b2<\/li>\n<li>Penthouses 3 chambres &#8211; 200 m\u00b2<\/li>\n<\/ul>\n<h4>Installations communes<\/h4>\n<p>Les installations communes du projet comprennent une piscine ext\u00e9rieure, un bain turc, un sauna et une salle de sport. Il y a aussi un grand jardin avec des pergolas et une aire de jeux pour enfants.<\/p>\n","protected":false},"excerpt":{"rendered":"<p>Appartements \u00e0 250m de la Mer \u00e0 Kargicak \/ Alanya Appartements \u00e0 250m de la Mer \u00e0 Kargicak \/ Alanya sont situ\u00e9s dans un tout nouveau projet. Il se compose de 2 immeubles avec un total de 45 appartements. Des infrastructures d\u00e9velopp\u00e9es, la proximit\u00e9 de diverses commodit\u00e9s, un environnement verdoyant avec un paysage de montagne, [&hellip;]<\/p>\n","protected":false},"author":102,"featured_media":280743,"parent":0,"menu_order":0,"template":"","property_type":[3782,3836],"property_status":[3822],"property_feature":[3832,3842,3794,3815,3833,3786,3800,3895,3784,3790,3843,3795,3797,3799,3844,3806,3813,3801,3791,3845,3882,3811,3816],"property_label":[3923],"property_city":[3823,3886],"property_area":[3825,3826,3827,3848],"property_state":[3828],"yoast_head":"<!-- This site is optimized with the Yoast SEO plugin v22.6 - https:\/\/yoast.com\/wordpress\/plugins\/seo\/ -->\n<title>Appartements \u00e0 250m de la Mer \u00e0 Kargicak \/ Alanya - Properties in Alanya.<\/title>\n<meta name=\"description\" content=\"Appartements \u00e0 250m de la Mer \u00e0 Kargicak \/ Alanya | Petit project de 45 appartements | Cadre verdoyant, la plage et beacoup plus\" \/>\n<meta name=\"robots\" content=\"index, follow, max-snippet:-1, max-image-preview:large, max-video-preview:-1\" \/>\n<link rel=\"canonical\" href=\"https:\/\/www.alanyaproperties.com\/fr\/property\/appartements-a-250m-de-la-mer-a-kargicak-alanya\/\" \/>\n<meta property=\"og:locale\" content=\"fr_FR\" \/>\n<meta property=\"og:type\" content=\"article\" \/>\n<meta property=\"og:title\" content=\"Appartements \u00e0 250m de la Mer \u00e0 Kargicak \/ Alanya - Properties in Alanya.\" \/>\n<meta property=\"og:description\" content=\"Appartements \u00e0 250m de la Mer \u00e0 Kargicak \/ Alanya | Petit project de 45 appartements | Cadre verdoyant, la plage et beacoup plus\" \/>\n<meta property=\"og:url\" content=\"https:\/\/www.alanyaproperties.com\/fr\/property\/appartements-a-250m-de-la-mer-a-kargicak-alanya\/\" \/>\n<meta property=\"og:site_name\" content=\"Properties in Alanya.\" \/>\n<meta property=\"article:publisher\" content=\"https:\/\/www.facebook.com\/alanyaproperties\/\" \/>\n<meta property=\"article:modified_time\" content=\"2021-10-26T11:58:47+00:00\" \/>\n<meta property=\"og:image\" content=\"https:\/\/www.alanyaproperties.com\/wp-content\/uploads\/2021\/10\/apartment-for-sale-in-Kargicak-4.jpg\" \/>\n\t<meta property=\"og:image:width\" content=\"1200\" \/>\n\t<meta property=\"og:image:height\" content=\"675\" \/>\n\t<meta property=\"og:image:type\" content=\"image\/jpeg\" \/>\n<meta name=\"twitter:card\" content=\"summary_large_image\" \/>\n<meta name=\"twitter:site\" content=\"@alanyapro\" \/>\n<meta name=\"twitter:label1\" content=\"Dur\u00e9e de lecture estim\u00e9e\" \/>\n\t<meta name=\"twitter:data1\" content=\"1 minute\" \/>\n<script type=\"application\/ld+json\" class=\"yoast-schema-graph\">{\"@context\":\"https:\/\/schema.org\",\"@graph\":[{\"@type\":\"WebPage\",\"@id\":\"https:\/\/www.alanyaproperties.com\/fr\/property\/appartements-a-250m-de-la-mer-a-kargicak-alanya\/\",\"url\":\"https:\/\/www.alanyaproperties.com\/fr\/property\/appartements-a-250m-de-la-mer-a-kargicak-alanya\/\",\"name\":\"Appartements \u00e0 250m de la Mer \u00e0 Kargicak \/ Alanya - Properties in Alanya.\",\"isPartOf\":{\"@id\":\"https:\/\/www.alanyaproperties.com\/fr\/#website\"},\"primaryImageOfPage\":{\"@id\":\"https:\/\/www.alanyaproperties.com\/fr\/property\/appartements-a-250m-de-la-mer-a-kargicak-alanya\/#primaryimage\"},\"image\":{\"@id\":\"https:\/\/www.alanyaproperties.com\/fr\/property\/appartements-a-250m-de-la-mer-a-kargicak-alanya\/#primaryimage\"},\"thumbnailUrl\":\"https:\/\/i0.wp.com\/www.alanyaproperties.com\/wp-content\/uploads\/2021\/10\/apartment-for-sale-in-Kargicak-4.jpg?fit=1200%2C675&ssl=1\",\"datePublished\":\"2021-10-12T11:13:47+00:00\",\"dateModified\":\"2021-10-26T11:58:47+00:00\",\"description\":\"Appartements \u00e0 250m de la Mer \u00e0 Kargicak \/ Alanya | Petit project de 45 appartements | Cadre verdoyant, la plage et beacoup plus\",\"breadcrumb\":{\"@id\":\"https:\/\/www.alanyaproperties.com\/fr\/property\/appartements-a-250m-de-la-mer-a-kargicak-alanya\/#breadcrumb\"},\"inLanguage\":\"fr-FR\",\"potentialAction\":[{\"@type\":\"ReadAction\",\"target\":[\"https:\/\/www.alanyaproperties.com\/fr\/property\/appartements-a-250m-de-la-mer-a-kargicak-alanya\/\"]}]},{\"@type\":\"ImageObject\",\"inLanguage\":\"fr-FR\",\"@id\":\"https:\/\/www.alanyaproperties.com\/fr\/property\/appartements-a-250m-de-la-mer-a-kargicak-alanya\/#primaryimage\",\"url\":\"https:\/\/i0.wp.com\/www.alanyaproperties.com\/wp-content\/uploads\/2021\/10\/apartment-for-sale-in-Kargicak-4.jpg?fit=1200%2C675&ssl=1\",\"contentUrl\":\"https:\/\/i0.wp.com\/www.alanyaproperties.com\/wp-content\/uploads\/2021\/10\/apartment-for-sale-in-Kargicak-4.jpg?fit=1200%2C675&ssl=1\",\"width\":1200,\"height\":675},{\"@type\":\"BreadcrumbList\",\"@id\":\"https:\/\/www.alanyaproperties.com\/fr\/property\/appartements-a-250m-de-la-mer-a-kargicak-alanya\/#breadcrumb\",\"itemListElement\":[{\"@type\":\"ListItem\",\"position\":1,\"name\":\"Home\",\"item\":\"https:\/\/www.alanyaproperties.com\/fr\/\"},{\"@type\":\"ListItem\",\"position\":2,\"name\":\"Propri\u00e9t\u00e9s\",\"item\":\"https:\/\/www.alanyaproperties.com\/fr\/property\/\"},{\"@type\":\"ListItem\",\"position\":3,\"name\":\"Appartements \u00e0 250m de la Mer \u00e0 Kargicak \/ Alanya\"}]},{\"@type\":\"WebSite\",\"@id\":\"https:\/\/www.alanyaproperties.com\/fr\/#website\",\"url\":\"https:\/\/www.alanyaproperties.com\/fr\/\",\"name\":\"Properties in Alanya.\",\"description\":\"Immobilier en Turquie | Acheter un immobilier en Turquie\",\"publisher\":{\"@id\":\"https:\/\/www.alanyaproperties.com\/fr\/#organization\"},\"potentialAction\":[{\"@type\":\"SearchAction\",\"target\":{\"@type\":\"EntryPoint\",\"urlTemplate\":\"https:\/\/www.alanyaproperties.com\/fr\/?s={search_term_string}\"},\"query-input\":\"required name=search_term_string\"}],\"inLanguage\":\"fr-FR\"},{\"@type\":\"Organization\",\"@id\":\"https:\/\/www.alanyaproperties.com\/fr\/#organization\",\"name\":\"Alanya Properties\",\"url\":\"https:\/\/www.alanyaproperties.com\/fr\/\",\"logo\":{\"@type\":\"ImageObject\",\"inLanguage\":\"fr-FR\",\"@id\":\"https:\/\/www.alanyaproperties.com\/fr\/#\/schema\/logo\/image\/\",\"url\":\"https:\/\/i0.wp.com\/www.alanyaproperties.com\/wp-content\/uploads\/2017\/06\/alanya-properties-logo-180to.png?fit=180%2C81&ssl=1\",\"contentUrl\":\"https:\/\/i0.wp.com\/www.alanyaproperties.com\/wp-content\/uploads\/2017\/06\/alanya-properties-logo-180to.png?fit=180%2C81&ssl=1\",\"width\":180,\"height\":81,\"caption\":\"Alanya Properties\"},\"image\":{\"@id\":\"https:\/\/www.alanyaproperties.com\/fr\/#\/schema\/logo\/image\/\"},\"sameAs\":[\"https:\/\/www.facebook.com\/alanyaproperties\/\",\"https:\/\/x.com\/alanyapro\",\"https:\/\/www.instagram.com\/alanyaproperties\/\",\"https:\/\/www.youtube.com\/c\/AlanyaProperties\"]}]}<\/script>\n<!-- \/ Yoast SEO plugin. -->","yoast_head_json":{"title":"Appartements \u00e0 250m de la Mer \u00e0 Kargicak \/ Alanya - Properties in Alanya.","description":"Appartements \u00e0 250m de la Mer \u00e0 Kargicak \/ Alanya | Petit project de 45 appartements | Cadre verdoyant, la plage et beacoup plus","robots":{"index":"index","follow":"follow","max-snippet":"max-snippet:-1","max-image-preview":"max-image-preview:large","max-video-preview":"max-video-preview:-1"},"canonical":"https:\/\/www.alanyaproperties.com\/fr\/property\/appartements-a-250m-de-la-mer-a-kargicak-alanya\/","og_locale":"fr_FR","og_type":"article","og_title":"Appartements \u00e0 250m de la Mer \u00e0 Kargicak \/ Alanya - Properties in Alanya.","og_description":"Appartements \u00e0 250m de la Mer \u00e0 Kargicak \/ Alanya | Petit project de 45 appartements | Cadre verdoyant, la plage et beacoup plus","og_url":"https:\/\/www.alanyaproperties.com\/fr\/property\/appartements-a-250m-de-la-mer-a-kargicak-alanya\/","og_site_name":"Properties in Alanya.","article_publisher":"https:\/\/www.facebook.com\/alanyaproperties\/","article_modified_time":"2021-10-26T11:58:47+00:00","og_image":[{"width":1200,"height":675,"url":"https:\/\/www.alanyaproperties.com\/wp-content\/uploads\/2021\/10\/apartment-for-sale-in-Kargicak-4.jpg","type":"image\/jpeg"}],"twitter_card":"summary_large_image","twitter_site":"@alanyapro","twitter_misc":{"Dur\u00e9e de lecture estim\u00e9e":"1 minute"},"schema":{"@context":"https:\/\/schema.org","@graph":[{"@type":"WebPage","@id":"https:\/\/www.alanyaproperties.com\/fr\/property\/appartements-a-250m-de-la-mer-a-kargicak-alanya\/","url":"https:\/\/www.alanyaproperties.com\/fr\/property\/appartements-a-250m-de-la-mer-a-kargicak-alanya\/","name":"Appartements \u00e0 250m de la Mer \u00e0 Kargicak \/ Alanya - Properties in Alanya.","isPartOf":{"@id":"https:\/\/www.alanyaproperties.com\/fr\/#website"},"primaryImageOfPage":{"@id":"https:\/\/www.alanyaproperties.com\/fr\/property\/appartements-a-250m-de-la-mer-a-kargicak-alanya\/#primaryimage"},"image":{"@id":"https:\/\/www.alanyaproperties.com\/fr\/property\/appartements-a-250m-de-la-mer-a-kargicak-alanya\/#primaryimage"},"thumbnailUrl":"https:\/\/i0.wp.com\/www.alanyaproperties.com\/wp-content\/uploads\/2021\/10\/apartment-for-sale-in-Kargicak-4.jpg?fit=1200%2C675&ssl=1","datePublished":"2021-10-12T11:13:47+00:00","dateModified":"2021-10-26T11:58:47+00:00","description":"Appartements \u00e0 250m de la Mer \u00e0 Kargicak \/ Alanya | Petit project de 45 appartements | Cadre verdoyant, la plage et beacoup plus","breadcrumb":{"@id":"https:\/\/www.alanyaproperties.com\/fr\/property\/appartements-a-250m-de-la-mer-a-kargicak-alanya\/#breadcrumb"},"inLanguage":"fr-FR","potentialAction":[{"@type":"ReadAction","target":["https:\/\/www.alanyaproperties.com\/fr\/property\/appartements-a-250m-de-la-mer-a-kargicak-alanya\/"]}]},{"@type":"ImageObject","inLanguage":"fr-FR","@id":"https:\/\/www.alanyaproperties.com\/fr\/property\/appartements-a-250m-de-la-mer-a-kargicak-alanya\/#primaryimage","url":"https:\/\/i0.wp.com\/www.alanyaproperties.com\/wp-content\/uploads\/2021\/10\/apartment-for-sale-in-Kargicak-4.jpg?fit=1200%2C675&ssl=1","contentUrl":"https:\/\/i0.wp.com\/www.alanyaproperties.com\/wp-content\/uploads\/2021\/10\/apartment-for-sale-in-Kargicak-4.jpg?fit=1200%2C675&ssl=1","width":1200,"height":675},{"@type":"BreadcrumbList","@id":"https:\/\/www.alanyaproperties.com\/fr\/property\/appartements-a-250m-de-la-mer-a-kargicak-alanya\/#breadcrumb","itemListElement":[{"@type":"ListItem","position":1,"name":"Home","item":"https:\/\/www.alanyaproperties.com\/fr\/"},{"@type":"ListItem","position":2,"name":"Propri\u00e9t\u00e9s","item":"https:\/\/www.alanyaproperties.com\/fr\/property\/"},{"@type":"ListItem","position":3,"name":"Appartements \u00e0 250m de la Mer \u00e0 Kargicak \/ Alanya"}]},{"@type":"WebSite","@id":"https:\/\/www.alanyaproperties.com\/fr\/#website","url":"https:\/\/www.alanyaproperties.com\/fr\/","name":"Properties in Alanya.","description":"Immobilier en Turquie | Acheter un immobilier en Turquie","publisher":{"@id":"https:\/\/www.alanyaproperties.com\/fr\/#organization"},"potentialAction":[{"@type":"SearchAction","target":{"@type":"EntryPoint","urlTemplate":"https:\/\/www.alanyaproperties.com\/fr\/?s={search_term_string}"},"query-input":"required name=search_term_string"}],"inLanguage":"fr-FR"},{"@type":"Organization","@id":"https:\/\/www.alanyaproperties.com\/fr\/#organization","name":"Alanya Properties","url":"https:\/\/www.alanyaproperties.com\/fr\/","logo":{"@type":"ImageObject","inLanguage":"fr-FR","@id":"https:\/\/www.alanyaproperties.com\/fr\/#\/schema\/logo\/image\/","url":"https:\/\/i0.wp.com\/www.alanyaproperties.com\/wp-content\/uploads\/2017\/06\/alanya-properties-logo-180to.png?fit=180%2C81&ssl=1","contentUrl":"https:\/\/i0.wp.com\/www.alanyaproperties.com\/wp-content\/uploads\/2017\/06\/alanya-properties-logo-180to.png?fit=180%2C81&ssl=1","width":180,"height":81,"caption":"Alanya Properties"},"image":{"@id":"https:\/\/www.alanyaproperties.com\/fr\/#\/schema\/logo\/image\/"},"sameAs":["https:\/\/www.facebook.com\/alanyaproperties\/","https:\/\/x.com\/alanyapro","https:\/\/www.instagram.com\/alanyaproperties\/","https:\/\/www.youtube.com\/c\/AlanyaProperties"]}]}},"jetpack_sharing_enabled":true,"_links":{"self":[{"href":"https:\/\/www.alanyaproperties.com\/fr\/wp-json\/wp\/v2\/properties\/283042"}],"collection":[{"href":"https:\/\/www.alanyaproperties.com\/fr\/wp-json\/wp\/v2\/properties"}],"about":[{"href":"https:\/\/www.alanyaproperties.com\/fr\/wp-json\/wp\/v2\/types\/property"}],"author":[{"embeddable":true,"href":"https:\/\/www.alanyaproperties.com\/fr\/wp-json\/wp\/v2\/users\/102"}],"version-history":[{"count":2,"href":"https:\/\/www.alanyaproperties.com\/fr\/wp-json\/wp\/v2\/properties\/283042\/revisions"}],"predecessor-version":[{"id":283044,"href":"https:\/\/www.alanyaproperties.com\/fr\/wp-json\/wp\/v2\/properties\/283042\/revisions\/283044"}],"wp:featuredmedia":[{"embeddable":true,"href":"https:\/\/www.alanyaproperties.com\/fr\/wp-json\/wp\/v2\/media\/280743"}],"wp:attachment":[{"href":"https:\/\/www.alanyaproperties.com\/fr\/wp-json\/wp\/v2\/media?parent=283042"}],"wp:term":[{"taxonomy":"property_type","embeddable":true,"href":"https:\/\/www.alanyaproperties.com\/fr\/wp-json\/wp\/v2\/property_type?post=283042"},{"taxonomy":"property_status","embeddable":true,"href":"https:\/\/www.alanyaproperties.com\/fr\/wp-json\/wp\/v2\/property_status?post=283042"},{"taxonomy":"property_feature","embeddable":true,"href":"https:\/\/www.alanyaproperties.com\/fr\/wp-json\/wp\/v2\/property_feature?post=283042"},{"taxonomy":"property_label","embeddable":true,"href":"https:\/\/www.alanyaproperties.com\/fr\/wp-json\/wp\/v2\/property_label?post=283042"},{"taxonomy":"property_city","embeddable":true,"href":"https:\/\/www.alanyaproperties.com\/fr\/wp-json\/wp\/v2\/property_city?post=283042"},{"taxonomy":"property_area","embeddable":true,"href":"https:\/\/www.alanyaproperties.com\/fr\/wp-json\/wp\/v2\/property_area?post=283042"},{"taxonomy":"property_state","embeddable":true,"href":"https:\/\/www.alanyaproperties.com\/fr\/wp-json\/wp\/v2\/property_state?post=283042"}],"curies":[{"name":"wp","href":"https:\/\/api.w.org\/{rel}","templated":true}]}}