{"id":87588,"date":"2018-03-28T06:42:07","date_gmt":"2018-03-28T06:42:07","guid":{"rendered":"http:\/\/www.alanyaproperties.com\/property\/fully-furnished-2-bedroom-apartment-in-kestel-alanya-with-directly-sea-view\/"},"modified":"2018-04-05T08:02:58","modified_gmt":"2018-04-05T08:02:58","slug":"taysin-kalustettu-2-makuuhuoneen-huoneisto-kestelissa-alanyassa-upealla-merinakoalalla","status":"publish","type":"property","link":"https:\/\/www.alanyaproperties.com\/fi\/property\/taysin-kalustettu-2-makuuhuoneen-huoneisto-kestelissa-alanyassa-upealla-merinakoalalla\/","title":{"rendered":"T\u00e4ysin kalustettu 2 makuuhuoneen huoneisto Kesteliss\u00e4, Alanyassa upealla merin\u00e4k\u00f6alalla."},"content":{"rendered":"<p>T\u00e4ysin kalustettu 2 makuuhuoneen huoneisto Kesteliss\u00e4, Alanyassa upealla merin\u00e4k\u00f6alalla.<\/p>\n<p>Huoneistossa on 1 iso olohuone, avokeitti\u00f6, 2 makuuhuonetta, 1 kylpyhuone ja iso parveke ja se sijaitsee kolmannessa kerroksessa. Huoneissa on l\u00e4mmitin.<\/p>\n<p>Asuntoprojektin alueella on uima-allas, sis\u00e4uima-allas, pys\u00e4k\u00f6inti, sauna, kuntosali jne.<\/p>\n<p>L\u00e4hell\u00e4 asuntoa on kauppoja, baareja ja ravintoloita.<\/p>\n<p>Lis\u00e4tiedot: Alanya Properties<\/p>\n","protected":false},"excerpt":{"rendered":"<p>T\u00e4ysin kalustettu 2 makuuhuoneen huoneisto Kesteliss\u00e4, Alanyassa upealla merin\u00e4k\u00f6alalla. Huoneistossa on 1 iso olohuone, avokeitti\u00f6, 2 makuuhuonetta, 1 kylpyhuone ja iso parveke ja se sijaitsee kolmannessa kerroksessa. Huoneissa on l\u00e4mmitin. Asuntoprojektin alueella on uima-allas, sis\u00e4uima-allas, pys\u00e4k\u00f6inti, sauna, kuntosali jne. L\u00e4hell\u00e4 asuntoa on kauppoja, baareja ja ravintoloita. Lis\u00e4tiedot: Alanya Properties<\/p>\n","protected":false},"author":33,"featured_media":87523,"parent":0,"menu_order":0,"template":"","property_type":[3776],"property_status":[3380],"property_feature":[3856,3858,3366,3356,3855,3363,3359,3362,3367,3857,3935,3864,3371,3369,3377,3374,3360,3860,3871,3872,3376,3370],"property_label":[],"property_city":[3381,3905],"property_area":[3383,3386,3385,3384],"property_state":[3387],"yoast_head":"<!-- This site is optimized with the Yoast SEO plugin v22.6 - https:\/\/yoast.com\/wordpress\/plugins\/seo\/ -->\n<title>T\u00e4ysin kalustettu 2 makuuhuoneen huoneisto Kesteliss\u00e4, Alanyassa upealla merin\u00e4k\u00f6alalla. - Properties in Alanya.<\/title>\n<meta name=\"description\" content=\"T\u00e4ysin kalustettu 2 makuuhuoneen huoneisto Kesteliss\u00e4, Alanyassa upealla merin\u00e4k\u00f6alalla. - Properties in Alanya.\" \/>\n<meta name=\"robots\" content=\"index, follow, max-snippet:-1, max-image-preview:large, max-video-preview:-1\" \/>\n<link rel=\"canonical\" href=\"https:\/\/www.alanyaproperties.com\/fi\/property\/taysin-kalustettu-2-makuuhuoneen-huoneisto-kestelissa-alanyassa-upealla-merinakoalalla\/\" \/>\n<meta property=\"og:locale\" content=\"fi_FI\" \/>\n<meta property=\"og:type\" content=\"article\" \/>\n<meta property=\"og:title\" content=\"T\u00e4ysin kalustettu 2 makuuhuoneen huoneisto Kesteliss\u00e4, Alanyassa upealla merin\u00e4k\u00f6alalla. - Properties in Alanya.\" \/>\n<meta property=\"og:description\" content=\"T\u00e4ysin kalustettu 2 makuuhuoneen huoneisto Kesteliss\u00e4, Alanyassa upealla merin\u00e4k\u00f6alalla. - Properties in Alanya.\" \/>\n<meta property=\"og:url\" content=\"https:\/\/www.alanyaproperties.com\/fi\/property\/taysin-kalustettu-2-makuuhuoneen-huoneisto-kestelissa-alanyassa-upealla-merinakoalalla\/\" \/>\n<meta property=\"og:site_name\" content=\"Properties in Alanya.\" \/>\n<meta property=\"article:publisher\" content=\"https:\/\/www.facebook.com\/alanyaproperties\/\" \/>\n<meta property=\"article:modified_time\" content=\"2018-04-05T08:02:58+00:00\" \/>\n<meta property=\"og:image\" content=\"https:\/\/www.alanyaproperties.com\/wp-content\/uploads\/2018\/03\/apartments-for-sale-in-Alanya-6-1.jpg\" \/>\n\t<meta property=\"og:image:width\" content=\"1600\" \/>\n\t<meta property=\"og:image:height\" content=\"1068\" \/>\n\t<meta property=\"og:image:type\" content=\"image\/jpeg\" \/>\n<meta name=\"twitter:card\" content=\"summary_large_image\" \/>\n<meta name=\"twitter:site\" content=\"@alanyapro\" \/>\n<script type=\"application\/ld+json\" class=\"yoast-schema-graph\">{\"@context\":\"https:\/\/schema.org\",\"@graph\":[{\"@type\":\"WebPage\",\"@id\":\"https:\/\/www.alanyaproperties.com\/fi\/property\/taysin-kalustettu-2-makuuhuoneen-huoneisto-kestelissa-alanyassa-upealla-merinakoalalla\/\",\"url\":\"https:\/\/www.alanyaproperties.com\/fi\/property\/taysin-kalustettu-2-makuuhuoneen-huoneisto-kestelissa-alanyassa-upealla-merinakoalalla\/\",\"name\":\"T\u00e4ysin kalustettu 2 makuuhuoneen huoneisto Kesteliss\u00e4, Alanyassa upealla merin\u00e4k\u00f6alalla. - Properties in Alanya.\",\"isPartOf\":{\"@id\":\"https:\/\/www.alanyaproperties.com\/fi\/#website\"},\"primaryImageOfPage\":{\"@id\":\"https:\/\/www.alanyaproperties.com\/fi\/property\/taysin-kalustettu-2-makuuhuoneen-huoneisto-kestelissa-alanyassa-upealla-merinakoalalla\/#primaryimage\"},\"image\":{\"@id\":\"https:\/\/www.alanyaproperties.com\/fi\/property\/taysin-kalustettu-2-makuuhuoneen-huoneisto-kestelissa-alanyassa-upealla-merinakoalalla\/#primaryimage\"},\"thumbnailUrl\":\"https:\/\/i0.wp.com\/www.alanyaproperties.com\/wp-content\/uploads\/2018\/03\/apartments-for-sale-in-Alanya-6-1.jpg?fit=1600%2C1068&ssl=1\",\"datePublished\":\"2018-03-28T06:42:07+00:00\",\"dateModified\":\"2018-04-05T08:02:58+00:00\",\"description\":\"T\u00e4ysin kalustettu 2 makuuhuoneen huoneisto Kesteliss\u00e4, Alanyassa upealla merin\u00e4k\u00f6alalla. - Properties in Alanya.\",\"breadcrumb\":{\"@id\":\"https:\/\/www.alanyaproperties.com\/fi\/property\/taysin-kalustettu-2-makuuhuoneen-huoneisto-kestelissa-alanyassa-upealla-merinakoalalla\/#breadcrumb\"},\"inLanguage\":\"fi\",\"potentialAction\":[{\"@type\":\"ReadAction\",\"target\":[\"https:\/\/www.alanyaproperties.com\/fi\/property\/taysin-kalustettu-2-makuuhuoneen-huoneisto-kestelissa-alanyassa-upealla-merinakoalalla\/\"]}]},{\"@type\":\"ImageObject\",\"inLanguage\":\"fi\",\"@id\":\"https:\/\/www.alanyaproperties.com\/fi\/property\/taysin-kalustettu-2-makuuhuoneen-huoneisto-kestelissa-alanyassa-upealla-merinakoalalla\/#primaryimage\",\"url\":\"https:\/\/i0.wp.com\/www.alanyaproperties.com\/wp-content\/uploads\/2018\/03\/apartments-for-sale-in-Alanya-6-1.jpg?fit=1600%2C1068&ssl=1\",\"contentUrl\":\"https:\/\/i0.wp.com\/www.alanyaproperties.com\/wp-content\/uploads\/2018\/03\/apartments-for-sale-in-Alanya-6-1.jpg?fit=1600%2C1068&ssl=1\",\"width\":1600,\"height\":1068},{\"@type\":\"BreadcrumbList\",\"@id\":\"https:\/\/www.alanyaproperties.com\/fi\/property\/taysin-kalustettu-2-makuuhuoneen-huoneisto-kestelissa-alanyassa-upealla-merinakoalalla\/#breadcrumb\",\"itemListElement\":[{\"@type\":\"ListItem\",\"position\":1,\"name\":\"Home\",\"item\":\"https:\/\/www.alanyaproperties.com\/fi\/\"},{\"@type\":\"ListItem\",\"position\":2,\"name\":\"kiinteist\u00f6\u00e4\",\"item\":\"https:\/\/www.alanyaproperties.com\/fi\/property\/\"},{\"@type\":\"ListItem\",\"position\":3,\"name\":\"T\u00e4ysin kalustettu 2 makuuhuoneen huoneisto Kesteliss\u00e4, Alanyassa upealla merin\u00e4k\u00f6alalla.\"}]},{\"@type\":\"WebSite\",\"@id\":\"https:\/\/www.alanyaproperties.com\/fi\/#website\",\"url\":\"https:\/\/www.alanyaproperties.com\/fi\/\",\"name\":\"Properties in Alanya.\",\"description\":\"Properties in Alanya.\",\"publisher\":{\"@id\":\"https:\/\/www.alanyaproperties.com\/fi\/#organization\"},\"potentialAction\":[{\"@type\":\"SearchAction\",\"target\":{\"@type\":\"EntryPoint\",\"urlTemplate\":\"https:\/\/www.alanyaproperties.com\/fi\/?s={search_term_string}\"},\"query-input\":\"required name=search_term_string\"}],\"inLanguage\":\"fi\"},{\"@type\":\"Organization\",\"@id\":\"https:\/\/www.alanyaproperties.com\/fi\/#organization\",\"name\":\"Alanya Properties\",\"url\":\"https:\/\/www.alanyaproperties.com\/fi\/\",\"logo\":{\"@type\":\"ImageObject\",\"inLanguage\":\"fi\",\"@id\":\"https:\/\/www.alanyaproperties.com\/fi\/#\/schema\/logo\/image\/\",\"url\":\"https:\/\/i0.wp.com\/www.alanyaproperties.com\/wp-content\/uploads\/2017\/06\/alanya-properties-logo-180to.png?fit=180%2C81&ssl=1\",\"contentUrl\":\"https:\/\/i0.wp.com\/www.alanyaproperties.com\/wp-content\/uploads\/2017\/06\/alanya-properties-logo-180to.png?fit=180%2C81&ssl=1\",\"width\":180,\"height\":81,\"caption\":\"Alanya Properties\"},\"image\":{\"@id\":\"https:\/\/www.alanyaproperties.com\/fi\/#\/schema\/logo\/image\/\"},\"sameAs\":[\"https:\/\/www.facebook.com\/alanyaproperties\/\",\"https:\/\/x.com\/alanyapro\",\"https:\/\/www.instagram.com\/alanyaproperties\/\",\"https:\/\/www.youtube.com\/c\/AlanyaProperties\"]}]}<\/script>\n<!-- \/ Yoast SEO plugin. -->","yoast_head_json":{"title":"T\u00e4ysin kalustettu 2 makuuhuoneen huoneisto Kesteliss\u00e4, Alanyassa upealla merin\u00e4k\u00f6alalla. - Properties in Alanya.","description":"T\u00e4ysin kalustettu 2 makuuhuoneen huoneisto Kesteliss\u00e4, Alanyassa upealla merin\u00e4k\u00f6alalla. - Properties in Alanya.","robots":{"index":"index","follow":"follow","max-snippet":"max-snippet:-1","max-image-preview":"max-image-preview:large","max-video-preview":"max-video-preview:-1"},"canonical":"https:\/\/www.alanyaproperties.com\/fi\/property\/taysin-kalustettu-2-makuuhuoneen-huoneisto-kestelissa-alanyassa-upealla-merinakoalalla\/","og_locale":"fi_FI","og_type":"article","og_title":"T\u00e4ysin kalustettu 2 makuuhuoneen huoneisto Kesteliss\u00e4, Alanyassa upealla merin\u00e4k\u00f6alalla. - Properties in Alanya.","og_description":"T\u00e4ysin kalustettu 2 makuuhuoneen huoneisto Kesteliss\u00e4, Alanyassa upealla merin\u00e4k\u00f6alalla. - Properties in Alanya.","og_url":"https:\/\/www.alanyaproperties.com\/fi\/property\/taysin-kalustettu-2-makuuhuoneen-huoneisto-kestelissa-alanyassa-upealla-merinakoalalla\/","og_site_name":"Properties in Alanya.","article_publisher":"https:\/\/www.facebook.com\/alanyaproperties\/","article_modified_time":"2018-04-05T08:02:58+00:00","og_image":[{"width":1600,"height":1068,"url":"https:\/\/www.alanyaproperties.com\/wp-content\/uploads\/2018\/03\/apartments-for-sale-in-Alanya-6-1.jpg","type":"image\/jpeg"}],"twitter_card":"summary_large_image","twitter_site":"@alanyapro","schema":{"@context":"https:\/\/schema.org","@graph":[{"@type":"WebPage","@id":"https:\/\/www.alanyaproperties.com\/fi\/property\/taysin-kalustettu-2-makuuhuoneen-huoneisto-kestelissa-alanyassa-upealla-merinakoalalla\/","url":"https:\/\/www.alanyaproperties.com\/fi\/property\/taysin-kalustettu-2-makuuhuoneen-huoneisto-kestelissa-alanyassa-upealla-merinakoalalla\/","name":"T\u00e4ysin kalustettu 2 makuuhuoneen huoneisto Kesteliss\u00e4, Alanyassa upealla merin\u00e4k\u00f6alalla. - Properties in Alanya.","isPartOf":{"@id":"https:\/\/www.alanyaproperties.com\/fi\/#website"},"primaryImageOfPage":{"@id":"https:\/\/www.alanyaproperties.com\/fi\/property\/taysin-kalustettu-2-makuuhuoneen-huoneisto-kestelissa-alanyassa-upealla-merinakoalalla\/#primaryimage"},"image":{"@id":"https:\/\/www.alanyaproperties.com\/fi\/property\/taysin-kalustettu-2-makuuhuoneen-huoneisto-kestelissa-alanyassa-upealla-merinakoalalla\/#primaryimage"},"thumbnailUrl":"https:\/\/i0.wp.com\/www.alanyaproperties.com\/wp-content\/uploads\/2018\/03\/apartments-for-sale-in-Alanya-6-1.jpg?fit=1600%2C1068&ssl=1","datePublished":"2018-03-28T06:42:07+00:00","dateModified":"2018-04-05T08:02:58+00:00","description":"T\u00e4ysin kalustettu 2 makuuhuoneen huoneisto Kesteliss\u00e4, Alanyassa upealla merin\u00e4k\u00f6alalla. - Properties in Alanya.","breadcrumb":{"@id":"https:\/\/www.alanyaproperties.com\/fi\/property\/taysin-kalustettu-2-makuuhuoneen-huoneisto-kestelissa-alanyassa-upealla-merinakoalalla\/#breadcrumb"},"inLanguage":"fi","potentialAction":[{"@type":"ReadAction","target":["https:\/\/www.alanyaproperties.com\/fi\/property\/taysin-kalustettu-2-makuuhuoneen-huoneisto-kestelissa-alanyassa-upealla-merinakoalalla\/"]}]},{"@type":"ImageObject","inLanguage":"fi","@id":"https:\/\/www.alanyaproperties.com\/fi\/property\/taysin-kalustettu-2-makuuhuoneen-huoneisto-kestelissa-alanyassa-upealla-merinakoalalla\/#primaryimage","url":"https:\/\/i0.wp.com\/www.alanyaproperties.com\/wp-content\/uploads\/2018\/03\/apartments-for-sale-in-Alanya-6-1.jpg?fit=1600%2C1068&ssl=1","contentUrl":"https:\/\/i0.wp.com\/www.alanyaproperties.com\/wp-content\/uploads\/2018\/03\/apartments-for-sale-in-Alanya-6-1.jpg?fit=1600%2C1068&ssl=1","width":1600,"height":1068},{"@type":"BreadcrumbList","@id":"https:\/\/www.alanyaproperties.com\/fi\/property\/taysin-kalustettu-2-makuuhuoneen-huoneisto-kestelissa-alanyassa-upealla-merinakoalalla\/#breadcrumb","itemListElement":[{"@type":"ListItem","position":1,"name":"Home","item":"https:\/\/www.alanyaproperties.com\/fi\/"},{"@type":"ListItem","position":2,"name":"kiinteist\u00f6\u00e4","item":"https:\/\/www.alanyaproperties.com\/fi\/property\/"},{"@type":"ListItem","position":3,"name":"T\u00e4ysin kalustettu 2 makuuhuoneen huoneisto Kesteliss\u00e4, Alanyassa upealla merin\u00e4k\u00f6alalla."}]},{"@type":"WebSite","@id":"https:\/\/www.alanyaproperties.com\/fi\/#website","url":"https:\/\/www.alanyaproperties.com\/fi\/","name":"Properties in Alanya.","description":"Properties in Alanya.","publisher":{"@id":"https:\/\/www.alanyaproperties.com\/fi\/#organization"},"potentialAction":[{"@type":"SearchAction","target":{"@type":"EntryPoint","urlTemplate":"https:\/\/www.alanyaproperties.com\/fi\/?s={search_term_string}"},"query-input":"required name=search_term_string"}],"inLanguage":"fi"},{"@type":"Organization","@id":"https:\/\/www.alanyaproperties.com\/fi\/#organization","name":"Alanya Properties","url":"https:\/\/www.alanyaproperties.com\/fi\/","logo":{"@type":"ImageObject","inLanguage":"fi","@id":"https:\/\/www.alanyaproperties.com\/fi\/#\/schema\/logo\/image\/","url":"https:\/\/i0.wp.com\/www.alanyaproperties.com\/wp-content\/uploads\/2017\/06\/alanya-properties-logo-180to.png?fit=180%2C81&ssl=1","contentUrl":"https:\/\/i0.wp.com\/www.alanyaproperties.com\/wp-content\/uploads\/2017\/06\/alanya-properties-logo-180to.png?fit=180%2C81&ssl=1","width":180,"height":81,"caption":"Alanya Properties"},"image":{"@id":"https:\/\/www.alanyaproperties.com\/fi\/#\/schema\/logo\/image\/"},"sameAs":["https:\/\/www.facebook.com\/alanyaproperties\/","https:\/\/x.com\/alanyapro","https:\/\/www.instagram.com\/alanyaproperties\/","https:\/\/www.youtube.com\/c\/AlanyaProperties"]}]}},"jetpack_sharing_enabled":true,"_links":{"self":[{"href":"https:\/\/www.alanyaproperties.com\/fi\/wp-json\/wp\/v2\/properties\/87588"}],"collection":[{"href":"https:\/\/www.alanyaproperties.com\/fi\/wp-json\/wp\/v2\/properties"}],"about":[{"href":"https:\/\/www.alanyaproperties.com\/fi\/wp-json\/wp\/v2\/types\/property"}],"author":[{"embeddable":true,"href":"https:\/\/www.alanyaproperties.com\/fi\/wp-json\/wp\/v2\/users\/33"}],"version-history":[{"count":0,"href":"https:\/\/www.alanyaproperties.com\/fi\/wp-json\/wp\/v2\/properties\/87588\/revisions"}],"wp:featuredmedia":[{"embeddable":true,"href":"https:\/\/www.alanyaproperties.com\/fi\/wp-json\/wp\/v2\/media\/87523"}],"wp:attachment":[{"href":"https:\/\/www.alanyaproperties.com\/fi\/wp-json\/wp\/v2\/media?parent=87588"}],"wp:term":[{"taxonomy":"property_type","embeddable":true,"href":"https:\/\/www.alanyaproperties.com\/fi\/wp-json\/wp\/v2\/property_type?post=87588"},{"taxonomy":"property_status","embeddable":true,"href":"https:\/\/www.alanyaproperties.com\/fi\/wp-json\/wp\/v2\/property_status?post=87588"},{"taxonomy":"property_feature","embeddable":true,"href":"https:\/\/www.alanyaproperties.com\/fi\/wp-json\/wp\/v2\/property_feature?post=87588"},{"taxonomy":"property_label","embeddable":true,"href":"https:\/\/www.alanyaproperties.com\/fi\/wp-json\/wp\/v2\/property_label?post=87588"},{"taxonomy":"property_city","embeddable":true,"href":"https:\/\/www.alanyaproperties.com\/fi\/wp-json\/wp\/v2\/property_city?post=87588"},{"taxonomy":"property_area","embeddable":true,"href":"https:\/\/www.alanyaproperties.com\/fi\/wp-json\/wp\/v2\/property_area?post=87588"},{"taxonomy":"property_state","embeddable":true,"href":"https:\/\/www.alanyaproperties.com\/fi\/wp-json\/wp\/v2\/property_state?post=87588"}],"curies":[{"name":"wp","href":"https:\/\/api.w.org\/{rel}","templated":true}]}}